{"id":12141,"date":"2025-02-24T13:28:58","date_gmt":"2025-02-24T12:28:58","guid":{"rendered":"https:\/\/careista.ch\/marques\/edelwhite\/"},"modified":"2025-09-29T14:14:24","modified_gmt":"2025-09-29T12:14:24","slug":"edelwhite","status":"publish","type":"page","link":"https:\/\/careista.ch\/fr\/marques\/edelwhite\/","title":{"rendered":"edel+white"},"content":{"rendered":"\t\t<div data-elementor-type=\"wp-page\" data-elementor-id=\"12141\" class=\"elementor elementor-12141 elementor-3431\" data-elementor-post-type=\"page\">\n\t\t\t\t<div class=\"elementor-element elementor-element-3e9abf5 e-con-full e-flex e-con e-parent\" data-id=\"3e9abf5\" data-element_type=\"container\" data-e-type=\"container\">\n\t\t<div data-dce-background-color=\"#F0F0F0\" class=\"elementor-element elementor-element-b7e50d9 e-con-full e-grid e-con e-child\" data-id=\"b7e50d9\" data-element_type=\"container\" data-e-type=\"container\" data-settings=\"{&quot;background_background&quot;:&quot;classic&quot;}\">\n\t\t\t\t<div class=\"elementor-element elementor-element-c8accdb elementor-widget elementor-widget-image\" data-id=\"c8accdb\" data-element_type=\"widget\" data-e-type=\"widget\" data-widget_type=\"image.default\">\n\t\t\t\t\t\t\t\t\t\t\t\t\t\t\t<img fetchpriority=\"high\" decoding=\"async\" width=\"800\" height=\"800\" src=\"https:\/\/careista.ch\/wp-content\/uploads\/2025\/08\/ew_Imagebild_CareForte_Zahnpaste-1024x1024.jpg\" class=\"attachment-large size-large wp-image-9184\" alt=\"L\u00e4chelnde Frau mit heller Kurzhaarfrisur h\u00e4lt edel+white CARE FORTE Zahngel vor ihr Auge \u2013 f\u00fcr gesunde, gepflegte Z\u00e4hne und Zahnfleisch\" srcset=\"https:\/\/careista.ch\/wp-content\/uploads\/2025\/08\/ew_Imagebild_CareForte_Zahnpaste-1024x1024.jpg 1024w, https:\/\/careista.ch\/wp-content\/uploads\/2025\/08\/ew_Imagebild_CareForte_Zahnpaste-600x600.jpg 600w, https:\/\/careista.ch\/wp-content\/uploads\/2025\/08\/ew_Imagebild_CareForte_Zahnpaste-100x100.jpg 100w, https:\/\/careista.ch\/wp-content\/uploads\/2025\/08\/ew_Imagebild_CareForte_Zahnpaste-300x300.jpg 300w, https:\/\/careista.ch\/wp-content\/uploads\/2025\/08\/ew_Imagebild_CareForte_Zahnpaste-150x150.jpg 150w, https:\/\/careista.ch\/wp-content\/uploads\/2025\/08\/ew_Imagebild_CareForte_Zahnpaste-768x768.jpg 768w, https:\/\/careista.ch\/wp-content\/uploads\/2025\/08\/ew_Imagebild_CareForte_Zahnpaste-500x500.jpg 500w, https:\/\/careista.ch\/wp-content\/uploads\/2025\/08\/ew_Imagebild_CareForte_Zahnpaste.jpg 1080w\" sizes=\"(max-width: 800px) 100vw, 800px\" \/>\t\t\t\t\t\t\t\t\t\t\t\t\t\t\t<\/div>\n\t\t<div class=\"elementor-element elementor-element-873441f e-con-full e-flex e-con e-child\" data-id=\"873441f\" data-element_type=\"container\" data-e-type=\"container\">\n\t\t\t\t<div class=\"elementor-element elementor-element-8cb0fb8 elementor-widget elementor-widget-image\" data-id=\"8cb0fb8\" data-element_type=\"widget\" data-e-type=\"widget\" data-widget_type=\"image.default\">\n\t\t\t\t\t\t\t\t\t\t\t\t\t\t\t<img decoding=\"async\" width=\"489\" height=\"256\" src=\"https:\/\/careista.ch\/wp-content\/uploads\/2025\/01\/Design-ohne-Titel-1-e1735809721640.png\" class=\"attachment-full size-full wp-image-2774\" alt=\"edel+white Swiss Dental Experts Logo Scanderra Basel\" srcset=\"https:\/\/careista.ch\/wp-content\/uploads\/2025\/01\/Design-ohne-Titel-1-e1735809721640.png 489w, https:\/\/careista.ch\/wp-content\/uploads\/2025\/01\/Design-ohne-Titel-1-e1735809721640-300x157.png 300w\" sizes=\"(max-width: 489px) 100vw, 489px\" \/>\t\t\t\t\t\t\t\t\t\t\t\t\t\t\t<\/div>\n\t\t\t\t<div class=\"elementor-element elementor-element-95a3f93 elementor-widget-mobile__width-auto elementor-widget__width-initial elementor-widget elementor-widget-heading\" data-id=\"95a3f93\" data-element_type=\"widget\" data-e-type=\"widget\" data-widget_type=\"heading.default\">\n\t\t\t\t\t<h1 class=\"elementor-heading-title elementor-size-default\">edel+white - Le couteau suisse \ndes soins bucco-dentaires<\/h1>\t\t\t\t<\/div>\n\t\t\t\t<div class=\"elementor-element elementor-element-c56aa8a elementor-widget elementor-widget-text-editor\" data-id=\"c56aa8a\" data-element_type=\"widget\" data-e-type=\"widget\" data-widget_type=\"text-editor.default\">\n\t\t\t\t\t\t\t\t\t<p style=\"text-align: center\">\u2714 Une solution efficace pour chaque besoin de soins bucco-dentaires<br>\u2714 D\u00e9velopp\u00e9 en Suisse &amp; recommand\u00e9 par des professionnels dentaires<br>\u2714 Doux &amp; efficace &#8211; id\u00e9al pour les probl\u00e8mes de gencives<\/p>\t\t\t\t\t\t\t\t<\/div>\n\t\t\t\t<div class=\"elementor-element elementor-element-61e3a80 elementor-widget elementor-widget-heading\" data-id=\"61e3a80\" data-element_type=\"widget\" data-e-type=\"widget\" data-widget_type=\"heading.default\">\n\t\t\t\t\t<h2 class=\"elementor-heading-title elementor-size-default\">CAREISTA.ch - La maison officielle de edel+white Suisse<\/h2>\t\t\t\t<\/div>\n\t\t\t\t<div data-dce-background-color=\"#000000\" class=\"elementor-element elementor-element-7455dd3 elementor-align-center elementor-widget elementor-widget-button\" data-id=\"7455dd3\" data-element_type=\"widget\" data-e-type=\"widget\" data-widget_type=\"button.default\">\n\t\t\t\t\t\t\t\t\t\t<a class=\"elementor-button elementor-button-link elementor-size-sm\" href=\"#ew_products\">\n\t\t\t\t\t\t<span class=\"elementor-button-content-wrapper\">\n\t\t\t\t\t\t\t\t\t<span class=\"elementor-button-text\">D\u00e9couvrir les produits<\/span>\n\t\t\t\t\t<\/span>\n\t\t\t\t\t<\/a>\n\t\t\t\t\t\t\t\t<\/div>\n\t\t\t\t<\/div>\n\t\t\t\t<\/div>\n\t\t\t\t<\/div>\n\t\t<div class=\"elementor-element elementor-element-4d5586f e-flex e-con-boxed e-con e-parent\" data-id=\"4d5586f\" data-element_type=\"container\" data-e-type=\"container\">\n\t\t\t\t\t<div class=\"e-con-inner\">\n\t\t\t\t<div class=\"elementor-element elementor-element-34bfbbf elementor-widget elementor-widget-menu-anchor\" data-id=\"34bfbbf\" data-element_type=\"widget\" data-e-type=\"widget\" data-widget_type=\"menu-anchor.default\">\n\t\t\t\t\t\t\t<div class=\"elementor-menu-anchor\" id=\"ew_products\"><\/div>\n\t\t\t\t\t\t<\/div>\n\t\t\t\t<div class=\"elementor-element elementor-element-7de4704 elementor-widget elementor-widget-heading\" data-id=\"7de4704\" data-element_type=\"widget\" data-e-type=\"widget\" data-widget_type=\"heading.default\">\n\t\t\t\t\t<h2 class=\"elementor-heading-title elementor-size-default\">D\u00e9couvrez nos produits edel+white<\/h2>\t\t\t\t<\/div>\n\t\t<div class=\"elementor-element elementor-element-eebcda5 e-con-full e-flex e-con e-child\" data-id=\"eebcda5\" data-element_type=\"container\" data-e-type=\"container\" data-settings=\"{&quot;background_background&quot;:&quot;classic&quot;}\">\n\t\t\t\t<div class=\"elementor-element elementor-element-3976b37 e-n-tabs-none elementor-widget elementor-widget-n-tabs\" data-id=\"3976b37\" data-element_type=\"widget\" data-e-type=\"widget\" data-settings=\"{&quot;tabs_justify_horizontal_mobile&quot;:&quot;stretch&quot;,&quot;horizontal_scroll&quot;:&quot;disable&quot;}\" data-widget_type=\"nested-tabs.default\">\n\t\t\t\t\t\t\t<div class=\"e-n-tabs\" data-widget-number=\"60255031\" aria-label=\"Onglets. Ouvrez des \u00e9l\u00e9ments avec Entrer ou Espace, fermez-les avec Echape et naviguez \u00e0 l&#039;aide des touches fl\u00e9ch\u00e9es.\">\n\t\t\t<div class=\"e-n-tabs-heading\" role=\"tablist\">\n\t\t\t\t\t<button id=\"e-n-tab-title-602550311\" data-tab-title-id=\"e-n-tab-title-602550311\" class=\"e-n-tab-title\" aria-selected=\"true\" data-tab-index=\"1\" role=\"tab\" tabindex=\"0\" aria-controls=\"e-n-tab-content-602550311\" style=\"--n-tabs-title-order: 1;\">\n\t\t\t\t\t\t<span class=\"e-n-tab-title-text\">\n\t\t\t\tTous les produits\t\t\t<\/span>\n\t\t<\/button>\n\t\t\t\t<button id=\"e-n-tab-title-602550312\" data-tab-title-id=\"e-n-tab-title-602550312\" class=\"e-n-tab-title\" aria-selected=\"false\" data-tab-index=\"2\" role=\"tab\" tabindex=\"-1\" aria-controls=\"e-n-tab-content-602550312\" style=\"--n-tabs-title-order: 2;\">\n\t\t\t\t\t\t<span class=\"e-n-tab-title-text\">\n\t\t\t\tTopseller\t\t\t<\/span>\n\t\t<\/button>\n\t\t\t\t<button id=\"e-n-tab-title-602550313\" data-tab-title-id=\"e-n-tab-title-602550313\" class=\"e-n-tab-title\" aria-selected=\"false\" data-tab-index=\"3\" role=\"tab\" tabindex=\"-1\" aria-controls=\"e-n-tab-content-602550313\" style=\"--n-tabs-title-order: 3;\">\n\t\t\t\t\t\t<span class=\"e-n-tab-title-text\">\n\t\t\t\tNouveaut\u00e9s\t\t\t<\/span>\n\t\t<\/button>\n\t\t\t\t<button id=\"e-n-tab-title-602550314\" data-tab-title-id=\"e-n-tab-title-602550314\" class=\"e-n-tab-title\" aria-selected=\"false\" data-tab-index=\"4\" role=\"tab\" tabindex=\"-1\" aria-controls=\"e-n-tab-content-602550314\" style=\"--n-tabs-title-order: 4;\">\n\t\t\t\t\t\t<span class=\"e-n-tab-title-text\">\n\t\t\t\tSale\t\t\t<\/span>\n\t\t<\/button>\n\t\t\t\t\t<\/div>\n\t\t\t<div class=\"e-n-tabs-content\">\n\t\t\t\t<div id=\"e-n-tab-content-602550311\" role=\"tabpanel\" aria-labelledby=\"e-n-tab-title-602550311\" data-tab-index=\"1\" style=\"--n-tabs-title-order: 1;\" class=\"e-active elementor-element elementor-element-876b89b e-flex e-con-boxed e-con e-child\" data-id=\"876b89b\" data-element_type=\"container\" data-e-type=\"container\">\n\t\t\t\t\t<div class=\"e-con-inner\">\n\t\t\t\t<div class=\"woocommerce elementor-element elementor-element-82043fb elementor-pagination-type-fraction elementor-arrows-position-inside elementor-pagination-position-outside elementor-widget elementor-widget-loop-carousel\" data-id=\"82043fb\" data-element_type=\"widget\" data-e-type=\"widget\" data-settings=\"{&quot;_skin&quot;:&quot;product&quot;,&quot;template_id&quot;:13471,&quot;slides_to_show&quot;:&quot;5&quot;,&quot;slides_to_scroll&quot;:&quot;5&quot;,&quot;pagination&quot;:&quot;fraction&quot;,&quot;slides_to_show_tablet&quot;:&quot;2&quot;,&quot;slides_to_show_mobile&quot;:&quot;1&quot;,&quot;edit_handle_selector&quot;:&quot;.elementor-loop-container&quot;,&quot;speed&quot;:500,&quot;arrows&quot;:&quot;yes&quot;,&quot;image_spacing_custom&quot;:{&quot;unit&quot;:&quot;px&quot;,&quot;size&quot;:10,&quot;sizes&quot;:[]},&quot;image_spacing_custom_tablet&quot;:{&quot;unit&quot;:&quot;px&quot;,&quot;size&quot;:&quot;&quot;,&quot;sizes&quot;:[]},&quot;image_spacing_custom_mobile&quot;:{&quot;unit&quot;:&quot;px&quot;,&quot;size&quot;:&quot;&quot;,&quot;sizes&quot;:[]}}\" data-widget_type=\"loop-carousel.product\">\n\t\t\t\t\t\t\t<div class=\"swiper elementor-loop-container elementor-grid\" role=\"list\" dir=\"ltr\">\n\t\t\t\t<div class=\"swiper-wrapper\" aria-live=\"polite\">\n\t\t<style id=\"loop-13471\">.elementor-13471 .elementor-element.elementor-element-681a451{--display:flex;--flex-direction:column;--container-widget-width:100%;--container-widget-height:initial;--container-widget-flex-grow:0;--container-widget-align-self:initial;--flex-wrap-mobile:wrap;--justify-content:space-between;border-style:solid;--border-style:solid;border-width:1px 1px 1px 1px;--border-top-width:1px;--border-right-width:1px;--border-bottom-width:1px;--border-left-width:1px;border-color:#F1F1F1;--border-color:#F1F1F1;--margin-top:0px;--margin-bottom:0px;--margin-left:0px;--margin-right:0px;--padding-top:0px;--padding-bottom:0px;--padding-left:0px;--padding-right:0px;}.elementor-widget-heading .elementor-heading-title{font-family:var( --e-global-typography-primary-font-family ), Sans-serif;font-weight:var( --e-global-typography-primary-font-weight );}.elementor-13471 .elementor-element.elementor-element-98850be{text-align:center;margin:0px 0px calc(var(--kit-widget-spacing, 0px) + 0px) 0px;padding:5px 10px 5px 10px;top:10px;background-color:var( --e-global-color-d5983e8 );border-radius:4px 4px 4px 4px;}.elementor-13471 .elementor-element.elementor-element-98850be .elementor-heading-title{font-size:16px;word-spacing:0px;color:var( --e-global-color-44f4d63 );}body:not(.rtl) .elementor-13471 .elementor-element.elementor-element-98850be{right:10px;}body.rtl .elementor-13471 .elementor-element.elementor-element-98850be{left:10px;}.elementor-13471 .elementor-element.elementor-element-2d9b67c{--display:flex;--padding-top:0px;--padding-bottom:0px;--padding-left:0px;--padding-right:0px;}.elementor-13471 .elementor-element.elementor-element-cd0e8f9{padding:0px 0px 0px 0px;}.elementor-13471 .elementor-element.elementor-element-7ab553b{--display:flex;--align-items:center;--container-widget-width:calc( ( 1 - var( --container-widget-flex-grow ) ) * 100% );--padding-top:10px;--padding-bottom:10px;--padding-left:10px;--padding-right:10px;}.elementor-13471 .elementor-element.elementor-element-f588356{text-align:center;}.elementor-13471 .elementor-element.elementor-element-f588356 .elementor-heading-title{font-size:16px;}.elementor-13471 .elementor-element.elementor-element-16fd2ac{text-align:center;}.elementor-13471 .elementor-element.elementor-element-16fd2ac .elementor-heading-title{font-size:14px;font-weight:700;}.elementor-widget-woocommerce-product-add-to-cart .added_to_cart{font-family:var( --e-global-typography-accent-font-family ), Sans-serif;font-weight:var( --e-global-typography-accent-font-weight );}.elementor-13471 .elementor-element.elementor-element-0c8ffcd .cart button, .elementor-13471 .elementor-element.elementor-element-0c8ffcd .cart .button{font-family:var( --e-global-typography-7af7e9f-font-family ), Sans-serif;font-size:var( --e-global-typography-7af7e9f-font-size );font-weight:var( --e-global-typography-7af7e9f-font-weight );line-height:var( --e-global-typography-7af7e9f-line-height );letter-spacing:var( --e-global-typography-7af7e9f-letter-spacing );word-spacing:var( --e-global-typography-7af7e9f-word-spacing );border-style:none;border-radius:5px 5px 5px 5px;padding:8px 10px 8px 10px;color:var( --e-global-color-44f4d63 );background-color:var( --e-global-color-primary );}.elementor-13471 .elementor-element.elementor-element-0c8ffcd .cart button:hover, .elementor-13471 .elementor-element.elementor-element-0c8ffcd .cart .button:hover{color:var( --e-global-color-44f4d63 );background-color:var( --e-global-color-f262d88 );}.elementor-13471 .elementor-element.elementor-element-0c8ffcd .added_to_cart{color:#448ED2;}.elementor-13471 .elementor-element.elementor-element-0c8ffcd.elementor-element{--align-self:center;}@media(max-width:1024px){.elementor-13471 .elementor-element.elementor-element-0c8ffcd .cart button, .elementor-13471 .elementor-element.elementor-element-0c8ffcd .cart .button{font-size:var( --e-global-typography-7af7e9f-font-size );line-height:var( --e-global-typography-7af7e9f-line-height );letter-spacing:var( --e-global-typography-7af7e9f-letter-spacing );word-spacing:var( --e-global-typography-7af7e9f-word-spacing );}}@media(max-width:767px){.elementor-13471 .elementor-element.elementor-element-0c8ffcd .cart button, .elementor-13471 .elementor-element.elementor-element-0c8ffcd .cart .button{font-size:var( --e-global-typography-7af7e9f-font-size );line-height:var( --e-global-typography-7af7e9f-line-height );letter-spacing:var( --e-global-typography-7af7e9f-letter-spacing );word-spacing:var( --e-global-typography-7af7e9f-word-spacing );}}\/* Start custom CSS for container, class: .elementor-element-2d9b67c *\/.elementor-13471 .elementor-element.elementor-element-2d9b67c{\n    aspect-ratio: 1;\n}\/* End custom CSS *\/\n\/* Start custom CSS for container, class: .elementor-element-7ab553b *\/.elementor-13471 .elementor-element.elementor-element-7ab553b{\n    justify-content: space-between;\n    height: fit-content;\n}\/* End custom CSS *\/\n\/* Start custom CSS for container, class: .elementor-element-681a451 *\/\/* Container for product images *\/\n.product-item .woocommerce-LoopProduct-link.woocommerce-loop-product__link {\n    display: block;\n    position: relative;\n}\n\n\/* First image (main) *\/\n.product-item .woocommerce-LoopProduct-link img:not(.second-image) {\n    width: 100%;\n    height: auto;\n    object-fit: cover;\n}\n\n\/* Second image (on hover) *\/\n.product-item .woocommerce-LoopProduct-link img.second-image {\n    position: absolute;\n    top: 0;\n    left: 0;\n    width: 100%;\n    height: 100%;\n    object-fit: cover;\n    opacity: 0;\n    transition: opacity 0.25s ease;\n}\n\n\/* On hover, show the second image *\/\n.product-item .woocommerce-LoopProduct-link:hover img.second-image {\n    opacity: 1;\n}\n\n.product-item .woocommerce-LoopProduct-link:hover img:not(.second-image) {\n    opacity: 0;\n}\n\n\/* For smaller screens, stack images vertically *\/\n@media only screen and (max-width: 768px) {\n    .product-item .woocommerce-LoopProduct-link {\n        display: block;\n    }\n\n    \/* On mobile, both images will display one after the other *\/\n    .product-item .woocommerce-LoopProduct-link img.second-image {\n        position: relative;\n        opacity: 1;  \/* Ensure second image is visible on small screens *\/\n    }\n}\/* End custom CSS *\/<\/style>\t\t<div data-elementor-type=\"loop-item\" data-elementor-id=\"13471\" class=\"elementor elementor-13471 elementor-13249 elementor-13249 swiper-slide e-loop-item e-loop-item-9452 post-9452 product type-product status-publish has-post-thumbnail anwendung-des-gencives-saines product_brand-edelwhite-fr product_cat-soins-buccaux-fr product_cat-dentifrice-fr first instock featured taxable shipping-taxable purchasable product-type-simple\" data-elementor-post-type=\"elementor_library\" role=\"group\" aria-roledescription=\"slide\" data-custom-edit-handle=\"1\">\n\t\t\t<div class=\"elementor-element elementor-element-681a451 product-item e-flex e-con-boxed e-con e-parent\" data-id=\"681a451\" data-element_type=\"container\" data-e-type=\"container\">\n\t\t\t\t\t<div class=\"e-con-inner\">\n\t\t<div class=\"elementor-element elementor-element-2d9b67c e-con-full e-flex e-con e-child\" data-id=\"2d9b67c\" data-element_type=\"container\" data-e-type=\"container\">\n\t\t\t\t<div class=\"elementor-element elementor-element-cd0e8f9 elementor-widget elementor-widget-shortcode\" data-id=\"cd0e8f9\" data-element_type=\"widget\" data-e-type=\"widget\" data-widget_type=\"shortcode.default\">\n\t\t\t\t\t\t\t<div class=\"elementor-shortcode\"><\/div>\n\t\t\t\t\t\t<\/div>\n\t\t\t\t<\/div>\n\t\t<div class=\"elementor-element elementor-element-7ab553b e-con-full e-flex e-con e-child\" data-id=\"7ab553b\" data-element_type=\"container\" data-e-type=\"container\">\n\t\t\t\t<div class=\"elementor-element elementor-element-f588356 elementor-widget elementor-widget-heading\" data-id=\"f588356\" data-element_type=\"widget\" data-e-type=\"widget\" data-widget_type=\"heading.default\">\n\t\t\t\t\t<h3 class=\"elementor-heading-title elementor-size-default\"><a href=\"https:\/\/careista.ch\/fr\/produkte\/soins-buccaux-fr\/dentifrice-fr\/dentifrice-edelwhite-care-forte-75ml\/\">edel+white Care Forte dentifrice 75ml (**NEW DESIGN 2026**)<\/a><\/h3>\t\t\t\t<\/div>\n\t\t\t\t<div class=\"elementor-element elementor-element-a85cfb5 elementor-widget elementor-widget-shortcode\" data-id=\"a85cfb5\" data-element_type=\"widget\" data-e-type=\"widget\" data-widget_type=\"shortcode.default\">\n\t\t\t\t\t\t\t<div class=\"elementor-shortcode\"><span class=\"tew-stars\" role=\"img\" aria-label=\"Rated 5 out of 5\"><span class=\"tew-star tew-full\">\u2605<\/span><span class=\"tew-star tew-full\">\u2605<\/span><span class=\"tew-star tew-full\">\u2605<\/span><span class=\"tew-star tew-full\">\u2605<\/span><span class=\"tew-star tew-half\"><span>\u2605<\/span><\/span><\/span><\/div>\n\t\t\t\t\t\t<\/div>\n\t\t\t\t<div class=\"elementor-element elementor-element-16fd2ac elementor-widget elementor-widget-heading\" data-id=\"16fd2ac\" data-element_type=\"widget\" data-e-type=\"widget\" data-widget_type=\"heading.default\">\n\t\t\t\t\t<h3 class=\"elementor-heading-title elementor-size-default\"><a href=\"https:\/\/careista.ch\/fr\/produkte\/soins-buccaux-fr\/dentifrice-fr\/dentifrice-edelwhite-care-forte-75ml\/\"><span class=\"woocommerce-Price-amount amount\"><span class=\"woocommerce-Price-currencySymbol\">&#067;&#072;&#070;<\/span>&nbsp;5.50<\/span> <small class=\"woocommerce-price-suffix\"> <small class=\"woocommerce-price-suffix\">TVA incl.<\/small><\/small><\/a><\/h3>\t\t\t\t<\/div>\n\t\t\t\t<div class=\"elementor-element elementor-element-0c8ffcd elementor-add-to-cart--align-center elementor-widget elementor-widget-woocommerce-product-add-to-cart\" data-id=\"0c8ffcd\" data-element_type=\"widget\" data-e-type=\"widget\" data-widget_type=\"woocommerce-product-add-to-cart.default\">\n\t\t\t\t\t\n\t\t<div class=\"elementor-add-to-cart elementor-product-simple\">\n\t\t\t\t\t<div class=\"e-loop-add-to-cart-form-container\">\n\t\t\t<form class=\"cart e-loop-add-to-cart-form\">\n\t\t\t\t<a href=\"\/fr\/wp-json\/wp\/v2\/pages\/12141?add-to-cart=9452\" aria-describedby=\"woocommerce_loop_add_to_cart_link_describedby_9452\" data-quantity=\"1\" class=\"button product_type_simple add_to_cart_button ajax_add_to_cart\" data-product_id=\"9452\" data-product_sku=\"500510\" aria-label=\"Ajouter au panier\u00a0: &ldquo;edel+white Care Forte dentifrice 75ml (**NEW DESIGN 2026**)&rdquo;\" rel=\"nofollow\" data-success_message=\"\u00ab\u00a0edel+white Care Forte dentifrice 75ml (**NEW DESIGN 2026**)\u00a0\u00bb a \u00e9t\u00e9 ajout\u00e9 \u00e0 votre panier\" role=\"button\">Ajouter au panier<\/a>\t<span id=\"woocommerce_loop_add_to_cart_link_describedby_9452\" class=\"screen-reader-text\">\n\t\t\t<\/span>\n\t\t\t<\/form>\n\t\t<\/div>\n\t\t\t\t<\/div>\n\n\t\t\t\t\t\t<\/div>\n\t\t\t\t<\/div>\n\t\t\t\t\t<\/div>\n\t\t\t\t<\/div>\n\t\t\t\t<\/div>\n\t\t\t\t<div data-elementor-type=\"loop-item\" data-elementor-id=\"13471\" class=\"elementor elementor-13471 elementor-13249 elementor-13249 swiper-slide e-loop-item e-loop-item-9353 post-9353 product type-product status-publish has-post-thumbnail anwendung-des-gencives-saines anwendung-dents-sensibles product_brand-edelwhite-fr product_cat-soins-buccaux-fr product_cat-brosses-a-dents-fr  instock featured taxable shipping-taxable purchasable product-type-simple\" data-elementor-post-type=\"elementor_library\" role=\"group\" aria-roledescription=\"slide\" data-custom-edit-handle=\"1\">\n\t\t\t<div class=\"elementor-element elementor-element-681a451 product-item e-flex e-con-boxed e-con e-parent\" data-id=\"681a451\" data-element_type=\"container\" data-e-type=\"container\">\n\t\t\t\t\t<div class=\"e-con-inner\">\n\t\t<div class=\"elementor-element elementor-element-2d9b67c e-con-full e-flex e-con e-child\" data-id=\"2d9b67c\" data-element_type=\"container\" data-e-type=\"container\">\n\t\t\t\t<div class=\"elementor-element elementor-element-cd0e8f9 elementor-widget elementor-widget-shortcode\" data-id=\"cd0e8f9\" data-element_type=\"widget\" data-e-type=\"widget\" data-widget_type=\"shortcode.default\">\n\t\t\t\t\t\t\t<div class=\"elementor-shortcode\"><\/div>\n\t\t\t\t\t\t<\/div>\n\t\t\t\t<\/div>\n\t\t<div class=\"elementor-element elementor-element-7ab553b e-con-full e-flex e-con e-child\" data-id=\"7ab553b\" data-element_type=\"container\" data-e-type=\"container\">\n\t\t\t\t<div class=\"elementor-element elementor-element-f588356 elementor-widget elementor-widget-heading\" data-id=\"f588356\" data-element_type=\"widget\" data-e-type=\"widget\" data-widget_type=\"heading.default\">\n\t\t\t\t\t<h3 class=\"elementor-heading-title elementor-size-default\"><a href=\"https:\/\/careista.ch\/fr\/produkte\/soins-buccaux-fr\/brosses-a-dents-fr\/brosse-a-dents-edelwhite-cleancurl-3d\/\">edel+white Clean Curl 3D brosse \u00e0 dents<\/a><\/h3>\t\t\t\t<\/div>\n\t\t\t\t<div class=\"elementor-element elementor-element-a85cfb5 elementor-widget elementor-widget-shortcode\" data-id=\"a85cfb5\" data-element_type=\"widget\" data-e-type=\"widget\" data-widget_type=\"shortcode.default\">\n\t\t\t\t\t\t\t<div class=\"elementor-shortcode\"><span class=\"tew-stars\" role=\"img\" aria-label=\"Rated 5 out of 5\"><span class=\"tew-star tew-full\">\u2605<\/span><span class=\"tew-star tew-full\">\u2605<\/span><span class=\"tew-star tew-full\">\u2605<\/span><span class=\"tew-star tew-full\">\u2605<\/span><span class=\"tew-star tew-full\">\u2605<\/span><\/span><\/div>\n\t\t\t\t\t\t<\/div>\n\t\t\t\t<div class=\"elementor-element elementor-element-16fd2ac elementor-widget elementor-widget-heading\" data-id=\"16fd2ac\" data-element_type=\"widget\" data-e-type=\"widget\" data-widget_type=\"heading.default\">\n\t\t\t\t\t<h3 class=\"elementor-heading-title elementor-size-default\"><a href=\"https:\/\/careista.ch\/fr\/produkte\/soins-buccaux-fr\/brosses-a-dents-fr\/brosse-a-dents-edelwhite-cleancurl-3d\/\"><span class=\"woocommerce-Price-amount amount\"><span class=\"woocommerce-Price-currencySymbol\">&#067;&#072;&#070;<\/span>&nbsp;4.90<\/span> <small class=\"woocommerce-price-suffix\"> <small class=\"woocommerce-price-suffix\">TVA incl.<\/small><\/small><\/a><\/h3>\t\t\t\t<\/div>\n\t\t\t\t<div class=\"elementor-element elementor-element-0c8ffcd elementor-add-to-cart--align-center elementor-widget elementor-widget-woocommerce-product-add-to-cart\" data-id=\"0c8ffcd\" data-element_type=\"widget\" data-e-type=\"widget\" data-widget_type=\"woocommerce-product-add-to-cart.default\">\n\t\t\t\t\t\n\t\t<div class=\"elementor-add-to-cart elementor-product-simple\">\n\t\t\t\t\t<div class=\"e-loop-add-to-cart-form-container\">\n\t\t\t<form class=\"cart e-loop-add-to-cart-form\">\n\t\t\t\t<a href=\"\/fr\/wp-json\/wp\/v2\/pages\/12141?add-to-cart=9353\" aria-describedby=\"woocommerce_loop_add_to_cart_link_describedby_9353\" data-quantity=\"1\" class=\"button product_type_simple add_to_cart_button ajax_add_to_cart\" data-product_id=\"9353\" data-product_sku=\"100129\" aria-label=\"Ajouter au panier\u00a0: &ldquo;edel+white Clean Curl 3D brosse \u00e0 dents&rdquo;\" rel=\"nofollow\" data-success_message=\"\u00ab\u00a0edel+white Clean Curl 3D brosse \u00e0 dents\u00a0\u00bb a \u00e9t\u00e9 ajout\u00e9 \u00e0 votre panier\" role=\"button\">Ajouter au panier<\/a>\t<span id=\"woocommerce_loop_add_to_cart_link_describedby_9353\" class=\"screen-reader-text\">\n\t\t\t<\/span>\n\t\t\t<\/form>\n\t\t<\/div>\n\t\t\t\t<\/div>\n\n\t\t\t\t\t\t<\/div>\n\t\t\t\t<\/div>\n\t\t\t\t\t<\/div>\n\t\t\t\t<\/div>\n\t\t\t\t<\/div>\n\t\t\t\t<div data-elementor-type=\"loop-item\" data-elementor-id=\"13471\" class=\"elementor elementor-13471 elementor-13249 elementor-13249 swiper-slide e-loop-item e-loop-item-9347 post-9347 product type-product status-publish has-post-thumbnail anwendung-des-gencives-saines anwendung-dents-sensibles anwendung-appareils-dentaires product_brand-edelwhite-fr product_cat-soins-buccaux-fr product_cat-brosses-a-dents-soniques-fr last instock sale featured taxable shipping-taxable purchasable product-type-simple\" data-elementor-post-type=\"elementor_library\" role=\"group\" aria-roledescription=\"slide\" data-custom-edit-handle=\"1\">\n\t\t\t<div class=\"elementor-element elementor-element-681a451 product-item e-flex e-con-boxed e-con e-parent\" data-id=\"681a451\" data-element_type=\"container\" data-e-type=\"container\">\n\t\t\t\t\t<div class=\"e-con-inner\">\n\t\t\t\t<div data-dce-advanced-background-color=\"#FF3C3C\" class=\"elementor-element elementor-element-98850be elementor-absolute elementor-widget elementor-widget-heading\" data-id=\"98850be\" data-element_type=\"widget\" data-e-type=\"widget\" id=\"3\" data-settings=\"{&quot;_position&quot;:&quot;absolute&quot;}\" data-widget_type=\"heading.default\">\n\t\t\t\t\t<h2 class=\"elementor-heading-title elementor-size-default\">SALE<\/h2>\t\t\t\t<\/div>\n\t\t<div class=\"elementor-element elementor-element-2d9b67c e-con-full e-flex e-con e-child\" data-id=\"2d9b67c\" data-element_type=\"container\" data-e-type=\"container\">\n\t\t\t\t<div class=\"elementor-element elementor-element-cd0e8f9 elementor-widget elementor-widget-shortcode\" data-id=\"cd0e8f9\" data-element_type=\"widget\" data-e-type=\"widget\" data-widget_type=\"shortcode.default\">\n\t\t\t\t\t\t\t<div class=\"elementor-shortcode\"><\/div>\n\t\t\t\t\t\t<\/div>\n\t\t\t\t<\/div>\n\t\t<div class=\"elementor-element elementor-element-7ab553b e-con-full e-flex e-con e-child\" data-id=\"7ab553b\" data-element_type=\"container\" data-e-type=\"container\">\n\t\t\t\t<div class=\"elementor-element elementor-element-f588356 elementor-widget elementor-widget-heading\" data-id=\"f588356\" data-element_type=\"widget\" data-e-type=\"widget\" data-widget_type=\"heading.default\">\n\t\t\t\t\t<h3 class=\"elementor-heading-title elementor-size-default\"><a href=\"https:\/\/careista.ch\/fr\/produkte\/soins-buccaux-fr\/brosses-a-dents-soniques-fr\/edelwhite-sonic-generation-health-suite\/\">edel+white Sonic Generation Health Suite<\/a><\/h3>\t\t\t\t<\/div>\n\t\t\t\t<div class=\"elementor-element elementor-element-a85cfb5 elementor-widget elementor-widget-shortcode\" data-id=\"a85cfb5\" data-element_type=\"widget\" data-e-type=\"widget\" data-widget_type=\"shortcode.default\">\n\t\t\t\t\t\t\t<div class=\"elementor-shortcode\"><span class=\"tew-stars\" role=\"img\" aria-label=\"Rated 5 out of 5\"><span class=\"tew-star tew-full\">\u2605<\/span><span class=\"tew-star tew-full\">\u2605<\/span><span class=\"tew-star tew-full\">\u2605<\/span><span class=\"tew-star tew-full\">\u2605<\/span><span class=\"tew-star tew-half\"><span>\u2605<\/span><\/span><\/span><\/div>\n\t\t\t\t\t\t<\/div>\n\t\t\t\t<div class=\"elementor-element elementor-element-16fd2ac elementor-widget elementor-widget-heading\" data-id=\"16fd2ac\" data-element_type=\"widget\" data-e-type=\"widget\" data-widget_type=\"heading.default\">\n\t\t\t\t\t<h3 class=\"elementor-heading-title elementor-size-default\"><a href=\"https:\/\/careista.ch\/fr\/produkte\/soins-buccaux-fr\/brosses-a-dents-soniques-fr\/edelwhite-sonic-generation-health-suite\/\"><del aria-hidden=\"true\"><span class=\"woocommerce-Price-amount amount\"><span class=\"woocommerce-Price-currencySymbol\">&#067;&#072;&#070;<\/span>&nbsp;159.00<\/span><\/del> <span class=\"screen-reader-text\">Le prix initial \u00e9tait\u00a0: &#067;&#072;&#070;&nbsp;159.00.<\/span><ins aria-hidden=\"true\"><span class=\"woocommerce-Price-amount amount\"><span class=\"woocommerce-Price-currencySymbol\">&#067;&#072;&#070;<\/span>&nbsp;139.00<\/span><\/ins><span class=\"screen-reader-text\">Le prix actuel est\u00a0: &#067;&#072;&#070;&nbsp;139.00.<\/span> <small class=\"woocommerce-price-suffix\"> <small class=\"woocommerce-price-suffix\">TVA incl.<\/small><\/small><\/a><\/h3>\t\t\t\t<\/div>\n\t\t\t\t<div class=\"elementor-element elementor-element-0c8ffcd elementor-add-to-cart--align-center elementor-widget elementor-widget-woocommerce-product-add-to-cart\" data-id=\"0c8ffcd\" data-element_type=\"widget\" data-e-type=\"widget\" data-widget_type=\"woocommerce-product-add-to-cart.default\">\n\t\t\t\t\t\n\t\t<div class=\"elementor-add-to-cart elementor-product-simple\">\n\t\t\t\t\t<div class=\"e-loop-add-to-cart-form-container\">\n\t\t\t<form class=\"cart e-loop-add-to-cart-form\">\n\t\t\t\t<a href=\"\/fr\/wp-json\/wp\/v2\/pages\/12141?add-to-cart=9347\" aria-describedby=\"woocommerce_loop_add_to_cart_link_describedby_9347\" data-quantity=\"1\" class=\"button product_type_simple add_to_cart_button ajax_add_to_cart\" data-product_id=\"9347\" data-product_sku=\"100199\" aria-label=\"Ajouter au panier\u00a0: &ldquo;edel+white Sonic Generation Health Suite&rdquo;\" rel=\"nofollow\" data-success_message=\"\u00ab\u00a0edel+white Sonic Generation Health Suite\u00a0\u00bb a \u00e9t\u00e9 ajout\u00e9 \u00e0 votre panier\" role=\"button\">Ajouter au panier<\/a>\t<span id=\"woocommerce_loop_add_to_cart_link_describedby_9347\" class=\"screen-reader-text\">\n\t\t\t<\/span>\n\t\t\t<\/form>\n\t\t<\/div>\n\t\t\t\t<\/div>\n\n\t\t\t\t\t\t<\/div>\n\t\t\t\t<\/div>\n\t\t\t\t\t<\/div>\n\t\t\t\t<\/div>\n\t\t\t\t<\/div>\n\t\t\t\t<div data-elementor-type=\"loop-item\" data-elementor-id=\"13471\" class=\"elementor elementor-13471 elementor-13249 elementor-13249 swiper-slide e-loop-item e-loop-item-9493 post-9493 product type-product status-publish has-post-thumbnail anwendung-des-gencives-saines anwendung-dents-sensibles product_brand-edelwhite-fr product_cat-soins-buccaux-fr product_cat-brosses-a-dents-soniques-fr first instock taxable shipping-taxable purchasable product-type-simple\" data-elementor-post-type=\"elementor_library\" role=\"group\" aria-roledescription=\"slide\" data-custom-edit-handle=\"1\">\n\t\t\t<div class=\"elementor-element elementor-element-681a451 product-item e-flex e-con-boxed e-con e-parent\" data-id=\"681a451\" data-element_type=\"container\" data-e-type=\"container\">\n\t\t\t\t\t<div class=\"e-con-inner\">\n\t\t<div class=\"elementor-element elementor-element-2d9b67c e-con-full e-flex e-con e-child\" data-id=\"2d9b67c\" data-element_type=\"container\" data-e-type=\"container\">\n\t\t\t\t<div class=\"elementor-element elementor-element-cd0e8f9 elementor-widget elementor-widget-shortcode\" data-id=\"cd0e8f9\" data-element_type=\"widget\" data-e-type=\"widget\" data-widget_type=\"shortcode.default\">\n\t\t\t\t\t\t\t<div class=\"elementor-shortcode\"><\/div>\n\t\t\t\t\t\t<\/div>\n\t\t\t\t<\/div>\n\t\t<div class=\"elementor-element elementor-element-7ab553b e-con-full e-flex e-con e-child\" data-id=\"7ab553b\" data-element_type=\"container\" data-e-type=\"container\">\n\t\t\t\t<div class=\"elementor-element elementor-element-f588356 elementor-widget elementor-widget-heading\" data-id=\"f588356\" data-element_type=\"widget\" data-e-type=\"widget\" data-widget_type=\"heading.default\">\n\t\t\t\t\t<h3 class=\"elementor-heading-title elementor-size-default\"><a href=\"https:\/\/careista.ch\/fr\/produkte\/soins-buccaux-fr\/brosses-a-dents-soniques-fr\/tetes-de-brosse-edelwhite-dual-clean-ultrasoft-airbag\/\">T\u00eates de brosse edel+white Dual Clean Ultrasoft Airbag<\/a><\/h3>\t\t\t\t<\/div>\n\t\t\t\t<div class=\"elementor-element elementor-element-a85cfb5 elementor-widget elementor-widget-shortcode\" data-id=\"a85cfb5\" data-element_type=\"widget\" data-e-type=\"widget\" data-widget_type=\"shortcode.default\">\n\t\t\t\t\t\t\t<div class=\"elementor-shortcode\"><span class=\"tew-stars\" role=\"img\" aria-label=\"Rated 5 out of 5\"><span class=\"tew-star tew-full\">\u2605<\/span><span class=\"tew-star tew-full\">\u2605<\/span><span class=\"tew-star tew-full\">\u2605<\/span><span class=\"tew-star tew-full\">\u2605<\/span><span class=\"tew-star tew-half\"><span>\u2605<\/span><\/span><\/span><\/div>\n\t\t\t\t\t\t<\/div>\n\t\t\t\t<div class=\"elementor-element elementor-element-16fd2ac elementor-widget elementor-widget-heading\" data-id=\"16fd2ac\" data-element_type=\"widget\" data-e-type=\"widget\" data-widget_type=\"heading.default\">\n\t\t\t\t\t<h3 class=\"elementor-heading-title elementor-size-default\"><a href=\"https:\/\/careista.ch\/fr\/produkte\/soins-buccaux-fr\/brosses-a-dents-soniques-fr\/tetes-de-brosse-edelwhite-dual-clean-ultrasoft-airbag\/\"><span class=\"woocommerce-Price-amount amount\"><span class=\"woocommerce-Price-currencySymbol\">&#067;&#072;&#070;<\/span>&nbsp;16.50<\/span> <small class=\"woocommerce-price-suffix\"> <small class=\"woocommerce-price-suffix\">TVA incl.<\/small><\/small><\/a><\/h3>\t\t\t\t<\/div>\n\t\t\t\t<div class=\"elementor-element elementor-element-0c8ffcd elementor-add-to-cart--align-center elementor-widget elementor-widget-woocommerce-product-add-to-cart\" data-id=\"0c8ffcd\" data-element_type=\"widget\" data-e-type=\"widget\" data-widget_type=\"woocommerce-product-add-to-cart.default\">\n\t\t\t\t\t\n\t\t<div class=\"elementor-add-to-cart elementor-product-simple\">\n\t\t\t\t\t<div class=\"e-loop-add-to-cart-form-container\">\n\t\t\t<form class=\"cart e-loop-add-to-cart-form\">\n\t\t\t\t<a href=\"\/fr\/wp-json\/wp\/v2\/pages\/12141?add-to-cart=9493\" aria-describedby=\"woocommerce_loop_add_to_cart_link_describedby_9493\" data-quantity=\"1\" class=\"button product_type_simple add_to_cart_button ajax_add_to_cart\" data-product_id=\"9493\" data-product_sku=\"100192\" aria-label=\"Ajouter au panier\u00a0: &ldquo;T\u00eates de brosse edel+white Dual Clean Ultrasoft Airbag&rdquo;\" rel=\"nofollow\" data-success_message=\"\u00ab\u00a0T\u00eates de brosse edel+white Dual Clean Ultrasoft Airbag\u00a0\u00bb a \u00e9t\u00e9 ajout\u00e9 \u00e0 votre panier\" role=\"button\">Ajouter au panier<\/a>\t<span id=\"woocommerce_loop_add_to_cart_link_describedby_9493\" class=\"screen-reader-text\">\n\t\t\t<\/span>\n\t\t\t<\/form>\n\t\t<\/div>\n\t\t\t\t<\/div>\n\n\t\t\t\t\t\t<\/div>\n\t\t\t\t<\/div>\n\t\t\t\t\t<\/div>\n\t\t\t\t<\/div>\n\t\t\t\t<\/div>\n\t\t\t\t<div data-elementor-type=\"loop-item\" data-elementor-id=\"13471\" class=\"elementor elementor-13471 elementor-13249 elementor-13249 swiper-slide e-loop-item e-loop-item-9346 post-9346 product type-product status-publish has-post-thumbnail anwendung-enfants product_brand-edelwhite-fr product_cat-soins-buccaux-fr product_cat-dentifrice-fr  instock featured taxable shipping-taxable purchasable product-type-simple\" data-elementor-post-type=\"elementor_library\" role=\"group\" aria-roledescription=\"slide\" data-custom-edit-handle=\"1\">\n\t\t\t<div class=\"elementor-element elementor-element-681a451 product-item e-flex e-con-boxed e-con e-parent\" data-id=\"681a451\" data-element_type=\"container\" data-e-type=\"container\">\n\t\t\t\t\t<div class=\"e-con-inner\">\n\t\t<div class=\"elementor-element elementor-element-2d9b67c e-con-full e-flex e-con e-child\" data-id=\"2d9b67c\" data-element_type=\"container\" data-e-type=\"container\">\n\t\t\t\t<div class=\"elementor-element elementor-element-cd0e8f9 elementor-widget elementor-widget-shortcode\" data-id=\"cd0e8f9\" data-element_type=\"widget\" data-e-type=\"widget\" data-widget_type=\"shortcode.default\">\n\t\t\t\t\t\t\t<div class=\"elementor-shortcode\"><\/div>\n\t\t\t\t\t\t<\/div>\n\t\t\t\t<\/div>\n\t\t<div class=\"elementor-element elementor-element-7ab553b e-con-full e-flex e-con e-child\" data-id=\"7ab553b\" data-element_type=\"container\" data-e-type=\"container\">\n\t\t\t\t<div class=\"elementor-element elementor-element-f588356 elementor-widget elementor-widget-heading\" data-id=\"f588356\" data-element_type=\"widget\" data-e-type=\"widget\" data-widget_type=\"heading.default\">\n\t\t\t\t\t<h3 class=\"elementor-heading-title elementor-size-default\"><a href=\"https:\/\/careista.ch\/fr\/produkte\/soins-buccaux-fr\/dentifrice-fr\/edelwhite-7-fruchtli-bionicmania-dentifrice-pour-enfants\/\">edel+white 7 Fruchtli &#8211; Bionicmania dentifrice pour enfants<\/a><\/h3>\t\t\t\t<\/div>\n\t\t\t\t<div class=\"elementor-element elementor-element-a85cfb5 elementor-widget elementor-widget-shortcode\" data-id=\"a85cfb5\" data-element_type=\"widget\" data-e-type=\"widget\" data-widget_type=\"shortcode.default\">\n\t\t\t\t\t\t\t<div class=\"elementor-shortcode\"><span class=\"tew-stars\" role=\"img\" aria-label=\"Rated 5 out of 5\"><span class=\"tew-star tew-full\">\u2605<\/span><span class=\"tew-star tew-full\">\u2605<\/span><span class=\"tew-star tew-full\">\u2605<\/span><span class=\"tew-star tew-full\">\u2605<\/span><span class=\"tew-star tew-half\"><span>\u2605<\/span><\/span><\/span><\/div>\n\t\t\t\t\t\t<\/div>\n\t\t\t\t<div class=\"elementor-element elementor-element-16fd2ac elementor-widget elementor-widget-heading\" data-id=\"16fd2ac\" data-element_type=\"widget\" data-e-type=\"widget\" data-widget_type=\"heading.default\">\n\t\t\t\t\t<h3 class=\"elementor-heading-title elementor-size-default\"><a href=\"https:\/\/careista.ch\/fr\/produkte\/soins-buccaux-fr\/dentifrice-fr\/edelwhite-7-fruchtli-bionicmania-dentifrice-pour-enfants\/\"><span class=\"woocommerce-Price-amount amount\"><span class=\"woocommerce-Price-currencySymbol\">&#067;&#072;&#070;<\/span>&nbsp;8.90<\/span> <small class=\"woocommerce-price-suffix\"> <small class=\"woocommerce-price-suffix\">TVA incl.<\/small><\/small><\/a><\/h3>\t\t\t\t<\/div>\n\t\t\t\t<div class=\"elementor-element elementor-element-0c8ffcd elementor-add-to-cart--align-center elementor-widget elementor-widget-woocommerce-product-add-to-cart\" data-id=\"0c8ffcd\" data-element_type=\"widget\" data-e-type=\"widget\" data-widget_type=\"woocommerce-product-add-to-cart.default\">\n\t\t\t\t\t\n\t\t<div class=\"elementor-add-to-cart elementor-product-simple\">\n\t\t\t\t\t<div class=\"e-loop-add-to-cart-form-container\">\n\t\t\t<form class=\"cart e-loop-add-to-cart-form\">\n\t\t\t\t<a href=\"\/fr\/wp-json\/wp\/v2\/pages\/12141?add-to-cart=9346\" aria-describedby=\"woocommerce_loop_add_to_cart_link_describedby_9346\" data-quantity=\"1\" class=\"button product_type_simple add_to_cart_button ajax_add_to_cart\" data-product_id=\"9346\" data-product_sku=\"500532\" aria-label=\"Ajouter au panier\u00a0: &ldquo;edel+white 7 Fruchtli - Bionicmania dentifrice pour enfants&rdquo;\" rel=\"nofollow\" data-success_message=\"\u00ab\u00a0edel+white 7 Fruchtli - Bionicmania dentifrice pour enfants\u00a0\u00bb a \u00e9t\u00e9 ajout\u00e9 \u00e0 votre panier\" role=\"button\">Ajouter au panier<\/a>\t<span id=\"woocommerce_loop_add_to_cart_link_describedby_9346\" class=\"screen-reader-text\">\n\t\t\t<\/span>\n\t\t\t<\/form>\n\t\t<\/div>\n\t\t\t\t<\/div>\n\n\t\t\t\t\t\t<\/div>\n\t\t\t\t<\/div>\n\t\t\t\t\t<\/div>\n\t\t\t\t<\/div>\n\t\t\t\t<\/div>\n\t\t\t\t<div data-elementor-type=\"loop-item\" data-elementor-id=\"13471\" class=\"elementor elementor-13471 elementor-13249 elementor-13249 swiper-slide e-loop-item e-loop-item-9467 post-9467 product type-product status-publish has-post-thumbnail anwendung-des-gencives-saines anwendung-une-haleine-fraiche product_brand-edelwhite-fr product_cat-soins-buccaux-fr product_cat-divers-soins-buccaux-fr last instock featured taxable shipping-taxable purchasable product-type-simple\" data-elementor-post-type=\"elementor_library\" role=\"group\" aria-roledescription=\"slide\" data-custom-edit-handle=\"1\">\n\t\t\t<div class=\"elementor-element elementor-element-681a451 product-item e-flex e-con-boxed e-con e-parent\" data-id=\"681a451\" data-element_type=\"container\" data-e-type=\"container\">\n\t\t\t\t\t<div class=\"e-con-inner\">\n\t\t<div class=\"elementor-element elementor-element-2d9b67c e-con-full e-flex e-con e-child\" data-id=\"2d9b67c\" data-element_type=\"container\" data-e-type=\"container\">\n\t\t\t\t<div class=\"elementor-element elementor-element-cd0e8f9 elementor-widget elementor-widget-shortcode\" data-id=\"cd0e8f9\" data-element_type=\"widget\" data-e-type=\"widget\" data-widget_type=\"shortcode.default\">\n\t\t\t\t\t\t\t<div class=\"elementor-shortcode\"><\/div>\n\t\t\t\t\t\t<\/div>\n\t\t\t\t<\/div>\n\t\t<div class=\"elementor-element elementor-element-7ab553b e-con-full e-flex e-con e-child\" data-id=\"7ab553b\" data-element_type=\"container\" data-e-type=\"container\">\n\t\t\t\t<div class=\"elementor-element elementor-element-f588356 elementor-widget elementor-widget-heading\" data-id=\"f588356\" data-element_type=\"widget\" data-e-type=\"widget\" data-widget_type=\"heading.default\">\n\t\t\t\t\t<h3 class=\"elementor-heading-title elementor-size-default\"><a href=\"https:\/\/careista.ch\/fr\/produkte\/soins-buccaux-fr\/divers-soins-buccaux-fr\/bain-de-bouche-edelwhite-freshprotect-400ml\/\">Bain de bouche edel+white Fresh+Protect 400ml<\/a><\/h3>\t\t\t\t<\/div>\n\t\t\t\t<div class=\"elementor-element elementor-element-a85cfb5 elementor-widget elementor-widget-shortcode\" data-id=\"a85cfb5\" data-element_type=\"widget\" data-e-type=\"widget\" data-widget_type=\"shortcode.default\">\n\t\t\t\t\t\t\t<div class=\"elementor-shortcode\"><span class=\"tew-stars\" role=\"img\" aria-label=\"Rated 5 out of 5\"><span class=\"tew-star tew-full\">\u2605<\/span><span class=\"tew-star tew-full\">\u2605<\/span><span class=\"tew-star tew-full\">\u2605<\/span><span class=\"tew-star tew-full\">\u2605<\/span><span class=\"tew-star tew-full\">\u2605<\/span><\/span><\/div>\n\t\t\t\t\t\t<\/div>\n\t\t\t\t<div class=\"elementor-element elementor-element-16fd2ac elementor-widget elementor-widget-heading\" data-id=\"16fd2ac\" data-element_type=\"widget\" data-e-type=\"widget\" data-widget_type=\"heading.default\">\n\t\t\t\t\t<h3 class=\"elementor-heading-title elementor-size-default\"><a href=\"https:\/\/careista.ch\/fr\/produkte\/soins-buccaux-fr\/divers-soins-buccaux-fr\/bain-de-bouche-edelwhite-freshprotect-400ml\/\"><span class=\"woocommerce-Price-amount amount\"><span class=\"woocommerce-Price-currencySymbol\">&#067;&#072;&#070;<\/span>&nbsp;5.90<\/span> <small class=\"woocommerce-price-suffix\"> <small class=\"woocommerce-price-suffix\">TVA incl.<\/small><\/small><\/a><\/h3>\t\t\t\t<\/div>\n\t\t\t\t<div class=\"elementor-element elementor-element-0c8ffcd elementor-add-to-cart--align-center elementor-widget elementor-widget-woocommerce-product-add-to-cart\" data-id=\"0c8ffcd\" data-element_type=\"widget\" data-e-type=\"widget\" data-widget_type=\"woocommerce-product-add-to-cart.default\">\n\t\t\t\t\t\n\t\t<div class=\"elementor-add-to-cart elementor-product-simple\">\n\t\t\t\t\t<div class=\"e-loop-add-to-cart-form-container\">\n\t\t\t<form class=\"cart e-loop-add-to-cart-form\">\n\t\t\t\t<a href=\"\/fr\/wp-json\/wp\/v2\/pages\/12141?add-to-cart=9467\" aria-describedby=\"woocommerce_loop_add_to_cart_link_describedby_9467\" data-quantity=\"1\" class=\"button product_type_simple add_to_cart_button ajax_add_to_cart\" data-product_id=\"9467\" data-product_sku=\"500541\" aria-label=\"Ajouter au panier\u00a0: &ldquo;Bain de bouche edel+white Fresh+Protect 400ml&rdquo;\" rel=\"nofollow\" data-success_message=\"\u00ab\u00a0Bain de bouche edel+white Fresh+Protect 400ml\u00a0\u00bb a \u00e9t\u00e9 ajout\u00e9 \u00e0 votre panier\" role=\"button\">Ajouter au panier<\/a>\t<span id=\"woocommerce_loop_add_to_cart_link_describedby_9467\" class=\"screen-reader-text\">\n\t\t\t<\/span>\n\t\t\t<\/form>\n\t\t<\/div>\n\t\t\t\t<\/div>\n\n\t\t\t\t\t\t<\/div>\n\t\t\t\t<\/div>\n\t\t\t\t\t<\/div>\n\t\t\t\t<\/div>\n\t\t\t\t<\/div>\n\t\t\t\t<div data-elementor-type=\"loop-item\" data-elementor-id=\"13471\" class=\"elementor elementor-13471 elementor-13249 elementor-13249 swiper-slide e-loop-item e-loop-item-9326 post-9326 product type-product status-publish has-post-thumbnail anwendung-des-gencives-saines anwendung-pour-entre-les-deux product_brand-edelwhite-fr product_cat-soins-buccaux-fr product_cat-interdentaire-fr first instock taxable shipping-taxable purchasable product-type-simple\" data-elementor-post-type=\"elementor_library\" role=\"group\" aria-roledescription=\"slide\" data-custom-edit-handle=\"1\">\n\t\t\t<div class=\"elementor-element elementor-element-681a451 product-item e-flex e-con-boxed e-con e-parent\" data-id=\"681a451\" data-element_type=\"container\" data-e-type=\"container\">\n\t\t\t\t\t<div class=\"e-con-inner\">\n\t\t<div class=\"elementor-element elementor-element-2d9b67c e-con-full e-flex e-con e-child\" data-id=\"2d9b67c\" data-element_type=\"container\" data-e-type=\"container\">\n\t\t\t\t<div class=\"elementor-element elementor-element-cd0e8f9 elementor-widget elementor-widget-shortcode\" data-id=\"cd0e8f9\" data-element_type=\"widget\" data-e-type=\"widget\" data-widget_type=\"shortcode.default\">\n\t\t\t\t\t\t\t<div class=\"elementor-shortcode\"><\/div>\n\t\t\t\t\t\t<\/div>\n\t\t\t\t<\/div>\n\t\t<div class=\"elementor-element elementor-element-7ab553b e-con-full e-flex e-con e-child\" data-id=\"7ab553b\" data-element_type=\"container\" data-e-type=\"container\">\n\t\t\t\t<div class=\"elementor-element elementor-element-f588356 elementor-widget elementor-widget-heading\" data-id=\"f588356\" data-element_type=\"widget\" data-e-type=\"widget\" data-widget_type=\"heading.default\">\n\t\t\t\t\t<h3 class=\"elementor-heading-title elementor-size-default\"><a href=\"https:\/\/careista.ch\/fr\/produkte\/soins-buccaux-fr\/interdentaire-fr\/edelwhite-supersoft-floss\/\">edel+white Supersoft Floss<\/a><\/h3>\t\t\t\t<\/div>\n\t\t\t\t<div class=\"elementor-element elementor-element-a85cfb5 elementor-widget elementor-widget-shortcode\" data-id=\"a85cfb5\" data-element_type=\"widget\" data-e-type=\"widget\" data-widget_type=\"shortcode.default\">\n\t\t\t\t\t\t\t<div class=\"elementor-shortcode\"><span class=\"tew-stars\" role=\"img\" aria-label=\"Rated 4 out of 5\"><span class=\"tew-star tew-full\">\u2605<\/span><span class=\"tew-star tew-full\">\u2605<\/span><span class=\"tew-star tew-full\">\u2605<\/span><span class=\"tew-star tew-full\">\u2605<\/span><span class=\"tew-star tew-empty\">\u2606<\/span><\/span><\/div>\n\t\t\t\t\t\t<\/div>\n\t\t\t\t<div class=\"elementor-element elementor-element-16fd2ac elementor-widget elementor-widget-heading\" data-id=\"16fd2ac\" data-element_type=\"widget\" data-e-type=\"widget\" data-widget_type=\"heading.default\">\n\t\t\t\t\t<h3 class=\"elementor-heading-title elementor-size-default\"><a href=\"https:\/\/careista.ch\/fr\/produkte\/soins-buccaux-fr\/interdentaire-fr\/edelwhite-supersoft-floss\/\"><span class=\"woocommerce-Price-amount amount\"><span class=\"woocommerce-Price-currencySymbol\">&#067;&#072;&#070;<\/span>&nbsp;5.90<\/span> <small class=\"woocommerce-price-suffix\"> <small class=\"woocommerce-price-suffix\">TVA incl.<\/small><\/small><\/a><\/h3>\t\t\t\t<\/div>\n\t\t\t\t<div class=\"elementor-element elementor-element-0c8ffcd elementor-add-to-cart--align-center elementor-widget elementor-widget-woocommerce-product-add-to-cart\" data-id=\"0c8ffcd\" data-element_type=\"widget\" data-e-type=\"widget\" data-widget_type=\"woocommerce-product-add-to-cart.default\">\n\t\t\t\t\t\n\t\t<div class=\"elementor-add-to-cart elementor-product-simple\">\n\t\t\t\t\t<div class=\"e-loop-add-to-cart-form-container\">\n\t\t\t<form class=\"cart e-loop-add-to-cart-form\">\n\t\t\t\t<a href=\"\/fr\/wp-json\/wp\/v2\/pages\/12141?add-to-cart=9326\" aria-describedby=\"woocommerce_loop_add_to_cart_link_describedby_9326\" data-quantity=\"1\" class=\"button product_type_simple add_to_cart_button ajax_add_to_cart\" data-product_id=\"9326\" data-product_sku=\"800853\" aria-label=\"Ajouter au panier\u00a0: &ldquo;edel+white Supersoft Floss&rdquo;\" rel=\"nofollow\" data-success_message=\"\u00ab\u00a0edel+white Supersoft Floss\u00a0\u00bb a \u00e9t\u00e9 ajout\u00e9 \u00e0 votre panier\" role=\"button\">Ajouter au panier<\/a>\t<span id=\"woocommerce_loop_add_to_cart_link_describedby_9326\" class=\"screen-reader-text\">\n\t\t\t<\/span>\n\t\t\t<\/form>\n\t\t<\/div>\n\t\t\t\t<\/div>\n\n\t\t\t\t\t\t<\/div>\n\t\t\t\t<\/div>\n\t\t\t\t\t<\/div>\n\t\t\t\t<\/div>\n\t\t\t\t<\/div>\n\t\t\t\t<div data-elementor-type=\"loop-item\" data-elementor-id=\"13471\" class=\"elementor elementor-13471 elementor-13249 elementor-13249 swiper-slide e-loop-item e-loop-item-9478 post-9478 product type-product status-publish has-post-thumbnail anwendung-une-haleine-fraiche anwendung-pour-entre-les-deux product_brand-edelwhite-fr product_cat-soins-buccaux-fr product_cat-interdentaire-fr  instock taxable shipping-taxable purchasable product-type-simple\" data-elementor-post-type=\"elementor_library\" role=\"group\" aria-roledescription=\"slide\" data-custom-edit-handle=\"1\">\n\t\t\t<div class=\"elementor-element elementor-element-681a451 product-item e-flex e-con-boxed e-con e-parent\" data-id=\"681a451\" data-element_type=\"container\" data-e-type=\"container\">\n\t\t\t\t\t<div class=\"e-con-inner\">\n\t\t<div class=\"elementor-element elementor-element-2d9b67c e-con-full e-flex e-con e-child\" data-id=\"2d9b67c\" data-element_type=\"container\" data-e-type=\"container\">\n\t\t\t\t<div class=\"elementor-element elementor-element-cd0e8f9 elementor-widget elementor-widget-shortcode\" data-id=\"cd0e8f9\" data-element_type=\"widget\" data-e-type=\"widget\" data-widget_type=\"shortcode.default\">\n\t\t\t\t\t\t\t<div class=\"elementor-shortcode\"><\/div>\n\t\t\t\t\t\t<\/div>\n\t\t\t\t<\/div>\n\t\t<div class=\"elementor-element elementor-element-7ab553b e-con-full e-flex e-con e-child\" data-id=\"7ab553b\" data-element_type=\"container\" data-e-type=\"container\">\n\t\t\t\t<div class=\"elementor-element elementor-element-f588356 elementor-widget elementor-widget-heading\" data-id=\"f588356\" data-element_type=\"widget\" data-e-type=\"widget\" data-widget_type=\"heading.default\">\n\t\t\t\t\t<h3 class=\"elementor-heading-title elementor-size-default\"><a href=\"https:\/\/careista.ch\/fr\/produkte\/soins-buccaux-fr\/interdentaire-fr\/edelwhite-easy-tape-ruban-de-fil-dentaire-cire-70m\/\">edel+white Easy Tape Ruban de fil dentaire cir\u00e9 70m<\/a><\/h3>\t\t\t\t<\/div>\n\t\t\t\t<div class=\"elementor-element elementor-element-a85cfb5 elementor-widget elementor-widget-shortcode\" data-id=\"a85cfb5\" data-element_type=\"widget\" data-e-type=\"widget\" data-widget_type=\"shortcode.default\">\n\t\t\t\t\t\t\t<div class=\"elementor-shortcode\"><span class=\"tew-stars\" role=\"img\" aria-label=\"Rated 5 out of 5\"><span class=\"tew-star tew-full\">\u2605<\/span><span class=\"tew-star tew-full\">\u2605<\/span><span class=\"tew-star tew-full\">\u2605<\/span><span class=\"tew-star tew-full\">\u2605<\/span><span class=\"tew-star tew-full\">\u2605<\/span><\/span><\/div>\n\t\t\t\t\t\t<\/div>\n\t\t\t\t<div class=\"elementor-element elementor-element-16fd2ac elementor-widget elementor-widget-heading\" data-id=\"16fd2ac\" data-element_type=\"widget\" data-e-type=\"widget\" data-widget_type=\"heading.default\">\n\t\t\t\t\t<h3 class=\"elementor-heading-title elementor-size-default\"><a href=\"https:\/\/careista.ch\/fr\/produkte\/soins-buccaux-fr\/interdentaire-fr\/edelwhite-easy-tape-ruban-de-fil-dentaire-cire-70m\/\"><span class=\"woocommerce-Price-amount amount\"><span class=\"woocommerce-Price-currencySymbol\">&#067;&#072;&#070;<\/span>&nbsp;5.20<\/span> <small class=\"woocommerce-price-suffix\"> <small class=\"woocommerce-price-suffix\">TVA incl.<\/small><\/small><\/a><\/h3>\t\t\t\t<\/div>\n\t\t\t\t<div class=\"elementor-element elementor-element-0c8ffcd elementor-add-to-cart--align-center elementor-widget elementor-widget-woocommerce-product-add-to-cart\" data-id=\"0c8ffcd\" data-element_type=\"widget\" data-e-type=\"widget\" data-widget_type=\"woocommerce-product-add-to-cart.default\">\n\t\t\t\t\t\n\t\t<div class=\"elementor-add-to-cart elementor-product-simple\">\n\t\t\t\t\t<div class=\"e-loop-add-to-cart-form-container\">\n\t\t\t<form class=\"cart e-loop-add-to-cart-form\">\n\t\t\t\t<a href=\"\/fr\/wp-json\/wp\/v2\/pages\/12141?add-to-cart=9478\" aria-describedby=\"woocommerce_loop_add_to_cart_link_describedby_9478\" data-quantity=\"1\" class=\"button product_type_simple add_to_cart_button ajax_add_to_cart\" data-product_id=\"9478\" data-product_sku=\"800830\" aria-label=\"Ajouter au panier\u00a0: &ldquo;edel+white Easy Tape Ruban de fil dentaire cir\u00e9 70m&rdquo;\" rel=\"nofollow\" data-success_message=\"\u00ab\u00a0edel+white Easy Tape Ruban de fil dentaire cir\u00e9 70m\u00a0\u00bb a \u00e9t\u00e9 ajout\u00e9 \u00e0 votre panier\" role=\"button\">Ajouter au panier<\/a>\t<span id=\"woocommerce_loop_add_to_cart_link_describedby_9478\" class=\"screen-reader-text\">\n\t\t\t<\/span>\n\t\t\t<\/form>\n\t\t<\/div>\n\t\t\t\t<\/div>\n\n\t\t\t\t\t\t<\/div>\n\t\t\t\t<\/div>\n\t\t\t\t\t<\/div>\n\t\t\t\t<\/div>\n\t\t\t\t<\/div>\n\t\t\t\t<div data-elementor-type=\"loop-item\" data-elementor-id=\"13471\" class=\"elementor elementor-13471 elementor-13249 elementor-13249 swiper-slide e-loop-item e-loop-item-9363 post-9363 product type-product status-publish has-post-thumbnail anwendung-des-gencives-saines anwendung-pour-entre-les-deux product_brand-edelwhite-fr product_cat-soins-buccaux-fr product_cat-interdentaire-fr last instock taxable shipping-taxable purchasable product-type-simple\" data-elementor-post-type=\"elementor_library\" role=\"group\" aria-roledescription=\"slide\" data-custom-edit-handle=\"1\">\n\t\t\t<div class=\"elementor-element elementor-element-681a451 product-item e-flex e-con-boxed e-con e-parent\" data-id=\"681a451\" data-element_type=\"container\" data-e-type=\"container\">\n\t\t\t\t\t<div class=\"e-con-inner\">\n\t\t<div class=\"elementor-element elementor-element-2d9b67c e-con-full e-flex e-con e-child\" data-id=\"2d9b67c\" data-element_type=\"container\" data-e-type=\"container\">\n\t\t\t\t<div class=\"elementor-element elementor-element-cd0e8f9 elementor-widget elementor-widget-shortcode\" data-id=\"cd0e8f9\" data-element_type=\"widget\" data-e-type=\"widget\" data-widget_type=\"shortcode.default\">\n\t\t\t\t\t\t\t<div class=\"elementor-shortcode\"><\/div>\n\t\t\t\t\t\t<\/div>\n\t\t\t\t<\/div>\n\t\t<div class=\"elementor-element elementor-element-7ab553b e-con-full e-flex e-con e-child\" data-id=\"7ab553b\" data-element_type=\"container\" data-e-type=\"container\">\n\t\t\t\t<div class=\"elementor-element elementor-element-f588356 elementor-widget elementor-widget-heading\" data-id=\"f588356\" data-element_type=\"widget\" data-e-type=\"widget\" data-widget_type=\"heading.default\">\n\t\t\t\t\t<h3 class=\"elementor-heading-title elementor-size-default\"><a href=\"https:\/\/careista.ch\/fr\/produkte\/soins-buccaux-fr\/interdentaire-fr\/edelwhite-soft-woven-floss-40m\/\">edel+white Soft Woven Floss 40m<\/a><\/h3>\t\t\t\t<\/div>\n\t\t\t\t<div class=\"elementor-element elementor-element-a85cfb5 elementor-widget elementor-widget-shortcode\" data-id=\"a85cfb5\" data-element_type=\"widget\" data-e-type=\"widget\" data-widget_type=\"shortcode.default\">\n\t\t\t\t\t\t\t<div class=\"elementor-shortcode\"><\/div>\n\t\t\t\t\t\t<\/div>\n\t\t\t\t<div class=\"elementor-element elementor-element-16fd2ac elementor-widget elementor-widget-heading\" data-id=\"16fd2ac\" data-element_type=\"widget\" data-e-type=\"widget\" data-widget_type=\"heading.default\">\n\t\t\t\t\t<h3 class=\"elementor-heading-title elementor-size-default\"><a href=\"https:\/\/careista.ch\/fr\/produkte\/soins-buccaux-fr\/interdentaire-fr\/edelwhite-soft-woven-floss-40m\/\"><span class=\"woocommerce-Price-amount amount\"><span class=\"woocommerce-Price-currencySymbol\">&#067;&#072;&#070;<\/span>&nbsp;5.50<\/span> <small class=\"woocommerce-price-suffix\"> <small class=\"woocommerce-price-suffix\">TVA incl.<\/small><\/small><\/a><\/h3>\t\t\t\t<\/div>\n\t\t\t\t<div class=\"elementor-element elementor-element-0c8ffcd elementor-add-to-cart--align-center elementor-widget elementor-widget-woocommerce-product-add-to-cart\" data-id=\"0c8ffcd\" data-element_type=\"widget\" data-e-type=\"widget\" data-widget_type=\"woocommerce-product-add-to-cart.default\">\n\t\t\t\t\t\n\t\t<div class=\"elementor-add-to-cart elementor-product-simple\">\n\t\t\t\t\t<div class=\"e-loop-add-to-cart-form-container\">\n\t\t\t<form class=\"cart e-loop-add-to-cart-form\">\n\t\t\t\t<a href=\"\/fr\/wp-json\/wp\/v2\/pages\/12141?add-to-cart=9363\" aria-describedby=\"woocommerce_loop_add_to_cart_link_describedby_9363\" data-quantity=\"1\" class=\"button product_type_simple add_to_cart_button ajax_add_to_cart\" data-product_id=\"9363\" data-product_sku=\"200514\" aria-label=\"Ajouter au panier\u00a0: &ldquo;edel+white Soft Woven Floss 40m&rdquo;\" rel=\"nofollow\" data-success_message=\"\u00ab\u00a0edel+white Soft Woven Floss 40m\u00a0\u00bb a \u00e9t\u00e9 ajout\u00e9 \u00e0 votre panier\" role=\"button\">Ajouter au panier<\/a>\t<span id=\"woocommerce_loop_add_to_cart_link_describedby_9363\" class=\"screen-reader-text\">\n\t\t\t<\/span>\n\t\t\t<\/form>\n\t\t<\/div>\n\t\t\t\t<\/div>\n\n\t\t\t\t\t\t<\/div>\n\t\t\t\t<\/div>\n\t\t\t\t\t<\/div>\n\t\t\t\t<\/div>\n\t\t\t\t<\/div>\n\t\t\t\t<div data-elementor-type=\"loop-item\" data-elementor-id=\"13471\" class=\"elementor elementor-13471 elementor-13249 elementor-13249 swiper-slide e-loop-item e-loop-item-9448 post-9448 product type-product status-publish has-post-thumbnail anwendung-pour-entre-les-deux product_brand-edelwhite-fr product_cat-soins-buccaux-fr product_cat-interdentaire-fr first instock taxable shipping-taxable purchasable product-type-simple\" data-elementor-post-type=\"elementor_library\" role=\"group\" aria-roledescription=\"slide\" data-custom-edit-handle=\"1\">\n\t\t\t<div class=\"elementor-element elementor-element-681a451 product-item e-flex e-con-boxed e-con e-parent\" data-id=\"681a451\" data-element_type=\"container\" data-e-type=\"container\">\n\t\t\t\t\t<div class=\"e-con-inner\">\n\t\t<div class=\"elementor-element elementor-element-2d9b67c e-con-full e-flex e-con e-child\" data-id=\"2d9b67c\" data-element_type=\"container\" data-e-type=\"container\">\n\t\t\t\t<div class=\"elementor-element elementor-element-cd0e8f9 elementor-widget elementor-widget-shortcode\" data-id=\"cd0e8f9\" data-element_type=\"widget\" data-e-type=\"widget\" data-widget_type=\"shortcode.default\">\n\t\t\t\t\t\t\t<div class=\"elementor-shortcode\"><\/div>\n\t\t\t\t\t\t<\/div>\n\t\t\t\t<\/div>\n\t\t<div class=\"elementor-element elementor-element-7ab553b e-con-full e-flex e-con e-child\" data-id=\"7ab553b\" data-element_type=\"container\" data-e-type=\"container\">\n\t\t\t\t<div class=\"elementor-element elementor-element-f588356 elementor-widget elementor-widget-heading\" data-id=\"f588356\" data-element_type=\"widget\" data-e-type=\"widget\" data-widget_type=\"heading.default\">\n\t\t\t\t\t<h3 class=\"elementor-heading-title elementor-size-default\"><a href=\"https:\/\/careista.ch\/fr\/produkte\/soins-buccaux-fr\/interdentaire-fr\/brosse-interdentaire-edelwhite-08mm-taille-l\/\">Brosse interdentaire edel+white 0,8mm taille L<\/a><\/h3>\t\t\t\t<\/div>\n\t\t\t\t<div class=\"elementor-element elementor-element-a85cfb5 elementor-widget elementor-widget-shortcode\" data-id=\"a85cfb5\" data-element_type=\"widget\" data-e-type=\"widget\" data-widget_type=\"shortcode.default\">\n\t\t\t\t\t\t\t<div class=\"elementor-shortcode\"><span class=\"tew-stars\" role=\"img\" aria-label=\"Rated 5 out of 5\"><span class=\"tew-star tew-full\">\u2605<\/span><span class=\"tew-star tew-full\">\u2605<\/span><span class=\"tew-star tew-full\">\u2605<\/span><span class=\"tew-star tew-full\">\u2605<\/span><span class=\"tew-star tew-half\"><span>\u2605<\/span><\/span><\/span><\/div>\n\t\t\t\t\t\t<\/div>\n\t\t\t\t<div class=\"elementor-element elementor-element-16fd2ac elementor-widget elementor-widget-heading\" data-id=\"16fd2ac\" data-element_type=\"widget\" data-e-type=\"widget\" data-widget_type=\"heading.default\">\n\t\t\t\t\t<h3 class=\"elementor-heading-title elementor-size-default\"><a href=\"https:\/\/careista.ch\/fr\/produkte\/soins-buccaux-fr\/interdentaire-fr\/brosse-interdentaire-edelwhite-08mm-taille-l\/\"><span class=\"woocommerce-Price-amount amount\"><span class=\"woocommerce-Price-currencySymbol\">&#067;&#072;&#070;<\/span>&nbsp;5.50<\/span> <small class=\"woocommerce-price-suffix\"> <small class=\"woocommerce-price-suffix\">TVA incl.<\/small><\/small><\/a><\/h3>\t\t\t\t<\/div>\n\t\t\t\t<div class=\"elementor-element elementor-element-0c8ffcd elementor-add-to-cart--align-center elementor-widget elementor-widget-woocommerce-product-add-to-cart\" data-id=\"0c8ffcd\" data-element_type=\"widget\" data-e-type=\"widget\" data-widget_type=\"woocommerce-product-add-to-cart.default\">\n\t\t\t\t\t\n\t\t<div class=\"elementor-add-to-cart elementor-product-simple\">\n\t\t\t\t\t<div class=\"e-loop-add-to-cart-form-container\">\n\t\t\t<form class=\"cart e-loop-add-to-cart-form\">\n\t\t\t\t<a href=\"\/fr\/wp-json\/wp\/v2\/pages\/12141?add-to-cart=9448\" aria-describedby=\"woocommerce_loop_add_to_cart_link_describedby_9448\" data-quantity=\"1\" class=\"button product_type_simple add_to_cart_button ajax_add_to_cart\" data-product_id=\"9448\" data-product_sku=\"300336\" aria-label=\"Ajouter au panier\u00a0: &ldquo;Brosse interdentaire edel+white 0,8mm taille L&rdquo;\" rel=\"nofollow\" data-success_message=\"\u00ab\u00a0Brosse interdentaire edel+white 0,8mm taille L\u00a0\u00bb a \u00e9t\u00e9 ajout\u00e9 \u00e0 votre panier\" role=\"button\">Ajouter au panier<\/a>\t<span id=\"woocommerce_loop_add_to_cart_link_describedby_9448\" class=\"screen-reader-text\">\n\t\t\t<\/span>\n\t\t\t<\/form>\n\t\t<\/div>\n\t\t\t\t<\/div>\n\n\t\t\t\t\t\t<\/div>\n\t\t\t\t<\/div>\n\t\t\t\t\t<\/div>\n\t\t\t\t<\/div>\n\t\t\t\t<\/div>\n\t\t\t\t<div data-elementor-type=\"loop-item\" data-elementor-id=\"13471\" class=\"elementor elementor-13471 elementor-13249 elementor-13249 swiper-slide e-loop-item e-loop-item-9506 post-9506 product type-product status-publish has-post-thumbnail anwendung-dents-sensibles anwendung-une-haleine-fraiche product_brand-edelwhite-fr product_cat-soins-buccaux-fr product_cat-dentifrice-fr  instock featured taxable shipping-taxable purchasable product-type-simple\" data-elementor-post-type=\"elementor_library\" role=\"group\" aria-roledescription=\"slide\" data-custom-edit-handle=\"1\">\n\t\t\t<div class=\"elementor-element elementor-element-681a451 product-item e-flex e-con-boxed e-con e-parent\" data-id=\"681a451\" data-element_type=\"container\" data-e-type=\"container\">\n\t\t\t\t\t<div class=\"e-con-inner\">\n\t\t<div class=\"elementor-element elementor-element-2d9b67c e-con-full e-flex e-con e-child\" data-id=\"2d9b67c\" data-element_type=\"container\" data-e-type=\"container\">\n\t\t\t\t<div class=\"elementor-element elementor-element-cd0e8f9 elementor-widget elementor-widget-shortcode\" data-id=\"cd0e8f9\" data-element_type=\"widget\" data-e-type=\"widget\" data-widget_type=\"shortcode.default\">\n\t\t\t\t\t\t\t<div class=\"elementor-shortcode\"><\/div>\n\t\t\t\t\t\t<\/div>\n\t\t\t\t<\/div>\n\t\t<div class=\"elementor-element elementor-element-7ab553b e-con-full e-flex e-con e-child\" data-id=\"7ab553b\" data-element_type=\"container\" data-e-type=\"container\">\n\t\t\t\t<div class=\"elementor-element elementor-element-f588356 elementor-widget elementor-widget-heading\" data-id=\"f588356\" data-element_type=\"widget\" data-e-type=\"widget\" data-widget_type=\"heading.default\">\n\t\t\t\t\t<h3 class=\"elementor-heading-title elementor-size-default\"><a href=\"https:\/\/careista.ch\/fr\/produkte\/soins-buccaux-fr\/dentifrice-fr\/gel-dentaire-edelwhite-stop-sensitive-75ml\/\">Gel dentaire edel+white STOP Sensitive 75ml<\/a><\/h3>\t\t\t\t<\/div>\n\t\t\t\t<div class=\"elementor-element elementor-element-a85cfb5 elementor-widget elementor-widget-shortcode\" data-id=\"a85cfb5\" data-element_type=\"widget\" data-e-type=\"widget\" data-widget_type=\"shortcode.default\">\n\t\t\t\t\t\t\t<div class=\"elementor-shortcode\"><span class=\"tew-stars\" role=\"img\" aria-label=\"Rated 5 out of 5\"><span class=\"tew-star tew-full\">\u2605<\/span><span class=\"tew-star tew-full\">\u2605<\/span><span class=\"tew-star tew-full\">\u2605<\/span><span class=\"tew-star tew-full\">\u2605<\/span><span class=\"tew-star tew-half\"><span>\u2605<\/span><\/span><\/span><\/div>\n\t\t\t\t\t\t<\/div>\n\t\t\t\t<div class=\"elementor-element elementor-element-16fd2ac elementor-widget elementor-widget-heading\" data-id=\"16fd2ac\" data-element_type=\"widget\" data-e-type=\"widget\" data-widget_type=\"heading.default\">\n\t\t\t\t\t<h3 class=\"elementor-heading-title elementor-size-default\"><a href=\"https:\/\/careista.ch\/fr\/produkte\/soins-buccaux-fr\/dentifrice-fr\/gel-dentaire-edelwhite-stop-sensitive-75ml\/\"><span class=\"woocommerce-Price-amount amount\"><span class=\"woocommerce-Price-currencySymbol\">&#067;&#072;&#070;<\/span>&nbsp;7.90<\/span> <small class=\"woocommerce-price-suffix\"> <small class=\"woocommerce-price-suffix\">TVA incl.<\/small><\/small><\/a><\/h3>\t\t\t\t<\/div>\n\t\t\t\t<div class=\"elementor-element elementor-element-0c8ffcd elementor-add-to-cart--align-center elementor-widget elementor-widget-woocommerce-product-add-to-cart\" data-id=\"0c8ffcd\" data-element_type=\"widget\" data-e-type=\"widget\" data-widget_type=\"woocommerce-product-add-to-cart.default\">\n\t\t\t\t\t\n\t\t<div class=\"elementor-add-to-cart elementor-product-simple\">\n\t\t\t\t\t<div class=\"e-loop-add-to-cart-form-container\">\n\t\t\t<form class=\"cart e-loop-add-to-cart-form\">\n\t\t\t\t<a href=\"\/fr\/wp-json\/wp\/v2\/pages\/12141?add-to-cart=9506\" aria-describedby=\"woocommerce_loop_add_to_cart_link_describedby_9506\" data-quantity=\"1\" class=\"button product_type_simple add_to_cart_button ajax_add_to_cart\" data-product_id=\"9506\" data-product_sku=\"500505\" aria-label=\"Ajouter au panier\u00a0: &ldquo;Gel dentaire edel+white STOP Sensitive 75ml&rdquo;\" rel=\"nofollow\" data-success_message=\"\u00ab\u00a0Gel dentaire edel+white STOP Sensitive 75ml\u00a0\u00bb a \u00e9t\u00e9 ajout\u00e9 \u00e0 votre panier\" role=\"button\">Ajouter au panier<\/a>\t<span id=\"woocommerce_loop_add_to_cart_link_describedby_9506\" class=\"screen-reader-text\">\n\t\t\t<\/span>\n\t\t\t<\/form>\n\t\t<\/div>\n\t\t\t\t<\/div>\n\n\t\t\t\t\t\t<\/div>\n\t\t\t\t<\/div>\n\t\t\t\t\t<\/div>\n\t\t\t\t<\/div>\n\t\t\t\t<\/div>\n\t\t\t\t<div data-elementor-type=\"loop-item\" data-elementor-id=\"13471\" class=\"elementor elementor-13471 elementor-13249 elementor-13249 swiper-slide e-loop-item e-loop-item-9496 post-9496 product type-product status-publish has-post-thumbnail anwendung-blanchiment product_brand-edelwhite-fr product_cat-soins-buccaux-fr product_cat-brosses-a-dents-soniques-fr last instock taxable shipping-taxable purchasable product-type-simple\" data-elementor-post-type=\"elementor_library\" role=\"group\" aria-roledescription=\"slide\" data-custom-edit-handle=\"1\">\n\t\t\t<div class=\"elementor-element elementor-element-681a451 product-item e-flex e-con-boxed e-con e-parent\" data-id=\"681a451\" data-element_type=\"container\" data-e-type=\"container\">\n\t\t\t\t\t<div class=\"e-con-inner\">\n\t\t<div class=\"elementor-element elementor-element-2d9b67c e-con-full e-flex e-con e-child\" data-id=\"2d9b67c\" data-element_type=\"container\" data-e-type=\"container\">\n\t\t\t\t<div class=\"elementor-element elementor-element-cd0e8f9 elementor-widget elementor-widget-shortcode\" data-id=\"cd0e8f9\" data-element_type=\"widget\" data-e-type=\"widget\" data-widget_type=\"shortcode.default\">\n\t\t\t\t\t\t\t<div class=\"elementor-shortcode\"><\/div>\n\t\t\t\t\t\t<\/div>\n\t\t\t\t<\/div>\n\t\t<div class=\"elementor-element elementor-element-7ab553b e-con-full e-flex e-con e-child\" data-id=\"7ab553b\" data-element_type=\"container\" data-e-type=\"container\">\n\t\t\t\t<div class=\"elementor-element elementor-element-f588356 elementor-widget elementor-widget-heading\" data-id=\"f588356\" data-element_type=\"widget\" data-e-type=\"widget\" data-widget_type=\"heading.default\">\n\t\t\t\t\t<h3 class=\"elementor-heading-title elementor-size-default\"><a href=\"https:\/\/careista.ch\/fr\/produkte\/soins-buccaux-fr\/brosses-a-dents-soniques-fr\/tetes-de-brosse-blanchissantes-edelwhite\/\">T\u00eates de brosse blanchissantes edel+white<\/a><\/h3>\t\t\t\t<\/div>\n\t\t\t\t<div class=\"elementor-element elementor-element-a85cfb5 elementor-widget elementor-widget-shortcode\" data-id=\"a85cfb5\" data-element_type=\"widget\" data-e-type=\"widget\" data-widget_type=\"shortcode.default\">\n\t\t\t\t\t\t\t<div class=\"elementor-shortcode\"><span class=\"tew-stars\" role=\"img\" aria-label=\"Rated 5 out of 5\"><span class=\"tew-star tew-full\">\u2605<\/span><span class=\"tew-star tew-full\">\u2605<\/span><span class=\"tew-star tew-full\">\u2605<\/span><span class=\"tew-star tew-full\">\u2605<\/span><span class=\"tew-star tew-half\"><span>\u2605<\/span><\/span><\/span><\/div>\n\t\t\t\t\t\t<\/div>\n\t\t\t\t<div class=\"elementor-element elementor-element-16fd2ac elementor-widget elementor-widget-heading\" data-id=\"16fd2ac\" data-element_type=\"widget\" data-e-type=\"widget\" data-widget_type=\"heading.default\">\n\t\t\t\t\t<h3 class=\"elementor-heading-title elementor-size-default\"><a href=\"https:\/\/careista.ch\/fr\/produkte\/soins-buccaux-fr\/brosses-a-dents-soniques-fr\/tetes-de-brosse-blanchissantes-edelwhite\/\"><span class=\"woocommerce-Price-amount amount\"><span class=\"woocommerce-Price-currencySymbol\">&#067;&#072;&#070;<\/span>&nbsp;16.50<\/span> <small class=\"woocommerce-price-suffix\"> <small class=\"woocommerce-price-suffix\">TVA incl.<\/small><\/small><\/a><\/h3>\t\t\t\t<\/div>\n\t\t\t\t<div class=\"elementor-element elementor-element-0c8ffcd elementor-add-to-cart--align-center elementor-widget elementor-widget-woocommerce-product-add-to-cart\" data-id=\"0c8ffcd\" data-element_type=\"widget\" data-e-type=\"widget\" data-widget_type=\"woocommerce-product-add-to-cart.default\">\n\t\t\t\t\t\n\t\t<div class=\"elementor-add-to-cart elementor-product-simple\">\n\t\t\t\t\t<div class=\"e-loop-add-to-cart-form-container\">\n\t\t\t<form class=\"cart e-loop-add-to-cart-form\">\n\t\t\t\t<a href=\"\/fr\/wp-json\/wp\/v2\/pages\/12141?add-to-cart=9496\" aria-describedby=\"woocommerce_loop_add_to_cart_link_describedby_9496\" data-quantity=\"1\" class=\"button product_type_simple add_to_cart_button ajax_add_to_cart\" data-product_id=\"9496\" data-product_sku=\"100189\" aria-label=\"Ajouter au panier\u00a0: &ldquo;T\u00eates de brosse blanchissantes edel+white&rdquo;\" rel=\"nofollow\" data-success_message=\"\u00ab\u00a0T\u00eates de brosse blanchissantes edel+white\u00a0\u00bb a \u00e9t\u00e9 ajout\u00e9 \u00e0 votre panier\" role=\"button\">Ajouter au panier<\/a>\t<span id=\"woocommerce_loop_add_to_cart_link_describedby_9496\" class=\"screen-reader-text\">\n\t\t\t<\/span>\n\t\t\t<\/form>\n\t\t<\/div>\n\t\t\t\t<\/div>\n\n\t\t\t\t\t\t<\/div>\n\t\t\t\t<\/div>\n\t\t\t\t\t<\/div>\n\t\t\t\t<\/div>\n\t\t\t\t<\/div>\n\t\t\t\t<div data-elementor-type=\"loop-item\" data-elementor-id=\"13471\" class=\"elementor elementor-13471 elementor-13249 elementor-13249 swiper-slide e-loop-item e-loop-item-9325 post-9325 product type-product status-publish has-post-thumbnail anwendung-blanchiment anwendung-des-gencives-saines anwendung-une-haleine-fraiche product_brand-edelwhite-fr product_cat-soins-buccaux-fr product_cat-dentifrice-fr first onbackorder taxable shipping-taxable purchasable product-type-simple\" data-elementor-post-type=\"elementor_library\" role=\"group\" aria-roledescription=\"slide\" data-custom-edit-handle=\"1\">\n\t\t\t<div class=\"elementor-element elementor-element-681a451 product-item e-flex e-con-boxed e-con e-parent\" data-id=\"681a451\" data-element_type=\"container\" data-e-type=\"container\">\n\t\t\t\t\t<div class=\"e-con-inner\">\n\t\t<div class=\"elementor-element elementor-element-2d9b67c e-con-full e-flex e-con e-child\" data-id=\"2d9b67c\" data-element_type=\"container\" data-e-type=\"container\">\n\t\t\t\t<div class=\"elementor-element elementor-element-cd0e8f9 elementor-widget elementor-widget-shortcode\" data-id=\"cd0e8f9\" data-element_type=\"widget\" data-e-type=\"widget\" data-widget_type=\"shortcode.default\">\n\t\t\t\t\t\t\t<div class=\"elementor-shortcode\"><\/div>\n\t\t\t\t\t\t<\/div>\n\t\t\t\t<\/div>\n\t\t<div class=\"elementor-element elementor-element-7ab553b e-con-full e-flex e-con e-child\" data-id=\"7ab553b\" data-element_type=\"container\" data-e-type=\"container\">\n\t\t\t\t<div class=\"elementor-element elementor-element-f588356 elementor-widget elementor-widget-heading\" data-id=\"f588356\" data-element_type=\"widget\" data-e-type=\"widget\" data-widget_type=\"heading.default\">\n\t\t\t\t\t<h3 class=\"elementor-heading-title elementor-size-default\"><a href=\"https:\/\/careista.ch\/fr\/produkte\/soins-buccaux-fr\/dentifrice-fr\/edelwhite-anti-plaque-blanchiment-dentifrice-75ml\/\">edel+white Anti-Plaque + Blanchiment dentifrice 75ml<\/a><\/h3>\t\t\t\t<\/div>\n\t\t\t\t<div class=\"elementor-element elementor-element-a85cfb5 elementor-widget elementor-widget-shortcode\" data-id=\"a85cfb5\" data-element_type=\"widget\" data-e-type=\"widget\" data-widget_type=\"shortcode.default\">\n\t\t\t\t\t\t\t<div class=\"elementor-shortcode\"><span class=\"tew-stars\" role=\"img\" aria-label=\"Rated 5 out of 5\"><span class=\"tew-star tew-full\">\u2605<\/span><span class=\"tew-star tew-full\">\u2605<\/span><span class=\"tew-star tew-full\">\u2605<\/span><span class=\"tew-star tew-full\">\u2605<\/span><span class=\"tew-star tew-half\"><span>\u2605<\/span><\/span><\/span><\/div>\n\t\t\t\t\t\t<\/div>\n\t\t\t\t<div class=\"elementor-element elementor-element-16fd2ac elementor-widget elementor-widget-heading\" data-id=\"16fd2ac\" data-element_type=\"widget\" data-e-type=\"widget\" data-widget_type=\"heading.default\">\n\t\t\t\t\t<h3 class=\"elementor-heading-title elementor-size-default\"><a href=\"https:\/\/careista.ch\/fr\/produkte\/soins-buccaux-fr\/dentifrice-fr\/edelwhite-anti-plaque-blanchiment-dentifrice-75ml\/\"><span class=\"woocommerce-Price-amount amount\"><span class=\"woocommerce-Price-currencySymbol\">&#067;&#072;&#070;<\/span>&nbsp;5.50<\/span> <small class=\"woocommerce-price-suffix\"> <small class=\"woocommerce-price-suffix\">TVA incl.<\/small><\/small><\/a><\/h3>\t\t\t\t<\/div>\n\t\t\t\t<div class=\"elementor-element elementor-element-0c8ffcd elementor-add-to-cart--align-center elementor-widget elementor-widget-woocommerce-product-add-to-cart\" data-id=\"0c8ffcd\" data-element_type=\"widget\" data-e-type=\"widget\" data-widget_type=\"woocommerce-product-add-to-cart.default\">\n\t\t\t\t\t\n\t\t<div class=\"elementor-add-to-cart elementor-product-simple\">\n\t\t\t\t\t<div class=\"e-loop-add-to-cart-form-container\">\n\t\t\t<form class=\"cart e-loop-add-to-cart-form\">\n\t\t\t\t<a href=\"\/fr\/wp-json\/wp\/v2\/pages\/12141?add-to-cart=9325\" aria-describedby=\"woocommerce_loop_add_to_cart_link_describedby_9325\" data-quantity=\"1\" class=\"button product_type_simple add_to_cart_button ajax_add_to_cart\" data-product_id=\"9325\" data-product_sku=\"500511\" aria-label=\"Ajouter au panier\u00a0: &ldquo;edel+white Anti-Plaque + Blanchiment dentifrice 75ml&rdquo;\" rel=\"nofollow\" data-success_message=\"\u00ab\u00a0edel+white Anti-Plaque + Blanchiment dentifrice 75ml\u00a0\u00bb a \u00e9t\u00e9 ajout\u00e9 \u00e0 votre panier\" role=\"button\">Ajouter au panier<\/a>\t<span id=\"woocommerce_loop_add_to_cart_link_describedby_9325\" class=\"screen-reader-text\">\n\t\t\t<\/span>\n\t\t\t<\/form>\n\t\t<\/div>\n\t\t\t\t<\/div>\n\n\t\t\t\t\t\t<\/div>\n\t\t\t\t<\/div>\n\t\t\t\t\t<\/div>\n\t\t\t\t<\/div>\n\t\t\t\t<\/div>\n\t\t\t\t<div data-elementor-type=\"loop-item\" data-elementor-id=\"13471\" class=\"elementor elementor-13471 elementor-13249 elementor-13249 swiper-slide e-loop-item e-loop-item-9503 post-9503 product type-product status-publish has-post-thumbnail anwendung-des-gencives-saines anwendung-dents-sensibles product_brand-edelwhite-fr product_cat-soins-buccaux-fr product_cat-brosses-a-dents-fr  instock taxable shipping-taxable purchasable product-type-simple\" data-elementor-post-type=\"elementor_library\" role=\"group\" aria-roledescription=\"slide\" data-custom-edit-handle=\"1\">\n\t\t\t<div class=\"elementor-element elementor-element-681a451 product-item e-flex e-con-boxed e-con e-parent\" data-id=\"681a451\" data-element_type=\"container\" data-e-type=\"container\">\n\t\t\t\t\t<div class=\"e-con-inner\">\n\t\t<div class=\"elementor-element elementor-element-2d9b67c e-con-full e-flex e-con e-child\" data-id=\"2d9b67c\" data-element_type=\"container\" data-e-type=\"container\">\n\t\t\t\t<div class=\"elementor-element elementor-element-cd0e8f9 elementor-widget elementor-widget-shortcode\" data-id=\"cd0e8f9\" data-element_type=\"widget\" data-e-type=\"widget\" data-widget_type=\"shortcode.default\">\n\t\t\t\t\t\t\t<div class=\"elementor-shortcode\"><\/div>\n\t\t\t\t\t\t<\/div>\n\t\t\t\t<\/div>\n\t\t<div class=\"elementor-element elementor-element-7ab553b e-con-full e-flex e-con e-child\" data-id=\"7ab553b\" data-element_type=\"container\" data-e-type=\"container\">\n\t\t\t\t<div class=\"elementor-element elementor-element-f588356 elementor-widget elementor-widget-heading\" data-id=\"f588356\" data-element_type=\"widget\" data-e-type=\"widget\" data-widget_type=\"heading.default\">\n\t\t\t\t\t<h3 class=\"elementor-heading-title elementor-size-default\"><a href=\"https:\/\/careista.ch\/fr\/produkte\/soins-buccaux-fr\/brosses-a-dents-fr\/edelwhite-duo-flosserbrush-ultrasoft\/\">edel+white Duo Flosserbrush Ultrasoft<\/a><\/h3>\t\t\t\t<\/div>\n\t\t\t\t<div class=\"elementor-element elementor-element-a85cfb5 elementor-widget elementor-widget-shortcode\" data-id=\"a85cfb5\" data-element_type=\"widget\" data-e-type=\"widget\" data-widget_type=\"shortcode.default\">\n\t\t\t\t\t\t\t<div class=\"elementor-shortcode\"><span class=\"tew-stars\" role=\"img\" aria-label=\"Rated 5 out of 5\"><span class=\"tew-star tew-full\">\u2605<\/span><span class=\"tew-star tew-full\">\u2605<\/span><span class=\"tew-star tew-full\">\u2605<\/span><span class=\"tew-star tew-full\">\u2605<\/span><span class=\"tew-star tew-half\"><span>\u2605<\/span><\/span><\/span><\/div>\n\t\t\t\t\t\t<\/div>\n\t\t\t\t<div class=\"elementor-element elementor-element-16fd2ac elementor-widget elementor-widget-heading\" data-id=\"16fd2ac\" data-element_type=\"widget\" data-e-type=\"widget\" data-widget_type=\"heading.default\">\n\t\t\t\t\t<h3 class=\"elementor-heading-title elementor-size-default\"><a href=\"https:\/\/careista.ch\/fr\/produkte\/soins-buccaux-fr\/brosses-a-dents-fr\/edelwhite-duo-flosserbrush-ultrasoft\/\"><span class=\"woocommerce-Price-amount amount\"><span class=\"woocommerce-Price-currencySymbol\">&#067;&#072;&#070;<\/span>&nbsp;8.90<\/span> <small class=\"woocommerce-price-suffix\"> <small class=\"woocommerce-price-suffix\">TVA incl.<\/small><\/small><\/a><\/h3>\t\t\t\t<\/div>\n\t\t\t\t<div class=\"elementor-element elementor-element-0c8ffcd elementor-add-to-cart--align-center elementor-widget elementor-widget-woocommerce-product-add-to-cart\" data-id=\"0c8ffcd\" data-element_type=\"widget\" data-e-type=\"widget\" data-widget_type=\"woocommerce-product-add-to-cart.default\">\n\t\t\t\t\t\n\t\t<div class=\"elementor-add-to-cart elementor-product-simple\">\n\t\t\t\t\t<div class=\"e-loop-add-to-cart-form-container\">\n\t\t\t<form class=\"cart e-loop-add-to-cart-form\">\n\t\t\t\t<a href=\"\/fr\/wp-json\/wp\/v2\/pages\/12141?add-to-cart=9503\" aria-describedby=\"woocommerce_loop_add_to_cart_link_describedby_9503\" data-quantity=\"1\" class=\"button product_type_simple add_to_cart_button ajax_add_to_cart\" data-product_id=\"9503\" data-product_sku=\"100105\" aria-label=\"Ajouter au panier\u00a0: &ldquo;edel+white Duo Flosserbrush Ultrasoft&rdquo;\" rel=\"nofollow\" data-success_message=\"\u00ab\u00a0edel+white Duo Flosserbrush Ultrasoft\u00a0\u00bb a \u00e9t\u00e9 ajout\u00e9 \u00e0 votre panier\" role=\"button\">Ajouter au panier<\/a>\t<span id=\"woocommerce_loop_add_to_cart_link_describedby_9503\" class=\"screen-reader-text\">\n\t\t\t<\/span>\n\t\t\t<\/form>\n\t\t<\/div>\n\t\t\t\t<\/div>\n\n\t\t\t\t\t\t<\/div>\n\t\t\t\t<\/div>\n\t\t\t\t\t<\/div>\n\t\t\t\t<\/div>\n\t\t\t\t<\/div>\n\t\t\t\t<div data-elementor-type=\"loop-item\" data-elementor-id=\"13471\" class=\"elementor elementor-13471 elementor-13249 elementor-13249 swiper-slide e-loop-item e-loop-item-9460 post-9460 product type-product status-publish has-post-thumbnail anwendung-enfants product_brand-edelwhite-fr product_cat-soins-buccaux-fr product_cat-brosses-a-dents-fr last instock taxable shipping-taxable purchasable product-type-simple\" data-elementor-post-type=\"elementor_library\" role=\"group\" aria-roledescription=\"slide\" data-custom-edit-handle=\"1\">\n\t\t\t<div class=\"elementor-element elementor-element-681a451 product-item e-flex e-con-boxed e-con e-parent\" data-id=\"681a451\" data-element_type=\"container\" data-e-type=\"container\">\n\t\t\t\t\t<div class=\"e-con-inner\">\n\t\t<div class=\"elementor-element elementor-element-2d9b67c e-con-full e-flex e-con e-child\" data-id=\"2d9b67c\" data-element_type=\"container\" data-e-type=\"container\">\n\t\t\t\t<div class=\"elementor-element elementor-element-cd0e8f9 elementor-widget elementor-widget-shortcode\" data-id=\"cd0e8f9\" data-element_type=\"widget\" data-e-type=\"widget\" data-widget_type=\"shortcode.default\">\n\t\t\t\t\t\t\t<div class=\"elementor-shortcode\"><\/div>\n\t\t\t\t\t\t<\/div>\n\t\t\t\t<\/div>\n\t\t<div class=\"elementor-element elementor-element-7ab553b e-con-full e-flex e-con e-child\" data-id=\"7ab553b\" data-element_type=\"container\" data-e-type=\"container\">\n\t\t\t\t<div class=\"elementor-element elementor-element-f588356 elementor-widget elementor-widget-heading\" data-id=\"f588356\" data-element_type=\"widget\" data-e-type=\"widget\" data-widget_type=\"heading.default\">\n\t\t\t\t\t<h3 class=\"elementor-heading-title elementor-size-default\"><a href=\"https:\/\/careista.ch\/fr\/produkte\/soins-buccaux-fr\/brosses-a-dents-fr\/edelwhite-flosserbrush-pour-enfants-ultrasoft-bionicmania\/\">edel+white Flosserbrush pour enfants Ultrasoft &#8211; Bionicmania<\/a><\/h3>\t\t\t\t<\/div>\n\t\t\t\t<div class=\"elementor-element elementor-element-a85cfb5 elementor-widget elementor-widget-shortcode\" data-id=\"a85cfb5\" data-element_type=\"widget\" data-e-type=\"widget\" data-widget_type=\"shortcode.default\">\n\t\t\t\t\t\t\t<div class=\"elementor-shortcode\"><span class=\"tew-stars\" role=\"img\" aria-label=\"Rated 5 out of 5\"><span class=\"tew-star tew-full\">\u2605<\/span><span class=\"tew-star tew-full\">\u2605<\/span><span class=\"tew-star tew-full\">\u2605<\/span><span class=\"tew-star tew-full\">\u2605<\/span><span class=\"tew-star tew-half\"><span>\u2605<\/span><\/span><\/span><\/div>\n\t\t\t\t\t\t<\/div>\n\t\t\t\t<div class=\"elementor-element elementor-element-16fd2ac elementor-widget elementor-widget-heading\" data-id=\"16fd2ac\" data-element_type=\"widget\" data-e-type=\"widget\" data-widget_type=\"heading.default\">\n\t\t\t\t\t<h3 class=\"elementor-heading-title elementor-size-default\"><a href=\"https:\/\/careista.ch\/fr\/produkte\/soins-buccaux-fr\/brosses-a-dents-fr\/edelwhite-flosserbrush-pour-enfants-ultrasoft-bionicmania\/\"><span class=\"woocommerce-Price-amount amount\"><span class=\"woocommerce-Price-currencySymbol\">&#067;&#072;&#070;<\/span>&nbsp;3.20<\/span> <small class=\"woocommerce-price-suffix\"> <small class=\"woocommerce-price-suffix\">TVA incl.<\/small><\/small><\/a><\/h3>\t\t\t\t<\/div>\n\t\t\t\t<div class=\"elementor-element elementor-element-0c8ffcd elementor-add-to-cart--align-center elementor-widget elementor-widget-woocommerce-product-add-to-cart\" data-id=\"0c8ffcd\" data-element_type=\"widget\" data-e-type=\"widget\" data-widget_type=\"woocommerce-product-add-to-cart.default\">\n\t\t\t\t\t\n\t\t<div class=\"elementor-add-to-cart elementor-product-simple\">\n\t\t\t\t\t<div class=\"e-loop-add-to-cart-form-container\">\n\t\t\t<form class=\"cart e-loop-add-to-cart-form\">\n\t\t\t\t<a href=\"\/fr\/wp-json\/wp\/v2\/pages\/12141?add-to-cart=9460\" aria-describedby=\"woocommerce_loop_add_to_cart_link_describedby_9460\" data-quantity=\"1\" class=\"button product_type_simple add_to_cart_button ajax_add_to_cart\" data-product_id=\"9460\" data-product_sku=\"100141\" aria-label=\"Ajouter au panier\u00a0: &ldquo;edel+white Flosserbrush pour enfants Ultrasoft - Bionicmania&rdquo;\" rel=\"nofollow\" data-success_message=\"\u00ab\u00a0edel+white Flosserbrush pour enfants Ultrasoft - Bionicmania\u00a0\u00bb a \u00e9t\u00e9 ajout\u00e9 \u00e0 votre panier\" role=\"button\">Ajouter au panier<\/a>\t<span id=\"woocommerce_loop_add_to_cart_link_describedby_9460\" class=\"screen-reader-text\">\n\t\t\t<\/span>\n\t\t\t<\/form>\n\t\t<\/div>\n\t\t\t\t<\/div>\n\n\t\t\t\t\t\t<\/div>\n\t\t\t\t<\/div>\n\t\t\t\t\t<\/div>\n\t\t\t\t<\/div>\n\t\t\t\t<\/div>\n\t\t\t\t<div data-elementor-type=\"loop-item\" data-elementor-id=\"13471\" class=\"elementor elementor-13471 elementor-13249 elementor-13249 swiper-slide e-loop-item e-loop-item-9438 post-9438 product type-product status-publish has-post-thumbnail anwendung-une-haleine-fraiche anwendung-pour-entre-les-deux product_brand-edelwhite-fr product_cat-soins-buccaux-fr product_cat-interdentaire-fr first instock taxable shipping-taxable purchasable product-type-simple\" data-elementor-post-type=\"elementor_library\" role=\"group\" aria-roledescription=\"slide\" data-custom-edit-handle=\"1\">\n\t\t\t<div class=\"elementor-element elementor-element-681a451 product-item e-flex e-con-boxed e-con e-parent\" data-id=\"681a451\" data-element_type=\"container\" data-e-type=\"container\">\n\t\t\t\t\t<div class=\"e-con-inner\">\n\t\t<div class=\"elementor-element elementor-element-2d9b67c e-con-full e-flex e-con e-child\" data-id=\"2d9b67c\" data-element_type=\"container\" data-e-type=\"container\">\n\t\t\t\t<div class=\"elementor-element elementor-element-cd0e8f9 elementor-widget elementor-widget-shortcode\" data-id=\"cd0e8f9\" data-element_type=\"widget\" data-e-type=\"widget\" data-widget_type=\"shortcode.default\">\n\t\t\t\t\t\t\t<div class=\"elementor-shortcode\"><\/div>\n\t\t\t\t\t\t<\/div>\n\t\t\t\t<\/div>\n\t\t<div class=\"elementor-element elementor-element-7ab553b e-con-full e-flex e-con e-child\" data-id=\"7ab553b\" data-element_type=\"container\" data-e-type=\"container\">\n\t\t\t\t<div class=\"elementor-element elementor-element-f588356 elementor-widget elementor-widget-heading\" data-id=\"f588356\" data-element_type=\"widget\" data-e-type=\"widget\" data-widget_type=\"heading.default\">\n\t\t\t\t\t<h3 class=\"elementor-heading-title elementor-size-default\"><a href=\"https:\/\/careista.ch\/fr\/produkte\/soins-buccaux-fr\/interdentaire-fr\/edelwhite-expanding-superfloss-fil-dentaire-25m\/\">edel+white Expanding Superfloss fil dentaire 25m<\/a><\/h3>\t\t\t\t<\/div>\n\t\t\t\t<div class=\"elementor-element elementor-element-a85cfb5 elementor-widget elementor-widget-shortcode\" data-id=\"a85cfb5\" data-element_type=\"widget\" data-e-type=\"widget\" data-widget_type=\"shortcode.default\">\n\t\t\t\t\t\t\t<div class=\"elementor-shortcode\"><span class=\"tew-stars\" role=\"img\" aria-label=\"Rated 5 out of 5\"><span class=\"tew-star tew-full\">\u2605<\/span><span class=\"tew-star tew-full\">\u2605<\/span><span class=\"tew-star tew-full\">\u2605<\/span><span class=\"tew-star tew-full\">\u2605<\/span><span class=\"tew-star tew-full\">\u2605<\/span><\/span><\/div>\n\t\t\t\t\t\t<\/div>\n\t\t\t\t<div class=\"elementor-element elementor-element-16fd2ac elementor-widget elementor-widget-heading\" data-id=\"16fd2ac\" data-element_type=\"widget\" data-e-type=\"widget\" data-widget_type=\"heading.default\">\n\t\t\t\t\t<h3 class=\"elementor-heading-title elementor-size-default\"><a href=\"https:\/\/careista.ch\/fr\/produkte\/soins-buccaux-fr\/interdentaire-fr\/edelwhite-expanding-superfloss-fil-dentaire-25m\/\"><span class=\"woocommerce-Price-amount amount\"><span class=\"woocommerce-Price-currencySymbol\">&#067;&#072;&#070;<\/span>&nbsp;5.40<\/span> <small class=\"woocommerce-price-suffix\"> <small class=\"woocommerce-price-suffix\">TVA incl.<\/small><\/small><\/a><\/h3>\t\t\t\t<\/div>\n\t\t\t\t<div class=\"elementor-element elementor-element-0c8ffcd elementor-add-to-cart--align-center elementor-widget elementor-widget-woocommerce-product-add-to-cart\" data-id=\"0c8ffcd\" data-element_type=\"widget\" data-e-type=\"widget\" data-widget_type=\"woocommerce-product-add-to-cart.default\">\n\t\t\t\t\t\n\t\t<div class=\"elementor-add-to-cart elementor-product-simple\">\n\t\t\t\t\t<div class=\"e-loop-add-to-cart-form-container\">\n\t\t\t<form class=\"cart e-loop-add-to-cart-form\">\n\t\t\t\t<a href=\"\/fr\/wp-json\/wp\/v2\/pages\/12141?add-to-cart=9438\" aria-describedby=\"woocommerce_loop_add_to_cart_link_describedby_9438\" data-quantity=\"1\" class=\"button product_type_simple add_to_cart_button ajax_add_to_cart\" data-product_id=\"9438\" data-product_sku=\"800852\" aria-label=\"Ajouter au panier\u00a0: &ldquo;edel+white Expanding Superfloss fil dentaire 25m&rdquo;\" rel=\"nofollow\" data-success_message=\"\u00ab\u00a0edel+white Expanding Superfloss fil dentaire 25m\u00a0\u00bb a \u00e9t\u00e9 ajout\u00e9 \u00e0 votre panier\" role=\"button\">Ajouter au panier<\/a>\t<span id=\"woocommerce_loop_add_to_cart_link_describedby_9438\" class=\"screen-reader-text\">\n\t\t\t<\/span>\n\t\t\t<\/form>\n\t\t<\/div>\n\t\t\t\t<\/div>\n\n\t\t\t\t\t\t<\/div>\n\t\t\t\t<\/div>\n\t\t\t\t\t<\/div>\n\t\t\t\t<\/div>\n\t\t\t\t<\/div>\n\t\t\t\t<div data-elementor-type=\"loop-item\" data-elementor-id=\"13471\" class=\"elementor elementor-13471 elementor-13249 elementor-13249 swiper-slide e-loop-item e-loop-item-9450 post-9450 product type-product status-publish has-post-thumbnail anwendung-pour-entre-les-deux product_brand-edelwhite-fr product_cat-soins-buccaux-fr product_cat-interdentaire-fr  instock taxable shipping-taxable purchasable product-type-simple\" data-elementor-post-type=\"elementor_library\" role=\"group\" aria-roledescription=\"slide\" data-custom-edit-handle=\"1\">\n\t\t\t<div class=\"elementor-element elementor-element-681a451 product-item e-flex e-con-boxed e-con e-parent\" data-id=\"681a451\" data-element_type=\"container\" data-e-type=\"container\">\n\t\t\t\t\t<div class=\"e-con-inner\">\n\t\t<div class=\"elementor-element elementor-element-2d9b67c e-con-full e-flex e-con e-child\" data-id=\"2d9b67c\" data-element_type=\"container\" data-e-type=\"container\">\n\t\t\t\t<div class=\"elementor-element elementor-element-cd0e8f9 elementor-widget elementor-widget-shortcode\" data-id=\"cd0e8f9\" data-element_type=\"widget\" data-e-type=\"widget\" data-widget_type=\"shortcode.default\">\n\t\t\t\t\t\t\t<div class=\"elementor-shortcode\"><\/div>\n\t\t\t\t\t\t<\/div>\n\t\t\t\t<\/div>\n\t\t<div class=\"elementor-element elementor-element-7ab553b e-con-full e-flex e-con e-child\" data-id=\"7ab553b\" data-element_type=\"container\" data-e-type=\"container\">\n\t\t\t\t<div class=\"elementor-element elementor-element-f588356 elementor-widget elementor-widget-heading\" data-id=\"f588356\" data-element_type=\"widget\" data-e-type=\"widget\" data-widget_type=\"heading.default\">\n\t\t\t\t\t<h3 class=\"elementor-heading-title elementor-size-default\"><a href=\"https:\/\/careista.ch\/fr\/produkte\/soins-buccaux-fr\/interdentaire-fr\/brosse-interdentaire-edelwhite-07mm-taille-m\/\">Brosse interdentaire edel+white 0,7mm taille M<\/a><\/h3>\t\t\t\t<\/div>\n\t\t\t\t<div class=\"elementor-element elementor-element-a85cfb5 elementor-widget elementor-widget-shortcode\" data-id=\"a85cfb5\" data-element_type=\"widget\" data-e-type=\"widget\" data-widget_type=\"shortcode.default\">\n\t\t\t\t\t\t\t<div class=\"elementor-shortcode\"><span class=\"tew-stars\" role=\"img\" aria-label=\"Rated 5 out of 5\"><span class=\"tew-star tew-full\">\u2605<\/span><span class=\"tew-star tew-full\">\u2605<\/span><span class=\"tew-star tew-full\">\u2605<\/span><span class=\"tew-star tew-full\">\u2605<\/span><span class=\"tew-star tew-half\"><span>\u2605<\/span><\/span><\/span><\/div>\n\t\t\t\t\t\t<\/div>\n\t\t\t\t<div class=\"elementor-element elementor-element-16fd2ac elementor-widget elementor-widget-heading\" data-id=\"16fd2ac\" data-element_type=\"widget\" data-e-type=\"widget\" data-widget_type=\"heading.default\">\n\t\t\t\t\t<h3 class=\"elementor-heading-title elementor-size-default\"><a href=\"https:\/\/careista.ch\/fr\/produkte\/soins-buccaux-fr\/interdentaire-fr\/brosse-interdentaire-edelwhite-07mm-taille-m\/\"><span class=\"woocommerce-Price-amount amount\"><span class=\"woocommerce-Price-currencySymbol\">&#067;&#072;&#070;<\/span>&nbsp;5.50<\/span> <small class=\"woocommerce-price-suffix\"> <small class=\"woocommerce-price-suffix\">TVA incl.<\/small><\/small><\/a><\/h3>\t\t\t\t<\/div>\n\t\t\t\t<div class=\"elementor-element elementor-element-0c8ffcd elementor-add-to-cart--align-center elementor-widget elementor-widget-woocommerce-product-add-to-cart\" data-id=\"0c8ffcd\" data-element_type=\"widget\" data-e-type=\"widget\" data-widget_type=\"woocommerce-product-add-to-cart.default\">\n\t\t\t\t\t\n\t\t<div class=\"elementor-add-to-cart elementor-product-simple\">\n\t\t\t\t\t<div class=\"e-loop-add-to-cart-form-container\">\n\t\t\t<form class=\"cart e-loop-add-to-cart-form\">\n\t\t\t\t<a href=\"\/fr\/wp-json\/wp\/v2\/pages\/12141?add-to-cart=9450\" aria-describedby=\"woocommerce_loop_add_to_cart_link_describedby_9450\" data-quantity=\"1\" class=\"button product_type_simple add_to_cart_button ajax_add_to_cart\" data-product_id=\"9450\" data-product_sku=\"300335\" aria-label=\"Ajouter au panier\u00a0: &ldquo;Brosse interdentaire edel+white 0,7mm taille M&rdquo;\" rel=\"nofollow\" data-success_message=\"\u00ab\u00a0Brosse interdentaire edel+white 0,7mm taille M\u00a0\u00bb a \u00e9t\u00e9 ajout\u00e9 \u00e0 votre panier\" role=\"button\">Ajouter au panier<\/a>\t<span id=\"woocommerce_loop_add_to_cart_link_describedby_9450\" class=\"screen-reader-text\">\n\t\t\t<\/span>\n\t\t\t<\/form>\n\t\t<\/div>\n\t\t\t\t<\/div>\n\n\t\t\t\t\t\t<\/div>\n\t\t\t\t<\/div>\n\t\t\t\t\t<\/div>\n\t\t\t\t<\/div>\n\t\t\t\t<\/div>\n\t\t\t\t<div data-elementor-type=\"loop-item\" data-elementor-id=\"13471\" class=\"elementor elementor-13471 elementor-13249 elementor-13249 swiper-slide e-loop-item e-loop-item-9361 post-9361 product type-product status-publish has-post-thumbnail anwendung-des-gencives-saines product_brand-edelwhite-fr product_cat-soins-buccaux-fr product_cat-brosses-a-dents-soniques-fr last instock taxable shipping-taxable purchasable product-type-simple\" data-elementor-post-type=\"elementor_library\" role=\"group\" aria-roledescription=\"slide\" data-custom-edit-handle=\"1\">\n\t\t\t<div class=\"elementor-element elementor-element-681a451 product-item e-flex e-con-boxed e-con e-parent\" data-id=\"681a451\" data-element_type=\"container\" data-e-type=\"container\">\n\t\t\t\t\t<div class=\"e-con-inner\">\n\t\t<div class=\"elementor-element elementor-element-2d9b67c e-con-full e-flex e-con e-child\" data-id=\"2d9b67c\" data-element_type=\"container\" data-e-type=\"container\">\n\t\t\t\t<div class=\"elementor-element elementor-element-cd0e8f9 elementor-widget elementor-widget-shortcode\" data-id=\"cd0e8f9\" data-element_type=\"widget\" data-e-type=\"widget\" data-widget_type=\"shortcode.default\">\n\t\t\t\t\t\t\t<div class=\"elementor-shortcode\"><\/div>\n\t\t\t\t\t\t<\/div>\n\t\t\t\t<\/div>\n\t\t<div class=\"elementor-element elementor-element-7ab553b e-con-full e-flex e-con e-child\" data-id=\"7ab553b\" data-element_type=\"container\" data-e-type=\"container\">\n\t\t\t\t<div class=\"elementor-element elementor-element-f588356 elementor-widget elementor-widget-heading\" data-id=\"f588356\" data-element_type=\"widget\" data-e-type=\"widget\" data-widget_type=\"heading.default\">\n\t\t\t\t\t<h3 class=\"elementor-heading-title elementor-size-default\"><a href=\"https:\/\/careista.ch\/fr\/produkte\/soins-buccaux-fr\/brosses-a-dents-soniques-fr\/tetes-de-brosse-edelwhite-clean-curl-3d\/\">T\u00eates de brosse edel+white Clean Curl 3D<\/a><\/h3>\t\t\t\t<\/div>\n\t\t\t\t<div class=\"elementor-element elementor-element-a85cfb5 elementor-widget elementor-widget-shortcode\" data-id=\"a85cfb5\" data-element_type=\"widget\" data-e-type=\"widget\" data-widget_type=\"shortcode.default\">\n\t\t\t\t\t\t\t<div class=\"elementor-shortcode\"><\/div>\n\t\t\t\t\t\t<\/div>\n\t\t\t\t<div class=\"elementor-element elementor-element-16fd2ac elementor-widget elementor-widget-heading\" data-id=\"16fd2ac\" data-element_type=\"widget\" data-e-type=\"widget\" data-widget_type=\"heading.default\">\n\t\t\t\t\t<h3 class=\"elementor-heading-title elementor-size-default\"><a href=\"https:\/\/careista.ch\/fr\/produkte\/soins-buccaux-fr\/brosses-a-dents-soniques-fr\/tetes-de-brosse-edelwhite-clean-curl-3d\/\"><span class=\"woocommerce-Price-amount amount\"><span class=\"woocommerce-Price-currencySymbol\">&#067;&#072;&#070;<\/span>&nbsp;16.50<\/span> <small class=\"woocommerce-price-suffix\"> <small class=\"woocommerce-price-suffix\">TVA incl.<\/small><\/small><\/a><\/h3>\t\t\t\t<\/div>\n\t\t\t\t<div class=\"elementor-element elementor-element-0c8ffcd elementor-add-to-cart--align-center elementor-widget elementor-widget-woocommerce-product-add-to-cart\" data-id=\"0c8ffcd\" data-element_type=\"widget\" data-e-type=\"widget\" data-widget_type=\"woocommerce-product-add-to-cart.default\">\n\t\t\t\t\t\n\t\t<div class=\"elementor-add-to-cart elementor-product-simple\">\n\t\t\t\t\t<div class=\"e-loop-add-to-cart-form-container\">\n\t\t\t<form class=\"cart e-loop-add-to-cart-form\">\n\t\t\t\t<a href=\"\/fr\/wp-json\/wp\/v2\/pages\/12141?add-to-cart=9361\" aria-describedby=\"woocommerce_loop_add_to_cart_link_describedby_9361\" data-quantity=\"1\" class=\"button product_type_simple add_to_cart_button ajax_add_to_cart\" data-product_id=\"9361\" data-product_sku=\"100185\" aria-label=\"Ajouter au panier\u00a0: &ldquo;T\u00eates de brosse edel+white Clean Curl 3D&rdquo;\" rel=\"nofollow\" data-success_message=\"\u00ab\u00a0T\u00eates de brosse edel+white Clean Curl 3D\u00a0\u00bb a \u00e9t\u00e9 ajout\u00e9 \u00e0 votre panier\" role=\"button\">Ajouter au panier<\/a>\t<span id=\"woocommerce_loop_add_to_cart_link_describedby_9361\" class=\"screen-reader-text\">\n\t\t\t<\/span>\n\t\t\t<\/form>\n\t\t<\/div>\n\t\t\t\t<\/div>\n\n\t\t\t\t\t\t<\/div>\n\t\t\t\t<\/div>\n\t\t\t\t\t<\/div>\n\t\t\t\t<\/div>\n\t\t\t\t<\/div>\n\t\t\t\t<div data-elementor-type=\"loop-item\" data-elementor-id=\"13471\" class=\"elementor elementor-13471 elementor-13249 elementor-13249 swiper-slide e-loop-item e-loop-item-9462 post-9462 product type-product status-publish has-post-thumbnail anwendung-pour-entre-les-deux product_brand-edelwhite-fr product_cat-soins-buccaux-fr product_cat-interdentaire-fr first instock taxable shipping-taxable purchasable product-type-simple\" data-elementor-post-type=\"elementor_library\" role=\"group\" aria-roledescription=\"slide\" data-custom-edit-handle=\"1\">\n\t\t\t<div class=\"elementor-element elementor-element-681a451 product-item e-flex e-con-boxed e-con e-parent\" data-id=\"681a451\" data-element_type=\"container\" data-e-type=\"container\">\n\t\t\t\t\t<div class=\"e-con-inner\">\n\t\t<div class=\"elementor-element elementor-element-2d9b67c e-con-full e-flex e-con e-child\" data-id=\"2d9b67c\" data-element_type=\"container\" data-e-type=\"container\">\n\t\t\t\t<div class=\"elementor-element elementor-element-cd0e8f9 elementor-widget elementor-widget-shortcode\" data-id=\"cd0e8f9\" data-element_type=\"widget\" data-e-type=\"widget\" data-widget_type=\"shortcode.default\">\n\t\t\t\t\t\t\t<div class=\"elementor-shortcode\"><\/div>\n\t\t\t\t\t\t<\/div>\n\t\t\t\t<\/div>\n\t\t<div class=\"elementor-element elementor-element-7ab553b e-con-full e-flex e-con e-child\" data-id=\"7ab553b\" data-element_type=\"container\" data-e-type=\"container\">\n\t\t\t\t<div class=\"elementor-element elementor-element-f588356 elementor-widget elementor-widget-heading\" data-id=\"f588356\" data-element_type=\"widget\" data-e-type=\"widget\" data-widget_type=\"heading.default\">\n\t\t\t\t\t<h3 class=\"elementor-heading-title elementor-size-default\"><a href=\"https:\/\/careista.ch\/fr\/produkte\/soins-buccaux-fr\/interdentaire-fr\/brosse-interdentaire-edelwhite-06mm-taille-s\/\">Brosse interdentaire edel+white 0,6mm taille S<\/a><\/h3>\t\t\t\t<\/div>\n\t\t\t\t<div class=\"elementor-element elementor-element-a85cfb5 elementor-widget elementor-widget-shortcode\" data-id=\"a85cfb5\" data-element_type=\"widget\" data-e-type=\"widget\" data-widget_type=\"shortcode.default\">\n\t\t\t\t\t\t\t<div class=\"elementor-shortcode\"><span class=\"tew-stars\" role=\"img\" aria-label=\"Rated 5 out of 5\"><span class=\"tew-star tew-full\">\u2605<\/span><span class=\"tew-star tew-full\">\u2605<\/span><span class=\"tew-star tew-full\">\u2605<\/span><span class=\"tew-star tew-full\">\u2605<\/span><span class=\"tew-star tew-half\"><span>\u2605<\/span><\/span><\/span><\/div>\n\t\t\t\t\t\t<\/div>\n\t\t\t\t<div class=\"elementor-element elementor-element-16fd2ac elementor-widget elementor-widget-heading\" data-id=\"16fd2ac\" data-element_type=\"widget\" data-e-type=\"widget\" data-widget_type=\"heading.default\">\n\t\t\t\t\t<h3 class=\"elementor-heading-title elementor-size-default\"><a href=\"https:\/\/careista.ch\/fr\/produkte\/soins-buccaux-fr\/interdentaire-fr\/brosse-interdentaire-edelwhite-06mm-taille-s\/\"><span class=\"woocommerce-Price-amount amount\"><span class=\"woocommerce-Price-currencySymbol\">&#067;&#072;&#070;<\/span>&nbsp;5.50<\/span> <small class=\"woocommerce-price-suffix\"> <small class=\"woocommerce-price-suffix\">TVA incl.<\/small><\/small><\/a><\/h3>\t\t\t\t<\/div>\n\t\t\t\t<div class=\"elementor-element elementor-element-0c8ffcd elementor-add-to-cart--align-center elementor-widget elementor-widget-woocommerce-product-add-to-cart\" data-id=\"0c8ffcd\" data-element_type=\"widget\" data-e-type=\"widget\" data-widget_type=\"woocommerce-product-add-to-cart.default\">\n\t\t\t\t\t\n\t\t<div class=\"elementor-add-to-cart elementor-product-simple\">\n\t\t\t\t\t<div class=\"e-loop-add-to-cart-form-container\">\n\t\t\t<form class=\"cart e-loop-add-to-cart-form\">\n\t\t\t\t<a href=\"\/fr\/wp-json\/wp\/v2\/pages\/12141?add-to-cart=9462\" aria-describedby=\"woocommerce_loop_add_to_cart_link_describedby_9462\" data-quantity=\"1\" class=\"button product_type_simple add_to_cart_button ajax_add_to_cart\" data-product_id=\"9462\" data-product_sku=\"300334\" aria-label=\"Ajouter au panier\u00a0: &ldquo;Brosse interdentaire edel+white 0,6mm taille S&rdquo;\" rel=\"nofollow\" data-success_message=\"\u00ab\u00a0Brosse interdentaire edel+white 0,6mm taille S\u00a0\u00bb a \u00e9t\u00e9 ajout\u00e9 \u00e0 votre panier\" role=\"button\">Ajouter au panier<\/a>\t<span id=\"woocommerce_loop_add_to_cart_link_describedby_9462\" class=\"screen-reader-text\">\n\t\t\t<\/span>\n\t\t\t<\/form>\n\t\t<\/div>\n\t\t\t\t<\/div>\n\n\t\t\t\t\t\t<\/div>\n\t\t\t\t<\/div>\n\t\t\t\t\t<\/div>\n\t\t\t\t<\/div>\n\t\t\t\t<\/div>\n\t\t\t\t<div data-elementor-type=\"loop-item\" data-elementor-id=\"13471\" class=\"elementor elementor-13471 elementor-13249 elementor-13249 swiper-slide e-loop-item e-loop-item-9464 post-9464 product type-product status-publish has-post-thumbnail anwendung-pour-entre-les-deux product_brand-edelwhite-fr product_cat-soins-buccaux-fr product_cat-interdentaire-fr  instock taxable shipping-taxable purchasable product-type-simple\" data-elementor-post-type=\"elementor_library\" role=\"group\" aria-roledescription=\"slide\" data-custom-edit-handle=\"1\">\n\t\t\t<div class=\"elementor-element elementor-element-681a451 product-item e-flex e-con-boxed e-con e-parent\" data-id=\"681a451\" data-element_type=\"container\" data-e-type=\"container\">\n\t\t\t\t\t<div class=\"e-con-inner\">\n\t\t<div class=\"elementor-element elementor-element-2d9b67c e-con-full e-flex e-con e-child\" data-id=\"2d9b67c\" data-element_type=\"container\" data-e-type=\"container\">\n\t\t\t\t<div class=\"elementor-element elementor-element-cd0e8f9 elementor-widget elementor-widget-shortcode\" data-id=\"cd0e8f9\" data-element_type=\"widget\" data-e-type=\"widget\" data-widget_type=\"shortcode.default\">\n\t\t\t\t\t\t\t<div class=\"elementor-shortcode\"><\/div>\n\t\t\t\t\t\t<\/div>\n\t\t\t\t<\/div>\n\t\t<div class=\"elementor-element elementor-element-7ab553b e-con-full e-flex e-con e-child\" data-id=\"7ab553b\" data-element_type=\"container\" data-e-type=\"container\">\n\t\t\t\t<div class=\"elementor-element elementor-element-f588356 elementor-widget elementor-widget-heading\" data-id=\"f588356\" data-element_type=\"widget\" data-e-type=\"widget\" data-widget_type=\"heading.default\">\n\t\t\t\t\t<h3 class=\"elementor-heading-title elementor-size-default\"><a href=\"https:\/\/careista.ch\/fr\/produkte\/soins-buccaux-fr\/interdentaire-fr\/brosse-interdentaire-edelwhite-05mm-taille-ss\/\">Brosse interdentaire edel+white 0,5mm taille SS<\/a><\/h3>\t\t\t\t<\/div>\n\t\t\t\t<div class=\"elementor-element elementor-element-a85cfb5 elementor-widget elementor-widget-shortcode\" data-id=\"a85cfb5\" data-element_type=\"widget\" data-e-type=\"widget\" data-widget_type=\"shortcode.default\">\n\t\t\t\t\t\t\t<div class=\"elementor-shortcode\"><span class=\"tew-stars\" role=\"img\" aria-label=\"Rated 5 out of 5\"><span class=\"tew-star tew-full\">\u2605<\/span><span class=\"tew-star tew-full\">\u2605<\/span><span class=\"tew-star tew-full\">\u2605<\/span><span class=\"tew-star tew-full\">\u2605<\/span><span class=\"tew-star tew-half\"><span>\u2605<\/span><\/span><\/span><\/div>\n\t\t\t\t\t\t<\/div>\n\t\t\t\t<div class=\"elementor-element elementor-element-16fd2ac elementor-widget elementor-widget-heading\" data-id=\"16fd2ac\" data-element_type=\"widget\" data-e-type=\"widget\" data-widget_type=\"heading.default\">\n\t\t\t\t\t<h3 class=\"elementor-heading-title elementor-size-default\"><a href=\"https:\/\/careista.ch\/fr\/produkte\/soins-buccaux-fr\/interdentaire-fr\/brosse-interdentaire-edelwhite-05mm-taille-ss\/\"><span class=\"woocommerce-Price-amount amount\"><span class=\"woocommerce-Price-currencySymbol\">&#067;&#072;&#070;<\/span>&nbsp;5.50<\/span> <small class=\"woocommerce-price-suffix\"> <small class=\"woocommerce-price-suffix\">TVA incl.<\/small><\/small><\/a><\/h3>\t\t\t\t<\/div>\n\t\t\t\t<div class=\"elementor-element elementor-element-0c8ffcd elementor-add-to-cart--align-center elementor-widget elementor-widget-woocommerce-product-add-to-cart\" data-id=\"0c8ffcd\" data-element_type=\"widget\" data-e-type=\"widget\" data-widget_type=\"woocommerce-product-add-to-cart.default\">\n\t\t\t\t\t\n\t\t<div class=\"elementor-add-to-cart elementor-product-simple\">\n\t\t\t\t\t<div class=\"e-loop-add-to-cart-form-container\">\n\t\t\t<form class=\"cart e-loop-add-to-cart-form\">\n\t\t\t\t<a href=\"\/fr\/wp-json\/wp\/v2\/pages\/12141?add-to-cart=9464\" aria-describedby=\"woocommerce_loop_add_to_cart_link_describedby_9464\" data-quantity=\"1\" class=\"button product_type_simple add_to_cart_button ajax_add_to_cart\" data-product_id=\"9464\" data-product_sku=\"300333\" aria-label=\"Ajouter au panier\u00a0: &ldquo;Brosse interdentaire edel+white 0,5mm taille SS&rdquo;\" rel=\"nofollow\" data-success_message=\"\u00ab\u00a0Brosse interdentaire edel+white 0,5mm taille SS\u00a0\u00bb a \u00e9t\u00e9 ajout\u00e9 \u00e0 votre panier\" role=\"button\">Ajouter au panier<\/a>\t<span id=\"woocommerce_loop_add_to_cart_link_describedby_9464\" class=\"screen-reader-text\">\n\t\t\t<\/span>\n\t\t\t<\/form>\n\t\t<\/div>\n\t\t\t\t<\/div>\n\n\t\t\t\t\t\t<\/div>\n\t\t\t\t<\/div>\n\t\t\t\t\t<\/div>\n\t\t\t\t<\/div>\n\t\t\t\t<\/div>\n\t\t\t\t<div data-elementor-type=\"loop-item\" data-elementor-id=\"13471\" class=\"elementor elementor-13471 elementor-13249 elementor-13249 swiper-slide e-loop-item e-loop-item-9458 post-9458 product type-product status-publish has-post-thumbnail anwendung-pour-entre-les-deux product_brand-edelwhite-fr product_cat-soins-buccaux-fr product_cat-interdentaire-fr last instock taxable shipping-taxable purchasable product-type-simple\" data-elementor-post-type=\"elementor_library\" role=\"group\" aria-roledescription=\"slide\" data-custom-edit-handle=\"1\">\n\t\t\t<div class=\"elementor-element elementor-element-681a451 product-item e-flex e-con-boxed e-con e-parent\" data-id=\"681a451\" data-element_type=\"container\" data-e-type=\"container\">\n\t\t\t\t\t<div class=\"e-con-inner\">\n\t\t<div class=\"elementor-element elementor-element-2d9b67c e-con-full e-flex e-con e-child\" data-id=\"2d9b67c\" data-element_type=\"container\" data-e-type=\"container\">\n\t\t\t\t<div class=\"elementor-element elementor-element-cd0e8f9 elementor-widget elementor-widget-shortcode\" data-id=\"cd0e8f9\" data-element_type=\"widget\" data-e-type=\"widget\" data-widget_type=\"shortcode.default\">\n\t\t\t\t\t\t\t<div class=\"elementor-shortcode\"><\/div>\n\t\t\t\t\t\t<\/div>\n\t\t\t\t<\/div>\n\t\t<div class=\"elementor-element elementor-element-7ab553b e-con-full e-flex e-con e-child\" data-id=\"7ab553b\" data-element_type=\"container\" data-e-type=\"container\">\n\t\t\t\t<div class=\"elementor-element elementor-element-f588356 elementor-widget elementor-widget-heading\" data-id=\"f588356\" data-element_type=\"widget\" data-e-type=\"widget\" data-widget_type=\"heading.default\">\n\t\t\t\t\t<h3 class=\"elementor-heading-title elementor-size-default\"><a href=\"https:\/\/careista.ch\/fr\/produkte\/soins-buccaux-fr\/interdentaire-fr\/brosse-interdentaire-edelwhite-042mm-taille-xs\/\">Brosse interdentaire edel+white 0,42mm taille XS<\/a><\/h3>\t\t\t\t<\/div>\n\t\t\t\t<div class=\"elementor-element elementor-element-a85cfb5 elementor-widget elementor-widget-shortcode\" data-id=\"a85cfb5\" data-element_type=\"widget\" data-e-type=\"widget\" data-widget_type=\"shortcode.default\">\n\t\t\t\t\t\t\t<div class=\"elementor-shortcode\"><span class=\"tew-stars\" role=\"img\" aria-label=\"Rated 5 out of 5\"><span class=\"tew-star tew-full\">\u2605<\/span><span class=\"tew-star tew-full\">\u2605<\/span><span class=\"tew-star tew-full\">\u2605<\/span><span class=\"tew-star tew-full\">\u2605<\/span><span class=\"tew-star tew-half\"><span>\u2605<\/span><\/span><\/span><\/div>\n\t\t\t\t\t\t<\/div>\n\t\t\t\t<div class=\"elementor-element elementor-element-16fd2ac elementor-widget elementor-widget-heading\" data-id=\"16fd2ac\" data-element_type=\"widget\" data-e-type=\"widget\" data-widget_type=\"heading.default\">\n\t\t\t\t\t<h3 class=\"elementor-heading-title elementor-size-default\"><a href=\"https:\/\/careista.ch\/fr\/produkte\/soins-buccaux-fr\/interdentaire-fr\/brosse-interdentaire-edelwhite-042mm-taille-xs\/\"><span class=\"woocommerce-Price-amount amount\"><span class=\"woocommerce-Price-currencySymbol\">&#067;&#072;&#070;<\/span>&nbsp;5.50<\/span> <small class=\"woocommerce-price-suffix\"> <small class=\"woocommerce-price-suffix\">TVA incl.<\/small><\/small><\/a><\/h3>\t\t\t\t<\/div>\n\t\t\t\t<div class=\"elementor-element elementor-element-0c8ffcd elementor-add-to-cart--align-center elementor-widget elementor-widget-woocommerce-product-add-to-cart\" data-id=\"0c8ffcd\" data-element_type=\"widget\" data-e-type=\"widget\" data-widget_type=\"woocommerce-product-add-to-cart.default\">\n\t\t\t\t\t\n\t\t<div class=\"elementor-add-to-cart elementor-product-simple\">\n\t\t\t\t\t<div class=\"e-loop-add-to-cart-form-container\">\n\t\t\t<form class=\"cart e-loop-add-to-cart-form\">\n\t\t\t\t<a href=\"\/fr\/wp-json\/wp\/v2\/pages\/12141?add-to-cart=9458\" aria-describedby=\"woocommerce_loop_add_to_cart_link_describedby_9458\" data-quantity=\"1\" class=\"button product_type_simple add_to_cart_button ajax_add_to_cart\" data-product_id=\"9458\" data-product_sku=\"300331\" aria-label=\"Ajouter au panier\u00a0: &ldquo;Brosse interdentaire edel+white 0,42mm taille XS&rdquo;\" rel=\"nofollow\" data-success_message=\"\u00ab\u00a0Brosse interdentaire edel+white 0,42mm taille XS\u00a0\u00bb a \u00e9t\u00e9 ajout\u00e9 \u00e0 votre panier\" role=\"button\">Ajouter au panier<\/a>\t<span id=\"woocommerce_loop_add_to_cart_link_describedby_9458\" class=\"screen-reader-text\">\n\t\t\t<\/span>\n\t\t\t<\/form>\n\t\t<\/div>\n\t\t\t\t<\/div>\n\n\t\t\t\t\t\t<\/div>\n\t\t\t\t<\/div>\n\t\t\t\t\t<\/div>\n\t\t\t\t<\/div>\n\t\t\t\t<\/div>\n\t\t\t\t<div data-elementor-type=\"loop-item\" data-elementor-id=\"13471\" class=\"elementor elementor-13471 elementor-13249 elementor-13249 swiper-slide e-loop-item e-loop-item-9454 post-9454 product type-product status-publish has-post-thumbnail anwendung-des-gencives-saines anwendung-reparation anwendung-dents-sensibles product_brand-edelwhite-fr product_cat-soins-buccaux-fr product_cat-brosses-a-dents-fr first instock taxable shipping-taxable purchasable product-type-simple\" data-elementor-post-type=\"elementor_library\" role=\"group\" aria-roledescription=\"slide\" data-custom-edit-handle=\"1\">\n\t\t\t<div class=\"elementor-element elementor-element-681a451 product-item e-flex e-con-boxed e-con e-parent\" data-id=\"681a451\" data-element_type=\"container\" data-e-type=\"container\">\n\t\t\t\t\t<div class=\"e-con-inner\">\n\t\t<div class=\"elementor-element elementor-element-2d9b67c e-con-full e-flex e-con e-child\" data-id=\"2d9b67c\" data-element_type=\"container\" data-e-type=\"container\">\n\t\t\t\t<div class=\"elementor-element elementor-element-cd0e8f9 elementor-widget elementor-widget-shortcode\" data-id=\"cd0e8f9\" data-element_type=\"widget\" data-e-type=\"widget\" data-widget_type=\"shortcode.default\">\n\t\t\t\t\t\t\t<div class=\"elementor-shortcode\"><\/div>\n\t\t\t\t\t\t<\/div>\n\t\t\t\t<\/div>\n\t\t<div class=\"elementor-element elementor-element-7ab553b e-con-full e-flex e-con e-child\" data-id=\"7ab553b\" data-element_type=\"container\" data-e-type=\"container\">\n\t\t\t\t<div class=\"elementor-element elementor-element-f588356 elementor-widget elementor-widget-heading\" data-id=\"f588356\" data-element_type=\"widget\" data-e-type=\"widget\" data-widget_type=\"heading.default\">\n\t\t\t\t\t<h3 class=\"elementor-heading-title elementor-size-default\"><a href=\"https:\/\/careista.ch\/fr\/produkte\/soins-buccaux-fr\/brosses-a-dents-fr\/brosse-a-dents-edelwhite-pro-gums-tete-de-brosse-xxl\/\">Brosse \u00e0 dents edel+white Pro Gums &#8211; T\u00eate de brosse XXL<\/a><\/h3>\t\t\t\t<\/div>\n\t\t\t\t<div class=\"elementor-element elementor-element-a85cfb5 elementor-widget elementor-widget-shortcode\" data-id=\"a85cfb5\" data-element_type=\"widget\" data-e-type=\"widget\" data-widget_type=\"shortcode.default\">\n\t\t\t\t\t\t\t<div class=\"elementor-shortcode\"><span class=\"tew-stars\" role=\"img\" aria-label=\"Rated 5 out of 5\"><span class=\"tew-star tew-full\">\u2605<\/span><span class=\"tew-star tew-full\">\u2605<\/span><span class=\"tew-star tew-full\">\u2605<\/span><span class=\"tew-star tew-full\">\u2605<\/span><span class=\"tew-star tew-full\">\u2605<\/span><\/span><\/div>\n\t\t\t\t\t\t<\/div>\n\t\t\t\t<div class=\"elementor-element elementor-element-16fd2ac elementor-widget elementor-widget-heading\" data-id=\"16fd2ac\" data-element_type=\"widget\" data-e-type=\"widget\" data-widget_type=\"heading.default\">\n\t\t\t\t\t<h3 class=\"elementor-heading-title elementor-size-default\"><a href=\"https:\/\/careista.ch\/fr\/produkte\/soins-buccaux-fr\/brosses-a-dents-fr\/brosse-a-dents-edelwhite-pro-gums-tete-de-brosse-xxl\/\"><span class=\"woocommerce-Price-amount amount\"><span class=\"woocommerce-Price-currencySymbol\">&#067;&#072;&#070;<\/span>&nbsp;4.90<\/span> <small class=\"woocommerce-price-suffix\"> <small class=\"woocommerce-price-suffix\">TVA incl.<\/small><\/small><\/a><\/h3>\t\t\t\t<\/div>\n\t\t\t\t<div class=\"elementor-element elementor-element-0c8ffcd elementor-add-to-cart--align-center elementor-widget elementor-widget-woocommerce-product-add-to-cart\" data-id=\"0c8ffcd\" data-element_type=\"widget\" data-e-type=\"widget\" data-widget_type=\"woocommerce-product-add-to-cart.default\">\n\t\t\t\t\t\n\t\t<div class=\"elementor-add-to-cart elementor-product-simple\">\n\t\t\t\t\t<div class=\"e-loop-add-to-cart-form-container\">\n\t\t\t<form class=\"cart e-loop-add-to-cart-form\">\n\t\t\t\t<a href=\"\/fr\/wp-json\/wp\/v2\/pages\/12141?add-to-cart=9454\" aria-describedby=\"woocommerce_loop_add_to_cart_link_describedby_9454\" data-quantity=\"1\" class=\"button product_type_simple add_to_cart_button ajax_add_to_cart\" data-product_id=\"9454\" data-product_sku=\"100256\" aria-label=\"Ajouter au panier\u00a0: &ldquo;Brosse \u00e0 dents edel+white Pro Gums - T\u00eate de brosse XXL&rdquo;\" rel=\"nofollow\" data-success_message=\"\u00ab\u00a0Brosse \u00e0 dents edel+white Pro Gums - T\u00eate de brosse XXL\u00a0\u00bb a \u00e9t\u00e9 ajout\u00e9 \u00e0 votre panier\" role=\"button\">Ajouter au panier<\/a>\t<span id=\"woocommerce_loop_add_to_cart_link_describedby_9454\" class=\"screen-reader-text\">\n\t\t\t<\/span>\n\t\t\t<\/form>\n\t\t<\/div>\n\t\t\t\t<\/div>\n\n\t\t\t\t\t\t<\/div>\n\t\t\t\t<\/div>\n\t\t\t\t\t<\/div>\n\t\t\t\t<\/div>\n\t\t\t\t<\/div>\n\t\t\t\t<div data-elementor-type=\"loop-item\" data-elementor-id=\"13471\" class=\"elementor elementor-13471 elementor-13249 elementor-13249 swiper-slide e-loop-item e-loop-item-9489 post-9489 product type-product status-publish has-post-thumbnail anwendung-voyages anwendung-pour-entre-les-deux product_brand-edelwhite-fr product_cat-soins-buccaux-fr product_cat-interdentaire-fr  instock taxable shipping-taxable purchasable product-type-simple\" data-elementor-post-type=\"elementor_library\" role=\"group\" aria-roledescription=\"slide\" data-custom-edit-handle=\"1\">\n\t\t\t<div class=\"elementor-element elementor-element-681a451 product-item e-flex e-con-boxed e-con e-parent\" data-id=\"681a451\" data-element_type=\"container\" data-e-type=\"container\">\n\t\t\t\t\t<div class=\"e-con-inner\">\n\t\t<div class=\"elementor-element elementor-element-2d9b67c e-con-full e-flex e-con e-child\" data-id=\"2d9b67c\" data-element_type=\"container\" data-e-type=\"container\">\n\t\t\t\t<div class=\"elementor-element elementor-element-cd0e8f9 elementor-widget elementor-widget-shortcode\" data-id=\"cd0e8f9\" data-element_type=\"widget\" data-e-type=\"widget\" data-widget_type=\"shortcode.default\">\n\t\t\t\t\t\t\t<div class=\"elementor-shortcode\"><\/div>\n\t\t\t\t\t\t<\/div>\n\t\t\t\t<\/div>\n\t\t<div class=\"elementor-element elementor-element-7ab553b e-con-full e-flex e-con e-child\" data-id=\"7ab553b\" data-element_type=\"container\" data-e-type=\"container\">\n\t\t\t\t<div class=\"elementor-element elementor-element-f588356 elementor-widget elementor-widget-heading\" data-id=\"f588356\" data-element_type=\"widget\" data-e-type=\"widget\" data-widget_type=\"heading.default\">\n\t\t\t\t\t<h3 class=\"elementor-heading-title elementor-size-default\"><a href=\"https:\/\/careista.ch\/fr\/produkte\/soins-buccaux-fr\/interdentaire-fr\/edelwhite-pick-sticks-interdental-small\/\">edel+white Pick Sticks Interdental Small<\/a><\/h3>\t\t\t\t<\/div>\n\t\t\t\t<div class=\"elementor-element elementor-element-a85cfb5 elementor-widget elementor-widget-shortcode\" data-id=\"a85cfb5\" data-element_type=\"widget\" data-e-type=\"widget\" data-widget_type=\"shortcode.default\">\n\t\t\t\t\t\t\t<div class=\"elementor-shortcode\"><span class=\"tew-stars\" role=\"img\" aria-label=\"Rated 4 out of 5\"><span class=\"tew-star tew-full\">\u2605<\/span><span class=\"tew-star tew-full\">\u2605<\/span><span class=\"tew-star tew-full\">\u2605<\/span><span class=\"tew-star tew-half\"><span>\u2605<\/span><\/span><span class=\"tew-star tew-empty\">\u2606<\/span><\/span><\/div>\n\t\t\t\t\t\t<\/div>\n\t\t\t\t<div class=\"elementor-element elementor-element-16fd2ac elementor-widget elementor-widget-heading\" data-id=\"16fd2ac\" data-element_type=\"widget\" data-e-type=\"widget\" data-widget_type=\"heading.default\">\n\t\t\t\t\t<h3 class=\"elementor-heading-title elementor-size-default\"><a href=\"https:\/\/careista.ch\/fr\/produkte\/soins-buccaux-fr\/interdentaire-fr\/edelwhite-pick-sticks-interdental-small\/\"><span class=\"woocommerce-Price-amount amount\"><span class=\"woocommerce-Price-currencySymbol\">&#067;&#072;&#070;<\/span>&nbsp;4.90<\/span> <small class=\"woocommerce-price-suffix\"> <small class=\"woocommerce-price-suffix\">TVA incl.<\/small><\/small><\/a><\/h3>\t\t\t\t<\/div>\n\t\t\t\t<div class=\"elementor-element elementor-element-0c8ffcd elementor-add-to-cart--align-center elementor-widget elementor-widget-woocommerce-product-add-to-cart\" data-id=\"0c8ffcd\" data-element_type=\"widget\" data-e-type=\"widget\" data-widget_type=\"woocommerce-product-add-to-cart.default\">\n\t\t\t\t\t\n\t\t<div class=\"elementor-add-to-cart elementor-product-simple\">\n\t\t\t\t\t<div class=\"e-loop-add-to-cart-form-container\">\n\t\t\t<form class=\"cart e-loop-add-to-cart-form\">\n\t\t\t\t<a href=\"\/fr\/wp-json\/wp\/v2\/pages\/12141?add-to-cart=9489\" aria-describedby=\"woocommerce_loop_add_to_cart_link_describedby_9489\" data-quantity=\"1\" class=\"button product_type_simple add_to_cart_button ajax_add_to_cart\" data-product_id=\"9489\" data-product_sku=\"800836\" aria-label=\"Ajouter au panier\u00a0: &ldquo;edel+white Pick Sticks Interdental Small&rdquo;\" rel=\"nofollow\" data-success_message=\"\u00ab\u00a0edel+white Pick Sticks Interdental Small\u00a0\u00bb a \u00e9t\u00e9 ajout\u00e9 \u00e0 votre panier\" role=\"button\">Ajouter au panier<\/a>\t<span id=\"woocommerce_loop_add_to_cart_link_describedby_9489\" class=\"screen-reader-text\">\n\t\t\t<\/span>\n\t\t\t<\/form>\n\t\t<\/div>\n\t\t\t\t<\/div>\n\n\t\t\t\t\t\t<\/div>\n\t\t\t\t<\/div>\n\t\t\t\t\t<\/div>\n\t\t\t\t<\/div>\n\t\t\t\t<\/div>\n\t\t\t\t<div data-elementor-type=\"loop-item\" data-elementor-id=\"13471\" class=\"elementor elementor-13471 elementor-13249 elementor-13249 swiper-slide e-loop-item e-loop-item-9501 post-9501 product type-product status-publish has-post-thumbnail anwendung-des-gencives-saines anwendung-dents-sensibles product_brand-edelwhite-fr product_cat-soins-buccaux-fr product_cat-brosses-a-dents-fr last instock taxable shipping-taxable purchasable product-type-simple\" data-elementor-post-type=\"elementor_library\" role=\"group\" aria-roledescription=\"slide\" data-custom-edit-handle=\"1\">\n\t\t\t<div class=\"elementor-element elementor-element-681a451 product-item e-flex e-con-boxed e-con e-parent\" data-id=\"681a451\" data-element_type=\"container\" data-e-type=\"container\">\n\t\t\t\t\t<div class=\"e-con-inner\">\n\t\t<div class=\"elementor-element elementor-element-2d9b67c e-con-full e-flex e-con e-child\" data-id=\"2d9b67c\" data-element_type=\"container\" data-e-type=\"container\">\n\t\t\t\t<div class=\"elementor-element elementor-element-cd0e8f9 elementor-widget elementor-widget-shortcode\" data-id=\"cd0e8f9\" data-element_type=\"widget\" data-e-type=\"widget\" data-widget_type=\"shortcode.default\">\n\t\t\t\t\t\t\t<div class=\"elementor-shortcode\"><\/div>\n\t\t\t\t\t\t<\/div>\n\t\t\t\t<\/div>\n\t\t<div class=\"elementor-element elementor-element-7ab553b e-con-full e-flex e-con e-child\" data-id=\"7ab553b\" data-element_type=\"container\" data-e-type=\"container\">\n\t\t\t\t<div class=\"elementor-element elementor-element-f588356 elementor-widget elementor-widget-heading\" data-id=\"f588356\" data-element_type=\"widget\" data-e-type=\"widget\" data-widget_type=\"heading.default\">\n\t\t\t\t\t<h3 class=\"elementor-heading-title elementor-size-default\"><a href=\"https:\/\/careista.ch\/fr\/produkte\/soins-buccaux-fr\/brosses-a-dents-fr\/edelwhite-soft-intensive-flosserbrush-swiss\/\">edel+white Soft Intensive Flosserbrush SWISS<\/a><\/h3>\t\t\t\t<\/div>\n\t\t\t\t<div class=\"elementor-element elementor-element-a85cfb5 elementor-widget elementor-widget-shortcode\" data-id=\"a85cfb5\" data-element_type=\"widget\" data-e-type=\"widget\" data-widget_type=\"shortcode.default\">\n\t\t\t\t\t\t\t<div class=\"elementor-shortcode\"><span class=\"tew-stars\" role=\"img\" aria-label=\"Rated 5 out of 5\"><span class=\"tew-star tew-full\">\u2605<\/span><span class=\"tew-star tew-full\">\u2605<\/span><span class=\"tew-star tew-full\">\u2605<\/span><span class=\"tew-star tew-full\">\u2605<\/span><span class=\"tew-star tew-half\"><span>\u2605<\/span><\/span><\/span><\/div>\n\t\t\t\t\t\t<\/div>\n\t\t\t\t<div class=\"elementor-element elementor-element-16fd2ac elementor-widget elementor-widget-heading\" data-id=\"16fd2ac\" data-element_type=\"widget\" data-e-type=\"widget\" data-widget_type=\"heading.default\">\n\t\t\t\t\t<h3 class=\"elementor-heading-title elementor-size-default\"><a href=\"https:\/\/careista.ch\/fr\/produkte\/soins-buccaux-fr\/brosses-a-dents-fr\/edelwhite-soft-intensive-flosserbrush-swiss\/\"><span class=\"woocommerce-Price-amount amount\"><span class=\"woocommerce-Price-currencySymbol\">&#067;&#072;&#070;<\/span>&nbsp;4.90<\/span> <small class=\"woocommerce-price-suffix\"> <small class=\"woocommerce-price-suffix\">TVA incl.<\/small><\/small><\/a><\/h3>\t\t\t\t<\/div>\n\t\t\t\t<div class=\"elementor-element elementor-element-0c8ffcd elementor-add-to-cart--align-center elementor-widget elementor-widget-woocommerce-product-add-to-cart\" data-id=\"0c8ffcd\" data-element_type=\"widget\" data-e-type=\"widget\" data-widget_type=\"woocommerce-product-add-to-cart.default\">\n\t\t\t\t\t\n\t\t<div class=\"elementor-add-to-cart elementor-product-simple\">\n\t\t\t\t\t<div class=\"e-loop-add-to-cart-form-container\">\n\t\t\t<form class=\"cart e-loop-add-to-cart-form\">\n\t\t\t\t<a href=\"\/fr\/wp-json\/wp\/v2\/pages\/12141?add-to-cart=9501\" aria-describedby=\"woocommerce_loop_add_to_cart_link_describedby_9501\" data-quantity=\"1\" class=\"button product_type_simple add_to_cart_button ajax_add_to_cart\" data-product_id=\"9501\" data-product_sku=\"100114\" aria-label=\"Ajouter au panier\u00a0: &ldquo;edel+white Soft Intensive Flosserbrush SWISS&rdquo;\" rel=\"nofollow\" data-success_message=\"\u00ab\u00a0edel+white Soft Intensive Flosserbrush SWISS\u00a0\u00bb a \u00e9t\u00e9 ajout\u00e9 \u00e0 votre panier\" role=\"button\">Ajouter au panier<\/a>\t<span id=\"woocommerce_loop_add_to_cart_link_describedby_9501\" class=\"screen-reader-text\">\n\t\t\t<\/span>\n\t\t\t<\/form>\n\t\t<\/div>\n\t\t\t\t<\/div>\n\n\t\t\t\t\t\t<\/div>\n\t\t\t\t<\/div>\n\t\t\t\t\t<\/div>\n\t\t\t\t<\/div>\n\t\t\t\t<\/div>\n\t\t\t\t<div data-elementor-type=\"loop-item\" data-elementor-id=\"13471\" class=\"elementor elementor-13471 elementor-13249 elementor-13249 swiper-slide e-loop-item e-loop-item-9355 post-9355 product type-product status-publish has-post-thumbnail anwendung-des-gencives-saines anwendung-voyages anwendung-dents-sensibles anwendung-pour-entre-les-deux product_brand-edelwhite-fr product_cat-soins-buccaux-fr product_cat-douche-buccale-fr first instock featured taxable shipping-taxable purchasable product-type-simple\" data-elementor-post-type=\"elementor_library\" role=\"group\" aria-roledescription=\"slide\" data-custom-edit-handle=\"1\">\n\t\t\t<div class=\"elementor-element elementor-element-681a451 product-item e-flex e-con-boxed e-con e-parent\" data-id=\"681a451\" data-element_type=\"container\" data-e-type=\"container\">\n\t\t\t\t\t<div class=\"e-con-inner\">\n\t\t<div class=\"elementor-element elementor-element-2d9b67c e-con-full e-flex e-con e-child\" data-id=\"2d9b67c\" data-element_type=\"container\" data-e-type=\"container\">\n\t\t\t\t<div class=\"elementor-element elementor-element-cd0e8f9 elementor-widget elementor-widget-shortcode\" data-id=\"cd0e8f9\" data-element_type=\"widget\" data-e-type=\"widget\" data-widget_type=\"shortcode.default\">\n\t\t\t\t\t\t\t<div class=\"elementor-shortcode\"><\/div>\n\t\t\t\t\t\t<\/div>\n\t\t\t\t<\/div>\n\t\t<div class=\"elementor-element elementor-element-7ab553b e-con-full e-flex e-con e-child\" data-id=\"7ab553b\" data-element_type=\"container\" data-e-type=\"container\">\n\t\t\t\t<div class=\"elementor-element elementor-element-f588356 elementor-widget elementor-widget-heading\" data-id=\"f588356\" data-element_type=\"widget\" data-e-type=\"widget\" data-widget_type=\"heading.default\">\n\t\t\t\t\t<h3 class=\"elementor-heading-title elementor-size-default\"><a href=\"https:\/\/careista.ch\/fr\/produkte\/soins-buccaux-fr\/douche-buccale-fr\/edelwhite-flosserpik-power-spa\/\">Douche buccale edel+white Flosserpik Power Spa<\/a><\/h3>\t\t\t\t<\/div>\n\t\t\t\t<div class=\"elementor-element elementor-element-a85cfb5 elementor-widget elementor-widget-shortcode\" data-id=\"a85cfb5\" data-element_type=\"widget\" data-e-type=\"widget\" data-widget_type=\"shortcode.default\">\n\t\t\t\t\t\t\t<div class=\"elementor-shortcode\"><span class=\"tew-stars\" role=\"img\" aria-label=\"Rated 5 out of 5\"><span class=\"tew-star tew-full\">\u2605<\/span><span class=\"tew-star tew-full\">\u2605<\/span><span class=\"tew-star tew-full\">\u2605<\/span><span class=\"tew-star tew-full\">\u2605<\/span><span class=\"tew-star tew-half\"><span>\u2605<\/span><\/span><\/span><\/div>\n\t\t\t\t\t\t<\/div>\n\t\t\t\t<div class=\"elementor-element elementor-element-16fd2ac elementor-widget elementor-widget-heading\" data-id=\"16fd2ac\" data-element_type=\"widget\" data-e-type=\"widget\" data-widget_type=\"heading.default\">\n\t\t\t\t\t<h3 class=\"elementor-heading-title elementor-size-default\"><a href=\"https:\/\/careista.ch\/fr\/produkte\/soins-buccaux-fr\/douche-buccale-fr\/edelwhite-flosserpik-power-spa\/\"><span class=\"woocommerce-Price-amount amount\"><span class=\"woocommerce-Price-currencySymbol\">&#067;&#072;&#070;<\/span>&nbsp;89.00<\/span> <small class=\"woocommerce-price-suffix\"> <small class=\"woocommerce-price-suffix\">TVA incl.<\/small><\/small><\/a><\/h3>\t\t\t\t<\/div>\n\t\t\t\t<div class=\"elementor-element elementor-element-0c8ffcd elementor-add-to-cart--align-center elementor-widget elementor-widget-woocommerce-product-add-to-cart\" data-id=\"0c8ffcd\" data-element_type=\"widget\" data-e-type=\"widget\" data-widget_type=\"woocommerce-product-add-to-cart.default\">\n\t\t\t\t\t\n\t\t<div class=\"elementor-add-to-cart elementor-product-simple\">\n\t\t\t\t\t<div class=\"e-loop-add-to-cart-form-container\">\n\t\t\t<form class=\"cart e-loop-add-to-cart-form\">\n\t\t\t\t<a href=\"\/fr\/wp-json\/wp\/v2\/pages\/12141?add-to-cart=9355\" aria-describedby=\"woocommerce_loop_add_to_cart_link_describedby_9355\" data-quantity=\"1\" class=\"button product_type_simple add_to_cart_button ajax_add_to_cart\" data-product_id=\"9355\" data-product_sku=\"100171\" aria-label=\"Ajouter au panier\u00a0: &ldquo;Douche buccale edel+white Flosserpik Power Spa&rdquo;\" rel=\"nofollow\" data-success_message=\"\u00ab\u00a0Douche buccale edel+white Flosserpik Power Spa\u00a0\u00bb a \u00e9t\u00e9 ajout\u00e9 \u00e0 votre panier\" role=\"button\">Ajouter au panier<\/a>\t<span id=\"woocommerce_loop_add_to_cart_link_describedby_9355\" class=\"screen-reader-text\">\n\t\t\t<\/span>\n\t\t\t<\/form>\n\t\t<\/div>\n\t\t\t\t<\/div>\n\n\t\t\t\t\t\t<\/div>\n\t\t\t\t<\/div>\n\t\t\t\t\t<\/div>\n\t\t\t\t<\/div>\n\t\t\t\t<\/div>\n\t\t\t\t<div data-elementor-type=\"loop-item\" data-elementor-id=\"13471\" class=\"elementor elementor-13471 elementor-13249 elementor-13249 swiper-slide e-loop-item e-loop-item-10680 post-10680 product type-product status-publish has-post-thumbnail anwendung-voyages anwendung-une-haleine-fraiche product_brand-edelwhite-fr product_cat-soins-buccaux-fr product_cat-divers-soins-buccaux-fr  instock taxable shipping-taxable purchasable product-type-simple\" data-elementor-post-type=\"elementor_library\" role=\"group\" aria-roledescription=\"slide\" data-custom-edit-handle=\"1\">\n\t\t\t<div class=\"elementor-element elementor-element-681a451 product-item e-flex e-con-boxed e-con e-parent\" data-id=\"681a451\" data-element_type=\"container\" data-e-type=\"container\">\n\t\t\t\t\t<div class=\"e-con-inner\">\n\t\t<div class=\"elementor-element elementor-element-2d9b67c e-con-full e-flex e-con e-child\" data-id=\"2d9b67c\" data-element_type=\"container\" data-e-type=\"container\">\n\t\t\t\t<div class=\"elementor-element elementor-element-cd0e8f9 elementor-widget elementor-widget-shortcode\" data-id=\"cd0e8f9\" data-element_type=\"widget\" data-e-type=\"widget\" data-widget_type=\"shortcode.default\">\n\t\t\t\t\t\t\t<div class=\"elementor-shortcode\"><\/div>\n\t\t\t\t\t\t<\/div>\n\t\t\t\t<\/div>\n\t\t<div class=\"elementor-element elementor-element-7ab553b e-con-full e-flex e-con e-child\" data-id=\"7ab553b\" data-element_type=\"container\" data-e-type=\"container\">\n\t\t\t\t<div class=\"elementor-element elementor-element-f588356 elementor-widget elementor-widget-heading\" data-id=\"f588356\" data-element_type=\"widget\" data-e-type=\"widget\" data-widget_type=\"heading.default\">\n\t\t\t\t\t<h3 class=\"elementor-heading-title elementor-size-default\"><a href=\"https:\/\/careista.ch\/fr\/produkte\/soins-buccaux-fr\/divers-soins-buccaux-fr\/edelwhite-gratte-langue\/\">edel+white gratte-langue<\/a><\/h3>\t\t\t\t<\/div>\n\t\t\t\t<div class=\"elementor-element elementor-element-a85cfb5 elementor-widget elementor-widget-shortcode\" data-id=\"a85cfb5\" data-element_type=\"widget\" data-e-type=\"widget\" data-widget_type=\"shortcode.default\">\n\t\t\t\t\t\t\t<div class=\"elementor-shortcode\"><span class=\"tew-stars\" role=\"img\" aria-label=\"Rated 5 out of 5\"><span class=\"tew-star tew-full\">\u2605<\/span><span class=\"tew-star tew-full\">\u2605<\/span><span class=\"tew-star tew-full\">\u2605<\/span><span class=\"tew-star tew-full\">\u2605<\/span><span class=\"tew-star tew-half\"><span>\u2605<\/span><\/span><\/span><\/div>\n\t\t\t\t\t\t<\/div>\n\t\t\t\t<div class=\"elementor-element elementor-element-16fd2ac elementor-widget elementor-widget-heading\" data-id=\"16fd2ac\" data-element_type=\"widget\" data-e-type=\"widget\" data-widget_type=\"heading.default\">\n\t\t\t\t\t<h3 class=\"elementor-heading-title elementor-size-default\"><a href=\"https:\/\/careista.ch\/fr\/produkte\/soins-buccaux-fr\/divers-soins-buccaux-fr\/edelwhite-gratte-langue\/\"><span class=\"woocommerce-Price-amount amount\"><span class=\"woocommerce-Price-currencySymbol\">&#067;&#072;&#070;<\/span>&nbsp;3.90<\/span> <small class=\"woocommerce-price-suffix\"> <small class=\"woocommerce-price-suffix\">TVA incl.<\/small><\/small><\/a><\/h3>\t\t\t\t<\/div>\n\t\t\t\t<div class=\"elementor-element elementor-element-0c8ffcd elementor-add-to-cart--align-center elementor-widget elementor-widget-woocommerce-product-add-to-cart\" data-id=\"0c8ffcd\" data-element_type=\"widget\" data-e-type=\"widget\" data-widget_type=\"woocommerce-product-add-to-cart.default\">\n\t\t\t\t\t\n\t\t<div class=\"elementor-add-to-cart elementor-product-simple\">\n\t\t\t\t\t<div class=\"e-loop-add-to-cart-form-container\">\n\t\t\t<form class=\"cart e-loop-add-to-cart-form\">\n\t\t\t\t<a href=\"\/fr\/wp-json\/wp\/v2\/pages\/12141?add-to-cart=10680\" aria-describedby=\"woocommerce_loop_add_to_cart_link_describedby_10680\" data-quantity=\"1\" class=\"button product_type_simple add_to_cart_button ajax_add_to_cart\" data-product_id=\"10680\" data-product_sku=\"700711\" aria-label=\"Ajouter au panier\u00a0: &ldquo;edel+white gratte-langue&rdquo;\" rel=\"nofollow\" data-success_message=\"\u00ab\u00a0edel+white gratte-langue\u00a0\u00bb a \u00e9t\u00e9 ajout\u00e9 \u00e0 votre panier\" role=\"button\">Ajouter au panier<\/a>\t<span id=\"woocommerce_loop_add_to_cart_link_describedby_10680\" class=\"screen-reader-text\">\n\t\t\t<\/span>\n\t\t\t<\/form>\n\t\t<\/div>\n\t\t\t\t<\/div>\n\n\t\t\t\t\t\t<\/div>\n\t\t\t\t<\/div>\n\t\t\t\t\t<\/div>\n\t\t\t\t<\/div>\n\t\t\t\t<\/div>\n\t\t\t\t<div data-elementor-type=\"loop-item\" data-elementor-id=\"13471\" class=\"elementor elementor-13471 elementor-13249 elementor-13249 swiper-slide e-loop-item e-loop-item-9492 post-9492 product type-product status-publish has-post-thumbnail anwendung-dents-sensibles product_brand-edelwhite-fr product_cat-soins-buccaux-fr product_cat-brosses-a-dents-soniques-fr last instock taxable shipping-taxable purchasable product-type-simple\" data-elementor-post-type=\"elementor_library\" role=\"group\" aria-roledescription=\"slide\" data-custom-edit-handle=\"1\">\n\t\t\t<div class=\"elementor-element elementor-element-681a451 product-item e-flex e-con-boxed e-con e-parent\" data-id=\"681a451\" data-element_type=\"container\" data-e-type=\"container\">\n\t\t\t\t\t<div class=\"e-con-inner\">\n\t\t<div class=\"elementor-element elementor-element-2d9b67c e-con-full e-flex e-con e-child\" data-id=\"2d9b67c\" data-element_type=\"container\" data-e-type=\"container\">\n\t\t\t\t<div class=\"elementor-element elementor-element-cd0e8f9 elementor-widget elementor-widget-shortcode\" data-id=\"cd0e8f9\" data-element_type=\"widget\" data-e-type=\"widget\" data-widget_type=\"shortcode.default\">\n\t\t\t\t\t\t\t<div class=\"elementor-shortcode\"><\/div>\n\t\t\t\t\t\t<\/div>\n\t\t\t\t<\/div>\n\t\t<div class=\"elementor-element elementor-element-7ab553b e-con-full e-flex e-con e-child\" data-id=\"7ab553b\" data-element_type=\"container\" data-e-type=\"container\">\n\t\t\t\t<div class=\"elementor-element elementor-element-f588356 elementor-widget elementor-widget-heading\" data-id=\"f588356\" data-element_type=\"widget\" data-e-type=\"widget\" data-widget_type=\"heading.default\">\n\t\t\t\t\t<h3 class=\"elementor-heading-title elementor-size-default\"><a href=\"https:\/\/careista.ch\/fr\/produkte\/soins-buccaux-fr\/brosses-a-dents-soniques-fr\/tetes-de-brosse-edelwhite-focus\/\">T\u00eates de brosse edel+white Focus<\/a><\/h3>\t\t\t\t<\/div>\n\t\t\t\t<div class=\"elementor-element elementor-element-a85cfb5 elementor-widget elementor-widget-shortcode\" data-id=\"a85cfb5\" data-element_type=\"widget\" data-e-type=\"widget\" data-widget_type=\"shortcode.default\">\n\t\t\t\t\t\t\t<div class=\"elementor-shortcode\"><span class=\"tew-stars\" role=\"img\" aria-label=\"Rated 5 out of 5\"><span class=\"tew-star tew-full\">\u2605<\/span><span class=\"tew-star tew-full\">\u2605<\/span><span class=\"tew-star tew-full\">\u2605<\/span><span class=\"tew-star tew-full\">\u2605<\/span><span class=\"tew-star tew-half\"><span>\u2605<\/span><\/span><\/span><\/div>\n\t\t\t\t\t\t<\/div>\n\t\t\t\t<div class=\"elementor-element elementor-element-16fd2ac elementor-widget elementor-widget-heading\" data-id=\"16fd2ac\" data-element_type=\"widget\" data-e-type=\"widget\" data-widget_type=\"heading.default\">\n\t\t\t\t\t<h3 class=\"elementor-heading-title elementor-size-default\"><a href=\"https:\/\/careista.ch\/fr\/produkte\/soins-buccaux-fr\/brosses-a-dents-soniques-fr\/tetes-de-brosse-edelwhite-focus\/\"><span class=\"woocommerce-Price-amount amount\"><span class=\"woocommerce-Price-currencySymbol\">&#067;&#072;&#070;<\/span>&nbsp;16.50<\/span> <small class=\"woocommerce-price-suffix\"> <small class=\"woocommerce-price-suffix\">TVA incl.<\/small><\/small><\/a><\/h3>\t\t\t\t<\/div>\n\t\t\t\t<div class=\"elementor-element elementor-element-0c8ffcd elementor-add-to-cart--align-center elementor-widget elementor-widget-woocommerce-product-add-to-cart\" data-id=\"0c8ffcd\" data-element_type=\"widget\" data-e-type=\"widget\" data-widget_type=\"woocommerce-product-add-to-cart.default\">\n\t\t\t\t\t\n\t\t<div class=\"elementor-add-to-cart elementor-product-simple\">\n\t\t\t\t\t<div class=\"e-loop-add-to-cart-form-container\">\n\t\t\t<form class=\"cart e-loop-add-to-cart-form\">\n\t\t\t\t<a href=\"\/fr\/wp-json\/wp\/v2\/pages\/12141?add-to-cart=9492\" aria-describedby=\"woocommerce_loop_add_to_cart_link_describedby_9492\" data-quantity=\"1\" class=\"button product_type_simple add_to_cart_button ajax_add_to_cart\" data-product_id=\"9492\" data-product_sku=\"100164\" aria-label=\"Ajouter au panier\u00a0: &ldquo;T\u00eates de brosse edel+white Focus&rdquo;\" rel=\"nofollow\" data-success_message=\"\u00ab\u00a0T\u00eates de brosse edel+white Focus\u00a0\u00bb a \u00e9t\u00e9 ajout\u00e9 \u00e0 votre panier\" role=\"button\">Ajouter au panier<\/a>\t<span id=\"woocommerce_loop_add_to_cart_link_describedby_9492\" class=\"screen-reader-text\">\n\t\t\t<\/span>\n\t\t\t<\/form>\n\t\t<\/div>\n\t\t\t\t<\/div>\n\n\t\t\t\t\t\t<\/div>\n\t\t\t\t<\/div>\n\t\t\t\t\t<\/div>\n\t\t\t\t<\/div>\n\t\t\t\t<\/div>\n\t\t\t\t<div data-elementor-type=\"loop-item\" data-elementor-id=\"13471\" class=\"elementor elementor-13471 elementor-13249 elementor-13249 swiper-slide e-loop-item e-loop-item-9497 post-9497 product type-product status-publish has-post-thumbnail anwendung-des-gencives-saines anwendung-dents-sensibles product_brand-edelwhite-fr product_cat-soins-buccaux-fr product_cat-brosses-a-dents-soniques-fr first instock taxable shipping-taxable purchasable product-type-simple\" data-elementor-post-type=\"elementor_library\" role=\"group\" aria-roledescription=\"slide\" data-custom-edit-handle=\"1\">\n\t\t\t<div class=\"elementor-element elementor-element-681a451 product-item e-flex e-con-boxed e-con e-parent\" data-id=\"681a451\" data-element_type=\"container\" data-e-type=\"container\">\n\t\t\t\t\t<div class=\"e-con-inner\">\n\t\t<div class=\"elementor-element elementor-element-2d9b67c e-con-full e-flex e-con e-child\" data-id=\"2d9b67c\" data-element_type=\"container\" data-e-type=\"container\">\n\t\t\t\t<div class=\"elementor-element elementor-element-cd0e8f9 elementor-widget elementor-widget-shortcode\" data-id=\"cd0e8f9\" data-element_type=\"widget\" data-e-type=\"widget\" data-widget_type=\"shortcode.default\">\n\t\t\t\t\t\t\t<div class=\"elementor-shortcode\"><\/div>\n\t\t\t\t\t\t<\/div>\n\t\t\t\t<\/div>\n\t\t<div class=\"elementor-element elementor-element-7ab553b e-con-full e-flex e-con e-child\" data-id=\"7ab553b\" data-element_type=\"container\" data-e-type=\"container\">\n\t\t\t\t<div class=\"elementor-element elementor-element-f588356 elementor-widget elementor-widget-heading\" data-id=\"f588356\" data-element_type=\"widget\" data-e-type=\"widget\" data-widget_type=\"heading.default\">\n\t\t\t\t\t<h3 class=\"elementor-heading-title elementor-size-default\"><a href=\"https:\/\/careista.ch\/fr\/produkte\/soins-buccaux-fr\/brosses-a-dents-soniques-fr\/tetes-de-brosse-edelwhite-bacterio-target-focus\/\">T\u00eates de brosse edel+white Bacterio Target &amp; Focus\u00ae.<\/a><\/h3>\t\t\t\t<\/div>\n\t\t\t\t<div class=\"elementor-element elementor-element-a85cfb5 elementor-widget elementor-widget-shortcode\" data-id=\"a85cfb5\" data-element_type=\"widget\" data-e-type=\"widget\" data-widget_type=\"shortcode.default\">\n\t\t\t\t\t\t\t<div class=\"elementor-shortcode\"><span class=\"tew-stars\" role=\"img\" aria-label=\"Rated 5 out of 5\"><span class=\"tew-star tew-full\">\u2605<\/span><span class=\"tew-star tew-full\">\u2605<\/span><span class=\"tew-star tew-full\">\u2605<\/span><span class=\"tew-star tew-full\">\u2605<\/span><span class=\"tew-star tew-half\"><span>\u2605<\/span><\/span><\/span><\/div>\n\t\t\t\t\t\t<\/div>\n\t\t\t\t<div class=\"elementor-element elementor-element-16fd2ac elementor-widget elementor-widget-heading\" data-id=\"16fd2ac\" data-element_type=\"widget\" data-e-type=\"widget\" data-widget_type=\"heading.default\">\n\t\t\t\t\t<h3 class=\"elementor-heading-title elementor-size-default\"><a href=\"https:\/\/careista.ch\/fr\/produkte\/soins-buccaux-fr\/brosses-a-dents-soniques-fr\/tetes-de-brosse-edelwhite-bacterio-target-focus\/\"><span class=\"woocommerce-Price-amount amount\"><span class=\"woocommerce-Price-currencySymbol\">&#067;&#072;&#070;<\/span>&nbsp;18.90<\/span> <small class=\"woocommerce-price-suffix\"> <small class=\"woocommerce-price-suffix\">TVA incl.<\/small><\/small><\/a><\/h3>\t\t\t\t<\/div>\n\t\t\t\t<div class=\"elementor-element elementor-element-0c8ffcd elementor-add-to-cart--align-center elementor-widget elementor-widget-woocommerce-product-add-to-cart\" data-id=\"0c8ffcd\" data-element_type=\"widget\" data-e-type=\"widget\" data-widget_type=\"woocommerce-product-add-to-cart.default\">\n\t\t\t\t\t\n\t\t<div class=\"elementor-add-to-cart elementor-product-simple\">\n\t\t\t\t\t<div class=\"e-loop-add-to-cart-form-container\">\n\t\t\t<form class=\"cart e-loop-add-to-cart-form\">\n\t\t\t\t<a href=\"\/fr\/wp-json\/wp\/v2\/pages\/12141?add-to-cart=9497\" aria-describedby=\"woocommerce_loop_add_to_cart_link_describedby_9497\" data-quantity=\"1\" class=\"button product_type_simple add_to_cart_button ajax_add_to_cart\" data-product_id=\"9497\" data-product_sku=\"100193\" aria-label=\"Ajouter au panier\u00a0: &ldquo;T\u00eates de brosse edel+white Bacterio Target &amp; Focus\u00ae.&rdquo;\" rel=\"nofollow\" data-success_message=\"\u00ab\u00a0T\u00eates de brosse edel+white Bacterio Target &amp; Focus\u00ae.\u00a0\u00bb a \u00e9t\u00e9 ajout\u00e9 \u00e0 votre panier\" role=\"button\">Ajouter au panier<\/a>\t<span id=\"woocommerce_loop_add_to_cart_link_describedby_9497\" class=\"screen-reader-text\">\n\t\t\t<\/span>\n\t\t\t<\/form>\n\t\t<\/div>\n\t\t\t\t<\/div>\n\n\t\t\t\t\t\t<\/div>\n\t\t\t\t<\/div>\n\t\t\t\t\t<\/div>\n\t\t\t\t<\/div>\n\t\t\t\t<\/div>\n\t\t\t\t<div data-elementor-type=\"loop-item\" data-elementor-id=\"13471\" class=\"elementor elementor-13471 elementor-13249 elementor-13249 swiper-slide e-loop-item e-loop-item-9473 post-9473 product type-product status-publish has-post-thumbnail anwendung-appareils-dentaires product_brand-edelwhite-fr product_cat-soins-buccaux-fr product_cat-brosses-a-dents-fr  instock taxable shipping-taxable purchasable product-type-simple\" data-elementor-post-type=\"elementor_library\" role=\"group\" aria-roledescription=\"slide\" data-custom-edit-handle=\"1\">\n\t\t\t<div class=\"elementor-element elementor-element-681a451 product-item e-flex e-con-boxed e-con e-parent\" data-id=\"681a451\" data-element_type=\"container\" data-e-type=\"container\">\n\t\t\t\t\t<div class=\"e-con-inner\">\n\t\t<div class=\"elementor-element elementor-element-2d9b67c e-con-full e-flex e-con e-child\" data-id=\"2d9b67c\" data-element_type=\"container\" data-e-type=\"container\">\n\t\t\t\t<div class=\"elementor-element elementor-element-cd0e8f9 elementor-widget elementor-widget-shortcode\" data-id=\"cd0e8f9\" data-element_type=\"widget\" data-e-type=\"widget\" data-widget_type=\"shortcode.default\">\n\t\t\t\t\t\t\t<div class=\"elementor-shortcode\"><\/div>\n\t\t\t\t\t\t<\/div>\n\t\t\t\t<\/div>\n\t\t<div class=\"elementor-element elementor-element-7ab553b e-con-full e-flex e-con e-child\" data-id=\"7ab553b\" data-element_type=\"container\" data-e-type=\"container\">\n\t\t\t\t<div class=\"elementor-element elementor-element-f588356 elementor-widget elementor-widget-heading\" data-id=\"f588356\" data-element_type=\"widget\" data-e-type=\"widget\" data-widget_type=\"heading.default\">\n\t\t\t\t\t<h3 class=\"elementor-heading-title elementor-size-default\"><a href=\"https:\/\/careista.ch\/fr\/produkte\/soins-buccaux-fr\/brosses-a-dents-fr\/brosse-a-dents-edelwhite-pro-ortho-pour-appareils-dentaires\/\">Brosse \u00e0 dents edel+white Pro Ortho pour appareils dentaires<\/a><\/h3>\t\t\t\t<\/div>\n\t\t\t\t<div class=\"elementor-element elementor-element-a85cfb5 elementor-widget elementor-widget-shortcode\" data-id=\"a85cfb5\" data-element_type=\"widget\" data-e-type=\"widget\" data-widget_type=\"shortcode.default\">\n\t\t\t\t\t\t\t<div class=\"elementor-shortcode\"><span class=\"tew-stars\" role=\"img\" aria-label=\"Rated 4 out of 5\"><span class=\"tew-star tew-full\">\u2605<\/span><span class=\"tew-star tew-full\">\u2605<\/span><span class=\"tew-star tew-full\">\u2605<\/span><span class=\"tew-star tew-full\">\u2605<\/span><span class=\"tew-star tew-empty\">\u2606<\/span><\/span><\/div>\n\t\t\t\t\t\t<\/div>\n\t\t\t\t<div class=\"elementor-element elementor-element-16fd2ac elementor-widget elementor-widget-heading\" data-id=\"16fd2ac\" data-element_type=\"widget\" data-e-type=\"widget\" data-widget_type=\"heading.default\">\n\t\t\t\t\t<h3 class=\"elementor-heading-title elementor-size-default\"><a href=\"https:\/\/careista.ch\/fr\/produkte\/soins-buccaux-fr\/brosses-a-dents-fr\/brosse-a-dents-edelwhite-pro-ortho-pour-appareils-dentaires\/\"><span class=\"woocommerce-Price-amount amount\"><span class=\"woocommerce-Price-currencySymbol\">&#067;&#072;&#070;<\/span>&nbsp;4.90<\/span> <small class=\"woocommerce-price-suffix\"> <small class=\"woocommerce-price-suffix\">TVA incl.<\/small><\/small><\/a><\/h3>\t\t\t\t<\/div>\n\t\t\t\t<div class=\"elementor-element elementor-element-0c8ffcd elementor-add-to-cart--align-center elementor-widget elementor-widget-woocommerce-product-add-to-cart\" data-id=\"0c8ffcd\" data-element_type=\"widget\" data-e-type=\"widget\" data-widget_type=\"woocommerce-product-add-to-cart.default\">\n\t\t\t\t\t\n\t\t<div class=\"elementor-add-to-cart elementor-product-simple\">\n\t\t\t\t\t<div class=\"e-loop-add-to-cart-form-container\">\n\t\t\t<form class=\"cart e-loop-add-to-cart-form\">\n\t\t\t\t<a href=\"\/fr\/wp-json\/wp\/v2\/pages\/12141?add-to-cart=9473\" aria-describedby=\"woocommerce_loop_add_to_cart_link_describedby_9473\" data-quantity=\"1\" class=\"button product_type_simple add_to_cart_button ajax_add_to_cart\" data-product_id=\"9473\" data-product_sku=\"100131\" aria-label=\"Ajouter au panier\u00a0: &ldquo;Brosse \u00e0 dents edel+white Pro Ortho pour appareils dentaires&rdquo;\" rel=\"nofollow\" data-success_message=\"\u00ab\u00a0Brosse \u00e0 dents edel+white Pro Ortho pour appareils dentaires\u00a0\u00bb a \u00e9t\u00e9 ajout\u00e9 \u00e0 votre panier\" role=\"button\">Ajouter au panier<\/a>\t<span id=\"woocommerce_loop_add_to_cart_link_describedby_9473\" class=\"screen-reader-text\">\n\t\t\t<\/span>\n\t\t\t<\/form>\n\t\t<\/div>\n\t\t\t\t<\/div>\n\n\t\t\t\t\t\t<\/div>\n\t\t\t\t<\/div>\n\t\t\t\t\t<\/div>\n\t\t\t\t<\/div>\n\t\t\t\t<\/div>\n\t\t\t\t<div data-elementor-type=\"loop-item\" data-elementor-id=\"13471\" class=\"elementor elementor-13471 elementor-13249 elementor-13249 swiper-slide e-loop-item e-loop-item-9475 post-9475 product type-product status-publish has-post-thumbnail anwendung-une-haleine-fraiche product_brand-edelwhite-fr product_cat-soins-buccaux-fr product_cat-dentifrice-fr last instock taxable shipping-taxable purchasable product-type-simple\" data-elementor-post-type=\"elementor_library\" role=\"group\" aria-roledescription=\"slide\" data-custom-edit-handle=\"1\">\n\t\t\t<div class=\"elementor-element elementor-element-681a451 product-item e-flex e-con-boxed e-con e-parent\" data-id=\"681a451\" data-element_type=\"container\" data-e-type=\"container\">\n\t\t\t\t\t<div class=\"e-con-inner\">\n\t\t<div class=\"elementor-element elementor-element-2d9b67c e-con-full e-flex e-con e-child\" data-id=\"2d9b67c\" data-element_type=\"container\" data-e-type=\"container\">\n\t\t\t\t<div class=\"elementor-element elementor-element-cd0e8f9 elementor-widget elementor-widget-shortcode\" data-id=\"cd0e8f9\" data-element_type=\"widget\" data-e-type=\"widget\" data-widget_type=\"shortcode.default\">\n\t\t\t\t\t\t\t<div class=\"elementor-shortcode\"><\/div>\n\t\t\t\t\t\t<\/div>\n\t\t\t\t<\/div>\n\t\t<div class=\"elementor-element elementor-element-7ab553b e-con-full e-flex e-con e-child\" data-id=\"7ab553b\" data-element_type=\"container\" data-e-type=\"container\">\n\t\t\t\t<div class=\"elementor-element elementor-element-f588356 elementor-widget elementor-widget-heading\" data-id=\"f588356\" data-element_type=\"widget\" data-e-type=\"widget\" data-widget_type=\"heading.default\">\n\t\t\t\t\t<h3 class=\"elementor-heading-title elementor-size-default\"><a href=\"https:\/\/careista.ch\/fr\/produkte\/soins-buccaux-fr\/dentifrice-fr\/dentifrice-edelwhite-osmotonic-75ml\/\">Dentifrice edel+white Osmotonic 75ml<\/a><\/h3>\t\t\t\t<\/div>\n\t\t\t\t<div class=\"elementor-element elementor-element-a85cfb5 elementor-widget elementor-widget-shortcode\" data-id=\"a85cfb5\" data-element_type=\"widget\" data-e-type=\"widget\" data-widget_type=\"shortcode.default\">\n\t\t\t\t\t\t\t<div class=\"elementor-shortcode\"><span class=\"tew-stars\" role=\"img\" aria-label=\"Rated 5 out of 5\"><span class=\"tew-star tew-full\">\u2605<\/span><span class=\"tew-star tew-full\">\u2605<\/span><span class=\"tew-star tew-full\">\u2605<\/span><span class=\"tew-star tew-full\">\u2605<\/span><span class=\"tew-star tew-half\"><span>\u2605<\/span><\/span><\/span><\/div>\n\t\t\t\t\t\t<\/div>\n\t\t\t\t<div class=\"elementor-element elementor-element-16fd2ac elementor-widget elementor-widget-heading\" data-id=\"16fd2ac\" data-element_type=\"widget\" data-e-type=\"widget\" data-widget_type=\"heading.default\">\n\t\t\t\t\t<h3 class=\"elementor-heading-title elementor-size-default\"><a href=\"https:\/\/careista.ch\/fr\/produkte\/soins-buccaux-fr\/dentifrice-fr\/dentifrice-edelwhite-osmotonic-75ml\/\"><span class=\"woocommerce-Price-amount amount\"><span class=\"woocommerce-Price-currencySymbol\">&#067;&#072;&#070;<\/span>&nbsp;5.50<\/span> <small class=\"woocommerce-price-suffix\"> <small class=\"woocommerce-price-suffix\">TVA incl.<\/small><\/small><\/a><\/h3>\t\t\t\t<\/div>\n\t\t\t\t<div class=\"elementor-element elementor-element-0c8ffcd elementor-add-to-cart--align-center elementor-widget elementor-widget-woocommerce-product-add-to-cart\" data-id=\"0c8ffcd\" data-element_type=\"widget\" data-e-type=\"widget\" data-widget_type=\"woocommerce-product-add-to-cart.default\">\n\t\t\t\t\t\n\t\t<div class=\"elementor-add-to-cart elementor-product-simple\">\n\t\t\t\t\t<div class=\"e-loop-add-to-cart-form-container\">\n\t\t\t<form class=\"cart e-loop-add-to-cart-form\">\n\t\t\t\t<a href=\"\/fr\/wp-json\/wp\/v2\/pages\/12141?add-to-cart=9475\" aria-describedby=\"woocommerce_loop_add_to_cart_link_describedby_9475\" data-quantity=\"1\" class=\"button product_type_simple add_to_cart_button ajax_add_to_cart\" data-product_id=\"9475\" data-product_sku=\"100294\" aria-label=\"Ajouter au panier\u00a0: &ldquo;Dentifrice edel+white Osmotonic 75ml&rdquo;\" rel=\"nofollow\" data-success_message=\"\u00ab\u00a0Dentifrice edel+white Osmotonic 75ml\u00a0\u00bb a \u00e9t\u00e9 ajout\u00e9 \u00e0 votre panier\" role=\"button\">Ajouter au panier<\/a>\t<span id=\"woocommerce_loop_add_to_cart_link_describedby_9475\" class=\"screen-reader-text\">\n\t\t\t<\/span>\n\t\t\t<\/form>\n\t\t<\/div>\n\t\t\t\t<\/div>\n\n\t\t\t\t\t\t<\/div>\n\t\t\t\t<\/div>\n\t\t\t\t\t<\/div>\n\t\t\t\t<\/div>\n\t\t\t\t<\/div>\n\t\t\t\t<div data-elementor-type=\"loop-item\" data-elementor-id=\"13471\" class=\"elementor elementor-13471 elementor-13249 elementor-13249 swiper-slide e-loop-item e-loop-item-9466 post-9466 product type-product status-publish has-post-thumbnail anwendung-pour-entre-les-deux product_brand-edelwhite-fr product_cat-soins-buccaux-fr product_cat-interdentaire-fr first instock taxable shipping-taxable purchasable product-type-simple\" data-elementor-post-type=\"elementor_library\" role=\"group\" aria-roledescription=\"slide\" data-custom-edit-handle=\"1\">\n\t\t\t<div class=\"elementor-element elementor-element-681a451 product-item e-flex e-con-boxed e-con e-parent\" data-id=\"681a451\" data-element_type=\"container\" data-e-type=\"container\">\n\t\t\t\t\t<div class=\"e-con-inner\">\n\t\t<div class=\"elementor-element elementor-element-2d9b67c e-con-full e-flex e-con e-child\" data-id=\"2d9b67c\" data-element_type=\"container\" data-e-type=\"container\">\n\t\t\t\t<div class=\"elementor-element elementor-element-cd0e8f9 elementor-widget elementor-widget-shortcode\" data-id=\"cd0e8f9\" data-element_type=\"widget\" data-e-type=\"widget\" data-widget_type=\"shortcode.default\">\n\t\t\t\t\t\t\t<div class=\"elementor-shortcode\"><\/div>\n\t\t\t\t\t\t<\/div>\n\t\t\t\t<\/div>\n\t\t<div class=\"elementor-element elementor-element-7ab553b e-con-full e-flex e-con e-child\" data-id=\"7ab553b\" data-element_type=\"container\" data-e-type=\"container\">\n\t\t\t\t<div class=\"elementor-element elementor-element-f588356 elementor-widget elementor-widget-heading\" data-id=\"f588356\" data-element_type=\"widget\" data-e-type=\"widget\" data-widget_type=\"heading.default\">\n\t\t\t\t\t<h3 class=\"elementor-heading-title elementor-size-default\"><a href=\"https:\/\/careista.ch\/fr\/produkte\/soins-buccaux-fr\/interdentaire-fr\/brosse-interdentaire-edelwhite-045mm-taille-sss\/\">Brosse interdentaire edel+white 0,45mm Taille SSS<\/a><\/h3>\t\t\t\t<\/div>\n\t\t\t\t<div class=\"elementor-element elementor-element-a85cfb5 elementor-widget elementor-widget-shortcode\" data-id=\"a85cfb5\" data-element_type=\"widget\" data-e-type=\"widget\" data-widget_type=\"shortcode.default\">\n\t\t\t\t\t\t\t<div class=\"elementor-shortcode\"><span class=\"tew-stars\" role=\"img\" aria-label=\"Rated 5 out of 5\"><span class=\"tew-star tew-full\">\u2605<\/span><span class=\"tew-star tew-full\">\u2605<\/span><span class=\"tew-star tew-full\">\u2605<\/span><span class=\"tew-star tew-full\">\u2605<\/span><span class=\"tew-star tew-full\">\u2605<\/span><\/span><\/div>\n\t\t\t\t\t\t<\/div>\n\t\t\t\t<div class=\"elementor-element elementor-element-16fd2ac elementor-widget elementor-widget-heading\" data-id=\"16fd2ac\" data-element_type=\"widget\" data-e-type=\"widget\" data-widget_type=\"heading.default\">\n\t\t\t\t\t<h3 class=\"elementor-heading-title elementor-size-default\"><a href=\"https:\/\/careista.ch\/fr\/produkte\/soins-buccaux-fr\/interdentaire-fr\/brosse-interdentaire-edelwhite-045mm-taille-sss\/\"><span class=\"woocommerce-Price-amount amount\"><span class=\"woocommerce-Price-currencySymbol\">&#067;&#072;&#070;<\/span>&nbsp;5.50<\/span> <small class=\"woocommerce-price-suffix\"> <small class=\"woocommerce-price-suffix\">TVA incl.<\/small><\/small><\/a><\/h3>\t\t\t\t<\/div>\n\t\t\t\t<div class=\"elementor-element elementor-element-0c8ffcd elementor-add-to-cart--align-center elementor-widget elementor-widget-woocommerce-product-add-to-cart\" data-id=\"0c8ffcd\" data-element_type=\"widget\" data-e-type=\"widget\" data-widget_type=\"woocommerce-product-add-to-cart.default\">\n\t\t\t\t\t\n\t\t<div class=\"elementor-add-to-cart elementor-product-simple\">\n\t\t\t\t\t<div class=\"e-loop-add-to-cart-form-container\">\n\t\t\t<form class=\"cart e-loop-add-to-cart-form\">\n\t\t\t\t<a href=\"\/fr\/wp-json\/wp\/v2\/pages\/12141?add-to-cart=9466\" aria-describedby=\"woocommerce_loop_add_to_cart_link_describedby_9466\" data-quantity=\"1\" class=\"button product_type_simple add_to_cart_button ajax_add_to_cart\" data-product_id=\"9466\" data-product_sku=\"300332\" aria-label=\"Ajouter au panier\u00a0: &ldquo;Brosse interdentaire edel+white 0,45mm Taille SSS&rdquo;\" rel=\"nofollow\" data-success_message=\"\u00ab\u00a0Brosse interdentaire edel+white 0,45mm Taille SSS\u00a0\u00bb a \u00e9t\u00e9 ajout\u00e9 \u00e0 votre panier\" role=\"button\">Ajouter au panier<\/a>\t<span id=\"woocommerce_loop_add_to_cart_link_describedby_9466\" class=\"screen-reader-text\">\n\t\t\t<\/span>\n\t\t\t<\/form>\n\t\t<\/div>\n\t\t\t\t<\/div>\n\n\t\t\t\t\t\t<\/div>\n\t\t\t\t<\/div>\n\t\t\t\t\t<\/div>\n\t\t\t\t<\/div>\n\t\t\t\t<\/div>\n\t\t\t\t<div data-elementor-type=\"loop-item\" data-elementor-id=\"13471\" class=\"elementor elementor-13471 elementor-13249 elementor-13249 swiper-slide e-loop-item e-loop-item-9481 post-9481 product type-product status-publish has-post-thumbnail anwendung-une-haleine-fraiche anwendung-pour-entre-les-deux product_brand-edelwhite-fr product_cat-soins-buccaux-fr product_cat-interdentaire-fr  instock taxable shipping-taxable purchasable product-type-simple\" data-elementor-post-type=\"elementor_library\" role=\"group\" aria-roledescription=\"slide\" data-custom-edit-handle=\"1\">\n\t\t\t<div class=\"elementor-element elementor-element-681a451 product-item e-flex e-con-boxed e-con e-parent\" data-id=\"681a451\" data-element_type=\"container\" data-e-type=\"container\">\n\t\t\t\t\t<div class=\"e-con-inner\">\n\t\t<div class=\"elementor-element elementor-element-2d9b67c e-con-full e-flex e-con e-child\" data-id=\"2d9b67c\" data-element_type=\"container\" data-e-type=\"container\">\n\t\t\t\t<div class=\"elementor-element elementor-element-cd0e8f9 elementor-widget elementor-widget-shortcode\" data-id=\"cd0e8f9\" data-element_type=\"widget\" data-e-type=\"widget\" data-widget_type=\"shortcode.default\">\n\t\t\t\t\t\t\t<div class=\"elementor-shortcode\"><\/div>\n\t\t\t\t\t\t<\/div>\n\t\t\t\t<\/div>\n\t\t<div class=\"elementor-element elementor-element-7ab553b e-con-full e-flex e-con e-child\" data-id=\"7ab553b\" data-element_type=\"container\" data-e-type=\"container\">\n\t\t\t\t<div class=\"elementor-element elementor-element-f588356 elementor-widget elementor-widget-heading\" data-id=\"f588356\" data-element_type=\"widget\" data-e-type=\"widget\" data-widget_type=\"heading.default\">\n\t\t\t\t\t<h3 class=\"elementor-heading-title elementor-size-default\"><a href=\"https:\/\/careista.ch\/fr\/produkte\/soins-buccaux-fr\/interdentaire-fr\/edelwhite-easy-tape-ruban-de-fil-dentaire-cire-caipirinha-70m\/\">edel+white Easy Tape Ruban de fil dentaire cir\u00e9 Caipirinha 70m<\/a><\/h3>\t\t\t\t<\/div>\n\t\t\t\t<div class=\"elementor-element elementor-element-a85cfb5 elementor-widget elementor-widget-shortcode\" data-id=\"a85cfb5\" data-element_type=\"widget\" data-e-type=\"widget\" data-widget_type=\"shortcode.default\">\n\t\t\t\t\t\t\t<div class=\"elementor-shortcode\"><span class=\"tew-stars\" role=\"img\" aria-label=\"Rated 4 out of 5\"><span class=\"tew-star tew-full\">\u2605<\/span><span class=\"tew-star tew-full\">\u2605<\/span><span class=\"tew-star tew-full\">\u2605<\/span><span class=\"tew-star tew-full\">\u2605<\/span><span class=\"tew-star tew-empty\">\u2606<\/span><\/span><\/div>\n\t\t\t\t\t\t<\/div>\n\t\t\t\t<div class=\"elementor-element elementor-element-16fd2ac elementor-widget elementor-widget-heading\" data-id=\"16fd2ac\" data-element_type=\"widget\" data-e-type=\"widget\" data-widget_type=\"heading.default\">\n\t\t\t\t\t<h3 class=\"elementor-heading-title elementor-size-default\"><a href=\"https:\/\/careista.ch\/fr\/produkte\/soins-buccaux-fr\/interdentaire-fr\/edelwhite-easy-tape-ruban-de-fil-dentaire-cire-caipirinha-70m\/\"><span class=\"woocommerce-Price-amount amount\"><span class=\"woocommerce-Price-currencySymbol\">&#067;&#072;&#070;<\/span>&nbsp;5.20<\/span> <small class=\"woocommerce-price-suffix\"> <small class=\"woocommerce-price-suffix\">TVA incl.<\/small><\/small><\/a><\/h3>\t\t\t\t<\/div>\n\t\t\t\t<div class=\"elementor-element elementor-element-0c8ffcd elementor-add-to-cart--align-center elementor-widget elementor-widget-woocommerce-product-add-to-cart\" data-id=\"0c8ffcd\" data-element_type=\"widget\" data-e-type=\"widget\" data-widget_type=\"woocommerce-product-add-to-cart.default\">\n\t\t\t\t\t\n\t\t<div class=\"elementor-add-to-cart elementor-product-simple\">\n\t\t\t\t\t<div class=\"e-loop-add-to-cart-form-container\">\n\t\t\t<form class=\"cart e-loop-add-to-cart-form\">\n\t\t\t\t<a href=\"\/fr\/wp-json\/wp\/v2\/pages\/12141?add-to-cart=9481\" aria-describedby=\"woocommerce_loop_add_to_cart_link_describedby_9481\" data-quantity=\"1\" class=\"button product_type_simple add_to_cart_button ajax_add_to_cart\" data-product_id=\"9481\" data-product_sku=\"800829\" aria-label=\"Ajouter au panier\u00a0: &ldquo;edel+white Easy Tape Ruban de fil dentaire cir\u00e9 Caipirinha 70m&rdquo;\" rel=\"nofollow\" data-success_message=\"\u00ab\u00a0edel+white Easy Tape Ruban de fil dentaire cir\u00e9 Caipirinha 70m\u00a0\u00bb a \u00e9t\u00e9 ajout\u00e9 \u00e0 votre panier\" role=\"button\">Ajouter au panier<\/a>\t<span id=\"woocommerce_loop_add_to_cart_link_describedby_9481\" class=\"screen-reader-text\">\n\t\t\t<\/span>\n\t\t\t<\/form>\n\t\t<\/div>\n\t\t\t\t<\/div>\n\n\t\t\t\t\t\t<\/div>\n\t\t\t\t<\/div>\n\t\t\t\t\t<\/div>\n\t\t\t\t<\/div>\n\t\t\t\t<\/div>\n\t\t\t\t<div data-elementor-type=\"loop-item\" data-elementor-id=\"13471\" class=\"elementor elementor-13471 elementor-13249 elementor-13249 swiper-slide e-loop-item e-loop-item-9446 post-9446 product type-product status-publish has-post-thumbnail anwendung-des-gencives-saines anwendung-une-haleine-fraiche product_brand-edelwhite-fr product_cat-soins-buccaux-fr product_cat-divers-soins-buccaux-fr last instock taxable shipping-taxable purchasable product-type-simple\" data-elementor-post-type=\"elementor_library\" role=\"group\" aria-roledescription=\"slide\" data-custom-edit-handle=\"1\">\n\t\t\t<div class=\"elementor-element elementor-element-681a451 product-item e-flex e-con-boxed e-con e-parent\" data-id=\"681a451\" data-element_type=\"container\" data-e-type=\"container\">\n\t\t\t\t\t<div class=\"e-con-inner\">\n\t\t<div class=\"elementor-element elementor-element-2d9b67c e-con-full e-flex e-con e-child\" data-id=\"2d9b67c\" data-element_type=\"container\" data-e-type=\"container\">\n\t\t\t\t<div class=\"elementor-element elementor-element-cd0e8f9 elementor-widget elementor-widget-shortcode\" data-id=\"cd0e8f9\" data-element_type=\"widget\" data-e-type=\"widget\" data-widget_type=\"shortcode.default\">\n\t\t\t\t\t\t\t<div class=\"elementor-shortcode\"><\/div>\n\t\t\t\t\t\t<\/div>\n\t\t\t\t<\/div>\n\t\t<div class=\"elementor-element elementor-element-7ab553b e-con-full e-flex e-con e-child\" data-id=\"7ab553b\" data-element_type=\"container\" data-e-type=\"container\">\n\t\t\t\t<div class=\"elementor-element elementor-element-f588356 elementor-widget elementor-widget-heading\" data-id=\"f588356\" data-element_type=\"widget\" data-e-type=\"widget\" data-widget_type=\"heading.default\">\n\t\t\t\t\t<h3 class=\"elementor-heading-title elementor-size-default\"><a href=\"https:\/\/careista.ch\/fr\/produkte\/soins-buccaux-fr\/divers-soins-buccaux-fr\/edelwhite-stop-irritation-bain-de-bouche-1-2-chx-300ml\/\">edel+white STOP Irritation Bain de bouche 1.2% CHX 300ml<\/a><\/h3>\t\t\t\t<\/div>\n\t\t\t\t<div class=\"elementor-element elementor-element-a85cfb5 elementor-widget elementor-widget-shortcode\" data-id=\"a85cfb5\" data-element_type=\"widget\" data-e-type=\"widget\" data-widget_type=\"shortcode.default\">\n\t\t\t\t\t\t\t<div class=\"elementor-shortcode\"><\/div>\n\t\t\t\t\t\t<\/div>\n\t\t\t\t<div class=\"elementor-element elementor-element-16fd2ac elementor-widget elementor-widget-heading\" data-id=\"16fd2ac\" data-element_type=\"widget\" data-e-type=\"widget\" data-widget_type=\"heading.default\">\n\t\t\t\t\t<h3 class=\"elementor-heading-title elementor-size-default\"><a href=\"https:\/\/careista.ch\/fr\/produkte\/soins-buccaux-fr\/divers-soins-buccaux-fr\/edelwhite-stop-irritation-bain-de-bouche-1-2-chx-300ml\/\"><span class=\"woocommerce-Price-amount amount\"><span class=\"woocommerce-Price-currencySymbol\">&#067;&#072;&#070;<\/span>&nbsp;12.90<\/span> <small class=\"woocommerce-price-suffix\"> <small class=\"woocommerce-price-suffix\">TVA incl.<\/small><\/small><\/a><\/h3>\t\t\t\t<\/div>\n\t\t\t\t<div class=\"elementor-element elementor-element-0c8ffcd elementor-add-to-cart--align-center elementor-widget elementor-widget-woocommerce-product-add-to-cart\" data-id=\"0c8ffcd\" data-element_type=\"widget\" data-e-type=\"widget\" data-widget_type=\"woocommerce-product-add-to-cart.default\">\n\t\t\t\t\t\n\t\t<div class=\"elementor-add-to-cart elementor-product-simple\">\n\t\t\t\t\t<div class=\"e-loop-add-to-cart-form-container\">\n\t\t\t<form class=\"cart e-loop-add-to-cart-form\">\n\t\t\t\t<a href=\"\/fr\/wp-json\/wp\/v2\/pages\/12141?add-to-cart=9446\" aria-describedby=\"woocommerce_loop_add_to_cart_link_describedby_9446\" data-quantity=\"1\" class=\"button product_type_simple add_to_cart_button ajax_add_to_cart\" data-product_id=\"9446\" data-product_sku=\"500556\" aria-label=\"Ajouter au panier\u00a0: &ldquo;edel+white STOP Irritation Bain de bouche 1.2% CHX 300ml&rdquo;\" rel=\"nofollow\" data-success_message=\"\u00ab\u00a0edel+white STOP Irritation Bain de bouche 1.2% CHX 300ml\u00a0\u00bb a \u00e9t\u00e9 ajout\u00e9 \u00e0 votre panier\" role=\"button\">Ajouter au panier<\/a>\t<span id=\"woocommerce_loop_add_to_cart_link_describedby_9446\" class=\"screen-reader-text\">\n\t\t\t<\/span>\n\t\t\t<\/form>\n\t\t<\/div>\n\t\t\t\t<\/div>\n\n\t\t\t\t\t\t<\/div>\n\t\t\t\t<\/div>\n\t\t\t\t\t<\/div>\n\t\t\t\t<\/div>\n\t\t\t\t<\/div>\n\t\t\t\t<div data-elementor-type=\"loop-item\" data-elementor-id=\"13471\" class=\"elementor elementor-13471 elementor-13249 elementor-13249 swiper-slide e-loop-item e-loop-item-9508 post-9508 product type-product status-publish has-post-thumbnail anwendung-voyages anwendung-dents-sensibles product_brand-edelwhite-fr product_cat-soins-buccaux-fr product_cat-brosses-a-dents-fr first instock taxable shipping-taxable purchasable product-type-simple\" data-elementor-post-type=\"elementor_library\" role=\"group\" aria-roledescription=\"slide\" data-custom-edit-handle=\"1\">\n\t\t\t<div class=\"elementor-element elementor-element-681a451 product-item e-flex e-con-boxed e-con e-parent\" data-id=\"681a451\" data-element_type=\"container\" data-e-type=\"container\">\n\t\t\t\t\t<div class=\"e-con-inner\">\n\t\t<div class=\"elementor-element elementor-element-2d9b67c e-con-full e-flex e-con e-child\" data-id=\"2d9b67c\" data-element_type=\"container\" data-e-type=\"container\">\n\t\t\t\t<div class=\"elementor-element elementor-element-cd0e8f9 elementor-widget elementor-widget-shortcode\" data-id=\"cd0e8f9\" data-element_type=\"widget\" data-e-type=\"widget\" data-widget_type=\"shortcode.default\">\n\t\t\t\t\t\t\t<div class=\"elementor-shortcode\"><\/div>\n\t\t\t\t\t\t<\/div>\n\t\t\t\t<\/div>\n\t\t<div class=\"elementor-element elementor-element-7ab553b e-con-full e-flex e-con e-child\" data-id=\"7ab553b\" data-element_type=\"container\" data-e-type=\"container\">\n\t\t\t\t<div class=\"elementor-element elementor-element-f588356 elementor-widget elementor-widget-heading\" data-id=\"f588356\" data-element_type=\"widget\" data-e-type=\"widget\" data-widget_type=\"heading.default\">\n\t\t\t\t\t<h3 class=\"elementor-heading-title elementor-size-default\"><a href=\"https:\/\/careista.ch\/fr\/produkte\/soins-buccaux-fr\/brosses-a-dents-fr\/edelwhite-flosserbrush-to-go-soft\/\">edel+white Flosserbrush TO GO Soft<\/a><\/h3>\t\t\t\t<\/div>\n\t\t\t\t<div class=\"elementor-element elementor-element-a85cfb5 elementor-widget elementor-widget-shortcode\" data-id=\"a85cfb5\" data-element_type=\"widget\" data-e-type=\"widget\" data-widget_type=\"shortcode.default\">\n\t\t\t\t\t\t\t<div class=\"elementor-shortcode\"><span class=\"tew-stars\" role=\"img\" aria-label=\"Rated 4 out of 5\"><span class=\"tew-star tew-full\">\u2605<\/span><span class=\"tew-star tew-full\">\u2605<\/span><span class=\"tew-star tew-full\">\u2605<\/span><span class=\"tew-star tew-full\">\u2605<\/span><span class=\"tew-star tew-empty\">\u2606<\/span><\/span><\/div>\n\t\t\t\t\t\t<\/div>\n\t\t\t\t<div class=\"elementor-element elementor-element-16fd2ac elementor-widget elementor-widget-heading\" data-id=\"16fd2ac\" data-element_type=\"widget\" data-e-type=\"widget\" data-widget_type=\"heading.default\">\n\t\t\t\t\t<h3 class=\"elementor-heading-title elementor-size-default\"><a href=\"https:\/\/careista.ch\/fr\/produkte\/soins-buccaux-fr\/brosses-a-dents-fr\/edelwhite-flosserbrush-to-go-soft\/\"><span class=\"woocommerce-Price-amount amount\"><span class=\"woocommerce-Price-currencySymbol\">&#067;&#072;&#070;<\/span>&nbsp;4.50<\/span> <small class=\"woocommerce-price-suffix\"> <small class=\"woocommerce-price-suffix\">TVA incl.<\/small><\/small><\/a><\/h3>\t\t\t\t<\/div>\n\t\t\t\t<div class=\"elementor-element elementor-element-0c8ffcd elementor-add-to-cart--align-center elementor-widget elementor-widget-woocommerce-product-add-to-cart\" data-id=\"0c8ffcd\" data-element_type=\"widget\" data-e-type=\"widget\" data-widget_type=\"woocommerce-product-add-to-cart.default\">\n\t\t\t\t\t\n\t\t<div class=\"elementor-add-to-cart elementor-product-simple\">\n\t\t\t\t\t<div class=\"e-loop-add-to-cart-form-container\">\n\t\t\t<form class=\"cart e-loop-add-to-cart-form\">\n\t\t\t\t<a href=\"\/fr\/wp-json\/wp\/v2\/pages\/12141?add-to-cart=9508\" aria-describedby=\"woocommerce_loop_add_to_cart_link_describedby_9508\" data-quantity=\"1\" class=\"button product_type_simple add_to_cart_button ajax_add_to_cart\" data-product_id=\"9508\" data-product_sku=\"130118\" aria-label=\"Ajouter au panier\u00a0: &ldquo;edel+white Flosserbrush TO GO Soft&rdquo;\" rel=\"nofollow\" data-success_message=\"\u00ab\u00a0edel+white Flosserbrush TO GO Soft\u00a0\u00bb a \u00e9t\u00e9 ajout\u00e9 \u00e0 votre panier\" role=\"button\">Ajouter au panier<\/a>\t<span id=\"woocommerce_loop_add_to_cart_link_describedby_9508\" class=\"screen-reader-text\">\n\t\t\t<\/span>\n\t\t\t<\/form>\n\t\t<\/div>\n\t\t\t\t<\/div>\n\n\t\t\t\t\t\t<\/div>\n\t\t\t\t<\/div>\n\t\t\t\t\t<\/div>\n\t\t\t\t<\/div>\n\t\t\t\t<\/div>\n\t\t\t\t<div data-elementor-type=\"loop-item\" data-elementor-id=\"13471\" class=\"elementor elementor-13471 elementor-13249 elementor-13249 swiper-slide e-loop-item e-loop-item-9456 post-9456 product type-product status-publish has-post-thumbnail anwendung-pour-entre-les-deux product_brand-edelwhite-fr product_cat-soins-buccaux-fr product_cat-interdentaire-fr  instock taxable shipping-taxable purchasable product-type-simple\" data-elementor-post-type=\"elementor_library\" role=\"group\" aria-roledescription=\"slide\" data-custom-edit-handle=\"1\">\n\t\t\t<div class=\"elementor-element elementor-element-681a451 product-item e-flex e-con-boxed e-con e-parent\" data-id=\"681a451\" data-element_type=\"container\" data-e-type=\"container\">\n\t\t\t\t\t<div class=\"e-con-inner\">\n\t\t<div class=\"elementor-element elementor-element-2d9b67c e-con-full e-flex e-con e-child\" data-id=\"2d9b67c\" data-element_type=\"container\" data-e-type=\"container\">\n\t\t\t\t<div class=\"elementor-element elementor-element-cd0e8f9 elementor-widget elementor-widget-shortcode\" data-id=\"cd0e8f9\" data-element_type=\"widget\" data-e-type=\"widget\" data-widget_type=\"shortcode.default\">\n\t\t\t\t\t\t\t<div class=\"elementor-shortcode\"><\/div>\n\t\t\t\t\t\t<\/div>\n\t\t\t\t<\/div>\n\t\t<div class=\"elementor-element elementor-element-7ab553b e-con-full e-flex e-con e-child\" data-id=\"7ab553b\" data-element_type=\"container\" data-e-type=\"container\">\n\t\t\t\t<div class=\"elementor-element elementor-element-f588356 elementor-widget elementor-widget-heading\" data-id=\"f588356\" data-element_type=\"widget\" data-e-type=\"widget\" data-widget_type=\"heading.default\">\n\t\t\t\t\t<h3 class=\"elementor-heading-title elementor-size-default\"><a href=\"https:\/\/careista.ch\/fr\/produkte\/soins-buccaux-fr\/interdentaire-fr\/edelwhite-brosses-interdentaires-mix-6-tailles-differentes\/\">edel+white Brosses interdentaires Mix &#8211; 6 tailles diff\u00e9rentes<\/a><\/h3>\t\t\t\t<\/div>\n\t\t\t\t<div class=\"elementor-element elementor-element-a85cfb5 elementor-widget elementor-widget-shortcode\" data-id=\"a85cfb5\" data-element_type=\"widget\" data-e-type=\"widget\" data-widget_type=\"shortcode.default\">\n\t\t\t\t\t\t\t<div class=\"elementor-shortcode\"><span class=\"tew-stars\" role=\"img\" aria-label=\"Rated 5 out of 5\"><span class=\"tew-star tew-full\">\u2605<\/span><span class=\"tew-star tew-full\">\u2605<\/span><span class=\"tew-star tew-full\">\u2605<\/span><span class=\"tew-star tew-full\">\u2605<\/span><span class=\"tew-star tew-half\"><span>\u2605<\/span><\/span><\/span><\/div>\n\t\t\t\t\t\t<\/div>\n\t\t\t\t<div class=\"elementor-element elementor-element-16fd2ac elementor-widget elementor-widget-heading\" data-id=\"16fd2ac\" data-element_type=\"widget\" data-e-type=\"widget\" data-widget_type=\"heading.default\">\n\t\t\t\t\t<h3 class=\"elementor-heading-title elementor-size-default\"><a href=\"https:\/\/careista.ch\/fr\/produkte\/soins-buccaux-fr\/interdentaire-fr\/edelwhite-brosses-interdentaires-mix-6-tailles-differentes\/\"><span class=\"woocommerce-Price-amount amount\"><span class=\"woocommerce-Price-currencySymbol\">&#067;&#072;&#070;<\/span>&nbsp;4.90<\/span> <small class=\"woocommerce-price-suffix\"> <small class=\"woocommerce-price-suffix\">TVA incl.<\/small><\/small><\/a><\/h3>\t\t\t\t<\/div>\n\t\t\t\t<div class=\"elementor-element elementor-element-0c8ffcd elementor-add-to-cart--align-center elementor-widget elementor-widget-woocommerce-product-add-to-cart\" data-id=\"0c8ffcd\" data-element_type=\"widget\" data-e-type=\"widget\" data-widget_type=\"woocommerce-product-add-to-cart.default\">\n\t\t\t\t\t\n\t\t<div class=\"elementor-add-to-cart elementor-product-simple\">\n\t\t\t\t\t<div class=\"e-loop-add-to-cart-form-container\">\n\t\t\t<form class=\"cart e-loop-add-to-cart-form\">\n\t\t\t\t<a href=\"\/fr\/wp-json\/wp\/v2\/pages\/12141?add-to-cart=9456\" aria-describedby=\"woocommerce_loop_add_to_cart_link_describedby_9456\" data-quantity=\"1\" class=\"button product_type_simple add_to_cart_button ajax_add_to_cart\" data-product_id=\"9456\" data-product_sku=\"300337\" aria-label=\"Ajouter au panier\u00a0: &ldquo;edel+white Brosses interdentaires Mix - 6 tailles diff\u00e9rentes&rdquo;\" rel=\"nofollow\" data-success_message=\"\u00ab\u00a0edel+white Brosses interdentaires Mix - 6 tailles diff\u00e9rentes\u00a0\u00bb a \u00e9t\u00e9 ajout\u00e9 \u00e0 votre panier\" role=\"button\">Ajouter au panier<\/a>\t<span id=\"woocommerce_loop_add_to_cart_link_describedby_9456\" class=\"screen-reader-text\">\n\t\t\t<\/span>\n\t\t\t<\/form>\n\t\t<\/div>\n\t\t\t\t<\/div>\n\n\t\t\t\t\t\t<\/div>\n\t\t\t\t<\/div>\n\t\t\t\t\t<\/div>\n\t\t\t\t<\/div>\n\t\t\t\t<\/div>\n\t\t\t\t<div data-elementor-type=\"loop-item\" data-elementor-id=\"13471\" class=\"elementor elementor-13471 elementor-13249 elementor-13249 swiper-slide e-loop-item e-loop-item-9323 post-9323 product type-product status-publish has-post-thumbnail anwendung-blanchiment product_brand-edelwhite-fr product_cat-soins-buccaux-fr product_cat-brosses-a-dents-fr last instock taxable shipping-taxable purchasable product-type-simple\" data-elementor-post-type=\"elementor_library\" role=\"group\" aria-roledescription=\"slide\" data-custom-edit-handle=\"1\">\n\t\t\t<div class=\"elementor-element elementor-element-681a451 product-item e-flex e-con-boxed e-con e-parent\" data-id=\"681a451\" data-element_type=\"container\" data-e-type=\"container\">\n\t\t\t\t\t<div class=\"e-con-inner\">\n\t\t<div class=\"elementor-element elementor-element-2d9b67c e-con-full e-flex e-con e-child\" data-id=\"2d9b67c\" data-element_type=\"container\" data-e-type=\"container\">\n\t\t\t\t<div class=\"elementor-element elementor-element-cd0e8f9 elementor-widget elementor-widget-shortcode\" data-id=\"cd0e8f9\" data-element_type=\"widget\" data-e-type=\"widget\" data-widget_type=\"shortcode.default\">\n\t\t\t\t\t\t\t<div class=\"elementor-shortcode\"><\/div>\n\t\t\t\t\t\t<\/div>\n\t\t\t\t<\/div>\n\t\t<div class=\"elementor-element elementor-element-7ab553b e-con-full e-flex e-con e-child\" data-id=\"7ab553b\" data-element_type=\"container\" data-e-type=\"container\">\n\t\t\t\t<div class=\"elementor-element elementor-element-f588356 elementor-widget elementor-widget-heading\" data-id=\"f588356\" data-element_type=\"widget\" data-e-type=\"widget\" data-widget_type=\"heading.default\">\n\t\t\t\t\t<h3 class=\"elementor-heading-title elementor-size-default\"><a href=\"https:\/\/careista.ch\/fr\/produkte\/soins-buccaux-fr\/brosses-a-dents-fr\/edelwhite-eraser-brosse-a-dents-blanchissante\/\">edel+white Eraser Brosse \u00e0 dents blanchissante<\/a><\/h3>\t\t\t\t<\/div>\n\t\t\t\t<div class=\"elementor-element elementor-element-a85cfb5 elementor-widget elementor-widget-shortcode\" data-id=\"a85cfb5\" data-element_type=\"widget\" data-e-type=\"widget\" data-widget_type=\"shortcode.default\">\n\t\t\t\t\t\t\t<div class=\"elementor-shortcode\"><span class=\"tew-stars\" role=\"img\" aria-label=\"Rated 5 out of 5\"><span class=\"tew-star tew-full\">\u2605<\/span><span class=\"tew-star tew-full\">\u2605<\/span><span class=\"tew-star tew-full\">\u2605<\/span><span class=\"tew-star tew-full\">\u2605<\/span><span class=\"tew-star tew-full\">\u2605<\/span><\/span><\/div>\n\t\t\t\t\t\t<\/div>\n\t\t\t\t<div class=\"elementor-element elementor-element-16fd2ac elementor-widget elementor-widget-heading\" data-id=\"16fd2ac\" data-element_type=\"widget\" data-e-type=\"widget\" data-widget_type=\"heading.default\">\n\t\t\t\t\t<h3 class=\"elementor-heading-title elementor-size-default\"><a href=\"https:\/\/careista.ch\/fr\/produkte\/soins-buccaux-fr\/brosses-a-dents-fr\/edelwhite-eraser-brosse-a-dents-blanchissante\/\"><span class=\"woocommerce-Price-amount amount\"><span class=\"woocommerce-Price-currencySymbol\">&#067;&#072;&#070;<\/span>&nbsp;4.90<\/span> <small class=\"woocommerce-price-suffix\"> <small class=\"woocommerce-price-suffix\">TVA incl.<\/small><\/small><\/a><\/h3>\t\t\t\t<\/div>\n\t\t\t\t<div class=\"elementor-element elementor-element-0c8ffcd elementor-add-to-cart--align-center elementor-widget elementor-widget-woocommerce-product-add-to-cart\" data-id=\"0c8ffcd\" data-element_type=\"widget\" data-e-type=\"widget\" data-widget_type=\"woocommerce-product-add-to-cart.default\">\n\t\t\t\t\t\n\t\t<div class=\"elementor-add-to-cart elementor-product-simple\">\n\t\t\t\t\t<div class=\"e-loop-add-to-cart-form-container\">\n\t\t\t<form class=\"cart e-loop-add-to-cart-form\">\n\t\t\t\t<a href=\"\/fr\/wp-json\/wp\/v2\/pages\/12141?add-to-cart=9323\" aria-describedby=\"woocommerce_loop_add_to_cart_link_describedby_9323\" data-quantity=\"1\" class=\"button product_type_simple add_to_cart_button ajax_add_to_cart\" data-product_id=\"9323\" data-product_sku=\"100119\" aria-label=\"Ajouter au panier\u00a0: &ldquo;edel+white Eraser Brosse \u00e0 dents blanchissante&rdquo;\" rel=\"nofollow\" data-success_message=\"\u00ab\u00a0edel+white Eraser Brosse \u00e0 dents blanchissante\u00a0\u00bb a \u00e9t\u00e9 ajout\u00e9 \u00e0 votre panier\" role=\"button\">Ajouter au panier<\/a>\t<span id=\"woocommerce_loop_add_to_cart_link_describedby_9323\" class=\"screen-reader-text\">\n\t\t\t<\/span>\n\t\t\t<\/form>\n\t\t<\/div>\n\t\t\t\t<\/div>\n\n\t\t\t\t\t\t<\/div>\n\t\t\t\t<\/div>\n\t\t\t\t\t<\/div>\n\t\t\t\t<\/div>\n\t\t\t\t<\/div>\n\t\t\t\t<div data-elementor-type=\"loop-item\" data-elementor-id=\"13471\" class=\"elementor elementor-13471 elementor-13249 elementor-13249 swiper-slide e-loop-item e-loop-item-9511 post-9511 product type-product status-publish has-post-thumbnail anwendung-des-gencives-saines anwendung-une-haleine-fraiche anwendung-pour-entre-les-deux product_brand-edelwhite-fr product_cat-soins-buccaux-fr product_cat-douche-buccale-fr first instock taxable shipping-taxable purchasable product-type-simple\" data-elementor-post-type=\"elementor_library\" role=\"group\" aria-roledescription=\"slide\" data-custom-edit-handle=\"1\">\n\t\t\t<div class=\"elementor-element elementor-element-681a451 product-item e-flex e-con-boxed e-con e-parent\" data-id=\"681a451\" data-element_type=\"container\" data-e-type=\"container\">\n\t\t\t\t\t<div class=\"e-con-inner\">\n\t\t<div class=\"elementor-element elementor-element-2d9b67c e-con-full e-flex e-con e-child\" data-id=\"2d9b67c\" data-element_type=\"container\" data-e-type=\"container\">\n\t\t\t\t<div class=\"elementor-element elementor-element-cd0e8f9 elementor-widget elementor-widget-shortcode\" data-id=\"cd0e8f9\" data-element_type=\"widget\" data-e-type=\"widget\" data-widget_type=\"shortcode.default\">\n\t\t\t\t\t\t\t<div class=\"elementor-shortcode\"><\/div>\n\t\t\t\t\t\t<\/div>\n\t\t\t\t<\/div>\n\t\t<div class=\"elementor-element elementor-element-7ab553b e-con-full e-flex e-con e-child\" data-id=\"7ab553b\" data-element_type=\"container\" data-e-type=\"container\">\n\t\t\t\t<div class=\"elementor-element elementor-element-f588356 elementor-widget elementor-widget-heading\" data-id=\"f588356\" data-element_type=\"widget\" data-e-type=\"widget\" data-widget_type=\"heading.default\">\n\t\t\t\t\t<h3 class=\"elementor-heading-title elementor-size-default\"><a href=\"https:\/\/careista.ch\/fr\/produkte\/soins-buccaux-fr\/douche-buccale-fr\/edelwhite-flosserpik-replacement-tips-set\/\">edel+white Flosserpik Power Spa Replacement Set<\/a><\/h3>\t\t\t\t<\/div>\n\t\t\t\t<div class=\"elementor-element elementor-element-a85cfb5 elementor-widget elementor-widget-shortcode\" data-id=\"a85cfb5\" data-element_type=\"widget\" data-e-type=\"widget\" data-widget_type=\"shortcode.default\">\n\t\t\t\t\t\t\t<div class=\"elementor-shortcode\"><span class=\"tew-stars\" role=\"img\" aria-label=\"Rated 4 out of 5\"><span class=\"tew-star tew-full\">\u2605<\/span><span class=\"tew-star tew-full\">\u2605<\/span><span class=\"tew-star tew-full\">\u2605<\/span><span class=\"tew-star tew-full\">\u2605<\/span><span class=\"tew-star tew-empty\">\u2606<\/span><\/span><\/div>\n\t\t\t\t\t\t<\/div>\n\t\t\t\t<div class=\"elementor-element elementor-element-16fd2ac elementor-widget elementor-widget-heading\" data-id=\"16fd2ac\" data-element_type=\"widget\" data-e-type=\"widget\" data-widget_type=\"heading.default\">\n\t\t\t\t\t<h3 class=\"elementor-heading-title elementor-size-default\"><a href=\"https:\/\/careista.ch\/fr\/produkte\/soins-buccaux-fr\/douche-buccale-fr\/edelwhite-flosserpik-replacement-tips-set\/\"><span class=\"woocommerce-Price-amount amount\"><span class=\"woocommerce-Price-currencySymbol\">&#067;&#072;&#070;<\/span>&nbsp;14.90<\/span> <small class=\"woocommerce-price-suffix\"> <small class=\"woocommerce-price-suffix\">TVA incl.<\/small><\/small><\/a><\/h3>\t\t\t\t<\/div>\n\t\t\t\t<div class=\"elementor-element elementor-element-0c8ffcd elementor-add-to-cart--align-center elementor-widget elementor-widget-woocommerce-product-add-to-cart\" data-id=\"0c8ffcd\" data-element_type=\"widget\" data-e-type=\"widget\" data-widget_type=\"woocommerce-product-add-to-cart.default\">\n\t\t\t\t\t\n\t\t<div class=\"elementor-add-to-cart elementor-product-simple\">\n\t\t\t\t\t<div class=\"e-loop-add-to-cart-form-container\">\n\t\t\t<form class=\"cart e-loop-add-to-cart-form\">\n\t\t\t\t<a href=\"\/fr\/wp-json\/wp\/v2\/pages\/12141?add-to-cart=9511\" aria-describedby=\"woocommerce_loop_add_to_cart_link_describedby_9511\" data-quantity=\"1\" class=\"button product_type_simple add_to_cart_button ajax_add_to_cart\" data-product_id=\"9511\" data-product_sku=\"100172\" aria-label=\"Ajouter au panier\u00a0: &ldquo;edel+white Flosserpik Power Spa Replacement Set&rdquo;\" rel=\"nofollow\" data-success_message=\"\u00ab\u00a0edel+white Flosserpik Power Spa Replacement Set\u00a0\u00bb a \u00e9t\u00e9 ajout\u00e9 \u00e0 votre panier\" role=\"button\">Ajouter au panier<\/a>\t<span id=\"woocommerce_loop_add_to_cart_link_describedby_9511\" class=\"screen-reader-text\">\n\t\t\t<\/span>\n\t\t\t<\/form>\n\t\t<\/div>\n\t\t\t\t<\/div>\n\n\t\t\t\t\t\t<\/div>\n\t\t\t\t<\/div>\n\t\t\t\t\t<\/div>\n\t\t\t\t<\/div>\n\t\t\t\t<\/div>\n\t\t\t\t<div data-elementor-type=\"loop-item\" data-elementor-id=\"13471\" class=\"elementor elementor-13471 elementor-13249 elementor-13249 swiper-slide e-loop-item e-loop-item-9327 post-9327 product type-product status-publish has-post-thumbnail anwendung-des-gencives-saines anwendung-dents-sensibles product_brand-edelwhite-fr product_cat-soins-buccaux-fr product_cat-brosses-a-dents-fr  instock taxable shipping-taxable purchasable product-type-simple\" data-elementor-post-type=\"elementor_library\" role=\"group\" aria-roledescription=\"slide\" data-custom-edit-handle=\"1\">\n\t\t\t<div class=\"elementor-element elementor-element-681a451 product-item e-flex e-con-boxed e-con e-parent\" data-id=\"681a451\" data-element_type=\"container\" data-e-type=\"container\">\n\t\t\t\t\t<div class=\"e-con-inner\">\n\t\t<div class=\"elementor-element elementor-element-2d9b67c e-con-full e-flex e-con e-child\" data-id=\"2d9b67c\" data-element_type=\"container\" data-e-type=\"container\">\n\t\t\t\t<div class=\"elementor-element elementor-element-cd0e8f9 elementor-widget elementor-widget-shortcode\" data-id=\"cd0e8f9\" data-element_type=\"widget\" data-e-type=\"widget\" data-widget_type=\"shortcode.default\">\n\t\t\t\t\t\t\t<div class=\"elementor-shortcode\"><\/div>\n\t\t\t\t\t\t<\/div>\n\t\t\t\t<\/div>\n\t\t<div class=\"elementor-element elementor-element-7ab553b e-con-full e-flex e-con e-child\" data-id=\"7ab553b\" data-element_type=\"container\" data-e-type=\"container\">\n\t\t\t\t<div class=\"elementor-element elementor-element-f588356 elementor-widget elementor-widget-heading\" data-id=\"f588356\" data-element_type=\"widget\" data-e-type=\"widget\" data-widget_type=\"heading.default\">\n\t\t\t\t\t<h3 class=\"elementor-heading-title elementor-size-default\"><a href=\"https:\/\/careista.ch\/fr\/produkte\/soins-buccaux-fr\/brosses-a-dents-fr\/edelwhite-flosserbrush-ultrasoft\/\">edel+white Flosserbrush Ultrasoft<\/a><\/h3>\t\t\t\t<\/div>\n\t\t\t\t<div class=\"elementor-element elementor-element-a85cfb5 elementor-widget elementor-widget-shortcode\" data-id=\"a85cfb5\" data-element_type=\"widget\" data-e-type=\"widget\" data-widget_type=\"shortcode.default\">\n\t\t\t\t\t\t\t<div class=\"elementor-shortcode\"><span class=\"tew-stars\" role=\"img\" aria-label=\"Rated 5 out of 5\"><span class=\"tew-star tew-full\">\u2605<\/span><span class=\"tew-star tew-full\">\u2605<\/span><span class=\"tew-star tew-full\">\u2605<\/span><span class=\"tew-star tew-full\">\u2605<\/span><span class=\"tew-star tew-half\"><span>\u2605<\/span><\/span><\/span><\/div>\n\t\t\t\t\t\t<\/div>\n\t\t\t\t<div class=\"elementor-element elementor-element-16fd2ac elementor-widget elementor-widget-heading\" data-id=\"16fd2ac\" data-element_type=\"widget\" data-e-type=\"widget\" data-widget_type=\"heading.default\">\n\t\t\t\t\t<h3 class=\"elementor-heading-title elementor-size-default\"><a href=\"https:\/\/careista.ch\/fr\/produkte\/soins-buccaux-fr\/brosses-a-dents-fr\/edelwhite-flosserbrush-ultrasoft\/\"><span class=\"woocommerce-Price-amount amount\"><span class=\"woocommerce-Price-currencySymbol\">&#067;&#072;&#070;<\/span>&nbsp;4.90<\/span> <small class=\"woocommerce-price-suffix\"> <small class=\"woocommerce-price-suffix\">TVA incl.<\/small><\/small><\/a><\/h3>\t\t\t\t<\/div>\n\t\t\t\t<div class=\"elementor-element elementor-element-0c8ffcd elementor-add-to-cart--align-center elementor-widget elementor-widget-woocommerce-product-add-to-cart\" data-id=\"0c8ffcd\" data-element_type=\"widget\" data-e-type=\"widget\" data-widget_type=\"woocommerce-product-add-to-cart.default\">\n\t\t\t\t\t\n\t\t<div class=\"elementor-add-to-cart elementor-product-simple\">\n\t\t\t\t\t<div class=\"e-loop-add-to-cart-form-container\">\n\t\t\t<form class=\"cart e-loop-add-to-cart-form\">\n\t\t\t\t<a href=\"\/fr\/wp-json\/wp\/v2\/pages\/12141?add-to-cart=9327\" aria-describedby=\"woocommerce_loop_add_to_cart_link_describedby_9327\" data-quantity=\"1\" class=\"button product_type_simple add_to_cart_button ajax_add_to_cart\" data-product_id=\"9327\" data-product_sku=\"100108\" aria-label=\"Ajouter au panier\u00a0: &ldquo;edel+white Flosserbrush Ultrasoft&rdquo;\" rel=\"nofollow\" data-success_message=\"\u00ab\u00a0edel+white Flosserbrush Ultrasoft\u00a0\u00bb a \u00e9t\u00e9 ajout\u00e9 \u00e0 votre panier\" role=\"button\">Ajouter au panier<\/a>\t<span id=\"woocommerce_loop_add_to_cart_link_describedby_9327\" class=\"screen-reader-text\">\n\t\t\t<\/span>\n\t\t\t<\/form>\n\t\t<\/div>\n\t\t\t\t<\/div>\n\n\t\t\t\t\t\t<\/div>\n\t\t\t\t<\/div>\n\t\t\t\t\t<\/div>\n\t\t\t\t<\/div>\n\t\t\t\t<\/div>\n\t\t\t\t<div data-elementor-type=\"loop-item\" data-elementor-id=\"13471\" class=\"elementor elementor-13471 elementor-13249 elementor-13249 swiper-slide e-loop-item e-loop-item-9349 post-9349 product type-product status-publish has-post-thumbnail anwendung-des-gencives-saines anwendung-une-haleine-fraiche anwendung-pour-entre-les-deux product_brand-edelwhite-fr product_cat-soins-buccaux-fr product_cat-douche-buccale-fr last instock taxable shipping-taxable purchasable product-type-simple\" data-elementor-post-type=\"elementor_library\" role=\"group\" aria-roledescription=\"slide\" data-custom-edit-handle=\"1\">\n\t\t\t<div class=\"elementor-element elementor-element-681a451 product-item e-flex e-con-boxed e-con e-parent\" data-id=\"681a451\" data-element_type=\"container\" data-e-type=\"container\">\n\t\t\t\t\t<div class=\"e-con-inner\">\n\t\t<div class=\"elementor-element elementor-element-2d9b67c e-con-full e-flex e-con e-child\" data-id=\"2d9b67c\" data-element_type=\"container\" data-e-type=\"container\">\n\t\t\t\t<div class=\"elementor-element elementor-element-cd0e8f9 elementor-widget elementor-widget-shortcode\" data-id=\"cd0e8f9\" data-element_type=\"widget\" data-e-type=\"widget\" data-widget_type=\"shortcode.default\">\n\t\t\t\t\t\t\t<div class=\"elementor-shortcode\"><\/div>\n\t\t\t\t\t\t<\/div>\n\t\t\t\t<\/div>\n\t\t<div class=\"elementor-element elementor-element-7ab553b e-con-full e-flex e-con e-child\" data-id=\"7ab553b\" data-element_type=\"container\" data-e-type=\"container\">\n\t\t\t\t<div class=\"elementor-element elementor-element-f588356 elementor-widget elementor-widget-heading\" data-id=\"f588356\" data-element_type=\"widget\" data-e-type=\"widget\" data-widget_type=\"heading.default\">\n\t\t\t\t\t<h3 class=\"elementor-heading-title elementor-size-default\"><a href=\"https:\/\/careista.ch\/fr\/produkte\/soins-buccaux-fr\/douche-buccale-fr\/edelwhite-flosserpik-pro-station-irrigateur-oral\/\">edel+white Flosserpik Pro Station Oral Irrigator douche buccale<\/a><\/h3>\t\t\t\t<\/div>\n\t\t\t\t<div class=\"elementor-element elementor-element-a85cfb5 elementor-widget elementor-widget-shortcode\" data-id=\"a85cfb5\" data-element_type=\"widget\" data-e-type=\"widget\" data-widget_type=\"shortcode.default\">\n\t\t\t\t\t\t\t<div class=\"elementor-shortcode\"><\/div>\n\t\t\t\t\t\t<\/div>\n\t\t\t\t<div class=\"elementor-element elementor-element-16fd2ac elementor-widget elementor-widget-heading\" data-id=\"16fd2ac\" data-element_type=\"widget\" data-e-type=\"widget\" data-widget_type=\"heading.default\">\n\t\t\t\t\t<h3 class=\"elementor-heading-title elementor-size-default\"><a href=\"https:\/\/careista.ch\/fr\/produkte\/soins-buccaux-fr\/douche-buccale-fr\/edelwhite-flosserpik-pro-station-irrigateur-oral\/\"><span class=\"woocommerce-Price-amount amount\"><span class=\"woocommerce-Price-currencySymbol\">&#067;&#072;&#070;<\/span>&nbsp;129.00<\/span> <small class=\"woocommerce-price-suffix\"> <small class=\"woocommerce-price-suffix\">TVA incl.<\/small><\/small><\/a><\/h3>\t\t\t\t<\/div>\n\t\t\t\t<div class=\"elementor-element elementor-element-0c8ffcd elementor-add-to-cart--align-center elementor-widget elementor-widget-woocommerce-product-add-to-cart\" data-id=\"0c8ffcd\" data-element_type=\"widget\" data-e-type=\"widget\" data-widget_type=\"woocommerce-product-add-to-cart.default\">\n\t\t\t\t\t\n\t\t<div class=\"elementor-add-to-cart elementor-product-simple\">\n\t\t\t\t\t<div class=\"e-loop-add-to-cart-form-container\">\n\t\t\t<form class=\"cart e-loop-add-to-cart-form\">\n\t\t\t\t<a href=\"\/fr\/wp-json\/wp\/v2\/pages\/12141?add-to-cart=9349\" aria-describedby=\"woocommerce_loop_add_to_cart_link_describedby_9349\" data-quantity=\"1\" class=\"button product_type_simple add_to_cart_button ajax_add_to_cart\" data-product_id=\"9349\" data-product_sku=\"100165\" aria-label=\"Ajouter au panier\u00a0: &ldquo;edel+white Flosserpik Pro Station Oral Irrigator douche buccale&rdquo;\" rel=\"nofollow\" data-success_message=\"\u00ab\u00a0edel+white Flosserpik Pro Station Oral Irrigator douche buccale\u00a0\u00bb a \u00e9t\u00e9 ajout\u00e9 \u00e0 votre panier\" role=\"button\">Ajouter au panier<\/a>\t<span id=\"woocommerce_loop_add_to_cart_link_describedby_9349\" class=\"screen-reader-text\">\n\t\t\t<\/span>\n\t\t\t<\/form>\n\t\t<\/div>\n\t\t\t\t<\/div>\n\n\t\t\t\t\t\t<\/div>\n\t\t\t\t<\/div>\n\t\t\t\t\t<\/div>\n\t\t\t\t<\/div>\n\t\t\t\t<\/div>\n\t\t\t\t<div data-elementor-type=\"loop-item\" data-elementor-id=\"13471\" class=\"elementor elementor-13471 elementor-13249 elementor-13249 swiper-slide e-loop-item e-loop-item-9321 post-9321 product type-product status-publish has-post-thumbnail product_brand-edelwhite-fr product_cat-soins-buccaux-fr product_cat-brosses-a-dents-soniques-fr first instock taxable shipping-taxable purchasable product-type-simple\" data-elementor-post-type=\"elementor_library\" role=\"group\" aria-roledescription=\"slide\" data-custom-edit-handle=\"1\">\n\t\t\t<div class=\"elementor-element elementor-element-681a451 product-item e-flex e-con-boxed e-con e-parent\" data-id=\"681a451\" data-element_type=\"container\" data-e-type=\"container\">\n\t\t\t\t\t<div class=\"e-con-inner\">\n\t\t<div class=\"elementor-element elementor-element-2d9b67c e-con-full e-flex e-con e-child\" data-id=\"2d9b67c\" data-element_type=\"container\" data-e-type=\"container\">\n\t\t\t\t<div class=\"elementor-element elementor-element-cd0e8f9 elementor-widget elementor-widget-shortcode\" data-id=\"cd0e8f9\" data-element_type=\"widget\" data-e-type=\"widget\" data-widget_type=\"shortcode.default\">\n\t\t\t\t\t\t\t<div class=\"elementor-shortcode\"><\/div>\n\t\t\t\t\t\t<\/div>\n\t\t\t\t<\/div>\n\t\t<div class=\"elementor-element elementor-element-7ab553b e-con-full e-flex e-con e-child\" data-id=\"7ab553b\" data-element_type=\"container\" data-e-type=\"container\">\n\t\t\t\t<div class=\"elementor-element elementor-element-f588356 elementor-widget elementor-widget-heading\" data-id=\"f588356\" data-element_type=\"widget\" data-e-type=\"widget\" data-widget_type=\"heading.default\">\n\t\t\t\t\t<h3 class=\"elementor-heading-title elementor-size-default\"><a href=\"https:\/\/careista.ch\/fr\/produkte\/soins-buccaux-fr\/brosses-a-dents-soniques-fr\/station-de-charge-edelwhite-sonic-generation-8-12\/\">Station de charge edel+white Sonic Generation 8 &#8211; 12<\/a><\/h3>\t\t\t\t<\/div>\n\t\t\t\t<div class=\"elementor-element elementor-element-a85cfb5 elementor-widget elementor-widget-shortcode\" data-id=\"a85cfb5\" data-element_type=\"widget\" data-e-type=\"widget\" data-widget_type=\"shortcode.default\">\n\t\t\t\t\t\t\t<div class=\"elementor-shortcode\"><\/div>\n\t\t\t\t\t\t<\/div>\n\t\t\t\t<div class=\"elementor-element elementor-element-16fd2ac elementor-widget elementor-widget-heading\" data-id=\"16fd2ac\" data-element_type=\"widget\" data-e-type=\"widget\" data-widget_type=\"heading.default\">\n\t\t\t\t\t<h3 class=\"elementor-heading-title elementor-size-default\"><a href=\"https:\/\/careista.ch\/fr\/produkte\/soins-buccaux-fr\/brosses-a-dents-soniques-fr\/station-de-charge-edelwhite-sonic-generation-8-12\/\"><span class=\"woocommerce-Price-amount amount\"><span class=\"woocommerce-Price-currencySymbol\">&#067;&#072;&#070;<\/span>&nbsp;12.00<\/span> <small class=\"woocommerce-price-suffix\"> <small class=\"woocommerce-price-suffix\">TVA incl.<\/small><\/small><\/a><\/h3>\t\t\t\t<\/div>\n\t\t\t\t<div class=\"elementor-element elementor-element-0c8ffcd elementor-add-to-cart--align-center elementor-widget elementor-widget-woocommerce-product-add-to-cart\" data-id=\"0c8ffcd\" data-element_type=\"widget\" data-e-type=\"widget\" data-widget_type=\"woocommerce-product-add-to-cart.default\">\n\t\t\t\t\t\n\t\t<div class=\"elementor-add-to-cart elementor-product-simple\">\n\t\t\t\t\t<div class=\"e-loop-add-to-cart-form-container\">\n\t\t\t<form class=\"cart e-loop-add-to-cart-form\">\n\t\t\t\t<a href=\"\/fr\/wp-json\/wp\/v2\/pages\/12141?add-to-cart=9321\" aria-describedby=\"woocommerce_loop_add_to_cart_link_describedby_9321\" data-quantity=\"1\" class=\"button product_type_simple add_to_cart_button ajax_add_to_cart\" data-product_id=\"9321\" data-product_sku=\"200139\" aria-label=\"Ajouter au panier\u00a0: &ldquo;Station de charge edel+white Sonic Generation 8 - 12&rdquo;\" rel=\"nofollow\" data-success_message=\"\u00ab\u00a0Station de charge edel+white Sonic Generation 8 - 12\u00a0\u00bb a \u00e9t\u00e9 ajout\u00e9 \u00e0 votre panier\" role=\"button\">Ajouter au panier<\/a>\t<span id=\"woocommerce_loop_add_to_cart_link_describedby_9321\" class=\"screen-reader-text\">\n\t\t\t<\/span>\n\t\t\t<\/form>\n\t\t<\/div>\n\t\t\t\t<\/div>\n\n\t\t\t\t\t\t<\/div>\n\t\t\t\t<\/div>\n\t\t\t\t\t<\/div>\n\t\t\t\t<\/div>\n\t\t\t\t<\/div>\n\t\t\t\t<div data-elementor-type=\"loop-item\" data-elementor-id=\"13471\" class=\"elementor elementor-13471 elementor-13249 elementor-13249 swiper-slide e-loop-item e-loop-item-9440 post-9440 product type-product status-publish has-post-thumbnail anwendung-des-gencives-saines anwendung-dents-sensibles product_brand-edelwhite-fr product_cat-soins-buccaux-fr product_cat-divers-soins-buccaux-fr  instock taxable shipping-taxable purchasable product-type-simple\" data-elementor-post-type=\"elementor_library\" role=\"group\" aria-roledescription=\"slide\" data-custom-edit-handle=\"1\">\n\t\t\t<div class=\"elementor-element elementor-element-681a451 product-item e-flex e-con-boxed e-con e-parent\" data-id=\"681a451\" data-element_type=\"container\" data-e-type=\"container\">\n\t\t\t\t\t<div class=\"e-con-inner\">\n\t\t<div class=\"elementor-element elementor-element-2d9b67c e-con-full e-flex e-con e-child\" data-id=\"2d9b67c\" data-element_type=\"container\" data-e-type=\"container\">\n\t\t\t\t<div class=\"elementor-element elementor-element-cd0e8f9 elementor-widget elementor-widget-shortcode\" data-id=\"cd0e8f9\" data-element_type=\"widget\" data-e-type=\"widget\" data-widget_type=\"shortcode.default\">\n\t\t\t\t\t\t\t<div class=\"elementor-shortcode\"><\/div>\n\t\t\t\t\t\t<\/div>\n\t\t\t\t<\/div>\n\t\t<div class=\"elementor-element elementor-element-7ab553b e-con-full e-flex e-con e-child\" data-id=\"7ab553b\" data-element_type=\"container\" data-e-type=\"container\">\n\t\t\t\t<div class=\"elementor-element elementor-element-f588356 elementor-widget elementor-widget-heading\" data-id=\"f588356\" data-element_type=\"widget\" data-e-type=\"widget\" data-widget_type=\"heading.default\">\n\t\t\t\t\t<h3 class=\"elementor-heading-title elementor-size-default\"><a href=\"https:\/\/careista.ch\/fr\/produkte\/soins-buccaux-fr\/divers-soins-buccaux-fr\/edelwhite-sensitive-set\/\">edel+white Sensitive Set<\/a><\/h3>\t\t\t\t<\/div>\n\t\t\t\t<div class=\"elementor-element elementor-element-a85cfb5 elementor-widget elementor-widget-shortcode\" data-id=\"a85cfb5\" data-element_type=\"widget\" data-e-type=\"widget\" data-widget_type=\"shortcode.default\">\n\t\t\t\t\t\t\t<div class=\"elementor-shortcode\"><\/div>\n\t\t\t\t\t\t<\/div>\n\t\t\t\t<div class=\"elementor-element elementor-element-16fd2ac elementor-widget elementor-widget-heading\" data-id=\"16fd2ac\" data-element_type=\"widget\" data-e-type=\"widget\" data-widget_type=\"heading.default\">\n\t\t\t\t\t<h3 class=\"elementor-heading-title elementor-size-default\"><a href=\"https:\/\/careista.ch\/fr\/produkte\/soins-buccaux-fr\/divers-soins-buccaux-fr\/edelwhite-sensitive-set\/\"><span class=\"woocommerce-Price-amount amount\"><span class=\"woocommerce-Price-currencySymbol\">&#067;&#072;&#070;<\/span>&nbsp;19.90<\/span> <small class=\"woocommerce-price-suffix\"> <small class=\"woocommerce-price-suffix\">TVA incl.<\/small><\/small><\/a><\/h3>\t\t\t\t<\/div>\n\t\t\t\t<div class=\"elementor-element elementor-element-0c8ffcd elementor-add-to-cart--align-center elementor-widget elementor-widget-woocommerce-product-add-to-cart\" data-id=\"0c8ffcd\" data-element_type=\"widget\" data-e-type=\"widget\" data-widget_type=\"woocommerce-product-add-to-cart.default\">\n\t\t\t\t\t\n\t\t<div class=\"elementor-add-to-cart elementor-product-simple\">\n\t\t\t\t\t<div class=\"e-loop-add-to-cart-form-container\">\n\t\t\t<form class=\"cart e-loop-add-to-cart-form\">\n\t\t\t\t<a href=\"\/fr\/wp-json\/wp\/v2\/pages\/12141?add-to-cart=9440\" aria-describedby=\"woocommerce_loop_add_to_cart_link_describedby_9440\" data-quantity=\"1\" class=\"button product_type_simple add_to_cart_button ajax_add_to_cart\" data-product_id=\"9440\" data-product_sku=\"900939\" aria-label=\"Ajouter au panier\u00a0: &ldquo;edel+white Sensitive Set&rdquo;\" rel=\"nofollow\" data-success_message=\"\u00ab\u00a0edel+white Sensitive Set\u00a0\u00bb a \u00e9t\u00e9 ajout\u00e9 \u00e0 votre panier\" role=\"button\">Ajouter au panier<\/a>\t<span id=\"woocommerce_loop_add_to_cart_link_describedby_9440\" class=\"screen-reader-text\">\n\t\t\t<\/span>\n\t\t\t<\/form>\n\t\t<\/div>\n\t\t\t\t<\/div>\n\n\t\t\t\t\t\t<\/div>\n\t\t\t\t<\/div>\n\t\t\t\t\t<\/div>\n\t\t\t\t<\/div>\n\t\t\t\t<\/div>\n\t\t\t\t<div data-elementor-type=\"loop-item\" data-elementor-id=\"13471\" class=\"elementor elementor-13471 elementor-13249 elementor-13249 swiper-slide e-loop-item e-loop-item-9435 post-9435 product type-product status-publish has-post-thumbnail anwendung-des-gencives-saines anwendung-dents-sensibles product_brand-edelwhite-fr product_cat-soins-buccaux-fr product_cat-divers-soins-buccaux-fr last instock taxable shipping-taxable purchasable product-type-simple\" data-elementor-post-type=\"elementor_library\" role=\"group\" aria-roledescription=\"slide\" data-custom-edit-handle=\"1\">\n\t\t\t<div class=\"elementor-element elementor-element-681a451 product-item e-flex e-con-boxed e-con e-parent\" data-id=\"681a451\" data-element_type=\"container\" data-e-type=\"container\">\n\t\t\t\t\t<div class=\"e-con-inner\">\n\t\t<div class=\"elementor-element elementor-element-2d9b67c e-con-full e-flex e-con e-child\" data-id=\"2d9b67c\" data-element_type=\"container\" data-e-type=\"container\">\n\t\t\t\t<div class=\"elementor-element elementor-element-cd0e8f9 elementor-widget elementor-widget-shortcode\" data-id=\"cd0e8f9\" data-element_type=\"widget\" data-e-type=\"widget\" data-widget_type=\"shortcode.default\">\n\t\t\t\t\t\t\t<div class=\"elementor-shortcode\"><\/div>\n\t\t\t\t\t\t<\/div>\n\t\t\t\t<\/div>\n\t\t<div class=\"elementor-element elementor-element-7ab553b e-con-full e-flex e-con e-child\" data-id=\"7ab553b\" data-element_type=\"container\" data-e-type=\"container\">\n\t\t\t\t<div class=\"elementor-element elementor-element-f588356 elementor-widget elementor-widget-heading\" data-id=\"f588356\" data-element_type=\"widget\" data-e-type=\"widget\" data-widget_type=\"heading.default\">\n\t\t\t\t\t<h3 class=\"elementor-heading-title elementor-size-default\"><a href=\"https:\/\/careista.ch\/fr\/produkte\/soins-buccaux-fr\/divers-soins-buccaux-fr\/edelwhite-ortho-set\/\">edel+white Ortho Set<\/a><\/h3>\t\t\t\t<\/div>\n\t\t\t\t<div class=\"elementor-element elementor-element-a85cfb5 elementor-widget elementor-widget-shortcode\" data-id=\"a85cfb5\" data-element_type=\"widget\" data-e-type=\"widget\" data-widget_type=\"shortcode.default\">\n\t\t\t\t\t\t\t<div class=\"elementor-shortcode\"><\/div>\n\t\t\t\t\t\t<\/div>\n\t\t\t\t<div class=\"elementor-element elementor-element-16fd2ac elementor-widget elementor-widget-heading\" data-id=\"16fd2ac\" data-element_type=\"widget\" data-e-type=\"widget\" data-widget_type=\"heading.default\">\n\t\t\t\t\t<h3 class=\"elementor-heading-title elementor-size-default\"><a href=\"https:\/\/careista.ch\/fr\/produkte\/soins-buccaux-fr\/divers-soins-buccaux-fr\/edelwhite-ortho-set\/\"><span class=\"woocommerce-Price-amount amount\"><span class=\"woocommerce-Price-currencySymbol\">&#067;&#072;&#070;<\/span>&nbsp;19.90<\/span> <small class=\"woocommerce-price-suffix\"> <small class=\"woocommerce-price-suffix\">TVA incl.<\/small><\/small><\/a><\/h3>\t\t\t\t<\/div>\n\t\t\t\t<div class=\"elementor-element elementor-element-0c8ffcd elementor-add-to-cart--align-center elementor-widget elementor-widget-woocommerce-product-add-to-cart\" data-id=\"0c8ffcd\" data-element_type=\"widget\" data-e-type=\"widget\" data-widget_type=\"woocommerce-product-add-to-cart.default\">\n\t\t\t\t\t\n\t\t<div class=\"elementor-add-to-cart elementor-product-simple\">\n\t\t\t\t\t<div class=\"e-loop-add-to-cart-form-container\">\n\t\t\t<form class=\"cart e-loop-add-to-cart-form\">\n\t\t\t\t<a href=\"\/fr\/wp-json\/wp\/v2\/pages\/12141?add-to-cart=9435\" aria-describedby=\"woocommerce_loop_add_to_cart_link_describedby_9435\" data-quantity=\"1\" class=\"button product_type_simple add_to_cart_button ajax_add_to_cart\" data-product_id=\"9435\" data-product_sku=\"900937\" aria-label=\"Ajouter au panier\u00a0: &ldquo;edel+white Ortho Set&rdquo;\" rel=\"nofollow\" data-success_message=\"\u00ab\u00a0edel+white Ortho Set\u00a0\u00bb a \u00e9t\u00e9 ajout\u00e9 \u00e0 votre panier\" role=\"button\">Ajouter au panier<\/a>\t<span id=\"woocommerce_loop_add_to_cart_link_describedby_9435\" class=\"screen-reader-text\">\n\t\t\t<\/span>\n\t\t\t<\/form>\n\t\t<\/div>\n\t\t\t\t<\/div>\n\n\t\t\t\t\t\t<\/div>\n\t\t\t\t<\/div>\n\t\t\t\t\t<\/div>\n\t\t\t\t<\/div>\n\t\t\t\t<\/div>\n\t\t\t\t<div data-elementor-type=\"loop-item\" data-elementor-id=\"13471\" class=\"elementor elementor-13471 elementor-13249 elementor-13249 swiper-slide e-loop-item e-loop-item-9431 post-9431 product type-product status-publish has-post-thumbnail anwendung-des-gencives-saines anwendung-dents-sensibles product_brand-edelwhite-fr product_cat-soins-buccaux-fr product_cat-divers-soins-buccaux-fr first instock taxable shipping-taxable purchasable product-type-simple\" data-elementor-post-type=\"elementor_library\" role=\"group\" aria-roledescription=\"slide\" data-custom-edit-handle=\"1\">\n\t\t\t<div class=\"elementor-element elementor-element-681a451 product-item e-flex e-con-boxed e-con e-parent\" data-id=\"681a451\" data-element_type=\"container\" data-e-type=\"container\">\n\t\t\t\t\t<div class=\"e-con-inner\">\n\t\t<div class=\"elementor-element elementor-element-2d9b67c e-con-full e-flex e-con e-child\" data-id=\"2d9b67c\" data-element_type=\"container\" data-e-type=\"container\">\n\t\t\t\t<div class=\"elementor-element elementor-element-cd0e8f9 elementor-widget elementor-widget-shortcode\" data-id=\"cd0e8f9\" data-element_type=\"widget\" data-e-type=\"widget\" data-widget_type=\"shortcode.default\">\n\t\t\t\t\t\t\t<div class=\"elementor-shortcode\"><\/div>\n\t\t\t\t\t\t<\/div>\n\t\t\t\t<\/div>\n\t\t<div class=\"elementor-element elementor-element-7ab553b e-con-full e-flex e-con e-child\" data-id=\"7ab553b\" data-element_type=\"container\" data-e-type=\"container\">\n\t\t\t\t<div class=\"elementor-element elementor-element-f588356 elementor-widget elementor-widget-heading\" data-id=\"f588356\" data-element_type=\"widget\" data-e-type=\"widget\" data-widget_type=\"heading.default\">\n\t\t\t\t\t<h3 class=\"elementor-heading-title elementor-size-default\"><a href=\"https:\/\/careista.ch\/fr\/produkte\/soins-buccaux-fr\/divers-soins-buccaux-fr\/edelwhite-implant-care-set\/\">edel+white Implant Care Set<\/a><\/h3>\t\t\t\t<\/div>\n\t\t\t\t<div class=\"elementor-element elementor-element-a85cfb5 elementor-widget elementor-widget-shortcode\" data-id=\"a85cfb5\" data-element_type=\"widget\" data-e-type=\"widget\" data-widget_type=\"shortcode.default\">\n\t\t\t\t\t\t\t<div class=\"elementor-shortcode\"><\/div>\n\t\t\t\t\t\t<\/div>\n\t\t\t\t<div class=\"elementor-element elementor-element-16fd2ac elementor-widget elementor-widget-heading\" data-id=\"16fd2ac\" data-element_type=\"widget\" data-e-type=\"widget\" data-widget_type=\"heading.default\">\n\t\t\t\t\t<h3 class=\"elementor-heading-title elementor-size-default\"><a href=\"https:\/\/careista.ch\/fr\/produkte\/soins-buccaux-fr\/divers-soins-buccaux-fr\/edelwhite-implant-care-set\/\"><span class=\"woocommerce-Price-amount amount\"><span class=\"woocommerce-Price-currencySymbol\">&#067;&#072;&#070;<\/span>&nbsp;19.90<\/span> <small class=\"woocommerce-price-suffix\"> <small class=\"woocommerce-price-suffix\">TVA incl.<\/small><\/small><\/a><\/h3>\t\t\t\t<\/div>\n\t\t\t\t<div class=\"elementor-element elementor-element-0c8ffcd elementor-add-to-cart--align-center elementor-widget elementor-widget-woocommerce-product-add-to-cart\" data-id=\"0c8ffcd\" data-element_type=\"widget\" data-e-type=\"widget\" data-widget_type=\"woocommerce-product-add-to-cart.default\">\n\t\t\t\t\t\n\t\t<div class=\"elementor-add-to-cart elementor-product-simple\">\n\t\t\t\t\t<div class=\"e-loop-add-to-cart-form-container\">\n\t\t\t<form class=\"cart e-loop-add-to-cart-form\">\n\t\t\t\t<a href=\"\/fr\/wp-json\/wp\/v2\/pages\/12141?add-to-cart=9431\" aria-describedby=\"woocommerce_loop_add_to_cart_link_describedby_9431\" data-quantity=\"1\" class=\"button product_type_simple add_to_cart_button ajax_add_to_cart\" data-product_id=\"9431\" data-product_sku=\"900938\" aria-label=\"Ajouter au panier\u00a0: &ldquo;edel+white Implant Care Set&rdquo;\" rel=\"nofollow\" data-success_message=\"\u00ab\u00a0edel+white Implant Care Set\u00a0\u00bb a \u00e9t\u00e9 ajout\u00e9 \u00e0 votre panier\" role=\"button\">Ajouter au panier<\/a>\t<span id=\"woocommerce_loop_add_to_cart_link_describedby_9431\" class=\"screen-reader-text\">\n\t\t\t<\/span>\n\t\t\t<\/form>\n\t\t<\/div>\n\t\t\t\t<\/div>\n\n\t\t\t\t\t\t<\/div>\n\t\t\t\t<\/div>\n\t\t\t\t\t<\/div>\n\t\t\t\t<\/div>\n\t\t\t\t<\/div>\n\t\t\t\t<div data-elementor-type=\"loop-item\" data-elementor-id=\"13471\" class=\"elementor elementor-13471 elementor-13249 elementor-13249 swiper-slide e-loop-item e-loop-item-9324 post-9324 product type-product status-publish has-post-thumbnail anwendung-des-gencives-saines anwendung-une-haleine-fraiche anwendung-pour-entre-les-deux product_brand-edelwhite-fr product_cat-soins-buccaux-fr product_cat-douche-buccale-fr  instock taxable shipping-taxable purchasable product-type-simple\" data-elementor-post-type=\"elementor_library\" role=\"group\" aria-roledescription=\"slide\" data-custom-edit-handle=\"1\">\n\t\t\t<div class=\"elementor-element elementor-element-681a451 product-item e-flex e-con-boxed e-con e-parent\" data-id=\"681a451\" data-element_type=\"container\" data-e-type=\"container\">\n\t\t\t\t\t<div class=\"e-con-inner\">\n\t\t<div class=\"elementor-element elementor-element-2d9b67c e-con-full e-flex e-con e-child\" data-id=\"2d9b67c\" data-element_type=\"container\" data-e-type=\"container\">\n\t\t\t\t<div class=\"elementor-element elementor-element-cd0e8f9 elementor-widget elementor-widget-shortcode\" data-id=\"cd0e8f9\" data-element_type=\"widget\" data-e-type=\"widget\" data-widget_type=\"shortcode.default\">\n\t\t\t\t\t\t\t<div class=\"elementor-shortcode\"><\/div>\n\t\t\t\t\t\t<\/div>\n\t\t\t\t<\/div>\n\t\t<div class=\"elementor-element elementor-element-7ab553b e-con-full e-flex e-con e-child\" data-id=\"7ab553b\" data-element_type=\"container\" data-e-type=\"container\">\n\t\t\t\t<div class=\"elementor-element elementor-element-f588356 elementor-widget elementor-widget-heading\" data-id=\"f588356\" data-element_type=\"widget\" data-e-type=\"widget\" data-widget_type=\"heading.default\">\n\t\t\t\t\t<h3 class=\"elementor-heading-title elementor-size-default\"><a href=\"https:\/\/careista.ch\/fr\/produkte\/soins-buccaux-fr\/douche-buccale-fr\/edelwhite-flosserpik-pro-station-replacement-set\/\">edel+white Flosserpik Pro Station Replacement Set<\/a><\/h3>\t\t\t\t<\/div>\n\t\t\t\t<div class=\"elementor-element elementor-element-a85cfb5 elementor-widget elementor-widget-shortcode\" data-id=\"a85cfb5\" data-element_type=\"widget\" data-e-type=\"widget\" data-widget_type=\"shortcode.default\">\n\t\t\t\t\t\t\t<div class=\"elementor-shortcode\"><\/div>\n\t\t\t\t\t\t<\/div>\n\t\t\t\t<div class=\"elementor-element elementor-element-16fd2ac elementor-widget elementor-widget-heading\" data-id=\"16fd2ac\" data-element_type=\"widget\" data-e-type=\"widget\" data-widget_type=\"heading.default\">\n\t\t\t\t\t<h3 class=\"elementor-heading-title elementor-size-default\"><a href=\"https:\/\/careista.ch\/fr\/produkte\/soins-buccaux-fr\/douche-buccale-fr\/edelwhite-flosserpik-pro-station-replacement-set\/\"><span class=\"woocommerce-Price-amount amount\"><span class=\"woocommerce-Price-currencySymbol\">&#067;&#072;&#070;<\/span>&nbsp;14.90<\/span> <small class=\"woocommerce-price-suffix\"> <small class=\"woocommerce-price-suffix\">TVA incl.<\/small><\/small><\/a><\/h3>\t\t\t\t<\/div>\n\t\t\t\t<div class=\"elementor-element elementor-element-0c8ffcd elementor-add-to-cart--align-center elementor-widget elementor-widget-woocommerce-product-add-to-cart\" data-id=\"0c8ffcd\" data-element_type=\"widget\" data-e-type=\"widget\" data-widget_type=\"woocommerce-product-add-to-cart.default\">\n\t\t\t\t\t\n\t\t<div class=\"elementor-add-to-cart elementor-product-simple\">\n\t\t\t\t\t<div class=\"e-loop-add-to-cart-form-container\">\n\t\t\t<form class=\"cart e-loop-add-to-cart-form\">\n\t\t\t\t<a href=\"\/fr\/wp-json\/wp\/v2\/pages\/12141?add-to-cart=9324\" aria-describedby=\"woocommerce_loop_add_to_cart_link_describedby_9324\" data-quantity=\"1\" class=\"button product_type_simple add_to_cart_button ajax_add_to_cart\" data-product_id=\"9324\" data-product_sku=\"100173\" aria-label=\"Ajouter au panier\u00a0: &ldquo;edel+white Flosserpik Pro Station Replacement Set&rdquo;\" rel=\"nofollow\" data-success_message=\"\u00ab\u00a0edel+white Flosserpik Pro Station Replacement Set\u00a0\u00bb a \u00e9t\u00e9 ajout\u00e9 \u00e0 votre panier\" role=\"button\">Ajouter au panier<\/a>\t<span id=\"woocommerce_loop_add_to_cart_link_describedby_9324\" class=\"screen-reader-text\">\n\t\t\t<\/span>\n\t\t\t<\/form>\n\t\t<\/div>\n\t\t\t\t<\/div>\n\n\t\t\t\t\t\t<\/div>\n\t\t\t\t<\/div>\n\t\t\t\t\t<\/div>\n\t\t\t\t<\/div>\n\t\t\t\t<\/div>\n\t\t\t\t<\/div>\n\t\t<\/div>\n\t\t\t\t\t<div class=\"elementor-swiper-button elementor-swiper-button-prev\" role=\"button\" tabindex=\"0\" aria-label=\"Pr\u00e9c\u00e9dent\">\n\t\t\t\t<svg aria-hidden=\"true\" class=\"e-font-icon-svg e-eicon-chevron-left\" viewBox=\"0 0 1000 1000\" xmlns=\"http:\/\/www.w3.org\/2000\/svg\"><path d=\"M646 125C629 125 613 133 604 142L308 442C296 454 292 471 292 487 292 504 296 521 308 533L604 854C617 867 629 875 646 875 663 875 679 871 692 858 704 846 713 829 713 812 713 796 708 779 692 767L438 487 692 225C700 217 708 204 708 187 708 171 704 154 692 142 675 129 663 125 646 125Z\"><\/path><\/svg>\t\t\t<\/div>\n\t\t\t<div class=\"elementor-swiper-button elementor-swiper-button-next\" role=\"button\" tabindex=\"0\" aria-label=\"Suivant\">\n\t\t\t\t<svg aria-hidden=\"true\" class=\"e-font-icon-svg e-eicon-chevron-right\" viewBox=\"0 0 1000 1000\" xmlns=\"http:\/\/www.w3.org\/2000\/svg\"><path d=\"M696 533C708 521 713 504 713 487 713 471 708 454 696 446L400 146C388 133 375 125 354 125 338 125 325 129 313 142 300 154 292 171 292 187 292 204 296 221 308 233L563 492 304 771C292 783 288 800 288 817 288 833 296 850 308 863 321 871 338 875 354 875 371 875 388 867 400 854L696 533Z\"><\/path><\/svg>\t\t\t<\/div>\n\t\t\t\t\t<div class=\"swiper-pagination\"><\/div>\n\t\t\t\t\t\t<\/div>\n\t\t\t\t\t<\/div>\n\t\t\t\t<\/div>\n\t\t<div id=\"e-n-tab-content-602550312\" role=\"tabpanel\" aria-labelledby=\"e-n-tab-title-602550312\" data-tab-index=\"2\" style=\"--n-tabs-title-order: 2;\" class=\" elementor-element elementor-element-dc521bc e-con-full e-flex e-con e-child\" data-id=\"dc521bc\" data-element_type=\"container\" data-e-type=\"container\">\n\t\t\t\t<div class=\"woocommerce elementor-element elementor-element-137f67e elementor-pagination-type-bullets elementor-arrows-position-inside elementor-pagination-position-outside elementor-widget elementor-widget-loop-carousel\" data-id=\"137f67e\" data-element_type=\"widget\" data-e-type=\"widget\" data-settings=\"{&quot;_skin&quot;:&quot;product&quot;,&quot;template_id&quot;:13471,&quot;slides_to_show&quot;:&quot;5&quot;,&quot;slides_to_show_tablet&quot;:&quot;2&quot;,&quot;slides_to_show_mobile&quot;:&quot;1&quot;,&quot;slides_to_scroll&quot;:&quot;1&quot;,&quot;edit_handle_selector&quot;:&quot;.elementor-loop-container&quot;,&quot;speed&quot;:500,&quot;arrows&quot;:&quot;yes&quot;,&quot;pagination&quot;:&quot;bullets&quot;,&quot;image_spacing_custom&quot;:{&quot;unit&quot;:&quot;px&quot;,&quot;size&quot;:10,&quot;sizes&quot;:[]},&quot;image_spacing_custom_tablet&quot;:{&quot;unit&quot;:&quot;px&quot;,&quot;size&quot;:&quot;&quot;,&quot;sizes&quot;:[]},&quot;image_spacing_custom_mobile&quot;:{&quot;unit&quot;:&quot;px&quot;,&quot;size&quot;:&quot;&quot;,&quot;sizes&quot;:[]}}\" data-widget_type=\"loop-carousel.product\">\n\t\t\t\t\t\t\t<div class=\"swiper elementor-loop-container elementor-grid\" role=\"list\" dir=\"ltr\">\n\t\t\t\t<div class=\"swiper-wrapper\" aria-live=\"polite\">\n\t\t\t\t<div data-elementor-type=\"loop-item\" data-elementor-id=\"13471\" class=\"elementor elementor-13471 elementor-13249 elementor-13249 swiper-slide e-loop-item e-loop-item-9452 post-9452 product type-product status-publish has-post-thumbnail anwendung-des-gencives-saines product_brand-edelwhite-fr product_cat-soins-buccaux-fr product_cat-dentifrice-fr last instock featured taxable shipping-taxable purchasable product-type-simple\" data-elementor-post-type=\"elementor_library\" role=\"group\" aria-roledescription=\"slide\" data-custom-edit-handle=\"1\">\n\t\t\t<div class=\"elementor-element elementor-element-681a451 product-item e-flex e-con-boxed e-con e-parent\" data-id=\"681a451\" data-element_type=\"container\" data-e-type=\"container\">\n\t\t\t\t\t<div class=\"e-con-inner\">\n\t\t<div class=\"elementor-element elementor-element-2d9b67c e-con-full e-flex e-con e-child\" data-id=\"2d9b67c\" data-element_type=\"container\" data-e-type=\"container\">\n\t\t\t\t<div class=\"elementor-element elementor-element-cd0e8f9 elementor-widget elementor-widget-shortcode\" data-id=\"cd0e8f9\" data-element_type=\"widget\" data-e-type=\"widget\" data-widget_type=\"shortcode.default\">\n\t\t\t\t\t\t\t<div class=\"elementor-shortcode\"><\/div>\n\t\t\t\t\t\t<\/div>\n\t\t\t\t<\/div>\n\t\t<div class=\"elementor-element elementor-element-7ab553b e-con-full e-flex e-con e-child\" data-id=\"7ab553b\" data-element_type=\"container\" data-e-type=\"container\">\n\t\t\t\t<div class=\"elementor-element elementor-element-f588356 elementor-widget elementor-widget-heading\" data-id=\"f588356\" data-element_type=\"widget\" data-e-type=\"widget\" data-widget_type=\"heading.default\">\n\t\t\t\t\t<h3 class=\"elementor-heading-title elementor-size-default\"><a href=\"https:\/\/careista.ch\/fr\/produkte\/soins-buccaux-fr\/dentifrice-fr\/dentifrice-edelwhite-care-forte-75ml\/\">edel+white Care Forte dentifrice 75ml (**NEW DESIGN 2026**)<\/a><\/h3>\t\t\t\t<\/div>\n\t\t\t\t<div class=\"elementor-element elementor-element-a85cfb5 elementor-widget elementor-widget-shortcode\" data-id=\"a85cfb5\" data-element_type=\"widget\" data-e-type=\"widget\" data-widget_type=\"shortcode.default\">\n\t\t\t\t\t\t\t<div class=\"elementor-shortcode\"><span class=\"tew-stars\" role=\"img\" aria-label=\"Rated 5 out of 5\"><span class=\"tew-star tew-full\">\u2605<\/span><span class=\"tew-star tew-full\">\u2605<\/span><span class=\"tew-star tew-full\">\u2605<\/span><span class=\"tew-star tew-full\">\u2605<\/span><span class=\"tew-star tew-half\"><span>\u2605<\/span><\/span><\/span><\/div>\n\t\t\t\t\t\t<\/div>\n\t\t\t\t<div class=\"elementor-element elementor-element-16fd2ac elementor-widget elementor-widget-heading\" data-id=\"16fd2ac\" data-element_type=\"widget\" data-e-type=\"widget\" data-widget_type=\"heading.default\">\n\t\t\t\t\t<h3 class=\"elementor-heading-title elementor-size-default\"><a href=\"https:\/\/careista.ch\/fr\/produkte\/soins-buccaux-fr\/dentifrice-fr\/dentifrice-edelwhite-care-forte-75ml\/\"><span class=\"woocommerce-Price-amount amount\"><span class=\"woocommerce-Price-currencySymbol\">&#067;&#072;&#070;<\/span>&nbsp;5.50<\/span> <small class=\"woocommerce-price-suffix\"> <small class=\"woocommerce-price-suffix\">TVA incl.<\/small><\/small><\/a><\/h3>\t\t\t\t<\/div>\n\t\t\t\t<div class=\"elementor-element elementor-element-0c8ffcd elementor-add-to-cart--align-center elementor-widget elementor-widget-woocommerce-product-add-to-cart\" data-id=\"0c8ffcd\" data-element_type=\"widget\" data-e-type=\"widget\" data-widget_type=\"woocommerce-product-add-to-cart.default\">\n\t\t\t\t\t\n\t\t<div class=\"elementor-add-to-cart elementor-product-simple\">\n\t\t\t\t\t<div class=\"e-loop-add-to-cart-form-container\">\n\t\t\t<form class=\"cart e-loop-add-to-cart-form\">\n\t\t\t\t<a href=\"\/fr\/wp-json\/wp\/v2\/pages\/12141?add-to-cart=9452\" aria-describedby=\"woocommerce_loop_add_to_cart_link_describedby_9452\" data-quantity=\"1\" class=\"button product_type_simple add_to_cart_button ajax_add_to_cart\" data-product_id=\"9452\" data-product_sku=\"500510\" aria-label=\"Ajouter au panier\u00a0: &ldquo;edel+white Care Forte dentifrice 75ml (**NEW DESIGN 2026**)&rdquo;\" rel=\"nofollow\" data-success_message=\"\u00ab\u00a0edel+white Care Forte dentifrice 75ml (**NEW DESIGN 2026**)\u00a0\u00bb a \u00e9t\u00e9 ajout\u00e9 \u00e0 votre panier\" role=\"button\">Ajouter au panier<\/a>\t<span id=\"woocommerce_loop_add_to_cart_link_describedby_9452\" class=\"screen-reader-text\">\n\t\t\t<\/span>\n\t\t\t<\/form>\n\t\t<\/div>\n\t\t\t\t<\/div>\n\n\t\t\t\t\t\t<\/div>\n\t\t\t\t<\/div>\n\t\t\t\t\t<\/div>\n\t\t\t\t<\/div>\n\t\t\t\t<\/div>\n\t\t\t\t<div data-elementor-type=\"loop-item\" data-elementor-id=\"13471\" class=\"elementor elementor-13471 elementor-13249 elementor-13249 swiper-slide e-loop-item e-loop-item-9353 post-9353 product type-product status-publish has-post-thumbnail anwendung-des-gencives-saines anwendung-dents-sensibles product_brand-edelwhite-fr product_cat-soins-buccaux-fr product_cat-brosses-a-dents-fr first instock featured taxable shipping-taxable purchasable product-type-simple\" data-elementor-post-type=\"elementor_library\" role=\"group\" aria-roledescription=\"slide\" data-custom-edit-handle=\"1\">\n\t\t\t<div class=\"elementor-element elementor-element-681a451 product-item e-flex e-con-boxed e-con e-parent\" data-id=\"681a451\" data-element_type=\"container\" data-e-type=\"container\">\n\t\t\t\t\t<div class=\"e-con-inner\">\n\t\t<div class=\"elementor-element elementor-element-2d9b67c e-con-full e-flex e-con e-child\" data-id=\"2d9b67c\" data-element_type=\"container\" data-e-type=\"container\">\n\t\t\t\t<div class=\"elementor-element elementor-element-cd0e8f9 elementor-widget elementor-widget-shortcode\" data-id=\"cd0e8f9\" data-element_type=\"widget\" data-e-type=\"widget\" data-widget_type=\"shortcode.default\">\n\t\t\t\t\t\t\t<div class=\"elementor-shortcode\"><\/div>\n\t\t\t\t\t\t<\/div>\n\t\t\t\t<\/div>\n\t\t<div class=\"elementor-element elementor-element-7ab553b e-con-full e-flex e-con e-child\" data-id=\"7ab553b\" data-element_type=\"container\" data-e-type=\"container\">\n\t\t\t\t<div class=\"elementor-element elementor-element-f588356 elementor-widget elementor-widget-heading\" data-id=\"f588356\" data-element_type=\"widget\" data-e-type=\"widget\" data-widget_type=\"heading.default\">\n\t\t\t\t\t<h3 class=\"elementor-heading-title elementor-size-default\"><a href=\"https:\/\/careista.ch\/fr\/produkte\/soins-buccaux-fr\/brosses-a-dents-fr\/brosse-a-dents-edelwhite-cleancurl-3d\/\">edel+white Clean Curl 3D brosse \u00e0 dents<\/a><\/h3>\t\t\t\t<\/div>\n\t\t\t\t<div class=\"elementor-element elementor-element-a85cfb5 elementor-widget elementor-widget-shortcode\" data-id=\"a85cfb5\" data-element_type=\"widget\" data-e-type=\"widget\" data-widget_type=\"shortcode.default\">\n\t\t\t\t\t\t\t<div class=\"elementor-shortcode\"><span class=\"tew-stars\" role=\"img\" aria-label=\"Rated 5 out of 5\"><span class=\"tew-star tew-full\">\u2605<\/span><span class=\"tew-star tew-full\">\u2605<\/span><span class=\"tew-star tew-full\">\u2605<\/span><span class=\"tew-star tew-full\">\u2605<\/span><span class=\"tew-star tew-full\">\u2605<\/span><\/span><\/div>\n\t\t\t\t\t\t<\/div>\n\t\t\t\t<div class=\"elementor-element elementor-element-16fd2ac elementor-widget elementor-widget-heading\" data-id=\"16fd2ac\" data-element_type=\"widget\" data-e-type=\"widget\" data-widget_type=\"heading.default\">\n\t\t\t\t\t<h3 class=\"elementor-heading-title elementor-size-default\"><a href=\"https:\/\/careista.ch\/fr\/produkte\/soins-buccaux-fr\/brosses-a-dents-fr\/brosse-a-dents-edelwhite-cleancurl-3d\/\"><span class=\"woocommerce-Price-amount amount\"><span class=\"woocommerce-Price-currencySymbol\">&#067;&#072;&#070;<\/span>&nbsp;4.90<\/span> <small class=\"woocommerce-price-suffix\"> <small class=\"woocommerce-price-suffix\">TVA incl.<\/small><\/small><\/a><\/h3>\t\t\t\t<\/div>\n\t\t\t\t<div class=\"elementor-element elementor-element-0c8ffcd elementor-add-to-cart--align-center elementor-widget elementor-widget-woocommerce-product-add-to-cart\" data-id=\"0c8ffcd\" data-element_type=\"widget\" data-e-type=\"widget\" data-widget_type=\"woocommerce-product-add-to-cart.default\">\n\t\t\t\t\t\n\t\t<div class=\"elementor-add-to-cart elementor-product-simple\">\n\t\t\t\t\t<div class=\"e-loop-add-to-cart-form-container\">\n\t\t\t<form class=\"cart e-loop-add-to-cart-form\">\n\t\t\t\t<a href=\"\/fr\/wp-json\/wp\/v2\/pages\/12141?add-to-cart=9353\" aria-describedby=\"woocommerce_loop_add_to_cart_link_describedby_9353\" data-quantity=\"1\" class=\"button product_type_simple add_to_cart_button ajax_add_to_cart\" data-product_id=\"9353\" data-product_sku=\"100129\" aria-label=\"Ajouter au panier\u00a0: &ldquo;edel+white Clean Curl 3D brosse \u00e0 dents&rdquo;\" rel=\"nofollow\" data-success_message=\"\u00ab\u00a0edel+white Clean Curl 3D brosse \u00e0 dents\u00a0\u00bb a \u00e9t\u00e9 ajout\u00e9 \u00e0 votre panier\" role=\"button\">Ajouter au panier<\/a>\t<span id=\"woocommerce_loop_add_to_cart_link_describedby_9353\" class=\"screen-reader-text\">\n\t\t\t<\/span>\n\t\t\t<\/form>\n\t\t<\/div>\n\t\t\t\t<\/div>\n\n\t\t\t\t\t\t<\/div>\n\t\t\t\t<\/div>\n\t\t\t\t\t<\/div>\n\t\t\t\t<\/div>\n\t\t\t\t<\/div>\n\t\t\t\t<div data-elementor-type=\"loop-item\" data-elementor-id=\"13471\" class=\"elementor elementor-13471 elementor-13249 elementor-13249 swiper-slide e-loop-item e-loop-item-9347 post-9347 product type-product status-publish has-post-thumbnail anwendung-des-gencives-saines anwendung-dents-sensibles anwendung-appareils-dentaires product_brand-edelwhite-fr product_cat-soins-buccaux-fr product_cat-brosses-a-dents-soniques-fr  instock sale featured taxable shipping-taxable purchasable product-type-simple\" data-elementor-post-type=\"elementor_library\" role=\"group\" aria-roledescription=\"slide\" data-custom-edit-handle=\"1\">\n\t\t\t<div class=\"elementor-element elementor-element-681a451 product-item e-flex e-con-boxed e-con e-parent\" data-id=\"681a451\" data-element_type=\"container\" data-e-type=\"container\">\n\t\t\t\t\t<div class=\"e-con-inner\">\n\t\t\t\t<div data-dce-advanced-background-color=\"#FF3C3C\" class=\"elementor-element elementor-element-98850be elementor-absolute elementor-widget elementor-widget-heading\" data-id=\"98850be\" data-element_type=\"widget\" data-e-type=\"widget\" id=\"3\" data-settings=\"{&quot;_position&quot;:&quot;absolute&quot;}\" data-widget_type=\"heading.default\">\n\t\t\t\t\t<h2 class=\"elementor-heading-title elementor-size-default\">SALE<\/h2>\t\t\t\t<\/div>\n\t\t<div class=\"elementor-element elementor-element-2d9b67c e-con-full e-flex e-con e-child\" data-id=\"2d9b67c\" data-element_type=\"container\" data-e-type=\"container\">\n\t\t\t\t<div class=\"elementor-element elementor-element-cd0e8f9 elementor-widget elementor-widget-shortcode\" data-id=\"cd0e8f9\" data-element_type=\"widget\" data-e-type=\"widget\" data-widget_type=\"shortcode.default\">\n\t\t\t\t\t\t\t<div class=\"elementor-shortcode\"><\/div>\n\t\t\t\t\t\t<\/div>\n\t\t\t\t<\/div>\n\t\t<div class=\"elementor-element elementor-element-7ab553b e-con-full e-flex e-con e-child\" data-id=\"7ab553b\" data-element_type=\"container\" data-e-type=\"container\">\n\t\t\t\t<div class=\"elementor-element elementor-element-f588356 elementor-widget elementor-widget-heading\" data-id=\"f588356\" data-element_type=\"widget\" data-e-type=\"widget\" data-widget_type=\"heading.default\">\n\t\t\t\t\t<h3 class=\"elementor-heading-title elementor-size-default\"><a href=\"https:\/\/careista.ch\/fr\/produkte\/soins-buccaux-fr\/brosses-a-dents-soniques-fr\/edelwhite-sonic-generation-health-suite\/\">edel+white Sonic Generation Health Suite<\/a><\/h3>\t\t\t\t<\/div>\n\t\t\t\t<div class=\"elementor-element elementor-element-a85cfb5 elementor-widget elementor-widget-shortcode\" data-id=\"a85cfb5\" data-element_type=\"widget\" data-e-type=\"widget\" data-widget_type=\"shortcode.default\">\n\t\t\t\t\t\t\t<div class=\"elementor-shortcode\"><span class=\"tew-stars\" role=\"img\" aria-label=\"Rated 5 out of 5\"><span class=\"tew-star tew-full\">\u2605<\/span><span class=\"tew-star tew-full\">\u2605<\/span><span class=\"tew-star tew-full\">\u2605<\/span><span class=\"tew-star tew-full\">\u2605<\/span><span class=\"tew-star tew-half\"><span>\u2605<\/span><\/span><\/span><\/div>\n\t\t\t\t\t\t<\/div>\n\t\t\t\t<div class=\"elementor-element elementor-element-16fd2ac elementor-widget elementor-widget-heading\" data-id=\"16fd2ac\" data-element_type=\"widget\" data-e-type=\"widget\" data-widget_type=\"heading.default\">\n\t\t\t\t\t<h3 class=\"elementor-heading-title elementor-size-default\"><a href=\"https:\/\/careista.ch\/fr\/produkte\/soins-buccaux-fr\/brosses-a-dents-soniques-fr\/edelwhite-sonic-generation-health-suite\/\"><del aria-hidden=\"true\"><span class=\"woocommerce-Price-amount amount\"><span class=\"woocommerce-Price-currencySymbol\">&#067;&#072;&#070;<\/span>&nbsp;159.00<\/span><\/del> <span class=\"screen-reader-text\">Le prix initial \u00e9tait\u00a0: &#067;&#072;&#070;&nbsp;159.00.<\/span><ins aria-hidden=\"true\"><span class=\"woocommerce-Price-amount amount\"><span class=\"woocommerce-Price-currencySymbol\">&#067;&#072;&#070;<\/span>&nbsp;139.00<\/span><\/ins><span class=\"screen-reader-text\">Le prix actuel est\u00a0: &#067;&#072;&#070;&nbsp;139.00.<\/span> <small class=\"woocommerce-price-suffix\"> <small class=\"woocommerce-price-suffix\">TVA incl.<\/small><\/small><\/a><\/h3>\t\t\t\t<\/div>\n\t\t\t\t<div class=\"elementor-element elementor-element-0c8ffcd elementor-add-to-cart--align-center elementor-widget elementor-widget-woocommerce-product-add-to-cart\" data-id=\"0c8ffcd\" data-element_type=\"widget\" data-e-type=\"widget\" data-widget_type=\"woocommerce-product-add-to-cart.default\">\n\t\t\t\t\t\n\t\t<div class=\"elementor-add-to-cart elementor-product-simple\">\n\t\t\t\t\t<div class=\"e-loop-add-to-cart-form-container\">\n\t\t\t<form class=\"cart e-loop-add-to-cart-form\">\n\t\t\t\t<a href=\"\/fr\/wp-json\/wp\/v2\/pages\/12141?add-to-cart=9347\" aria-describedby=\"woocommerce_loop_add_to_cart_link_describedby_9347\" data-quantity=\"1\" class=\"button product_type_simple add_to_cart_button ajax_add_to_cart\" data-product_id=\"9347\" data-product_sku=\"100199\" aria-label=\"Ajouter au panier\u00a0: &ldquo;edel+white Sonic Generation Health Suite&rdquo;\" rel=\"nofollow\" data-success_message=\"\u00ab\u00a0edel+white Sonic Generation Health Suite\u00a0\u00bb a \u00e9t\u00e9 ajout\u00e9 \u00e0 votre panier\" role=\"button\">Ajouter au panier<\/a>\t<span id=\"woocommerce_loop_add_to_cart_link_describedby_9347\" class=\"screen-reader-text\">\n\t\t\t<\/span>\n\t\t\t<\/form>\n\t\t<\/div>\n\t\t\t\t<\/div>\n\n\t\t\t\t\t\t<\/div>\n\t\t\t\t<\/div>\n\t\t\t\t\t<\/div>\n\t\t\t\t<\/div>\n\t\t\t\t<\/div>\n\t\t\t\t<div data-elementor-type=\"loop-item\" data-elementor-id=\"13471\" class=\"elementor elementor-13471 elementor-13249 elementor-13249 swiper-slide e-loop-item e-loop-item-9346 post-9346 product type-product status-publish has-post-thumbnail anwendung-enfants product_brand-edelwhite-fr product_cat-soins-buccaux-fr product_cat-dentifrice-fr last instock featured taxable shipping-taxable purchasable product-type-simple\" data-elementor-post-type=\"elementor_library\" role=\"group\" aria-roledescription=\"slide\" data-custom-edit-handle=\"1\">\n\t\t\t<div class=\"elementor-element elementor-element-681a451 product-item e-flex e-con-boxed e-con e-parent\" data-id=\"681a451\" data-element_type=\"container\" data-e-type=\"container\">\n\t\t\t\t\t<div class=\"e-con-inner\">\n\t\t<div class=\"elementor-element elementor-element-2d9b67c e-con-full e-flex e-con e-child\" data-id=\"2d9b67c\" data-element_type=\"container\" data-e-type=\"container\">\n\t\t\t\t<div class=\"elementor-element elementor-element-cd0e8f9 elementor-widget elementor-widget-shortcode\" data-id=\"cd0e8f9\" data-element_type=\"widget\" data-e-type=\"widget\" data-widget_type=\"shortcode.default\">\n\t\t\t\t\t\t\t<div class=\"elementor-shortcode\"><\/div>\n\t\t\t\t\t\t<\/div>\n\t\t\t\t<\/div>\n\t\t<div class=\"elementor-element elementor-element-7ab553b e-con-full e-flex e-con e-child\" data-id=\"7ab553b\" data-element_type=\"container\" data-e-type=\"container\">\n\t\t\t\t<div class=\"elementor-element elementor-element-f588356 elementor-widget elementor-widget-heading\" data-id=\"f588356\" data-element_type=\"widget\" data-e-type=\"widget\" data-widget_type=\"heading.default\">\n\t\t\t\t\t<h3 class=\"elementor-heading-title elementor-size-default\"><a href=\"https:\/\/careista.ch\/fr\/produkte\/soins-buccaux-fr\/dentifrice-fr\/edelwhite-7-fruchtli-bionicmania-dentifrice-pour-enfants\/\">edel+white 7 Fruchtli &#8211; Bionicmania dentifrice pour enfants<\/a><\/h3>\t\t\t\t<\/div>\n\t\t\t\t<div class=\"elementor-element elementor-element-a85cfb5 elementor-widget elementor-widget-shortcode\" data-id=\"a85cfb5\" data-element_type=\"widget\" data-e-type=\"widget\" data-widget_type=\"shortcode.default\">\n\t\t\t\t\t\t\t<div class=\"elementor-shortcode\"><span class=\"tew-stars\" role=\"img\" aria-label=\"Rated 5 out of 5\"><span class=\"tew-star tew-full\">\u2605<\/span><span class=\"tew-star tew-full\">\u2605<\/span><span class=\"tew-star tew-full\">\u2605<\/span><span class=\"tew-star tew-full\">\u2605<\/span><span class=\"tew-star tew-half\"><span>\u2605<\/span><\/span><\/span><\/div>\n\t\t\t\t\t\t<\/div>\n\t\t\t\t<div class=\"elementor-element elementor-element-16fd2ac elementor-widget elementor-widget-heading\" data-id=\"16fd2ac\" data-element_type=\"widget\" data-e-type=\"widget\" data-widget_type=\"heading.default\">\n\t\t\t\t\t<h3 class=\"elementor-heading-title elementor-size-default\"><a href=\"https:\/\/careista.ch\/fr\/produkte\/soins-buccaux-fr\/dentifrice-fr\/edelwhite-7-fruchtli-bionicmania-dentifrice-pour-enfants\/\"><span class=\"woocommerce-Price-amount amount\"><span class=\"woocommerce-Price-currencySymbol\">&#067;&#072;&#070;<\/span>&nbsp;8.90<\/span> <small class=\"woocommerce-price-suffix\"> <small class=\"woocommerce-price-suffix\">TVA incl.<\/small><\/small><\/a><\/h3>\t\t\t\t<\/div>\n\t\t\t\t<div class=\"elementor-element elementor-element-0c8ffcd elementor-add-to-cart--align-center elementor-widget elementor-widget-woocommerce-product-add-to-cart\" data-id=\"0c8ffcd\" data-element_type=\"widget\" data-e-type=\"widget\" data-widget_type=\"woocommerce-product-add-to-cart.default\">\n\t\t\t\t\t\n\t\t<div class=\"elementor-add-to-cart elementor-product-simple\">\n\t\t\t\t\t<div class=\"e-loop-add-to-cart-form-container\">\n\t\t\t<form class=\"cart e-loop-add-to-cart-form\">\n\t\t\t\t<a href=\"\/fr\/wp-json\/wp\/v2\/pages\/12141?add-to-cart=9346\" aria-describedby=\"woocommerce_loop_add_to_cart_link_describedby_9346\" data-quantity=\"1\" class=\"button product_type_simple add_to_cart_button ajax_add_to_cart\" data-product_id=\"9346\" data-product_sku=\"500532\" aria-label=\"Ajouter au panier\u00a0: &ldquo;edel+white 7 Fruchtli - Bionicmania dentifrice pour enfants&rdquo;\" rel=\"nofollow\" data-success_message=\"\u00ab\u00a0edel+white 7 Fruchtli - Bionicmania dentifrice pour enfants\u00a0\u00bb a \u00e9t\u00e9 ajout\u00e9 \u00e0 votre panier\" role=\"button\">Ajouter au panier<\/a>\t<span id=\"woocommerce_loop_add_to_cart_link_describedby_9346\" class=\"screen-reader-text\">\n\t\t\t<\/span>\n\t\t\t<\/form>\n\t\t<\/div>\n\t\t\t\t<\/div>\n\n\t\t\t\t\t\t<\/div>\n\t\t\t\t<\/div>\n\t\t\t\t\t<\/div>\n\t\t\t\t<\/div>\n\t\t\t\t<\/div>\n\t\t\t\t<div data-elementor-type=\"loop-item\" data-elementor-id=\"13471\" class=\"elementor elementor-13471 elementor-13249 elementor-13249 swiper-slide e-loop-item e-loop-item-9467 post-9467 product type-product status-publish has-post-thumbnail anwendung-des-gencives-saines anwendung-une-haleine-fraiche product_brand-edelwhite-fr product_cat-soins-buccaux-fr product_cat-divers-soins-buccaux-fr first instock featured taxable shipping-taxable purchasable product-type-simple\" data-elementor-post-type=\"elementor_library\" role=\"group\" aria-roledescription=\"slide\" data-custom-edit-handle=\"1\">\n\t\t\t<div class=\"elementor-element elementor-element-681a451 product-item e-flex e-con-boxed e-con e-parent\" data-id=\"681a451\" data-element_type=\"container\" data-e-type=\"container\">\n\t\t\t\t\t<div class=\"e-con-inner\">\n\t\t<div class=\"elementor-element elementor-element-2d9b67c e-con-full e-flex e-con e-child\" data-id=\"2d9b67c\" data-element_type=\"container\" data-e-type=\"container\">\n\t\t\t\t<div class=\"elementor-element elementor-element-cd0e8f9 elementor-widget elementor-widget-shortcode\" data-id=\"cd0e8f9\" data-element_type=\"widget\" data-e-type=\"widget\" data-widget_type=\"shortcode.default\">\n\t\t\t\t\t\t\t<div class=\"elementor-shortcode\"><\/div>\n\t\t\t\t\t\t<\/div>\n\t\t\t\t<\/div>\n\t\t<div class=\"elementor-element elementor-element-7ab553b e-con-full e-flex e-con e-child\" data-id=\"7ab553b\" data-element_type=\"container\" data-e-type=\"container\">\n\t\t\t\t<div class=\"elementor-element elementor-element-f588356 elementor-widget elementor-widget-heading\" data-id=\"f588356\" data-element_type=\"widget\" data-e-type=\"widget\" data-widget_type=\"heading.default\">\n\t\t\t\t\t<h3 class=\"elementor-heading-title elementor-size-default\"><a href=\"https:\/\/careista.ch\/fr\/produkte\/soins-buccaux-fr\/divers-soins-buccaux-fr\/bain-de-bouche-edelwhite-freshprotect-400ml\/\">Bain de bouche edel+white Fresh+Protect 400ml<\/a><\/h3>\t\t\t\t<\/div>\n\t\t\t\t<div class=\"elementor-element elementor-element-a85cfb5 elementor-widget elementor-widget-shortcode\" data-id=\"a85cfb5\" data-element_type=\"widget\" data-e-type=\"widget\" data-widget_type=\"shortcode.default\">\n\t\t\t\t\t\t\t<div class=\"elementor-shortcode\"><span class=\"tew-stars\" role=\"img\" aria-label=\"Rated 5 out of 5\"><span class=\"tew-star tew-full\">\u2605<\/span><span class=\"tew-star tew-full\">\u2605<\/span><span class=\"tew-star tew-full\">\u2605<\/span><span class=\"tew-star tew-full\">\u2605<\/span><span class=\"tew-star tew-full\">\u2605<\/span><\/span><\/div>\n\t\t\t\t\t\t<\/div>\n\t\t\t\t<div class=\"elementor-element elementor-element-16fd2ac elementor-widget elementor-widget-heading\" data-id=\"16fd2ac\" data-element_type=\"widget\" data-e-type=\"widget\" data-widget_type=\"heading.default\">\n\t\t\t\t\t<h3 class=\"elementor-heading-title elementor-size-default\"><a href=\"https:\/\/careista.ch\/fr\/produkte\/soins-buccaux-fr\/divers-soins-buccaux-fr\/bain-de-bouche-edelwhite-freshprotect-400ml\/\"><span class=\"woocommerce-Price-amount amount\"><span class=\"woocommerce-Price-currencySymbol\">&#067;&#072;&#070;<\/span>&nbsp;5.90<\/span> <small class=\"woocommerce-price-suffix\"> <small class=\"woocommerce-price-suffix\">TVA incl.<\/small><\/small><\/a><\/h3>\t\t\t\t<\/div>\n\t\t\t\t<div class=\"elementor-element elementor-element-0c8ffcd elementor-add-to-cart--align-center elementor-widget elementor-widget-woocommerce-product-add-to-cart\" data-id=\"0c8ffcd\" data-element_type=\"widget\" data-e-type=\"widget\" data-widget_type=\"woocommerce-product-add-to-cart.default\">\n\t\t\t\t\t\n\t\t<div class=\"elementor-add-to-cart elementor-product-simple\">\n\t\t\t\t\t<div class=\"e-loop-add-to-cart-form-container\">\n\t\t\t<form class=\"cart e-loop-add-to-cart-form\">\n\t\t\t\t<a href=\"\/fr\/wp-json\/wp\/v2\/pages\/12141?add-to-cart=9467\" aria-describedby=\"woocommerce_loop_add_to_cart_link_describedby_9467\" data-quantity=\"1\" class=\"button product_type_simple add_to_cart_button ajax_add_to_cart\" data-product_id=\"9467\" data-product_sku=\"500541\" aria-label=\"Ajouter au panier\u00a0: &ldquo;Bain de bouche edel+white Fresh+Protect 400ml&rdquo;\" rel=\"nofollow\" data-success_message=\"\u00ab\u00a0Bain de bouche edel+white Fresh+Protect 400ml\u00a0\u00bb a \u00e9t\u00e9 ajout\u00e9 \u00e0 votre panier\" role=\"button\">Ajouter au panier<\/a>\t<span id=\"woocommerce_loop_add_to_cart_link_describedby_9467\" class=\"screen-reader-text\">\n\t\t\t<\/span>\n\t\t\t<\/form>\n\t\t<\/div>\n\t\t\t\t<\/div>\n\n\t\t\t\t\t\t<\/div>\n\t\t\t\t<\/div>\n\t\t\t\t\t<\/div>\n\t\t\t\t<\/div>\n\t\t\t\t<\/div>\n\t\t\t\t<div data-elementor-type=\"loop-item\" data-elementor-id=\"13471\" class=\"elementor elementor-13471 elementor-13249 elementor-13249 swiper-slide e-loop-item e-loop-item-9506 post-9506 product type-product status-publish has-post-thumbnail anwendung-dents-sensibles anwendung-une-haleine-fraiche product_brand-edelwhite-fr product_cat-soins-buccaux-fr product_cat-dentifrice-fr  instock featured taxable shipping-taxable purchasable product-type-simple\" data-elementor-post-type=\"elementor_library\" role=\"group\" aria-roledescription=\"slide\" data-custom-edit-handle=\"1\">\n\t\t\t<div class=\"elementor-element elementor-element-681a451 product-item e-flex e-con-boxed e-con e-parent\" data-id=\"681a451\" data-element_type=\"container\" data-e-type=\"container\">\n\t\t\t\t\t<div class=\"e-con-inner\">\n\t\t<div class=\"elementor-element elementor-element-2d9b67c e-con-full e-flex e-con e-child\" data-id=\"2d9b67c\" data-element_type=\"container\" data-e-type=\"container\">\n\t\t\t\t<div class=\"elementor-element elementor-element-cd0e8f9 elementor-widget elementor-widget-shortcode\" data-id=\"cd0e8f9\" data-element_type=\"widget\" data-e-type=\"widget\" data-widget_type=\"shortcode.default\">\n\t\t\t\t\t\t\t<div class=\"elementor-shortcode\"><\/div>\n\t\t\t\t\t\t<\/div>\n\t\t\t\t<\/div>\n\t\t<div class=\"elementor-element elementor-element-7ab553b e-con-full e-flex e-con e-child\" data-id=\"7ab553b\" data-element_type=\"container\" data-e-type=\"container\">\n\t\t\t\t<div class=\"elementor-element elementor-element-f588356 elementor-widget elementor-widget-heading\" data-id=\"f588356\" data-element_type=\"widget\" data-e-type=\"widget\" data-widget_type=\"heading.default\">\n\t\t\t\t\t<h3 class=\"elementor-heading-title elementor-size-default\"><a href=\"https:\/\/careista.ch\/fr\/produkte\/soins-buccaux-fr\/dentifrice-fr\/gel-dentaire-edelwhite-stop-sensitive-75ml\/\">Gel dentaire edel+white STOP Sensitive 75ml<\/a><\/h3>\t\t\t\t<\/div>\n\t\t\t\t<div class=\"elementor-element elementor-element-a85cfb5 elementor-widget elementor-widget-shortcode\" data-id=\"a85cfb5\" data-element_type=\"widget\" data-e-type=\"widget\" data-widget_type=\"shortcode.default\">\n\t\t\t\t\t\t\t<div class=\"elementor-shortcode\"><span class=\"tew-stars\" role=\"img\" aria-label=\"Rated 5 out of 5\"><span class=\"tew-star tew-full\">\u2605<\/span><span class=\"tew-star tew-full\">\u2605<\/span><span class=\"tew-star tew-full\">\u2605<\/span><span class=\"tew-star tew-full\">\u2605<\/span><span class=\"tew-star tew-half\"><span>\u2605<\/span><\/span><\/span><\/div>\n\t\t\t\t\t\t<\/div>\n\t\t\t\t<div class=\"elementor-element elementor-element-16fd2ac elementor-widget elementor-widget-heading\" data-id=\"16fd2ac\" data-element_type=\"widget\" data-e-type=\"widget\" data-widget_type=\"heading.default\">\n\t\t\t\t\t<h3 class=\"elementor-heading-title elementor-size-default\"><a href=\"https:\/\/careista.ch\/fr\/produkte\/soins-buccaux-fr\/dentifrice-fr\/gel-dentaire-edelwhite-stop-sensitive-75ml\/\"><span class=\"woocommerce-Price-amount amount\"><span class=\"woocommerce-Price-currencySymbol\">&#067;&#072;&#070;<\/span>&nbsp;7.90<\/span> <small class=\"woocommerce-price-suffix\"> <small class=\"woocommerce-price-suffix\">TVA incl.<\/small><\/small><\/a><\/h3>\t\t\t\t<\/div>\n\t\t\t\t<div class=\"elementor-element elementor-element-0c8ffcd elementor-add-to-cart--align-center elementor-widget elementor-widget-woocommerce-product-add-to-cart\" data-id=\"0c8ffcd\" data-element_type=\"widget\" data-e-type=\"widget\" data-widget_type=\"woocommerce-product-add-to-cart.default\">\n\t\t\t\t\t\n\t\t<div class=\"elementor-add-to-cart elementor-product-simple\">\n\t\t\t\t\t<div class=\"e-loop-add-to-cart-form-container\">\n\t\t\t<form class=\"cart e-loop-add-to-cart-form\">\n\t\t\t\t<a href=\"\/fr\/wp-json\/wp\/v2\/pages\/12141?add-to-cart=9506\" aria-describedby=\"woocommerce_loop_add_to_cart_link_describedby_9506\" data-quantity=\"1\" class=\"button product_type_simple add_to_cart_button ajax_add_to_cart\" data-product_id=\"9506\" data-product_sku=\"500505\" aria-label=\"Ajouter au panier\u00a0: &ldquo;Gel dentaire edel+white STOP Sensitive 75ml&rdquo;\" rel=\"nofollow\" data-success_message=\"\u00ab\u00a0Gel dentaire edel+white STOP Sensitive 75ml\u00a0\u00bb a \u00e9t\u00e9 ajout\u00e9 \u00e0 votre panier\" role=\"button\">Ajouter au panier<\/a>\t<span id=\"woocommerce_loop_add_to_cart_link_describedby_9506\" class=\"screen-reader-text\">\n\t\t\t<\/span>\n\t\t\t<\/form>\n\t\t<\/div>\n\t\t\t\t<\/div>\n\n\t\t\t\t\t\t<\/div>\n\t\t\t\t<\/div>\n\t\t\t\t\t<\/div>\n\t\t\t\t<\/div>\n\t\t\t\t<\/div>\n\t\t\t\t<div data-elementor-type=\"loop-item\" data-elementor-id=\"13471\" class=\"elementor elementor-13471 elementor-13249 elementor-13249 swiper-slide e-loop-item e-loop-item-9355 post-9355 product type-product status-publish has-post-thumbnail anwendung-des-gencives-saines anwendung-voyages anwendung-dents-sensibles anwendung-pour-entre-les-deux product_brand-edelwhite-fr product_cat-soins-buccaux-fr product_cat-douche-buccale-fr last instock featured taxable shipping-taxable purchasable product-type-simple\" data-elementor-post-type=\"elementor_library\" role=\"group\" aria-roledescription=\"slide\" data-custom-edit-handle=\"1\">\n\t\t\t<div class=\"elementor-element elementor-element-681a451 product-item e-flex e-con-boxed e-con e-parent\" data-id=\"681a451\" data-element_type=\"container\" data-e-type=\"container\">\n\t\t\t\t\t<div class=\"e-con-inner\">\n\t\t<div class=\"elementor-element elementor-element-2d9b67c e-con-full e-flex e-con e-child\" data-id=\"2d9b67c\" data-element_type=\"container\" data-e-type=\"container\">\n\t\t\t\t<div class=\"elementor-element elementor-element-cd0e8f9 elementor-widget elementor-widget-shortcode\" data-id=\"cd0e8f9\" data-element_type=\"widget\" data-e-type=\"widget\" data-widget_type=\"shortcode.default\">\n\t\t\t\t\t\t\t<div class=\"elementor-shortcode\"><\/div>\n\t\t\t\t\t\t<\/div>\n\t\t\t\t<\/div>\n\t\t<div class=\"elementor-element elementor-element-7ab553b e-con-full e-flex e-con e-child\" data-id=\"7ab553b\" data-element_type=\"container\" data-e-type=\"container\">\n\t\t\t\t<div class=\"elementor-element elementor-element-f588356 elementor-widget elementor-widget-heading\" data-id=\"f588356\" data-element_type=\"widget\" data-e-type=\"widget\" data-widget_type=\"heading.default\">\n\t\t\t\t\t<h3 class=\"elementor-heading-title elementor-size-default\"><a href=\"https:\/\/careista.ch\/fr\/produkte\/soins-buccaux-fr\/douche-buccale-fr\/edelwhite-flosserpik-power-spa\/\">Douche buccale edel+white Flosserpik Power Spa<\/a><\/h3>\t\t\t\t<\/div>\n\t\t\t\t<div class=\"elementor-element elementor-element-a85cfb5 elementor-widget elementor-widget-shortcode\" data-id=\"a85cfb5\" data-element_type=\"widget\" data-e-type=\"widget\" data-widget_type=\"shortcode.default\">\n\t\t\t\t\t\t\t<div class=\"elementor-shortcode\"><span class=\"tew-stars\" role=\"img\" aria-label=\"Rated 5 out of 5\"><span class=\"tew-star tew-full\">\u2605<\/span><span class=\"tew-star tew-full\">\u2605<\/span><span class=\"tew-star tew-full\">\u2605<\/span><span class=\"tew-star tew-full\">\u2605<\/span><span class=\"tew-star tew-half\"><span>\u2605<\/span><\/span><\/span><\/div>\n\t\t\t\t\t\t<\/div>\n\t\t\t\t<div class=\"elementor-element elementor-element-16fd2ac elementor-widget elementor-widget-heading\" data-id=\"16fd2ac\" data-element_type=\"widget\" data-e-type=\"widget\" data-widget_type=\"heading.default\">\n\t\t\t\t\t<h3 class=\"elementor-heading-title elementor-size-default\"><a href=\"https:\/\/careista.ch\/fr\/produkte\/soins-buccaux-fr\/douche-buccale-fr\/edelwhite-flosserpik-power-spa\/\"><span class=\"woocommerce-Price-amount amount\"><span class=\"woocommerce-Price-currencySymbol\">&#067;&#072;&#070;<\/span>&nbsp;89.00<\/span> <small class=\"woocommerce-price-suffix\"> <small class=\"woocommerce-price-suffix\">TVA incl.<\/small><\/small><\/a><\/h3>\t\t\t\t<\/div>\n\t\t\t\t<div class=\"elementor-element elementor-element-0c8ffcd elementor-add-to-cart--align-center elementor-widget elementor-widget-woocommerce-product-add-to-cart\" data-id=\"0c8ffcd\" data-element_type=\"widget\" data-e-type=\"widget\" data-widget_type=\"woocommerce-product-add-to-cart.default\">\n\t\t\t\t\t\n\t\t<div class=\"elementor-add-to-cart elementor-product-simple\">\n\t\t\t\t\t<div class=\"e-loop-add-to-cart-form-container\">\n\t\t\t<form class=\"cart e-loop-add-to-cart-form\">\n\t\t\t\t<a href=\"\/fr\/wp-json\/wp\/v2\/pages\/12141?add-to-cart=9355\" aria-describedby=\"woocommerce_loop_add_to_cart_link_describedby_9355\" data-quantity=\"1\" class=\"button product_type_simple add_to_cart_button ajax_add_to_cart\" data-product_id=\"9355\" data-product_sku=\"100171\" aria-label=\"Ajouter au panier\u00a0: &ldquo;Douche buccale edel+white Flosserpik Power Spa&rdquo;\" rel=\"nofollow\" data-success_message=\"\u00ab\u00a0Douche buccale edel+white Flosserpik Power Spa\u00a0\u00bb a \u00e9t\u00e9 ajout\u00e9 \u00e0 votre panier\" role=\"button\">Ajouter au panier<\/a>\t<span id=\"woocommerce_loop_add_to_cart_link_describedby_9355\" class=\"screen-reader-text\">\n\t\t\t<\/span>\n\t\t\t<\/form>\n\t\t<\/div>\n\t\t\t\t<\/div>\n\n\t\t\t\t\t\t<\/div>\n\t\t\t\t<\/div>\n\t\t\t\t\t<\/div>\n\t\t\t\t<\/div>\n\t\t\t\t<\/div>\n\t\t\t\t<\/div>\n\t\t<\/div>\n\t\t\t\t\t<div class=\"elementor-swiper-button elementor-swiper-button-prev\" role=\"button\" tabindex=\"0\" aria-label=\"Pr\u00e9c\u00e9dent\">\n\t\t\t\t<svg aria-hidden=\"true\" class=\"e-font-icon-svg e-eicon-chevron-left\" viewBox=\"0 0 1000 1000\" xmlns=\"http:\/\/www.w3.org\/2000\/svg\"><path d=\"M646 125C629 125 613 133 604 142L308 442C296 454 292 471 292 487 292 504 296 521 308 533L604 854C617 867 629 875 646 875 663 875 679 871 692 858 704 846 713 829 713 812 713 796 708 779 692 767L438 487 692 225C700 217 708 204 708 187 708 171 704 154 692 142 675 129 663 125 646 125Z\"><\/path><\/svg>\t\t\t<\/div>\n\t\t\t<div class=\"elementor-swiper-button elementor-swiper-button-next\" role=\"button\" tabindex=\"0\" aria-label=\"Suivant\">\n\t\t\t\t<svg aria-hidden=\"true\" class=\"e-font-icon-svg e-eicon-chevron-right\" viewBox=\"0 0 1000 1000\" xmlns=\"http:\/\/www.w3.org\/2000\/svg\"><path d=\"M696 533C708 521 713 504 713 487 713 471 708 454 696 446L400 146C388 133 375 125 354 125 338 125 325 129 313 142 300 154 292 171 292 187 292 204 296 221 308 233L563 492 304 771C292 783 288 800 288 817 288 833 296 850 308 863 321 871 338 875 354 875 371 875 388 867 400 854L696 533Z\"><\/path><\/svg>\t\t\t<\/div>\n\t\t\t\t\t<div class=\"swiper-pagination\"><\/div>\n\t\t\t\t\t\t<\/div>\n\t\t\t\t<\/div>\n\t\t<div id=\"e-n-tab-content-602550313\" role=\"tabpanel\" aria-labelledby=\"e-n-tab-title-602550313\" data-tab-index=\"3\" style=\"--n-tabs-title-order: 3;\" class=\" elementor-element elementor-element-3bfc21e e-con-full e-flex e-con e-child\" data-id=\"3bfc21e\" data-element_type=\"container\" data-e-type=\"container\">\n\t\t\t\t<div class=\"woocommerce elementor-element elementor-element-8ebfc34 elementor-pagination-type-bullets elementor-arrows-position-inside elementor-pagination-position-outside elementor-widget elementor-widget-loop-carousel\" data-id=\"8ebfc34\" data-element_type=\"widget\" data-e-type=\"widget\" data-settings=\"{&quot;_skin&quot;:&quot;product&quot;,&quot;template_id&quot;:13471,&quot;slides_to_show&quot;:&quot;5&quot;,&quot;slides_to_show_tablet&quot;:&quot;2&quot;,&quot;slides_to_show_mobile&quot;:&quot;1&quot;,&quot;slides_to_scroll&quot;:&quot;1&quot;,&quot;edit_handle_selector&quot;:&quot;.elementor-loop-container&quot;,&quot;speed&quot;:500,&quot;arrows&quot;:&quot;yes&quot;,&quot;pagination&quot;:&quot;bullets&quot;,&quot;image_spacing_custom&quot;:{&quot;unit&quot;:&quot;px&quot;,&quot;size&quot;:10,&quot;sizes&quot;:[]},&quot;image_spacing_custom_tablet&quot;:{&quot;unit&quot;:&quot;px&quot;,&quot;size&quot;:&quot;&quot;,&quot;sizes&quot;:[]},&quot;image_spacing_custom_mobile&quot;:{&quot;unit&quot;:&quot;px&quot;,&quot;size&quot;:&quot;&quot;,&quot;sizes&quot;:[]}}\" data-widget_type=\"loop-carousel.product\">\n\t\t\t\t\t\t\t<div class=\"swiper elementor-loop-container elementor-grid\" role=\"list\" dir=\"ltr\">\n\t\t\t\t<div class=\"swiper-wrapper\" aria-live=\"polite\">\n\t\t\t\t<div data-elementor-type=\"loop-item\" data-elementor-id=\"13471\" class=\"elementor elementor-13471 elementor-13249 elementor-13249 swiper-slide e-loop-item e-loop-item-9452 post-9452 product type-product status-publish has-post-thumbnail anwendung-des-gencives-saines product_brand-edelwhite-fr product_cat-soins-buccaux-fr product_cat-dentifrice-fr first instock featured taxable shipping-taxable purchasable product-type-simple\" data-elementor-post-type=\"elementor_library\" role=\"group\" aria-roledescription=\"slide\" data-custom-edit-handle=\"1\">\n\t\t\t<div class=\"elementor-element elementor-element-681a451 product-item e-flex e-con-boxed e-con e-parent\" data-id=\"681a451\" data-element_type=\"container\" data-e-type=\"container\">\n\t\t\t\t\t<div class=\"e-con-inner\">\n\t\t<div class=\"elementor-element elementor-element-2d9b67c e-con-full e-flex e-con e-child\" data-id=\"2d9b67c\" data-element_type=\"container\" data-e-type=\"container\">\n\t\t\t\t<div class=\"elementor-element elementor-element-cd0e8f9 elementor-widget elementor-widget-shortcode\" data-id=\"cd0e8f9\" data-element_type=\"widget\" data-e-type=\"widget\" data-widget_type=\"shortcode.default\">\n\t\t\t\t\t\t\t<div class=\"elementor-shortcode\"><\/div>\n\t\t\t\t\t\t<\/div>\n\t\t\t\t<\/div>\n\t\t<div class=\"elementor-element elementor-element-7ab553b e-con-full e-flex e-con e-child\" data-id=\"7ab553b\" data-element_type=\"container\" data-e-type=\"container\">\n\t\t\t\t<div class=\"elementor-element elementor-element-f588356 elementor-widget elementor-widget-heading\" data-id=\"f588356\" data-element_type=\"widget\" data-e-type=\"widget\" data-widget_type=\"heading.default\">\n\t\t\t\t\t<h3 class=\"elementor-heading-title elementor-size-default\"><a href=\"https:\/\/careista.ch\/fr\/produkte\/soins-buccaux-fr\/dentifrice-fr\/dentifrice-edelwhite-care-forte-75ml\/\">edel+white Care Forte dentifrice 75ml (**NEW DESIGN 2026**)<\/a><\/h3>\t\t\t\t<\/div>\n\t\t\t\t<div class=\"elementor-element elementor-element-a85cfb5 elementor-widget elementor-widget-shortcode\" data-id=\"a85cfb5\" data-element_type=\"widget\" data-e-type=\"widget\" data-widget_type=\"shortcode.default\">\n\t\t\t\t\t\t\t<div class=\"elementor-shortcode\"><span class=\"tew-stars\" role=\"img\" aria-label=\"Rated 5 out of 5\"><span class=\"tew-star tew-full\">\u2605<\/span><span class=\"tew-star tew-full\">\u2605<\/span><span class=\"tew-star tew-full\">\u2605<\/span><span class=\"tew-star tew-full\">\u2605<\/span><span class=\"tew-star tew-half\"><span>\u2605<\/span><\/span><\/span><\/div>\n\t\t\t\t\t\t<\/div>\n\t\t\t\t<div class=\"elementor-element elementor-element-16fd2ac elementor-widget elementor-widget-heading\" data-id=\"16fd2ac\" data-element_type=\"widget\" data-e-type=\"widget\" data-widget_type=\"heading.default\">\n\t\t\t\t\t<h3 class=\"elementor-heading-title elementor-size-default\"><a href=\"https:\/\/careista.ch\/fr\/produkte\/soins-buccaux-fr\/dentifrice-fr\/dentifrice-edelwhite-care-forte-75ml\/\"><span class=\"woocommerce-Price-amount amount\"><span class=\"woocommerce-Price-currencySymbol\">&#067;&#072;&#070;<\/span>&nbsp;5.50<\/span> <small class=\"woocommerce-price-suffix\"> <small class=\"woocommerce-price-suffix\">TVA incl.<\/small><\/small><\/a><\/h3>\t\t\t\t<\/div>\n\t\t\t\t<div class=\"elementor-element elementor-element-0c8ffcd elementor-add-to-cart--align-center elementor-widget elementor-widget-woocommerce-product-add-to-cart\" data-id=\"0c8ffcd\" data-element_type=\"widget\" data-e-type=\"widget\" data-widget_type=\"woocommerce-product-add-to-cart.default\">\n\t\t\t\t\t\n\t\t<div class=\"elementor-add-to-cart elementor-product-simple\">\n\t\t\t\t\t<div class=\"e-loop-add-to-cart-form-container\">\n\t\t\t<form class=\"cart e-loop-add-to-cart-form\">\n\t\t\t\t<a href=\"\/fr\/wp-json\/wp\/v2\/pages\/12141?add-to-cart=9452\" aria-describedby=\"woocommerce_loop_add_to_cart_link_describedby_9452\" data-quantity=\"1\" class=\"button product_type_simple add_to_cart_button ajax_add_to_cart\" data-product_id=\"9452\" data-product_sku=\"500510\" aria-label=\"Ajouter au panier\u00a0: &ldquo;edel+white Care Forte dentifrice 75ml (**NEW DESIGN 2026**)&rdquo;\" rel=\"nofollow\" data-success_message=\"\u00ab\u00a0edel+white Care Forte dentifrice 75ml (**NEW DESIGN 2026**)\u00a0\u00bb a \u00e9t\u00e9 ajout\u00e9 \u00e0 votre panier\" role=\"button\">Ajouter au panier<\/a>\t<span id=\"woocommerce_loop_add_to_cart_link_describedby_9452\" class=\"screen-reader-text\">\n\t\t\t<\/span>\n\t\t\t<\/form>\n\t\t<\/div>\n\t\t\t\t<\/div>\n\n\t\t\t\t\t\t<\/div>\n\t\t\t\t<\/div>\n\t\t\t\t\t<\/div>\n\t\t\t\t<\/div>\n\t\t\t\t<\/div>\n\t\t\t\t<div data-elementor-type=\"loop-item\" data-elementor-id=\"13471\" class=\"elementor elementor-13471 elementor-13249 elementor-13249 swiper-slide e-loop-item e-loop-item-9353 post-9353 product type-product status-publish has-post-thumbnail anwendung-des-gencives-saines anwendung-dents-sensibles product_brand-edelwhite-fr product_cat-soins-buccaux-fr product_cat-brosses-a-dents-fr  instock featured taxable shipping-taxable purchasable product-type-simple\" data-elementor-post-type=\"elementor_library\" role=\"group\" aria-roledescription=\"slide\" data-custom-edit-handle=\"1\">\n\t\t\t<div class=\"elementor-element elementor-element-681a451 product-item e-flex e-con-boxed e-con e-parent\" data-id=\"681a451\" data-element_type=\"container\" data-e-type=\"container\">\n\t\t\t\t\t<div class=\"e-con-inner\">\n\t\t<div class=\"elementor-element elementor-element-2d9b67c e-con-full e-flex e-con e-child\" data-id=\"2d9b67c\" data-element_type=\"container\" data-e-type=\"container\">\n\t\t\t\t<div class=\"elementor-element elementor-element-cd0e8f9 elementor-widget elementor-widget-shortcode\" data-id=\"cd0e8f9\" data-element_type=\"widget\" data-e-type=\"widget\" data-widget_type=\"shortcode.default\">\n\t\t\t\t\t\t\t<div class=\"elementor-shortcode\"><\/div>\n\t\t\t\t\t\t<\/div>\n\t\t\t\t<\/div>\n\t\t<div class=\"elementor-element elementor-element-7ab553b e-con-full e-flex e-con e-child\" data-id=\"7ab553b\" data-element_type=\"container\" data-e-type=\"container\">\n\t\t\t\t<div class=\"elementor-element elementor-element-f588356 elementor-widget elementor-widget-heading\" data-id=\"f588356\" data-element_type=\"widget\" data-e-type=\"widget\" data-widget_type=\"heading.default\">\n\t\t\t\t\t<h3 class=\"elementor-heading-title elementor-size-default\"><a href=\"https:\/\/careista.ch\/fr\/produkte\/soins-buccaux-fr\/brosses-a-dents-fr\/brosse-a-dents-edelwhite-cleancurl-3d\/\">edel+white Clean Curl 3D brosse \u00e0 dents<\/a><\/h3>\t\t\t\t<\/div>\n\t\t\t\t<div class=\"elementor-element elementor-element-a85cfb5 elementor-widget elementor-widget-shortcode\" data-id=\"a85cfb5\" data-element_type=\"widget\" data-e-type=\"widget\" data-widget_type=\"shortcode.default\">\n\t\t\t\t\t\t\t<div class=\"elementor-shortcode\"><span class=\"tew-stars\" role=\"img\" aria-label=\"Rated 5 out of 5\"><span class=\"tew-star tew-full\">\u2605<\/span><span class=\"tew-star tew-full\">\u2605<\/span><span class=\"tew-star tew-full\">\u2605<\/span><span class=\"tew-star tew-full\">\u2605<\/span><span class=\"tew-star tew-full\">\u2605<\/span><\/span><\/div>\n\t\t\t\t\t\t<\/div>\n\t\t\t\t<div class=\"elementor-element elementor-element-16fd2ac elementor-widget elementor-widget-heading\" data-id=\"16fd2ac\" data-element_type=\"widget\" data-e-type=\"widget\" data-widget_type=\"heading.default\">\n\t\t\t\t\t<h3 class=\"elementor-heading-title elementor-size-default\"><a href=\"https:\/\/careista.ch\/fr\/produkte\/soins-buccaux-fr\/brosses-a-dents-fr\/brosse-a-dents-edelwhite-cleancurl-3d\/\"><span class=\"woocommerce-Price-amount amount\"><span class=\"woocommerce-Price-currencySymbol\">&#067;&#072;&#070;<\/span>&nbsp;4.90<\/span> <small class=\"woocommerce-price-suffix\"> <small class=\"woocommerce-price-suffix\">TVA incl.<\/small><\/small><\/a><\/h3>\t\t\t\t<\/div>\n\t\t\t\t<div class=\"elementor-element elementor-element-0c8ffcd elementor-add-to-cart--align-center elementor-widget elementor-widget-woocommerce-product-add-to-cart\" data-id=\"0c8ffcd\" data-element_type=\"widget\" data-e-type=\"widget\" data-widget_type=\"woocommerce-product-add-to-cart.default\">\n\t\t\t\t\t\n\t\t<div class=\"elementor-add-to-cart elementor-product-simple\">\n\t\t\t\t\t<div class=\"e-loop-add-to-cart-form-container\">\n\t\t\t<form class=\"cart e-loop-add-to-cart-form\">\n\t\t\t\t<a href=\"\/fr\/wp-json\/wp\/v2\/pages\/12141?add-to-cart=9353\" aria-describedby=\"woocommerce_loop_add_to_cart_link_describedby_9353\" data-quantity=\"1\" class=\"button product_type_simple add_to_cart_button ajax_add_to_cart\" data-product_id=\"9353\" data-product_sku=\"100129\" aria-label=\"Ajouter au panier\u00a0: &ldquo;edel+white Clean Curl 3D brosse \u00e0 dents&rdquo;\" rel=\"nofollow\" data-success_message=\"\u00ab\u00a0edel+white Clean Curl 3D brosse \u00e0 dents\u00a0\u00bb a \u00e9t\u00e9 ajout\u00e9 \u00e0 votre panier\" role=\"button\">Ajouter au panier<\/a>\t<span id=\"woocommerce_loop_add_to_cart_link_describedby_9353\" class=\"screen-reader-text\">\n\t\t\t<\/span>\n\t\t\t<\/form>\n\t\t<\/div>\n\t\t\t\t<\/div>\n\n\t\t\t\t\t\t<\/div>\n\t\t\t\t<\/div>\n\t\t\t\t\t<\/div>\n\t\t\t\t<\/div>\n\t\t\t\t<\/div>\n\t\t\t\t<div data-elementor-type=\"loop-item\" data-elementor-id=\"13471\" class=\"elementor elementor-13471 elementor-13249 elementor-13249 swiper-slide e-loop-item e-loop-item-9347 post-9347 product type-product status-publish has-post-thumbnail anwendung-des-gencives-saines anwendung-dents-sensibles anwendung-appareils-dentaires product_brand-edelwhite-fr product_cat-soins-buccaux-fr product_cat-brosses-a-dents-soniques-fr last instock sale featured taxable shipping-taxable purchasable product-type-simple\" data-elementor-post-type=\"elementor_library\" role=\"group\" aria-roledescription=\"slide\" data-custom-edit-handle=\"1\">\n\t\t\t<div class=\"elementor-element elementor-element-681a451 product-item e-flex e-con-boxed e-con e-parent\" data-id=\"681a451\" data-element_type=\"container\" data-e-type=\"container\">\n\t\t\t\t\t<div class=\"e-con-inner\">\n\t\t\t\t<div data-dce-advanced-background-color=\"#FF3C3C\" class=\"elementor-element elementor-element-98850be elementor-absolute elementor-widget elementor-widget-heading\" data-id=\"98850be\" data-element_type=\"widget\" data-e-type=\"widget\" id=\"3\" data-settings=\"{&quot;_position&quot;:&quot;absolute&quot;}\" data-widget_type=\"heading.default\">\n\t\t\t\t\t<h2 class=\"elementor-heading-title elementor-size-default\">SALE<\/h2>\t\t\t\t<\/div>\n\t\t<div class=\"elementor-element elementor-element-2d9b67c e-con-full e-flex e-con e-child\" data-id=\"2d9b67c\" data-element_type=\"container\" data-e-type=\"container\">\n\t\t\t\t<div class=\"elementor-element elementor-element-cd0e8f9 elementor-widget elementor-widget-shortcode\" data-id=\"cd0e8f9\" data-element_type=\"widget\" data-e-type=\"widget\" data-widget_type=\"shortcode.default\">\n\t\t\t\t\t\t\t<div class=\"elementor-shortcode\"><\/div>\n\t\t\t\t\t\t<\/div>\n\t\t\t\t<\/div>\n\t\t<div class=\"elementor-element elementor-element-7ab553b e-con-full e-flex e-con e-child\" data-id=\"7ab553b\" data-element_type=\"container\" data-e-type=\"container\">\n\t\t\t\t<div class=\"elementor-element elementor-element-f588356 elementor-widget elementor-widget-heading\" data-id=\"f588356\" data-element_type=\"widget\" data-e-type=\"widget\" data-widget_type=\"heading.default\">\n\t\t\t\t\t<h3 class=\"elementor-heading-title elementor-size-default\"><a href=\"https:\/\/careista.ch\/fr\/produkte\/soins-buccaux-fr\/brosses-a-dents-soniques-fr\/edelwhite-sonic-generation-health-suite\/\">edel+white Sonic Generation Health Suite<\/a><\/h3>\t\t\t\t<\/div>\n\t\t\t\t<div class=\"elementor-element elementor-element-a85cfb5 elementor-widget elementor-widget-shortcode\" data-id=\"a85cfb5\" data-element_type=\"widget\" data-e-type=\"widget\" data-widget_type=\"shortcode.default\">\n\t\t\t\t\t\t\t<div class=\"elementor-shortcode\"><span class=\"tew-stars\" role=\"img\" aria-label=\"Rated 5 out of 5\"><span class=\"tew-star tew-full\">\u2605<\/span><span class=\"tew-star tew-full\">\u2605<\/span><span class=\"tew-star tew-full\">\u2605<\/span><span class=\"tew-star tew-full\">\u2605<\/span><span class=\"tew-star tew-half\"><span>\u2605<\/span><\/span><\/span><\/div>\n\t\t\t\t\t\t<\/div>\n\t\t\t\t<div class=\"elementor-element elementor-element-16fd2ac elementor-widget elementor-widget-heading\" data-id=\"16fd2ac\" data-element_type=\"widget\" data-e-type=\"widget\" data-widget_type=\"heading.default\">\n\t\t\t\t\t<h3 class=\"elementor-heading-title elementor-size-default\"><a href=\"https:\/\/careista.ch\/fr\/produkte\/soins-buccaux-fr\/brosses-a-dents-soniques-fr\/edelwhite-sonic-generation-health-suite\/\"><del aria-hidden=\"true\"><span class=\"woocommerce-Price-amount amount\"><span class=\"woocommerce-Price-currencySymbol\">&#067;&#072;&#070;<\/span>&nbsp;159.00<\/span><\/del> <span class=\"screen-reader-text\">Le prix initial \u00e9tait\u00a0: &#067;&#072;&#070;&nbsp;159.00.<\/span><ins aria-hidden=\"true\"><span class=\"woocommerce-Price-amount amount\"><span class=\"woocommerce-Price-currencySymbol\">&#067;&#072;&#070;<\/span>&nbsp;139.00<\/span><\/ins><span class=\"screen-reader-text\">Le prix actuel est\u00a0: &#067;&#072;&#070;&nbsp;139.00.<\/span> <small class=\"woocommerce-price-suffix\"> <small class=\"woocommerce-price-suffix\">TVA incl.<\/small><\/small><\/a><\/h3>\t\t\t\t<\/div>\n\t\t\t\t<div class=\"elementor-element elementor-element-0c8ffcd elementor-add-to-cart--align-center elementor-widget elementor-widget-woocommerce-product-add-to-cart\" data-id=\"0c8ffcd\" data-element_type=\"widget\" data-e-type=\"widget\" data-widget_type=\"woocommerce-product-add-to-cart.default\">\n\t\t\t\t\t\n\t\t<div class=\"elementor-add-to-cart elementor-product-simple\">\n\t\t\t\t\t<div class=\"e-loop-add-to-cart-form-container\">\n\t\t\t<form class=\"cart e-loop-add-to-cart-form\">\n\t\t\t\t<a href=\"\/fr\/wp-json\/wp\/v2\/pages\/12141?add-to-cart=9347\" aria-describedby=\"woocommerce_loop_add_to_cart_link_describedby_9347\" data-quantity=\"1\" class=\"button product_type_simple add_to_cart_button ajax_add_to_cart\" data-product_id=\"9347\" data-product_sku=\"100199\" aria-label=\"Ajouter au panier\u00a0: &ldquo;edel+white Sonic Generation Health Suite&rdquo;\" rel=\"nofollow\" data-success_message=\"\u00ab\u00a0edel+white Sonic Generation Health Suite\u00a0\u00bb a \u00e9t\u00e9 ajout\u00e9 \u00e0 votre panier\" role=\"button\">Ajouter au panier<\/a>\t<span id=\"woocommerce_loop_add_to_cart_link_describedby_9347\" class=\"screen-reader-text\">\n\t\t\t<\/span>\n\t\t\t<\/form>\n\t\t<\/div>\n\t\t\t\t<\/div>\n\n\t\t\t\t\t\t<\/div>\n\t\t\t\t<\/div>\n\t\t\t\t\t<\/div>\n\t\t\t\t<\/div>\n\t\t\t\t<\/div>\n\t\t\t\t<div data-elementor-type=\"loop-item\" data-elementor-id=\"13471\" class=\"elementor elementor-13471 elementor-13249 elementor-13249 swiper-slide e-loop-item e-loop-item-9493 post-9493 product type-product status-publish has-post-thumbnail anwendung-des-gencives-saines anwendung-dents-sensibles product_brand-edelwhite-fr product_cat-soins-buccaux-fr product_cat-brosses-a-dents-soniques-fr first instock taxable shipping-taxable purchasable product-type-simple\" data-elementor-post-type=\"elementor_library\" role=\"group\" aria-roledescription=\"slide\" data-custom-edit-handle=\"1\">\n\t\t\t<div class=\"elementor-element elementor-element-681a451 product-item e-flex e-con-boxed e-con e-parent\" data-id=\"681a451\" data-element_type=\"container\" data-e-type=\"container\">\n\t\t\t\t\t<div class=\"e-con-inner\">\n\t\t<div class=\"elementor-element elementor-element-2d9b67c e-con-full e-flex e-con e-child\" data-id=\"2d9b67c\" data-element_type=\"container\" data-e-type=\"container\">\n\t\t\t\t<div class=\"elementor-element elementor-element-cd0e8f9 elementor-widget elementor-widget-shortcode\" data-id=\"cd0e8f9\" data-element_type=\"widget\" data-e-type=\"widget\" data-widget_type=\"shortcode.default\">\n\t\t\t\t\t\t\t<div class=\"elementor-shortcode\"><\/div>\n\t\t\t\t\t\t<\/div>\n\t\t\t\t<\/div>\n\t\t<div class=\"elementor-element elementor-element-7ab553b e-con-full e-flex e-con e-child\" data-id=\"7ab553b\" data-element_type=\"container\" data-e-type=\"container\">\n\t\t\t\t<div class=\"elementor-element elementor-element-f588356 elementor-widget elementor-widget-heading\" data-id=\"f588356\" data-element_type=\"widget\" data-e-type=\"widget\" data-widget_type=\"heading.default\">\n\t\t\t\t\t<h3 class=\"elementor-heading-title elementor-size-default\"><a href=\"https:\/\/careista.ch\/fr\/produkte\/soins-buccaux-fr\/brosses-a-dents-soniques-fr\/tetes-de-brosse-edelwhite-dual-clean-ultrasoft-airbag\/\">T\u00eates de brosse edel+white Dual Clean Ultrasoft Airbag<\/a><\/h3>\t\t\t\t<\/div>\n\t\t\t\t<div class=\"elementor-element elementor-element-a85cfb5 elementor-widget elementor-widget-shortcode\" data-id=\"a85cfb5\" data-element_type=\"widget\" data-e-type=\"widget\" data-widget_type=\"shortcode.default\">\n\t\t\t\t\t\t\t<div class=\"elementor-shortcode\"><span class=\"tew-stars\" role=\"img\" aria-label=\"Rated 5 out of 5\"><span class=\"tew-star tew-full\">\u2605<\/span><span class=\"tew-star tew-full\">\u2605<\/span><span class=\"tew-star tew-full\">\u2605<\/span><span class=\"tew-star tew-full\">\u2605<\/span><span class=\"tew-star tew-half\"><span>\u2605<\/span><\/span><\/span><\/div>\n\t\t\t\t\t\t<\/div>\n\t\t\t\t<div class=\"elementor-element elementor-element-16fd2ac elementor-widget elementor-widget-heading\" data-id=\"16fd2ac\" data-element_type=\"widget\" data-e-type=\"widget\" data-widget_type=\"heading.default\">\n\t\t\t\t\t<h3 class=\"elementor-heading-title elementor-size-default\"><a href=\"https:\/\/careista.ch\/fr\/produkte\/soins-buccaux-fr\/brosses-a-dents-soniques-fr\/tetes-de-brosse-edelwhite-dual-clean-ultrasoft-airbag\/\"><span class=\"woocommerce-Price-amount amount\"><span class=\"woocommerce-Price-currencySymbol\">&#067;&#072;&#070;<\/span>&nbsp;16.50<\/span> <small class=\"woocommerce-price-suffix\"> <small class=\"woocommerce-price-suffix\">TVA incl.<\/small><\/small><\/a><\/h3>\t\t\t\t<\/div>\n\t\t\t\t<div class=\"elementor-element elementor-element-0c8ffcd elementor-add-to-cart--align-center elementor-widget elementor-widget-woocommerce-product-add-to-cart\" data-id=\"0c8ffcd\" data-element_type=\"widget\" data-e-type=\"widget\" data-widget_type=\"woocommerce-product-add-to-cart.default\">\n\t\t\t\t\t\n\t\t<div class=\"elementor-add-to-cart elementor-product-simple\">\n\t\t\t\t\t<div class=\"e-loop-add-to-cart-form-container\">\n\t\t\t<form class=\"cart e-loop-add-to-cart-form\">\n\t\t\t\t<a href=\"\/fr\/wp-json\/wp\/v2\/pages\/12141?add-to-cart=9493\" aria-describedby=\"woocommerce_loop_add_to_cart_link_describedby_9493\" data-quantity=\"1\" class=\"button product_type_simple add_to_cart_button ajax_add_to_cart\" data-product_id=\"9493\" data-product_sku=\"100192\" aria-label=\"Ajouter au panier\u00a0: &ldquo;T\u00eates de brosse edel+white Dual Clean Ultrasoft Airbag&rdquo;\" rel=\"nofollow\" data-success_message=\"\u00ab\u00a0T\u00eates de brosse edel+white Dual Clean Ultrasoft Airbag\u00a0\u00bb a \u00e9t\u00e9 ajout\u00e9 \u00e0 votre panier\" role=\"button\">Ajouter au panier<\/a>\t<span id=\"woocommerce_loop_add_to_cart_link_describedby_9493\" class=\"screen-reader-text\">\n\t\t\t<\/span>\n\t\t\t<\/form>\n\t\t<\/div>\n\t\t\t\t<\/div>\n\n\t\t\t\t\t\t<\/div>\n\t\t\t\t<\/div>\n\t\t\t\t\t<\/div>\n\t\t\t\t<\/div>\n\t\t\t\t<\/div>\n\t\t\t\t<div data-elementor-type=\"loop-item\" data-elementor-id=\"13471\" class=\"elementor elementor-13471 elementor-13249 elementor-13249 swiper-slide e-loop-item e-loop-item-9346 post-9346 product type-product status-publish has-post-thumbnail anwendung-enfants product_brand-edelwhite-fr product_cat-soins-buccaux-fr product_cat-dentifrice-fr  instock featured taxable shipping-taxable purchasable product-type-simple\" data-elementor-post-type=\"elementor_library\" role=\"group\" aria-roledescription=\"slide\" data-custom-edit-handle=\"1\">\n\t\t\t<div class=\"elementor-element elementor-element-681a451 product-item e-flex e-con-boxed e-con e-parent\" data-id=\"681a451\" data-element_type=\"container\" data-e-type=\"container\">\n\t\t\t\t\t<div class=\"e-con-inner\">\n\t\t<div class=\"elementor-element elementor-element-2d9b67c e-con-full e-flex e-con e-child\" data-id=\"2d9b67c\" data-element_type=\"container\" data-e-type=\"container\">\n\t\t\t\t<div class=\"elementor-element elementor-element-cd0e8f9 elementor-widget elementor-widget-shortcode\" data-id=\"cd0e8f9\" data-element_type=\"widget\" data-e-type=\"widget\" data-widget_type=\"shortcode.default\">\n\t\t\t\t\t\t\t<div class=\"elementor-shortcode\"><\/div>\n\t\t\t\t\t\t<\/div>\n\t\t\t\t<\/div>\n\t\t<div class=\"elementor-element elementor-element-7ab553b e-con-full e-flex e-con e-child\" data-id=\"7ab553b\" data-element_type=\"container\" data-e-type=\"container\">\n\t\t\t\t<div class=\"elementor-element elementor-element-f588356 elementor-widget elementor-widget-heading\" data-id=\"f588356\" data-element_type=\"widget\" data-e-type=\"widget\" data-widget_type=\"heading.default\">\n\t\t\t\t\t<h3 class=\"elementor-heading-title elementor-size-default\"><a href=\"https:\/\/careista.ch\/fr\/produkte\/soins-buccaux-fr\/dentifrice-fr\/edelwhite-7-fruchtli-bionicmania-dentifrice-pour-enfants\/\">edel+white 7 Fruchtli &#8211; Bionicmania dentifrice pour enfants<\/a><\/h3>\t\t\t\t<\/div>\n\t\t\t\t<div class=\"elementor-element elementor-element-a85cfb5 elementor-widget elementor-widget-shortcode\" data-id=\"a85cfb5\" data-element_type=\"widget\" data-e-type=\"widget\" data-widget_type=\"shortcode.default\">\n\t\t\t\t\t\t\t<div class=\"elementor-shortcode\"><span class=\"tew-stars\" role=\"img\" aria-label=\"Rated 5 out of 5\"><span class=\"tew-star tew-full\">\u2605<\/span><span class=\"tew-star tew-full\">\u2605<\/span><span class=\"tew-star tew-full\">\u2605<\/span><span class=\"tew-star tew-full\">\u2605<\/span><span class=\"tew-star tew-half\"><span>\u2605<\/span><\/span><\/span><\/div>\n\t\t\t\t\t\t<\/div>\n\t\t\t\t<div class=\"elementor-element elementor-element-16fd2ac elementor-widget elementor-widget-heading\" data-id=\"16fd2ac\" data-element_type=\"widget\" data-e-type=\"widget\" data-widget_type=\"heading.default\">\n\t\t\t\t\t<h3 class=\"elementor-heading-title elementor-size-default\"><a href=\"https:\/\/careista.ch\/fr\/produkte\/soins-buccaux-fr\/dentifrice-fr\/edelwhite-7-fruchtli-bionicmania-dentifrice-pour-enfants\/\"><span class=\"woocommerce-Price-amount amount\"><span class=\"woocommerce-Price-currencySymbol\">&#067;&#072;&#070;<\/span>&nbsp;8.90<\/span> <small class=\"woocommerce-price-suffix\"> <small class=\"woocommerce-price-suffix\">TVA incl.<\/small><\/small><\/a><\/h3>\t\t\t\t<\/div>\n\t\t\t\t<div class=\"elementor-element elementor-element-0c8ffcd elementor-add-to-cart--align-center elementor-widget elementor-widget-woocommerce-product-add-to-cart\" data-id=\"0c8ffcd\" data-element_type=\"widget\" data-e-type=\"widget\" data-widget_type=\"woocommerce-product-add-to-cart.default\">\n\t\t\t\t\t\n\t\t<div class=\"elementor-add-to-cart elementor-product-simple\">\n\t\t\t\t\t<div class=\"e-loop-add-to-cart-form-container\">\n\t\t\t<form class=\"cart e-loop-add-to-cart-form\">\n\t\t\t\t<a href=\"\/fr\/wp-json\/wp\/v2\/pages\/12141?add-to-cart=9346\" aria-describedby=\"woocommerce_loop_add_to_cart_link_describedby_9346\" data-quantity=\"1\" class=\"button product_type_simple add_to_cart_button ajax_add_to_cart\" data-product_id=\"9346\" data-product_sku=\"500532\" aria-label=\"Ajouter au panier\u00a0: &ldquo;edel+white 7 Fruchtli - Bionicmania dentifrice pour enfants&rdquo;\" rel=\"nofollow\" data-success_message=\"\u00ab\u00a0edel+white 7 Fruchtli - Bionicmania dentifrice pour enfants\u00a0\u00bb a \u00e9t\u00e9 ajout\u00e9 \u00e0 votre panier\" role=\"button\">Ajouter au panier<\/a>\t<span id=\"woocommerce_loop_add_to_cart_link_describedby_9346\" class=\"screen-reader-text\">\n\t\t\t<\/span>\n\t\t\t<\/form>\n\t\t<\/div>\n\t\t\t\t<\/div>\n\n\t\t\t\t\t\t<\/div>\n\t\t\t\t<\/div>\n\t\t\t\t\t<\/div>\n\t\t\t\t<\/div>\n\t\t\t\t<\/div>\n\t\t\t\t<div data-elementor-type=\"loop-item\" data-elementor-id=\"13471\" class=\"elementor elementor-13471 elementor-13249 elementor-13249 swiper-slide e-loop-item e-loop-item-9467 post-9467 product type-product status-publish has-post-thumbnail anwendung-des-gencives-saines anwendung-une-haleine-fraiche product_brand-edelwhite-fr product_cat-soins-buccaux-fr product_cat-divers-soins-buccaux-fr last instock featured taxable shipping-taxable purchasable product-type-simple\" data-elementor-post-type=\"elementor_library\" role=\"group\" aria-roledescription=\"slide\" data-custom-edit-handle=\"1\">\n\t\t\t<div class=\"elementor-element elementor-element-681a451 product-item e-flex e-con-boxed e-con e-parent\" data-id=\"681a451\" data-element_type=\"container\" data-e-type=\"container\">\n\t\t\t\t\t<div class=\"e-con-inner\">\n\t\t<div class=\"elementor-element elementor-element-2d9b67c e-con-full e-flex e-con e-child\" data-id=\"2d9b67c\" data-element_type=\"container\" data-e-type=\"container\">\n\t\t\t\t<div class=\"elementor-element elementor-element-cd0e8f9 elementor-widget elementor-widget-shortcode\" data-id=\"cd0e8f9\" data-element_type=\"widget\" data-e-type=\"widget\" data-widget_type=\"shortcode.default\">\n\t\t\t\t\t\t\t<div class=\"elementor-shortcode\"><\/div>\n\t\t\t\t\t\t<\/div>\n\t\t\t\t<\/div>\n\t\t<div class=\"elementor-element elementor-element-7ab553b e-con-full e-flex e-con e-child\" data-id=\"7ab553b\" data-element_type=\"container\" data-e-type=\"container\">\n\t\t\t\t<div class=\"elementor-element elementor-element-f588356 elementor-widget elementor-widget-heading\" data-id=\"f588356\" data-element_type=\"widget\" data-e-type=\"widget\" data-widget_type=\"heading.default\">\n\t\t\t\t\t<h3 class=\"elementor-heading-title elementor-size-default\"><a href=\"https:\/\/careista.ch\/fr\/produkte\/soins-buccaux-fr\/divers-soins-buccaux-fr\/bain-de-bouche-edelwhite-freshprotect-400ml\/\">Bain de bouche edel+white Fresh+Protect 400ml<\/a><\/h3>\t\t\t\t<\/div>\n\t\t\t\t<div class=\"elementor-element elementor-element-a85cfb5 elementor-widget elementor-widget-shortcode\" data-id=\"a85cfb5\" data-element_type=\"widget\" data-e-type=\"widget\" data-widget_type=\"shortcode.default\">\n\t\t\t\t\t\t\t<div class=\"elementor-shortcode\"><span class=\"tew-stars\" role=\"img\" aria-label=\"Rated 5 out of 5\"><span class=\"tew-star tew-full\">\u2605<\/span><span class=\"tew-star tew-full\">\u2605<\/span><span class=\"tew-star tew-full\">\u2605<\/span><span class=\"tew-star tew-full\">\u2605<\/span><span class=\"tew-star tew-full\">\u2605<\/span><\/span><\/div>\n\t\t\t\t\t\t<\/div>\n\t\t\t\t<div class=\"elementor-element elementor-element-16fd2ac elementor-widget elementor-widget-heading\" data-id=\"16fd2ac\" data-element_type=\"widget\" data-e-type=\"widget\" data-widget_type=\"heading.default\">\n\t\t\t\t\t<h3 class=\"elementor-heading-title elementor-size-default\"><a href=\"https:\/\/careista.ch\/fr\/produkte\/soins-buccaux-fr\/divers-soins-buccaux-fr\/bain-de-bouche-edelwhite-freshprotect-400ml\/\"><span class=\"woocommerce-Price-amount amount\"><span class=\"woocommerce-Price-currencySymbol\">&#067;&#072;&#070;<\/span>&nbsp;5.90<\/span> <small class=\"woocommerce-price-suffix\"> <small class=\"woocommerce-price-suffix\">TVA incl.<\/small><\/small><\/a><\/h3>\t\t\t\t<\/div>\n\t\t\t\t<div class=\"elementor-element elementor-element-0c8ffcd elementor-add-to-cart--align-center elementor-widget elementor-widget-woocommerce-product-add-to-cart\" data-id=\"0c8ffcd\" data-element_type=\"widget\" data-e-type=\"widget\" data-widget_type=\"woocommerce-product-add-to-cart.default\">\n\t\t\t\t\t\n\t\t<div class=\"elementor-add-to-cart elementor-product-simple\">\n\t\t\t\t\t<div class=\"e-loop-add-to-cart-form-container\">\n\t\t\t<form class=\"cart e-loop-add-to-cart-form\">\n\t\t\t\t<a href=\"\/fr\/wp-json\/wp\/v2\/pages\/12141?add-to-cart=9467\" aria-describedby=\"woocommerce_loop_add_to_cart_link_describedby_9467\" data-quantity=\"1\" class=\"button product_type_simple add_to_cart_button ajax_add_to_cart\" data-product_id=\"9467\" data-product_sku=\"500541\" aria-label=\"Ajouter au panier\u00a0: &ldquo;Bain de bouche edel+white Fresh+Protect 400ml&rdquo;\" rel=\"nofollow\" data-success_message=\"\u00ab\u00a0Bain de bouche edel+white Fresh+Protect 400ml\u00a0\u00bb a \u00e9t\u00e9 ajout\u00e9 \u00e0 votre panier\" role=\"button\">Ajouter au panier<\/a>\t<span id=\"woocommerce_loop_add_to_cart_link_describedby_9467\" class=\"screen-reader-text\">\n\t\t\t<\/span>\n\t\t\t<\/form>\n\t\t<\/div>\n\t\t\t\t<\/div>\n\n\t\t\t\t\t\t<\/div>\n\t\t\t\t<\/div>\n\t\t\t\t\t<\/div>\n\t\t\t\t<\/div>\n\t\t\t\t<\/div>\n\t\t\t\t<div data-elementor-type=\"loop-item\" data-elementor-id=\"13471\" class=\"elementor elementor-13471 elementor-13249 elementor-13249 swiper-slide e-loop-item e-loop-item-9326 post-9326 product type-product status-publish has-post-thumbnail anwendung-des-gencives-saines anwendung-pour-entre-les-deux product_brand-edelwhite-fr product_cat-soins-buccaux-fr product_cat-interdentaire-fr first instock taxable shipping-taxable purchasable product-type-simple\" data-elementor-post-type=\"elementor_library\" role=\"group\" aria-roledescription=\"slide\" data-custom-edit-handle=\"1\">\n\t\t\t<div class=\"elementor-element elementor-element-681a451 product-item e-flex e-con-boxed e-con e-parent\" data-id=\"681a451\" data-element_type=\"container\" data-e-type=\"container\">\n\t\t\t\t\t<div class=\"e-con-inner\">\n\t\t<div class=\"elementor-element elementor-element-2d9b67c e-con-full e-flex e-con e-child\" data-id=\"2d9b67c\" data-element_type=\"container\" data-e-type=\"container\">\n\t\t\t\t<div class=\"elementor-element elementor-element-cd0e8f9 elementor-widget elementor-widget-shortcode\" data-id=\"cd0e8f9\" data-element_type=\"widget\" data-e-type=\"widget\" data-widget_type=\"shortcode.default\">\n\t\t\t\t\t\t\t<div class=\"elementor-shortcode\"><\/div>\n\t\t\t\t\t\t<\/div>\n\t\t\t\t<\/div>\n\t\t<div class=\"elementor-element elementor-element-7ab553b e-con-full e-flex e-con e-child\" data-id=\"7ab553b\" data-element_type=\"container\" data-e-type=\"container\">\n\t\t\t\t<div class=\"elementor-element elementor-element-f588356 elementor-widget elementor-widget-heading\" data-id=\"f588356\" data-element_type=\"widget\" data-e-type=\"widget\" data-widget_type=\"heading.default\">\n\t\t\t\t\t<h3 class=\"elementor-heading-title elementor-size-default\"><a href=\"https:\/\/careista.ch\/fr\/produkte\/soins-buccaux-fr\/interdentaire-fr\/edelwhite-supersoft-floss\/\">edel+white Supersoft Floss<\/a><\/h3>\t\t\t\t<\/div>\n\t\t\t\t<div class=\"elementor-element elementor-element-a85cfb5 elementor-widget elementor-widget-shortcode\" data-id=\"a85cfb5\" data-element_type=\"widget\" data-e-type=\"widget\" data-widget_type=\"shortcode.default\">\n\t\t\t\t\t\t\t<div class=\"elementor-shortcode\"><span class=\"tew-stars\" role=\"img\" aria-label=\"Rated 4 out of 5\"><span class=\"tew-star tew-full\">\u2605<\/span><span class=\"tew-star tew-full\">\u2605<\/span><span class=\"tew-star tew-full\">\u2605<\/span><span class=\"tew-star tew-full\">\u2605<\/span><span class=\"tew-star tew-empty\">\u2606<\/span><\/span><\/div>\n\t\t\t\t\t\t<\/div>\n\t\t\t\t<div class=\"elementor-element elementor-element-16fd2ac elementor-widget elementor-widget-heading\" data-id=\"16fd2ac\" data-element_type=\"widget\" data-e-type=\"widget\" data-widget_type=\"heading.default\">\n\t\t\t\t\t<h3 class=\"elementor-heading-title elementor-size-default\"><a href=\"https:\/\/careista.ch\/fr\/produkte\/soins-buccaux-fr\/interdentaire-fr\/edelwhite-supersoft-floss\/\"><span class=\"woocommerce-Price-amount amount\"><span class=\"woocommerce-Price-currencySymbol\">&#067;&#072;&#070;<\/span>&nbsp;5.90<\/span> <small class=\"woocommerce-price-suffix\"> <small class=\"woocommerce-price-suffix\">TVA incl.<\/small><\/small><\/a><\/h3>\t\t\t\t<\/div>\n\t\t\t\t<div class=\"elementor-element elementor-element-0c8ffcd elementor-add-to-cart--align-center elementor-widget elementor-widget-woocommerce-product-add-to-cart\" data-id=\"0c8ffcd\" data-element_type=\"widget\" data-e-type=\"widget\" data-widget_type=\"woocommerce-product-add-to-cart.default\">\n\t\t\t\t\t\n\t\t<div class=\"elementor-add-to-cart elementor-product-simple\">\n\t\t\t\t\t<div class=\"e-loop-add-to-cart-form-container\">\n\t\t\t<form class=\"cart e-loop-add-to-cart-form\">\n\t\t\t\t<a href=\"\/fr\/wp-json\/wp\/v2\/pages\/12141?add-to-cart=9326\" aria-describedby=\"woocommerce_loop_add_to_cart_link_describedby_9326\" data-quantity=\"1\" class=\"button product_type_simple add_to_cart_button ajax_add_to_cart\" data-product_id=\"9326\" data-product_sku=\"800853\" aria-label=\"Ajouter au panier\u00a0: &ldquo;edel+white Supersoft Floss&rdquo;\" rel=\"nofollow\" data-success_message=\"\u00ab\u00a0edel+white Supersoft Floss\u00a0\u00bb a \u00e9t\u00e9 ajout\u00e9 \u00e0 votre panier\" role=\"button\">Ajouter au panier<\/a>\t<span id=\"woocommerce_loop_add_to_cart_link_describedby_9326\" class=\"screen-reader-text\">\n\t\t\t<\/span>\n\t\t\t<\/form>\n\t\t<\/div>\n\t\t\t\t<\/div>\n\n\t\t\t\t\t\t<\/div>\n\t\t\t\t<\/div>\n\t\t\t\t\t<\/div>\n\t\t\t\t<\/div>\n\t\t\t\t<\/div>\n\t\t\t\t<div data-elementor-type=\"loop-item\" data-elementor-id=\"13471\" class=\"elementor elementor-13471 elementor-13249 elementor-13249 swiper-slide e-loop-item e-loop-item-9478 post-9478 product type-product status-publish has-post-thumbnail anwendung-une-haleine-fraiche anwendung-pour-entre-les-deux product_brand-edelwhite-fr product_cat-soins-buccaux-fr product_cat-interdentaire-fr  instock taxable shipping-taxable purchasable product-type-simple\" data-elementor-post-type=\"elementor_library\" role=\"group\" aria-roledescription=\"slide\" data-custom-edit-handle=\"1\">\n\t\t\t<div class=\"elementor-element elementor-element-681a451 product-item e-flex e-con-boxed e-con e-parent\" data-id=\"681a451\" data-element_type=\"container\" data-e-type=\"container\">\n\t\t\t\t\t<div class=\"e-con-inner\">\n\t\t<div class=\"elementor-element elementor-element-2d9b67c e-con-full e-flex e-con e-child\" data-id=\"2d9b67c\" data-element_type=\"container\" data-e-type=\"container\">\n\t\t\t\t<div class=\"elementor-element elementor-element-cd0e8f9 elementor-widget elementor-widget-shortcode\" data-id=\"cd0e8f9\" data-element_type=\"widget\" data-e-type=\"widget\" data-widget_type=\"shortcode.default\">\n\t\t\t\t\t\t\t<div class=\"elementor-shortcode\"><\/div>\n\t\t\t\t\t\t<\/div>\n\t\t\t\t<\/div>\n\t\t<div class=\"elementor-element elementor-element-7ab553b e-con-full e-flex e-con e-child\" data-id=\"7ab553b\" data-element_type=\"container\" data-e-type=\"container\">\n\t\t\t\t<div class=\"elementor-element elementor-element-f588356 elementor-widget elementor-widget-heading\" data-id=\"f588356\" data-element_type=\"widget\" data-e-type=\"widget\" data-widget_type=\"heading.default\">\n\t\t\t\t\t<h3 class=\"elementor-heading-title elementor-size-default\"><a href=\"https:\/\/careista.ch\/fr\/produkte\/soins-buccaux-fr\/interdentaire-fr\/edelwhite-easy-tape-ruban-de-fil-dentaire-cire-70m\/\">edel+white Easy Tape Ruban de fil dentaire cir\u00e9 70m<\/a><\/h3>\t\t\t\t<\/div>\n\t\t\t\t<div class=\"elementor-element elementor-element-a85cfb5 elementor-widget elementor-widget-shortcode\" data-id=\"a85cfb5\" data-element_type=\"widget\" data-e-type=\"widget\" data-widget_type=\"shortcode.default\">\n\t\t\t\t\t\t\t<div class=\"elementor-shortcode\"><span class=\"tew-stars\" role=\"img\" aria-label=\"Rated 5 out of 5\"><span class=\"tew-star tew-full\">\u2605<\/span><span class=\"tew-star tew-full\">\u2605<\/span><span class=\"tew-star tew-full\">\u2605<\/span><span class=\"tew-star tew-full\">\u2605<\/span><span class=\"tew-star tew-full\">\u2605<\/span><\/span><\/div>\n\t\t\t\t\t\t<\/div>\n\t\t\t\t<div class=\"elementor-element elementor-element-16fd2ac elementor-widget elementor-widget-heading\" data-id=\"16fd2ac\" data-element_type=\"widget\" data-e-type=\"widget\" data-widget_type=\"heading.default\">\n\t\t\t\t\t<h3 class=\"elementor-heading-title elementor-size-default\"><a href=\"https:\/\/careista.ch\/fr\/produkte\/soins-buccaux-fr\/interdentaire-fr\/edelwhite-easy-tape-ruban-de-fil-dentaire-cire-70m\/\"><span class=\"woocommerce-Price-amount amount\"><span class=\"woocommerce-Price-currencySymbol\">&#067;&#072;&#070;<\/span>&nbsp;5.20<\/span> <small class=\"woocommerce-price-suffix\"> <small class=\"woocommerce-price-suffix\">TVA incl.<\/small><\/small><\/a><\/h3>\t\t\t\t<\/div>\n\t\t\t\t<div class=\"elementor-element elementor-element-0c8ffcd elementor-add-to-cart--align-center elementor-widget elementor-widget-woocommerce-product-add-to-cart\" data-id=\"0c8ffcd\" data-element_type=\"widget\" data-e-type=\"widget\" data-widget_type=\"woocommerce-product-add-to-cart.default\">\n\t\t\t\t\t\n\t\t<div class=\"elementor-add-to-cart elementor-product-simple\">\n\t\t\t\t\t<div class=\"e-loop-add-to-cart-form-container\">\n\t\t\t<form class=\"cart e-loop-add-to-cart-form\">\n\t\t\t\t<a href=\"\/fr\/wp-json\/wp\/v2\/pages\/12141?add-to-cart=9478\" aria-describedby=\"woocommerce_loop_add_to_cart_link_describedby_9478\" data-quantity=\"1\" class=\"button product_type_simple add_to_cart_button ajax_add_to_cart\" data-product_id=\"9478\" data-product_sku=\"800830\" aria-label=\"Ajouter au panier\u00a0: &ldquo;edel+white Easy Tape Ruban de fil dentaire cir\u00e9 70m&rdquo;\" rel=\"nofollow\" data-success_message=\"\u00ab\u00a0edel+white Easy Tape Ruban de fil dentaire cir\u00e9 70m\u00a0\u00bb a \u00e9t\u00e9 ajout\u00e9 \u00e0 votre panier\" role=\"button\">Ajouter au panier<\/a>\t<span id=\"woocommerce_loop_add_to_cart_link_describedby_9478\" class=\"screen-reader-text\">\n\t\t\t<\/span>\n\t\t\t<\/form>\n\t\t<\/div>\n\t\t\t\t<\/div>\n\n\t\t\t\t\t\t<\/div>\n\t\t\t\t<\/div>\n\t\t\t\t\t<\/div>\n\t\t\t\t<\/div>\n\t\t\t\t<\/div>\n\t\t\t\t<div data-elementor-type=\"loop-item\" data-elementor-id=\"13471\" class=\"elementor elementor-13471 elementor-13249 elementor-13249 swiper-slide e-loop-item e-loop-item-9363 post-9363 product type-product status-publish has-post-thumbnail anwendung-des-gencives-saines anwendung-pour-entre-les-deux product_brand-edelwhite-fr product_cat-soins-buccaux-fr product_cat-interdentaire-fr last instock taxable shipping-taxable purchasable product-type-simple\" data-elementor-post-type=\"elementor_library\" role=\"group\" aria-roledescription=\"slide\" data-custom-edit-handle=\"1\">\n\t\t\t<div class=\"elementor-element elementor-element-681a451 product-item e-flex e-con-boxed e-con e-parent\" data-id=\"681a451\" data-element_type=\"container\" data-e-type=\"container\">\n\t\t\t\t\t<div class=\"e-con-inner\">\n\t\t<div class=\"elementor-element elementor-element-2d9b67c e-con-full e-flex e-con e-child\" data-id=\"2d9b67c\" data-element_type=\"container\" data-e-type=\"container\">\n\t\t\t\t<div class=\"elementor-element elementor-element-cd0e8f9 elementor-widget elementor-widget-shortcode\" data-id=\"cd0e8f9\" data-element_type=\"widget\" data-e-type=\"widget\" data-widget_type=\"shortcode.default\">\n\t\t\t\t\t\t\t<div class=\"elementor-shortcode\"><\/div>\n\t\t\t\t\t\t<\/div>\n\t\t\t\t<\/div>\n\t\t<div class=\"elementor-element elementor-element-7ab553b e-con-full e-flex e-con e-child\" data-id=\"7ab553b\" data-element_type=\"container\" data-e-type=\"container\">\n\t\t\t\t<div class=\"elementor-element elementor-element-f588356 elementor-widget elementor-widget-heading\" data-id=\"f588356\" data-element_type=\"widget\" data-e-type=\"widget\" data-widget_type=\"heading.default\">\n\t\t\t\t\t<h3 class=\"elementor-heading-title elementor-size-default\"><a href=\"https:\/\/careista.ch\/fr\/produkte\/soins-buccaux-fr\/interdentaire-fr\/edelwhite-soft-woven-floss-40m\/\">edel+white Soft Woven Floss 40m<\/a><\/h3>\t\t\t\t<\/div>\n\t\t\t\t<div class=\"elementor-element elementor-element-a85cfb5 elementor-widget elementor-widget-shortcode\" data-id=\"a85cfb5\" data-element_type=\"widget\" data-e-type=\"widget\" data-widget_type=\"shortcode.default\">\n\t\t\t\t\t\t\t<div class=\"elementor-shortcode\"><\/div>\n\t\t\t\t\t\t<\/div>\n\t\t\t\t<div class=\"elementor-element elementor-element-16fd2ac elementor-widget elementor-widget-heading\" data-id=\"16fd2ac\" data-element_type=\"widget\" data-e-type=\"widget\" data-widget_type=\"heading.default\">\n\t\t\t\t\t<h3 class=\"elementor-heading-title elementor-size-default\"><a href=\"https:\/\/careista.ch\/fr\/produkte\/soins-buccaux-fr\/interdentaire-fr\/edelwhite-soft-woven-floss-40m\/\"><span class=\"woocommerce-Price-amount amount\"><span class=\"woocommerce-Price-currencySymbol\">&#067;&#072;&#070;<\/span>&nbsp;5.50<\/span> <small class=\"woocommerce-price-suffix\"> <small class=\"woocommerce-price-suffix\">TVA incl.<\/small><\/small><\/a><\/h3>\t\t\t\t<\/div>\n\t\t\t\t<div class=\"elementor-element elementor-element-0c8ffcd elementor-add-to-cart--align-center elementor-widget elementor-widget-woocommerce-product-add-to-cart\" data-id=\"0c8ffcd\" data-element_type=\"widget\" data-e-type=\"widget\" data-widget_type=\"woocommerce-product-add-to-cart.default\">\n\t\t\t\t\t\n\t\t<div class=\"elementor-add-to-cart elementor-product-simple\">\n\t\t\t\t\t<div class=\"e-loop-add-to-cart-form-container\">\n\t\t\t<form class=\"cart e-loop-add-to-cart-form\">\n\t\t\t\t<a href=\"\/fr\/wp-json\/wp\/v2\/pages\/12141?add-to-cart=9363\" aria-describedby=\"woocommerce_loop_add_to_cart_link_describedby_9363\" data-quantity=\"1\" class=\"button product_type_simple add_to_cart_button ajax_add_to_cart\" data-product_id=\"9363\" data-product_sku=\"200514\" aria-label=\"Ajouter au panier\u00a0: &ldquo;edel+white Soft Woven Floss 40m&rdquo;\" rel=\"nofollow\" data-success_message=\"\u00ab\u00a0edel+white Soft Woven Floss 40m\u00a0\u00bb a \u00e9t\u00e9 ajout\u00e9 \u00e0 votre panier\" role=\"button\">Ajouter au panier<\/a>\t<span id=\"woocommerce_loop_add_to_cart_link_describedby_9363\" class=\"screen-reader-text\">\n\t\t\t<\/span>\n\t\t\t<\/form>\n\t\t<\/div>\n\t\t\t\t<\/div>\n\n\t\t\t\t\t\t<\/div>\n\t\t\t\t<\/div>\n\t\t\t\t\t<\/div>\n\t\t\t\t<\/div>\n\t\t\t\t<\/div>\n\t\t\t\t<div data-elementor-type=\"loop-item\" data-elementor-id=\"13471\" class=\"elementor elementor-13471 elementor-13249 elementor-13249 swiper-slide e-loop-item e-loop-item-9448 post-9448 product type-product status-publish has-post-thumbnail anwendung-pour-entre-les-deux product_brand-edelwhite-fr product_cat-soins-buccaux-fr product_cat-interdentaire-fr first instock taxable shipping-taxable purchasable product-type-simple\" data-elementor-post-type=\"elementor_library\" role=\"group\" aria-roledescription=\"slide\" data-custom-edit-handle=\"1\">\n\t\t\t<div class=\"elementor-element elementor-element-681a451 product-item e-flex e-con-boxed e-con e-parent\" data-id=\"681a451\" data-element_type=\"container\" data-e-type=\"container\">\n\t\t\t\t\t<div class=\"e-con-inner\">\n\t\t<div class=\"elementor-element elementor-element-2d9b67c e-con-full e-flex e-con e-child\" data-id=\"2d9b67c\" data-element_type=\"container\" data-e-type=\"container\">\n\t\t\t\t<div class=\"elementor-element elementor-element-cd0e8f9 elementor-widget elementor-widget-shortcode\" data-id=\"cd0e8f9\" data-element_type=\"widget\" data-e-type=\"widget\" data-widget_type=\"shortcode.default\">\n\t\t\t\t\t\t\t<div class=\"elementor-shortcode\"><\/div>\n\t\t\t\t\t\t<\/div>\n\t\t\t\t<\/div>\n\t\t<div class=\"elementor-element elementor-element-7ab553b e-con-full e-flex e-con e-child\" data-id=\"7ab553b\" data-element_type=\"container\" data-e-type=\"container\">\n\t\t\t\t<div class=\"elementor-element elementor-element-f588356 elementor-widget elementor-widget-heading\" data-id=\"f588356\" data-element_type=\"widget\" data-e-type=\"widget\" data-widget_type=\"heading.default\">\n\t\t\t\t\t<h3 class=\"elementor-heading-title elementor-size-default\"><a href=\"https:\/\/careista.ch\/fr\/produkte\/soins-buccaux-fr\/interdentaire-fr\/brosse-interdentaire-edelwhite-08mm-taille-l\/\">Brosse interdentaire edel+white 0,8mm taille L<\/a><\/h3>\t\t\t\t<\/div>\n\t\t\t\t<div class=\"elementor-element elementor-element-a85cfb5 elementor-widget elementor-widget-shortcode\" data-id=\"a85cfb5\" data-element_type=\"widget\" data-e-type=\"widget\" data-widget_type=\"shortcode.default\">\n\t\t\t\t\t\t\t<div class=\"elementor-shortcode\"><span class=\"tew-stars\" role=\"img\" aria-label=\"Rated 5 out of 5\"><span class=\"tew-star tew-full\">\u2605<\/span><span class=\"tew-star tew-full\">\u2605<\/span><span class=\"tew-star tew-full\">\u2605<\/span><span class=\"tew-star tew-full\">\u2605<\/span><span class=\"tew-star tew-half\"><span>\u2605<\/span><\/span><\/span><\/div>\n\t\t\t\t\t\t<\/div>\n\t\t\t\t<div class=\"elementor-element elementor-element-16fd2ac elementor-widget elementor-widget-heading\" data-id=\"16fd2ac\" data-element_type=\"widget\" data-e-type=\"widget\" data-widget_type=\"heading.default\">\n\t\t\t\t\t<h3 class=\"elementor-heading-title elementor-size-default\"><a href=\"https:\/\/careista.ch\/fr\/produkte\/soins-buccaux-fr\/interdentaire-fr\/brosse-interdentaire-edelwhite-08mm-taille-l\/\"><span class=\"woocommerce-Price-amount amount\"><span class=\"woocommerce-Price-currencySymbol\">&#067;&#072;&#070;<\/span>&nbsp;5.50<\/span> <small class=\"woocommerce-price-suffix\"> <small class=\"woocommerce-price-suffix\">TVA incl.<\/small><\/small><\/a><\/h3>\t\t\t\t<\/div>\n\t\t\t\t<div class=\"elementor-element elementor-element-0c8ffcd elementor-add-to-cart--align-center elementor-widget elementor-widget-woocommerce-product-add-to-cart\" data-id=\"0c8ffcd\" data-element_type=\"widget\" data-e-type=\"widget\" data-widget_type=\"woocommerce-product-add-to-cart.default\">\n\t\t\t\t\t\n\t\t<div class=\"elementor-add-to-cart elementor-product-simple\">\n\t\t\t\t\t<div class=\"e-loop-add-to-cart-form-container\">\n\t\t\t<form class=\"cart e-loop-add-to-cart-form\">\n\t\t\t\t<a href=\"\/fr\/wp-json\/wp\/v2\/pages\/12141?add-to-cart=9448\" aria-describedby=\"woocommerce_loop_add_to_cart_link_describedby_9448\" data-quantity=\"1\" class=\"button product_type_simple add_to_cart_button ajax_add_to_cart\" data-product_id=\"9448\" data-product_sku=\"300336\" aria-label=\"Ajouter au panier\u00a0: &ldquo;Brosse interdentaire edel+white 0,8mm taille L&rdquo;\" rel=\"nofollow\" data-success_message=\"\u00ab\u00a0Brosse interdentaire edel+white 0,8mm taille L\u00a0\u00bb a \u00e9t\u00e9 ajout\u00e9 \u00e0 votre panier\" role=\"button\">Ajouter au panier<\/a>\t<span id=\"woocommerce_loop_add_to_cart_link_describedby_9448\" class=\"screen-reader-text\">\n\t\t\t<\/span>\n\t\t\t<\/form>\n\t\t<\/div>\n\t\t\t\t<\/div>\n\n\t\t\t\t\t\t<\/div>\n\t\t\t\t<\/div>\n\t\t\t\t\t<\/div>\n\t\t\t\t<\/div>\n\t\t\t\t<\/div>\n\t\t\t\t<\/div>\n\t\t<\/div>\n\t\t\t\t\t<div class=\"elementor-swiper-button elementor-swiper-button-prev\" role=\"button\" tabindex=\"0\" aria-label=\"Pr\u00e9c\u00e9dent\">\n\t\t\t\t<svg aria-hidden=\"true\" class=\"e-font-icon-svg e-eicon-chevron-left\" viewBox=\"0 0 1000 1000\" xmlns=\"http:\/\/www.w3.org\/2000\/svg\"><path d=\"M646 125C629 125 613 133 604 142L308 442C296 454 292 471 292 487 292 504 296 521 308 533L604 854C617 867 629 875 646 875 663 875 679 871 692 858 704 846 713 829 713 812 713 796 708 779 692 767L438 487 692 225C700 217 708 204 708 187 708 171 704 154 692 142 675 129 663 125 646 125Z\"><\/path><\/svg>\t\t\t<\/div>\n\t\t\t<div class=\"elementor-swiper-button elementor-swiper-button-next\" role=\"button\" tabindex=\"0\" aria-label=\"Suivant\">\n\t\t\t\t<svg aria-hidden=\"true\" class=\"e-font-icon-svg e-eicon-chevron-right\" viewBox=\"0 0 1000 1000\" xmlns=\"http:\/\/www.w3.org\/2000\/svg\"><path d=\"M696 533C708 521 713 504 713 487 713 471 708 454 696 446L400 146C388 133 375 125 354 125 338 125 325 129 313 142 300 154 292 171 292 187 292 204 296 221 308 233L563 492 304 771C292 783 288 800 288 817 288 833 296 850 308 863 321 871 338 875 354 875 371 875 388 867 400 854L696 533Z\"><\/path><\/svg>\t\t\t<\/div>\n\t\t\t\t\t<div class=\"swiper-pagination\"><\/div>\n\t\t\t\t\t\t<\/div>\n\t\t\t\t<\/div>\n\t\t<div id=\"e-n-tab-content-602550314\" role=\"tabpanel\" aria-labelledby=\"e-n-tab-title-602550314\" data-tab-index=\"4\" style=\"--n-tabs-title-order: 4;\" class=\" elementor-element elementor-element-cf45e2f e-con-full e-flex e-con e-child\" data-id=\"cf45e2f\" data-element_type=\"container\" data-e-type=\"container\">\n\t\t\t\t<div class=\"woocommerce elementor-element elementor-element-ebad6b5 elementor-grid-5 elementor-grid-tablet-2 elementor-grid-mobile-1 elementor-widget elementor-widget-loop-grid\" data-id=\"ebad6b5\" data-element_type=\"widget\" data-e-type=\"widget\" data-settings=\"{&quot;_skin&quot;:&quot;product&quot;,&quot;template_id&quot;:13471,&quot;columns&quot;:&quot;5&quot;,&quot;columns_tablet&quot;:&quot;2&quot;,&quot;columns_mobile&quot;:&quot;1&quot;,&quot;edit_handle_selector&quot;:&quot;[data-elementor-type=\\&quot;loop-item\\&quot;]&quot;,&quot;row_gap&quot;:{&quot;unit&quot;:&quot;px&quot;,&quot;size&quot;:&quot;&quot;,&quot;sizes&quot;:[]},&quot;row_gap_tablet&quot;:{&quot;unit&quot;:&quot;px&quot;,&quot;size&quot;:&quot;&quot;,&quot;sizes&quot;:[]},&quot;row_gap_mobile&quot;:{&quot;unit&quot;:&quot;px&quot;,&quot;size&quot;:&quot;&quot;,&quot;sizes&quot;:[]}}\" data-widget_type=\"loop-grid.product\">\n\t\t\t\t<div class=\"elementor-widget-container\">\n\t\t\t\t\t\t\t<div class=\"elementor-loop-container elementor-grid\" role=\"list\">\n\t\t\t\t<div data-elementor-type=\"loop-item\" data-elementor-id=\"13471\" class=\"elementor elementor-13471 elementor-13249 elementor-13249 e-loop-item e-loop-item-9347 post-9347 product type-product status-publish has-post-thumbnail anwendung-des-gencives-saines anwendung-dents-sensibles anwendung-appareils-dentaires product_brand-edelwhite-fr product_cat-soins-buccaux-fr product_cat-brosses-a-dents-soniques-fr  instock sale featured taxable shipping-taxable purchasable product-type-simple\" data-elementor-post-type=\"elementor_library\" data-custom-edit-handle=\"1\">\n\t\t\t<div class=\"elementor-element elementor-element-681a451 product-item e-flex e-con-boxed e-con e-parent\" data-id=\"681a451\" data-element_type=\"container\" data-e-type=\"container\">\n\t\t\t\t\t<div class=\"e-con-inner\">\n\t\t\t\t<div data-dce-advanced-background-color=\"#FF3C3C\" class=\"elementor-element elementor-element-98850be elementor-absolute elementor-widget elementor-widget-heading\" data-id=\"98850be\" data-element_type=\"widget\" data-e-type=\"widget\" id=\"3\" data-settings=\"{&quot;_position&quot;:&quot;absolute&quot;}\" data-widget_type=\"heading.default\">\n\t\t\t\t\t<h2 class=\"elementor-heading-title elementor-size-default\">SALE<\/h2>\t\t\t\t<\/div>\n\t\t<div class=\"elementor-element elementor-element-2d9b67c e-con-full e-flex e-con e-child\" data-id=\"2d9b67c\" data-element_type=\"container\" data-e-type=\"container\">\n\t\t\t\t<div class=\"elementor-element elementor-element-cd0e8f9 elementor-widget elementor-widget-shortcode\" data-id=\"cd0e8f9\" data-element_type=\"widget\" data-e-type=\"widget\" data-widget_type=\"shortcode.default\">\n\t\t\t\t\t\t\t<div class=\"elementor-shortcode\"><\/div>\n\t\t\t\t\t\t<\/div>\n\t\t\t\t<\/div>\n\t\t<div class=\"elementor-element elementor-element-7ab553b e-con-full e-flex e-con e-child\" data-id=\"7ab553b\" data-element_type=\"container\" data-e-type=\"container\">\n\t\t\t\t<div class=\"elementor-element elementor-element-f588356 elementor-widget elementor-widget-heading\" data-id=\"f588356\" data-element_type=\"widget\" data-e-type=\"widget\" data-widget_type=\"heading.default\">\n\t\t\t\t\t<h3 class=\"elementor-heading-title elementor-size-default\"><a href=\"https:\/\/careista.ch\/fr\/produkte\/soins-buccaux-fr\/brosses-a-dents-soniques-fr\/edelwhite-sonic-generation-health-suite\/\">edel+white Sonic Generation Health Suite<\/a><\/h3>\t\t\t\t<\/div>\n\t\t\t\t<div class=\"elementor-element elementor-element-a85cfb5 elementor-widget elementor-widget-shortcode\" data-id=\"a85cfb5\" data-element_type=\"widget\" data-e-type=\"widget\" data-widget_type=\"shortcode.default\">\n\t\t\t\t\t\t\t<div class=\"elementor-shortcode\"><span class=\"tew-stars\" role=\"img\" aria-label=\"Rated 5 out of 5\"><span class=\"tew-star tew-full\">\u2605<\/span><span class=\"tew-star tew-full\">\u2605<\/span><span class=\"tew-star tew-full\">\u2605<\/span><span class=\"tew-star tew-full\">\u2605<\/span><span class=\"tew-star tew-half\"><span>\u2605<\/span><\/span><\/span><\/div>\n\t\t\t\t\t\t<\/div>\n\t\t\t\t<div class=\"elementor-element elementor-element-16fd2ac elementor-widget elementor-widget-heading\" data-id=\"16fd2ac\" data-element_type=\"widget\" data-e-type=\"widget\" data-widget_type=\"heading.default\">\n\t\t\t\t\t<h3 class=\"elementor-heading-title elementor-size-default\"><a href=\"https:\/\/careista.ch\/fr\/produkte\/soins-buccaux-fr\/brosses-a-dents-soniques-fr\/edelwhite-sonic-generation-health-suite\/\"><del aria-hidden=\"true\"><span class=\"woocommerce-Price-amount amount\"><span class=\"woocommerce-Price-currencySymbol\">&#067;&#072;&#070;<\/span>&nbsp;159.00<\/span><\/del> <span class=\"screen-reader-text\">Le prix initial \u00e9tait\u00a0: &#067;&#072;&#070;&nbsp;159.00.<\/span><ins aria-hidden=\"true\"><span class=\"woocommerce-Price-amount amount\"><span class=\"woocommerce-Price-currencySymbol\">&#067;&#072;&#070;<\/span>&nbsp;139.00<\/span><\/ins><span class=\"screen-reader-text\">Le prix actuel est\u00a0: &#067;&#072;&#070;&nbsp;139.00.<\/span> <small class=\"woocommerce-price-suffix\"> <small class=\"woocommerce-price-suffix\">TVA incl.<\/small><\/small><\/a><\/h3>\t\t\t\t<\/div>\n\t\t\t\t<div class=\"elementor-element elementor-element-0c8ffcd elementor-add-to-cart--align-center elementor-widget elementor-widget-woocommerce-product-add-to-cart\" data-id=\"0c8ffcd\" data-element_type=\"widget\" data-e-type=\"widget\" data-widget_type=\"woocommerce-product-add-to-cart.default\">\n\t\t\t\t\t\n\t\t<div class=\"elementor-add-to-cart elementor-product-simple\">\n\t\t\t\t\t<div class=\"e-loop-add-to-cart-form-container\">\n\t\t\t<form class=\"cart e-loop-add-to-cart-form\">\n\t\t\t\t<a href=\"\/fr\/wp-json\/wp\/v2\/pages\/12141?add-to-cart=9347\" aria-describedby=\"woocommerce_loop_add_to_cart_link_describedby_9347\" data-quantity=\"1\" class=\"button product_type_simple add_to_cart_button ajax_add_to_cart\" data-product_id=\"9347\" data-product_sku=\"100199\" aria-label=\"Ajouter au panier\u00a0: &ldquo;edel+white Sonic Generation Health Suite&rdquo;\" rel=\"nofollow\" data-success_message=\"\u00ab\u00a0edel+white Sonic Generation Health Suite\u00a0\u00bb a \u00e9t\u00e9 ajout\u00e9 \u00e0 votre panier\" role=\"button\">Ajouter au panier<\/a>\t<span id=\"woocommerce_loop_add_to_cart_link_describedby_9347\" class=\"screen-reader-text\">\n\t\t\t<\/span>\n\t\t\t<\/form>\n\t\t<\/div>\n\t\t\t\t<\/div>\n\n\t\t\t\t\t\t<\/div>\n\t\t\t\t<\/div>\n\t\t\t\t\t<\/div>\n\t\t\t\t<\/div>\n\t\t\t\t<\/div>\n\t\t\t\t<\/div>\n\t\t\n\t\t\t\t\t\t<\/div>\n\t\t\t\t<\/div>\n\t\t\t\t<\/div>\n\t\t\t\t\t<\/div>\n\t\t<\/div>\n\t\t\t\t\t\t<\/div>\n\t\t\t\t<\/div>\n\t\t\t\t\t<\/div>\n\t\t\t\t<\/div>\n\t\t<div data-dce-background-color=\"#F0F0F0\" class=\"elementor-element elementor-element-b25a28d e-con-full e-flex e-con e-child\" data-id=\"b25a28d\" data-element_type=\"container\" data-e-type=\"container\" data-settings=\"{&quot;background_background&quot;:&quot;classic&quot;}\">\n\t\t<div class=\"elementor-element elementor-element-f819e8a e-flex e-con-boxed e-con e-child\" data-id=\"f819e8a\" data-element_type=\"container\" data-e-type=\"container\">\n\t\t\t\t\t<div class=\"e-con-inner\">\n\t\t\t\t<div class=\"elementor-element elementor-element-7c628c9 elementor-widget elementor-widget-heading\" data-id=\"7c628c9\" data-element_type=\"widget\" data-e-type=\"widget\" data-widget_type=\"heading.default\">\n\t\t\t\t\t<h2 class=\"elementor-heading-title elementor-size-default\">Am\u00e9liorez votre sant\u00e9 avec la marque suisse edel+white<\/h2>\t\t\t\t<\/div>\n\t\t\t\t<div class=\"elementor-element elementor-element-88e5ea5 elementor-widget elementor-widget-text-editor\" data-id=\"88e5ea5\" data-element_type=\"widget\" data-e-type=\"widget\" data-widget_type=\"text-editor.default\">\n\t\t\t\t\t\t\t\t\t<p style=\"text-align: center\">Simples d&rsquo;utilisation et d&rsquo;une efficacit\u00e9 optimale, elles vous aident \u00e0 prendre soin de votre bouche au quotidien. edel+white vous offre une solution s\u00fbre, rapide et efficace pour le nettoyage de vos dents. Nos brosses \u00e0 dents atteignent chaque recoin de votre bouche en un clin d&rsquo;\u0153il. Notre \u00e9tonnante brosse \u00e0 dents sonique, scientifiquement prouv\u00e9e, nettoie m\u00eame plus profond\u00e9ment ! Les dentifrices edel+white assurent une protection et une remin\u00e9ralisation maximales.   <\/p>\t\t\t\t\t\t\t\t<\/div>\n\t\t\t\t\t<\/div>\n\t\t\t\t<\/div>\n\t\t\t\t<\/div>\n\t\t<div class=\"elementor-element elementor-element-cfccebf e-flex e-con-boxed e-con e-parent\" data-id=\"cfccebf\" data-element_type=\"container\" data-e-type=\"container\">\n\t\t\t\t\t<div class=\"e-con-inner\">\n\t\t\t\t<div class=\"elementor-element elementor-element-2685887 elementor--v-position-bottom elementor-hidden-desktop elementor-pagination-position-outside elementor-hidden-tablet elementor--h-position-center elementor-arrows-position-inside elementor-widget elementor-widget-slides\" data-id=\"2685887\" data-element_type=\"widget\" data-e-type=\"widget\" data-settings=\"{&quot;navigation&quot;:&quot;both&quot;,&quot;autoplay&quot;:&quot;yes&quot;,&quot;pause_on_hover&quot;:&quot;yes&quot;,&quot;pause_on_interaction&quot;:&quot;yes&quot;,&quot;autoplay_speed&quot;:5000,&quot;infinite&quot;:&quot;yes&quot;,&quot;transition&quot;:&quot;slide&quot;,&quot;transition_speed&quot;:500}\" data-widget_type=\"slides.default\">\n\t\t\t\t\t\t\t\t\t\t<div class=\"elementor-slides-wrapper elementor-main-swiper swiper\" role=\"region\" aria-roledescription=\"carousel\" aria-label=\"Slider\" dir=\"ltr\" data-animation=\"fadeInUp\">\n\t\t\t\t<div class=\"swiper-wrapper elementor-slides\">\n\t\t\t\t\t\t\t\t\t\t<div class=\"elementor-repeater-item-916a7c8 swiper-slide\" role=\"group\" aria-roledescription=\"slide\"><div class=\"swiper-slide-bg\" role=\"img\" aria-label=\"edel+white Swiss Dental Experts Osmotic Zahnpasta USP schweiuer Mundhygiene Marke\"><\/div><div class=\"swiper-slide-inner\" ><div class=\"swiper-slide-contents\"><div class=\"elementor-slide-heading\">Qualit\u00e9 suisse<\/div><div class=\"elementor-slide-description\"><p>Des soins dentaires modernes associ\u00e9s aux valeurs suisses et \u00e0 des formulations innovantes et propres, sans additifs inutiles tels que les parab\u00e8nes, les agents moussants agressifs (SLS), le dioxyde de titane ou les PFAS.<\/p>\n<\/div><\/div><\/div><\/div><div class=\"elementor-repeater-item-4eb6f52 swiper-slide\" role=\"group\" aria-roledescription=\"slide\"><div class=\"swiper-slide-bg\" role=\"img\" aria-label=\"edel+white Swiss Dental Hygienists USP elektrische Zahnb\u00fcrste mit unterschiedlichen Aufs\u00e4tzen\"><\/div><div class=\"swiper-slide-inner\" ><div class=\"swiper-slide-contents\"><div class=\"elementor-slide-heading\">Recommand\u00e9 par les professionnels dentaires<\/div><div class=\"elementor-slide-description\"><p>D\u00e9velopp\u00e9 en collaboration avec des dentistes de renom et partenaire officiel de Swiss Dental Hygienists.<\/p>\n<\/div><\/div><\/div><\/div><div class=\"elementor-repeater-item-340639a swiper-slide\" role=\"group\" aria-roledescription=\"slide\"><div class=\"swiper-slide-bg\" role=\"img\" aria-label=\"edel+white ultrasanfte Borsten USP Zahnb\u00fcrsten\"><\/div><div class=\"swiper-slide-inner\" ><div class=\"swiper-slide-contents\"><div class=\"elementor-slide-heading\">Poils ultra-souples<\/div><div class=\"elementor-slide-description\"><p>Nettoyage en douceur gr\u00e2ce aux poils ultra-doux Konex HD\u00ae - 5 fois plus fins et plus durables que ceux des brosses \u00e0 dents traditionnelles.<\/p>\n<\/div><\/div><\/div><\/div><div class=\"elementor-repeater-item-cc2ce02 swiper-slide\" role=\"group\" aria-roledescription=\"slide\"><div class=\"swiper-slide-bg\" role=\"img\" aria-label=\"ew_image_USP_careista_mobile10\"><\/div><div class=\"swiper-slide-inner\" ><div class=\"swiper-slide-contents\"><div class=\"elementor-slide-heading\">42 000 oscillations soniques<\/div><div class=\"elementor-slide-description\"><p>Des dents sensiblement plus propres et des gencives plus saines gr\u00e2ce \u00e0 l'effet hydrodynamique avec un pouvoir nettoyant au-del\u00e0 de la port\u00e9e des poils.<\/p>\n<\/div><\/div><\/div><\/div>\t\t\t\t<\/div>\n\t\t\t\t\t\t\t\t\t\t\t\t\t\t\t<div class=\"elementor-swiper-button elementor-swiper-button-prev\" role=\"button\" tabindex=\"0\" aria-label=\"Diapositive pr\u00e9c\u00e9dente\">\n\t\t\t\t\t\t\t<svg aria-hidden=\"true\" class=\"e-font-icon-svg e-eicon-chevron-left\" viewBox=\"0 0 1000 1000\" xmlns=\"http:\/\/www.w3.org\/2000\/svg\"><path d=\"M646 125C629 125 613 133 604 142L308 442C296 454 292 471 292 487 292 504 296 521 308 533L604 854C617 867 629 875 646 875 663 875 679 871 692 858 704 846 713 829 713 812 713 796 708 779 692 767L438 487 692 225C700 217 708 204 708 187 708 171 704 154 692 142 675 129 663 125 646 125Z\"><\/path><\/svg>\t\t\t\t\t\t<\/div>\n\t\t\t\t\t\t<div class=\"elementor-swiper-button elementor-swiper-button-next\" role=\"button\" tabindex=\"0\" aria-label=\"Diapositive suivante\">\n\t\t\t\t\t\t\t<svg aria-hidden=\"true\" class=\"e-font-icon-svg e-eicon-chevron-right\" viewBox=\"0 0 1000 1000\" xmlns=\"http:\/\/www.w3.org\/2000\/svg\"><path d=\"M696 533C708 521 713 504 713 487 713 471 708 454 696 446L400 146C388 133 375 125 354 125 338 125 325 129 313 142 300 154 292 171 292 187 292 204 296 221 308 233L563 492 304 771C292 783 288 800 288 817 288 833 296 850 308 863 321 871 338 875 354 875 371 875 388 867 400 854L696 533Z\"><\/path><\/svg>\t\t\t\t\t\t<\/div>\n\t\t\t\t\t\t\t\t\t\t\t\t\t\t\t\t<div class=\"swiper-pagination\"><\/div>\n\t\t\t\t\t\t\t\t\t\t\t\t<\/div>\n\t\t\t\t\t\t\t\t<\/div>\n\t\t\t\t\t<\/div>\n\t\t\t\t<\/div>\n\t\t<div class=\"elementor-element elementor-element-f65a461 e-grid elementor-hidden-mobile e-con-boxed e-con e-parent\" data-id=\"f65a461\" data-element_type=\"container\" data-e-type=\"container\">\n\t\t\t\t\t<div class=\"e-con-inner\">\n\t\t<div class=\"elementor-element elementor-element-413f1be e-con-full e-flex e-con e-child\" data-id=\"413f1be\" data-element_type=\"container\" data-e-type=\"container\">\n\t\t\t\t<div class=\"elementor-element elementor-element-e060303 elementor-widget elementor-widget-image\" data-id=\"e060303\" data-element_type=\"widget\" data-e-type=\"widget\" data-widget_type=\"image.default\">\n\t\t\t\t\t\t\t\t\t\t\t\t\t\t\t<img decoding=\"async\" width=\"800\" height=\"800\" src=\"https:\/\/careista.ch\/wp-content\/uploads\/2025\/07\/ew_image_USP_careista_web-1024x1024.jpg\" class=\"attachment-large size-large wp-image-8297\" alt=\"edel+white USP Swiss Dental Experts Zahnpasta mit Verpackung \u00f6kologisch\" srcset=\"https:\/\/careista.ch\/wp-content\/uploads\/2025\/07\/ew_image_USP_careista_web-1024x1024.jpg 1024w, https:\/\/careista.ch\/wp-content\/uploads\/2025\/07\/ew_image_USP_careista_web-scaled-600x600.jpg 600w, https:\/\/careista.ch\/wp-content\/uploads\/2025\/07\/ew_image_USP_careista_web-scaled-100x100.jpg 100w, https:\/\/careista.ch\/wp-content\/uploads\/2025\/07\/ew_image_USP_careista_web-300x300.jpg 300w, https:\/\/careista.ch\/wp-content\/uploads\/2025\/07\/ew_image_USP_careista_web-150x150.jpg 150w, https:\/\/careista.ch\/wp-content\/uploads\/2025\/07\/ew_image_USP_careista_web-768x768.jpg 768w, https:\/\/careista.ch\/wp-content\/uploads\/2025\/07\/ew_image_USP_careista_web-1536x1536.jpg 1536w, https:\/\/careista.ch\/wp-content\/uploads\/2025\/07\/ew_image_USP_careista_web-2048x2048.jpg 2048w, https:\/\/careista.ch\/wp-content\/uploads\/2025\/07\/ew_image_USP_careista_web-500x500.jpg 500w\" sizes=\"(max-width: 800px) 100vw, 800px\" \/>\t\t\t\t\t\t\t\t\t\t\t\t\t\t\t<\/div>\n\t\t\t\t<div class=\"elementor-element elementor-element-789adac elementor-widget elementor-widget-heading\" data-id=\"789adac\" data-element_type=\"widget\" data-e-type=\"widget\" data-widget_type=\"heading.default\">\n\t\t\t\t\t<h3 class=\"elementor-heading-title elementor-size-default\">Qualit\u00e9 suisse<\/h3>\t\t\t\t<\/div>\n\t\t\t\t<div class=\"elementor-element elementor-element-8892ecb elementor-widget elementor-widget-text-editor\" data-id=\"8892ecb\" data-element_type=\"widget\" data-e-type=\"widget\" data-widget_type=\"text-editor.default\">\n\t\t\t\t\t\t\t\t\t<p>Des soins dentaires modernes associ\u00e9s aux valeurs suisses et \u00e0 des formulations innovantes et propres, sans additifs inutiles tels que les parab\u00e8nes, les agents moussants agressifs (SLS), le dioxyde de titane ou les PFAS.<\/p>\t\t\t\t\t\t\t\t<\/div>\n\t\t\t\t<\/div>\n\t\t<div class=\"elementor-element elementor-element-7b9a37f e-con-full e-flex e-con e-child\" data-id=\"7b9a37f\" data-element_type=\"container\" data-e-type=\"container\">\n\t\t\t\t<div class=\"elementor-element elementor-element-94dc0b1 elementor-widget elementor-widget-image\" data-id=\"94dc0b1\" data-element_type=\"widget\" data-e-type=\"widget\" data-widget_type=\"image.default\">\n\t\t\t\t\t\t\t\t\t\t\t\t\t\t\t<img loading=\"lazy\" decoding=\"async\" width=\"800\" height=\"800\" src=\"https:\/\/careista.ch\/wp-content\/uploads\/2025\/09\/ew_image_USP_careista7-1024x1024.jpg\" class=\"attachment-large size-large wp-image-13325\" alt=\"edel+white Swiss Dental Hygienists USP elektrische Zahnb\u00fcrste mit unterschiedlichen Aufs\u00e4tzen\" srcset=\"https:\/\/careista.ch\/wp-content\/uploads\/2025\/09\/ew_image_USP_careista7-1024x1024.jpg 1024w, https:\/\/careista.ch\/wp-content\/uploads\/2025\/09\/ew_image_USP_careista7-300x300.jpg 300w, https:\/\/careista.ch\/wp-content\/uploads\/2025\/09\/ew_image_USP_careista7-150x150.jpg 150w, https:\/\/careista.ch\/wp-content\/uploads\/2025\/09\/ew_image_USP_careista7-768x768.jpg 768w, https:\/\/careista.ch\/wp-content\/uploads\/2025\/09\/ew_image_USP_careista7-500x500.jpg 500w, https:\/\/careista.ch\/wp-content\/uploads\/2025\/09\/ew_image_USP_careista7-600x600.jpg 600w, https:\/\/careista.ch\/wp-content\/uploads\/2025\/09\/ew_image_USP_careista7-100x100.jpg 100w, https:\/\/careista.ch\/wp-content\/uploads\/2025\/09\/ew_image_USP_careista7.jpg 1250w\" sizes=\"(max-width: 800px) 100vw, 800px\" \/>\t\t\t\t\t\t\t\t\t\t\t\t\t\t\t<\/div>\n\t\t\t\t<div class=\"elementor-element elementor-element-eea21bb elementor-widget elementor-widget-heading\" data-id=\"eea21bb\" data-element_type=\"widget\" data-e-type=\"widget\" data-widget_type=\"heading.default\">\n\t\t\t\t\t<h3 class=\"elementor-heading-title elementor-size-default\">Recommand\u00e9 par les professionnels dentaires<\/h3>\t\t\t\t<\/div>\n\t\t\t\t<div class=\"elementor-element elementor-element-647832f elementor-widget elementor-widget-text-editor\" data-id=\"647832f\" data-element_type=\"widget\" data-e-type=\"widget\" data-widget_type=\"text-editor.default\">\n\t\t\t\t\t\t\t\t\t<p>D\u00e9velopp\u00e9 en collaboration avec des dentistes de renom et partenaire officiel de Swiss Dental Hygienists.<\/p>\t\t\t\t\t\t\t\t<\/div>\n\t\t\t\t<\/div>\n\t\t<div class=\"elementor-element elementor-element-65f0f27 e-con-full e-flex e-con e-child\" data-id=\"65f0f27\" data-element_type=\"container\" data-e-type=\"container\">\n\t\t\t\t<div class=\"elementor-element elementor-element-fccf0b1 elementor-widget elementor-widget-image\" data-id=\"fccf0b1\" data-element_type=\"widget\" data-e-type=\"widget\" data-widget_type=\"image.default\">\n\t\t\t\t\t\t\t\t\t\t\t\t\t\t\t<img loading=\"lazy\" decoding=\"async\" width=\"800\" height=\"800\" src=\"https:\/\/careista.ch\/wp-content\/uploads\/2025\/07\/ew_image_USP_careista2-1024x1024.jpg\" class=\"attachment-large size-large wp-image-8303\" alt=\"edel+white ultrasoft\" srcset=\"https:\/\/careista.ch\/wp-content\/uploads\/2025\/07\/ew_image_USP_careista2-1024x1024.jpg 1024w, https:\/\/careista.ch\/wp-content\/uploads\/2025\/07\/ew_image_USP_careista2-scaled-600x600.jpg 600w, https:\/\/careista.ch\/wp-content\/uploads\/2025\/07\/ew_image_USP_careista2-scaled-100x100.jpg 100w, https:\/\/careista.ch\/wp-content\/uploads\/2025\/07\/ew_image_USP_careista2-300x300.jpg 300w, https:\/\/careista.ch\/wp-content\/uploads\/2025\/07\/ew_image_USP_careista2-150x150.jpg 150w, https:\/\/careista.ch\/wp-content\/uploads\/2025\/07\/ew_image_USP_careista2-768x768.jpg 768w, https:\/\/careista.ch\/wp-content\/uploads\/2025\/07\/ew_image_USP_careista2-1536x1536.jpg 1536w, https:\/\/careista.ch\/wp-content\/uploads\/2025\/07\/ew_image_USP_careista2-2048x2048.jpg 2048w, https:\/\/careista.ch\/wp-content\/uploads\/2025\/07\/ew_image_USP_careista2-500x500.jpg 500w\" sizes=\"(max-width: 800px) 100vw, 800px\" \/>\t\t\t\t\t\t\t\t\t\t\t\t\t\t\t<\/div>\n\t\t\t\t<div class=\"elementor-element elementor-element-a235807 elementor-widget elementor-widget-heading\" data-id=\"a235807\" data-element_type=\"widget\" data-e-type=\"widget\" data-widget_type=\"heading.default\">\n\t\t\t\t\t<h3 class=\"elementor-heading-title elementor-size-default\">Poils ultra-souples<\/h3>\t\t\t\t<\/div>\n\t\t\t\t<div class=\"elementor-element elementor-element-91721ee elementor-widget elementor-widget-text-editor\" data-id=\"91721ee\" data-element_type=\"widget\" data-e-type=\"widget\" data-widget_type=\"text-editor.default\">\n\t\t\t\t\t\t\t\t\t<p>Nettoyage en douceur gr\u00e2ce aux poils ultra-doux Konex HD\u00ae &#8211; 5 fois plus fins et plus durables que ceux des brosses \u00e0 dents traditionnelles.<\/p>\t\t\t\t\t\t\t\t<\/div>\n\t\t\t\t<\/div>\n\t\t<div class=\"elementor-element elementor-element-f019ae9 e-con-full e-flex e-con e-child\" data-id=\"f019ae9\" data-element_type=\"container\" data-e-type=\"container\">\n\t\t\t\t<div class=\"elementor-element elementor-element-f64bfb3 elementor-widget elementor-widget-image\" data-id=\"f64bfb3\" data-element_type=\"widget\" data-e-type=\"widget\" data-widget_type=\"image.default\">\n\t\t\t\t\t\t\t\t\t\t\t\t\t\t\t<img loading=\"lazy\" decoding=\"async\" width=\"800\" height=\"800\" src=\"https:\/\/careista.ch\/wp-content\/uploads\/2025\/07\/ew_image_USP_careista4-1024x1024.jpg\" class=\"attachment-large size-large wp-image-8309\" alt=\"Hydrodynamischer Effekt mit 42&#039;000 Sonic-Schwingungen.\" srcset=\"https:\/\/careista.ch\/wp-content\/uploads\/2025\/07\/ew_image_USP_careista4-1024x1024.jpg 1024w, https:\/\/careista.ch\/wp-content\/uploads\/2025\/07\/ew_image_USP_careista4-scaled-600x600.jpg 600w, https:\/\/careista.ch\/wp-content\/uploads\/2025\/07\/ew_image_USP_careista4-scaled-100x100.jpg 100w, https:\/\/careista.ch\/wp-content\/uploads\/2025\/07\/ew_image_USP_careista4-300x300.jpg 300w, https:\/\/careista.ch\/wp-content\/uploads\/2025\/07\/ew_image_USP_careista4-150x150.jpg 150w, https:\/\/careista.ch\/wp-content\/uploads\/2025\/07\/ew_image_USP_careista4-768x768.jpg 768w, https:\/\/careista.ch\/wp-content\/uploads\/2025\/07\/ew_image_USP_careista4-1536x1536.jpg 1536w, https:\/\/careista.ch\/wp-content\/uploads\/2025\/07\/ew_image_USP_careista4-2048x2048.jpg 2048w, https:\/\/careista.ch\/wp-content\/uploads\/2025\/07\/ew_image_USP_careista4-500x500.jpg 500w\" sizes=\"(max-width: 800px) 100vw, 800px\" \/>\t\t\t\t\t\t\t\t\t\t\t\t\t\t\t<\/div>\n\t\t\t\t<div class=\"elementor-element elementor-element-b74a7d0 elementor-widget elementor-widget-heading\" data-id=\"b74a7d0\" data-element_type=\"widget\" data-e-type=\"widget\" data-widget_type=\"heading.default\">\n\t\t\t\t\t<h3 class=\"elementor-heading-title elementor-size-default\">42 000 oscillations soniques<\/h3>\t\t\t\t<\/div>\n\t\t\t\t<div class=\"elementor-element elementor-element-ed72983 elementor-widget elementor-widget-text-editor\" data-id=\"ed72983\" data-element_type=\"widget\" data-e-type=\"widget\" data-widget_type=\"text-editor.default\">\n\t\t\t\t\t\t\t\t\t<p>Des dents sensiblement plus propres et des gencives plus saines gr\u00e2ce \u00e0 l&rsquo;effet hydrodynamique avec un pouvoir nettoyant au-del\u00e0 de la port\u00e9e des poils.<\/p>\t\t\t\t\t\t\t\t<\/div>\n\t\t\t\t<\/div>\n\t\t\t\t\t<\/div>\n\t\t\t\t<\/div>\n\t\t<div data-dce-background-color=\"#F0F0F0\" class=\"elementor-element elementor-element-d65bad6 e-con-full e-grid e-con e-child\" data-id=\"d65bad6\" data-element_type=\"container\" data-e-type=\"container\" data-settings=\"{&quot;background_background&quot;:&quot;classic&quot;}\">\n\t\t\t\t<div class=\"elementor-element elementor-element-4456b21 elementor-widget elementor-widget-image\" data-id=\"4456b21\" data-element_type=\"widget\" data-e-type=\"widget\" data-widget_type=\"image.default\">\n\t\t\t\t\t\t\t\t\t\t\t\t\t\t\t<img loading=\"lazy\" decoding=\"async\" width=\"800\" height=\"800\" src=\"https:\/\/careista.ch\/wp-content\/uploads\/2025\/08\/ew_Imagebild_Zahnseide-1024x1024.jpg\" class=\"attachment-large size-large wp-image-9189\" alt=\"Lachende Frau mit dunklen Haaren benutzt edel+white Zahseide \u2013 f\u00fcr gesunde, gepflegte Z\u00e4hne und Zahnfleisch\" srcset=\"https:\/\/careista.ch\/wp-content\/uploads\/2025\/08\/ew_Imagebild_Zahnseide-1024x1024.jpg 1024w, https:\/\/careista.ch\/wp-content\/uploads\/2025\/08\/ew_Imagebild_Zahnseide-600x600.jpg 600w, https:\/\/careista.ch\/wp-content\/uploads\/2025\/08\/ew_Imagebild_Zahnseide-100x100.jpg 100w, https:\/\/careista.ch\/wp-content\/uploads\/2025\/08\/ew_Imagebild_Zahnseide-300x300.jpg 300w, https:\/\/careista.ch\/wp-content\/uploads\/2025\/08\/ew_Imagebild_Zahnseide-150x150.jpg 150w, https:\/\/careista.ch\/wp-content\/uploads\/2025\/08\/ew_Imagebild_Zahnseide-768x768.jpg 768w, https:\/\/careista.ch\/wp-content\/uploads\/2025\/08\/ew_Imagebild_Zahnseide-500x500.jpg 500w, https:\/\/careista.ch\/wp-content\/uploads\/2025\/08\/ew_Imagebild_Zahnseide.jpg 1080w\" sizes=\"(max-width: 800px) 100vw, 800px\" \/>\t\t\t\t\t\t\t\t\t\t\t\t\t\t\t<\/div>\n\t\t<div class=\"elementor-element elementor-element-ed787cf e-flex e-con-boxed e-con e-child\" data-id=\"ed787cf\" data-element_type=\"container\" data-e-type=\"container\">\n\t\t\t\t\t<div class=\"e-con-inner\">\n\t\t\t\t<div class=\"elementor-element elementor-element-8675fe5 elementor-widget-mobile__width-initial elementor-widget elementor-widget-image\" data-id=\"8675fe5\" data-element_type=\"widget\" data-e-type=\"widget\" data-widget_type=\"image.default\">\n\t\t\t\t\t\t\t\t\t\t\t\t\t\t\t<img loading=\"lazy\" decoding=\"async\" width=\"800\" height=\"148\" src=\"https:\/\/careista.ch\/wp-content\/uploads\/2025\/08\/careista_x_edelwhite-1024x190.png\" class=\"attachment-large size-large wp-image-9143\" alt=\"Careista Logo und edel+white Logo\" srcset=\"https:\/\/careista.ch\/wp-content\/uploads\/2025\/08\/careista_x_edelwhite-1024x190.png 1024w, https:\/\/careista.ch\/wp-content\/uploads\/2025\/08\/careista_x_edelwhite-600x111.png 600w, https:\/\/careista.ch\/wp-content\/uploads\/2025\/08\/careista_x_edelwhite-300x56.png 300w, https:\/\/careista.ch\/wp-content\/uploads\/2025\/08\/careista_x_edelwhite-768x142.png 768w, https:\/\/careista.ch\/wp-content\/uploads\/2025\/08\/careista_x_edelwhite-1536x285.png 1536w, https:\/\/careista.ch\/wp-content\/uploads\/2025\/08\/careista_x_edelwhite.png 2000w\" sizes=\"(max-width: 800px) 100vw, 800px\" \/>\t\t\t\t\t\t\t\t\t\t\t\t\t\t\t<\/div>\n\t\t\t\t<div class=\"elementor-element elementor-element-a1ef207 elementor-widget elementor-widget-text-editor\" data-id=\"a1ef207\" data-element_type=\"widget\" data-e-type=\"widget\" data-widget_type=\"text-editor.default\">\n\t\t\t\t\t\t\t\t\t<p>Bienvenue sur CAREISTA.ch, le site officiel de la marque suisse edel+white.<\/p><p>En profondeur pour les bact\u00e9ries, en douceur pour votre microbiome : edel+white assure un \u00e9quilibre sain dans la bouche &#8211; sans perturber les bonnes bact\u00e9ries.<\/p><p>La meilleure sant\u00e9 bucco-dentaire pour toute la famille.<\/p>\t\t\t\t\t\t\t\t<\/div>\n\t\t\t\t<div data-dce-background-color=\"#000000\" class=\"elementor-element elementor-element-cbe26bc elementor-align-left elementor-widget elementor-widget-button\" data-id=\"cbe26bc\" data-element_type=\"widget\" data-e-type=\"widget\" data-widget_type=\"button.default\">\n\t\t\t\t\t\t\t\t\t\t<a class=\"elementor-button elementor-button-link elementor-size-sm\" href=\"https:\/\/careista.ch\/fr\/shop\/\">\n\t\t\t\t\t\t<span class=\"elementor-button-content-wrapper\">\n\t\t\t\t\t\t\t\t\t<span class=\"elementor-button-text\">D\u00e9couvrir toutes les marques de CAREISTA<\/span>\n\t\t\t\t\t<\/span>\n\t\t\t\t\t<\/a>\n\t\t\t\t\t\t\t\t<\/div>\n\t\t\t\t\t<\/div>\n\t\t\t\t<\/div>\n\t\t\t\t<\/div>\n\t\t<div class=\"elementor-element elementor-element-7e54b9b e-flex e-con-boxed e-con e-parent\" data-id=\"7e54b9b\" data-element_type=\"container\" data-e-type=\"container\">\n\t\t\t\t\t<div class=\"e-con-inner\">\n\t\t<div class=\"elementor-element elementor-element-cb50d98 e-con-full e-flex e-con e-child\" data-id=\"cb50d98\" data-element_type=\"container\" data-e-type=\"container\">\n\t\t\t\t<div class=\"elementor-element elementor-element-b8c0b48 elementor-widget elementor-widget-heading\" data-id=\"b8c0b48\" data-element_type=\"widget\" data-e-type=\"widget\" data-widget_type=\"heading.default\">\n\t\t\t\t\t<h2 class=\"elementor-heading-title elementor-size-default\">edel+white - produits d'hygi\u00e8ne dentaire suisses<\/h2>\t\t\t\t<\/div>\n\t\t\t\t<div class=\"elementor-element elementor-element-8afe11a elementor-widget elementor-widget-text-editor\" data-id=\"8afe11a\" data-element_type=\"widget\" data-e-type=\"widget\" data-widget_type=\"text-editor.default\">\n\t\t\t\t\t\t\t\t\t<p><strong>edel+white<\/strong> est synonyme de produits d&rsquo;hygi\u00e8ne dentaire modernes fabriqu\u00e9s en Suisse &#8211; d\u00e9velopp\u00e9s avec des dentistes et des hygi\u00e9nistes dentaires, sur la base des derni\u00e8res connaissances scientifiques. Qu&rsquo;il s&rsquo;agisse de <strong>brosses \u00e0 dents soniques<\/strong>, de <strong>soins interdentaires<\/strong>, de <strong>fil dentaire<\/strong> (sans PFAS) ou <strong>de dentifrice<\/strong>, edel+white allie un nettoyage en profondeur \u00e0 une douceur exceptionnelle. Id\u00e9al pour les dents et les gencives sensibles ou en cas de parodontite.  <\/p>\t\t\t\t\t\t\t\t<\/div>\n\t\t\t\t<div class=\"elementor-element elementor-element-ed0375f elementor-widget elementor-widget-text-editor\" data-id=\"ed0375f\" data-element_type=\"widget\" data-e-type=\"widget\" data-widget_type=\"text-editor.default\">\n\t\t\t\t\t\t\t\t\t<p><b>Les poils les plus doux &#8211; pour un soin maximal, une irritation minimale<\/b><\/p>\t\t\t\t\t\t\t\t<\/div>\n\t\t\t\t<div class=\"elementor-element elementor-element-6fb4b0d elementor-widget elementor-widget-text-editor\" data-id=\"6fb4b0d\" data-element_type=\"widget\" data-e-type=\"widget\" data-widget_type=\"text-editor.default\">\n\t\t\t\t\t\t\t\t\t<p><span style=\"font-weight: 400\">Ce qui rend edel+white unique ? Les technologies brevet\u00e9es   <\/span><b>Brosses Konex HD<\/b><span style=\"font-weight: 400\"> &#8211; <\/span><b>ultra-fines, tr\u00e8s pr\u00e9cises et jusqu&rsquo;\u00e0 8 fois plus fines<\/b><span style=\"font-weight: 400\">  que les poils traditionnels. Ils p\u00e9n\u00e8trent plus profond\u00e9ment dans les espaces interdentaires sans blesser les gencives et permettent un nettoyage intensif mais en douceur. <\/span><\/p>\t\t\t\t\t\t\t\t<\/div>\n\t\t\t\t<div class=\"elementor-element elementor-element-b0b2841 elementor-widget elementor-widget-text-editor\" data-id=\"b0b2841\" data-element_type=\"widget\" data-e-type=\"widget\" data-widget_type=\"text-editor.default\">\n\t\t\t\t\t\t\t\t\t<p><span style=\"font-weight: 400\">Cette technologie des poils est un v\u00e9ritable gamechanger, en particulier pour les gencives sensibles ou les gingivites existantes &#8211; et une pi\u00e8ce ma\u00eetresse de la marque edel+white.<\/span><\/p>\t\t\t\t\t\t\t\t<\/div>\n\t\t\t\t<\/div>\n\t\t<div class=\"elementor-element elementor-element-33ed9d0 e-con-full e-flex e-con e-child\" data-id=\"33ed9d0\" data-element_type=\"container\" data-e-type=\"container\">\n\t\t\t\t<div class=\"elementor-element elementor-element-b0cb522 elementor-widget elementor-widget-text-editor\" data-id=\"b0cb522\" data-element_type=\"widget\" data-e-type=\"widget\" data-widget_type=\"text-editor.default\">\n\t\t\t\t\t\t\t\t\t<p><b>edel+white Sonic Generation Health Suite &#8211; une puissance douce pour votre sant\u00e9 bucco-dentaire<\/b><\/p>\t\t\t\t\t\t\t\t<\/div>\n\t\t\t\t<div class=\"elementor-element elementor-element-5ca18cc elementor-widget elementor-widget-text-editor\" data-id=\"5ca18cc\" data-element_type=\"widget\" data-e-type=\"widget\" data-widget_type=\"text-editor.default\">\n\t\t\t\t\t\t\t\t\t<p><span style=\"font-weight: 400\">Avec jusqu&rsquo;\u00e0 <\/span><b>42.000 oscillations par minute<\/b><span style=\"font-weight: 400\"> la technologie <\/span><b>edel+white Sonic Generation Health Suite<\/b><span style=\"font-weight: 400\">  pour un nettoyage en profondeur efficace &#8211; sans pression. Associ\u00e9e aux poils Konex HD\u00ae, elle nettoie en profondeur les zones difficiles \u00e0 atteindre tout en pr\u00e9servant les dents et les gencives. <\/span><\/p>\t\t\t\t\t\t\t\t<\/div>\n\t\t\t\t<div class=\"elementor-element elementor-element-080c712 elementor-widget elementor-widget-text-editor\" data-id=\"080c712\" data-element_type=\"widget\" data-e-type=\"widget\" data-widget_type=\"text-editor.default\">\n\t\t\t\t\t\t\t\t\t<p><b>Scientifiquement d\u00e9velopp\u00e9 &#8211; pour votre sant\u00e9<\/b><\/p>\t\t\t\t\t\t\t\t<\/div>\n\t\t\t\t<div class=\"elementor-element elementor-element-88a2e78 elementor-widget elementor-widget-text-editor\" data-id=\"88a2e78\" data-element_type=\"widget\" data-e-type=\"widget\" data-widget_type=\"text-editor.default\">\n\t\t\t\t\t\t\t\t\t<p><span style=\"font-weight: 400\">En coop\u00e9ration avec le <\/span><b>Longevity Lab B\u00e2le<\/b><span style=\"font-weight: 400\"> et les <\/span><b>Scanderra Swiss Dental Experts<\/b><span style=\"font-weight: 400\"> edel+white d\u00e9veloppe des produits qui vont bien au-del\u00e0 des soins dentaires classiques : Ils favorisent un <\/span><b>microbiome oral sain<\/b><span style=\"font-weight: 400\"> et donc la sant\u00e9 syst\u00e9mique &#8211; du syst\u00e8me cardiovasculaire aux d\u00e9fenses immunitaires.<\/span><\/p>\t\t\t\t\t\t\t\t<\/div>\n\t\t\t\t<div class=\"elementor-element elementor-element-de59a74 elementor-widget elementor-widget-text-editor\" data-id=\"de59a74\" data-element_type=\"widget\" data-e-type=\"widget\" data-widget_type=\"text-editor.default\">\n\t\t\t\t\t\t\t\t\t<p><b>edel+white &#8211; la pr\u00e9cision suisse pour votre sourire. Et votre vie. <\/b><\/p>\t\t\t\t\t\t\t\t<\/div>\n\t\t\t\t<\/div>\n\t\t\t\t\t<\/div>\n\t\t\t\t<\/div>\n\t\t\t\t<\/div>\n\t\t","protected":false},"excerpt":{"rendered":"<p>edel+white &#8211; Le couteau suisse des soins bucco-dentaires \u2714 Une solution efficace pour chaque besoin de soins bucco-dentaires\u2714 D\u00e9velopp\u00e9 en Suisse &amp; recommand\u00e9 par des professionnels dentaires\u2714 Doux &amp; efficace &#8211; id\u00e9al pour les probl\u00e8mes de gencives CAREISTA.ch &#8211; La maison officielle de edel+white Suisse D\u00e9couvrir les produits D\u00e9couvrez nos produits edel+white Tous les produits [&hellip;]<\/p>\n","protected":false},"author":346,"featured_media":0,"parent":3610,"menu_order":0,"comment_status":"closed","ping_status":"closed","template":"","meta":{"_acf_changed":false,"footnotes":""},"class_list":["post-12141","page","type-page","status-publish","hentry"],"acf":[],"yoast_head":"<!-- This site is optimized with the Yoast SEO plugin v27.2 - https:\/\/yoast.com\/product\/yoast-seo-wordpress\/ -->\n<title>edel+white - Soins bucco-dentaires suisses innovants pour %%sitename<\/title>\n<meta name=\"description\" content=\"D\u00e9couvrez edel+white chez CAREISTA : des soins bucco-dentaires suisses innovants et de haute qualit\u00e9 pour des dents saines et \u00e9clatantes de propret\u00e9.\" \/>\n<meta name=\"robots\" content=\"index, follow, max-snippet:-1, max-image-preview:large, max-video-preview:-1\" \/>\n<link rel=\"canonical\" href=\"https:\/\/careista.ch\/fr\/marques\/edelwhite\/\" \/>\n<meta property=\"og:locale\" content=\"fr_FR\" \/>\n<meta property=\"og:type\" content=\"article\" \/>\n<meta property=\"og:title\" content=\"edel+white - Soins bucco-dentaires suisses innovants pour %%sitename\" \/>\n<meta property=\"og:description\" content=\"D\u00e9couvrez edel+white chez CAREISTA : des soins bucco-dentaires suisses innovants et de haute qualit\u00e9 pour des dents saines et \u00e9clatantes de propret\u00e9.\" \/>\n<meta property=\"og:url\" content=\"https:\/\/careista.ch\/fr\/marques\/edelwhite\/\" \/>\n<meta property=\"og:site_name\" content=\"CAREISTA\" \/>\n<meta property=\"article:modified_time\" content=\"2025-09-29T12:14:24+00:00\" \/>\n<meta property=\"og:image\" content=\"http:\/\/careista.ch\/wp-content\/uploads\/2025\/08\/ew_Imagebild_CareForte_Zahnpaste-1024x1024.jpg\" \/>\n<meta name=\"twitter:card\" content=\"summary_large_image\" \/>\n<meta name=\"twitter:label1\" content=\"Dur\u00e9e de lecture estim\u00e9e\" \/>\n\t<meta name=\"twitter:data1\" content=\"5 Minuten\" \/>\n<script type=\"application\/ld+json\" class=\"yoast-schema-graph\">{\"@context\":\"https:\/\/schema.org\",\"@graph\":[{\"@type\":\"WebPage\",\"@id\":\"https:\/\/careista.ch\/fr\/marques\/edelwhite\/\",\"url\":\"https:\/\/careista.ch\/fr\/marques\/edelwhite\/\",\"name\":\"edel+white - Soins bucco-dentaires suisses innovants pour %%sitename\",\"isPartOf\":{\"@id\":\"https:\/\/careista.ch\/fr\/#website\"},\"primaryImageOfPage\":{\"@id\":\"https:\/\/careista.ch\/fr\/marques\/edelwhite\/#primaryimage\"},\"image\":{\"@id\":\"https:\/\/careista.ch\/fr\/marques\/edelwhite\/#primaryimage\"},\"thumbnailUrl\":\"http:\/\/careista.ch\/wp-content\/uploads\/2025\/08\/ew_Imagebild_CareForte_Zahnpaste-1024x1024.jpg\",\"datePublished\":\"2025-02-24T12:28:58+00:00\",\"dateModified\":\"2025-09-29T12:14:24+00:00\",\"description\":\"D\u00e9couvrez edel+white chez CAREISTA : des soins bucco-dentaires suisses innovants et de haute qualit\u00e9 pour des dents saines et \u00e9clatantes de propret\u00e9.\",\"breadcrumb\":{\"@id\":\"https:\/\/careista.ch\/fr\/marques\/edelwhite\/#breadcrumb\"},\"inLanguage\":\"fr-FR\",\"potentialAction\":[{\"@type\":\"ReadAction\",\"target\":[\"https:\/\/careista.ch\/fr\/marques\/edelwhite\/\"]}]},{\"@type\":\"ImageObject\",\"inLanguage\":\"fr-FR\",\"@id\":\"https:\/\/careista.ch\/fr\/marques\/edelwhite\/#primaryimage\",\"url\":\"http:\/\/careista.ch\/wp-content\/uploads\/2025\/08\/ew_Imagebild_CareForte_Zahnpaste-1024x1024.jpg\",\"contentUrl\":\"http:\/\/careista.ch\/wp-content\/uploads\/2025\/08\/ew_Imagebild_CareForte_Zahnpaste-1024x1024.jpg\"},{\"@type\":\"BreadcrumbList\",\"@id\":\"https:\/\/careista.ch\/fr\/marques\/edelwhite\/#breadcrumb\",\"itemListElement\":[{\"@type\":\"ListItem\",\"position\":1,\"name\":\"Home\",\"item\":\"https:\/\/careista.ch\/fr\/\"},{\"@type\":\"ListItem\",\"position\":2,\"name\":\"Marques\",\"item\":\"https:\/\/careista.ch\/fr\/marken\/\"},{\"@type\":\"ListItem\",\"position\":3,\"name\":\"edel+white\"}]},{\"@type\":\"WebSite\",\"@id\":\"https:\/\/careista.ch\/fr\/#website\",\"url\":\"https:\/\/careista.ch\/fr\/\",\"name\":\"CAREISTA\",\"description\":\"Dein pers\u00f6nlicher Pflege-Barista\",\"publisher\":{\"@id\":\"https:\/\/careista.ch\/fr\/#organization\"},\"potentialAction\":[{\"@type\":\"SearchAction\",\"target\":{\"@type\":\"EntryPoint\",\"urlTemplate\":\"https:\/\/careista.ch\/fr\/?s={search_term_string}\"},\"query-input\":{\"@type\":\"PropertyValueSpecification\",\"valueRequired\":true,\"valueName\":\"search_term_string\"}}],\"inLanguage\":\"fr-FR\"},{\"@type\":\"Organization\",\"@id\":\"https:\/\/careista.ch\/fr\/#organization\",\"name\":\"CAREISTA\",\"url\":\"https:\/\/careista.ch\/fr\/\",\"logo\":{\"@type\":\"ImageObject\",\"inLanguage\":\"fr-FR\",\"@id\":\"https:\/\/careista.ch\/fr\/#\/schema\/logo\/image\/\",\"url\":\"https:\/\/careista.ch\/wp-content\/uploads\/2025\/02\/Careista-Logo-S_rgb.svg.svg\",\"contentUrl\":\"https:\/\/careista.ch\/wp-content\/uploads\/2025\/02\/Careista-Logo-S_rgb.svg.svg\",\"caption\":\"CAREISTA\"},\"image\":{\"@id\":\"https:\/\/careista.ch\/fr\/#\/schema\/logo\/image\/\"}}]}<\/script>\n<!-- \/ Yoast SEO plugin. -->","yoast_head_json":{"title":"edel+white - Soins bucco-dentaires suisses innovants pour %%sitename","description":"D\u00e9couvrez edel+white chez CAREISTA : des soins bucco-dentaires suisses innovants et de haute qualit\u00e9 pour des dents saines et \u00e9clatantes de propret\u00e9.","robots":{"index":"index","follow":"follow","max-snippet":"max-snippet:-1","max-image-preview":"max-image-preview:large","max-video-preview":"max-video-preview:-1"},"canonical":"https:\/\/careista.ch\/fr\/marques\/edelwhite\/","og_locale":"fr_FR","og_type":"article","og_title":"edel+white - Soins bucco-dentaires suisses innovants pour %%sitename","og_description":"D\u00e9couvrez edel+white chez CAREISTA : des soins bucco-dentaires suisses innovants et de haute qualit\u00e9 pour des dents saines et \u00e9clatantes de propret\u00e9.","og_url":"https:\/\/careista.ch\/fr\/marques\/edelwhite\/","og_site_name":"CAREISTA","article_modified_time":"2025-09-29T12:14:24+00:00","og_image":[{"url":"http:\/\/careista.ch\/wp-content\/uploads\/2025\/08\/ew_Imagebild_CareForte_Zahnpaste-1024x1024.jpg","type":"","width":"","height":""}],"twitter_card":"summary_large_image","twitter_misc":{"Dur\u00e9e de lecture estim\u00e9e":"5 Minuten"},"schema":{"@context":"https:\/\/schema.org","@graph":[{"@type":"WebPage","@id":"https:\/\/careista.ch\/fr\/marques\/edelwhite\/","url":"https:\/\/careista.ch\/fr\/marques\/edelwhite\/","name":"edel+white - Soins bucco-dentaires suisses innovants pour %%sitename","isPartOf":{"@id":"https:\/\/careista.ch\/fr\/#website"},"primaryImageOfPage":{"@id":"https:\/\/careista.ch\/fr\/marques\/edelwhite\/#primaryimage"},"image":{"@id":"https:\/\/careista.ch\/fr\/marques\/edelwhite\/#primaryimage"},"thumbnailUrl":"http:\/\/careista.ch\/wp-content\/uploads\/2025\/08\/ew_Imagebild_CareForte_Zahnpaste-1024x1024.jpg","datePublished":"2025-02-24T12:28:58+00:00","dateModified":"2025-09-29T12:14:24+00:00","description":"D\u00e9couvrez edel+white chez CAREISTA : des soins bucco-dentaires suisses innovants et de haute qualit\u00e9 pour des dents saines et \u00e9clatantes de propret\u00e9.","breadcrumb":{"@id":"https:\/\/careista.ch\/fr\/marques\/edelwhite\/#breadcrumb"},"inLanguage":"fr-FR","potentialAction":[{"@type":"ReadAction","target":["https:\/\/careista.ch\/fr\/marques\/edelwhite\/"]}]},{"@type":"ImageObject","inLanguage":"fr-FR","@id":"https:\/\/careista.ch\/fr\/marques\/edelwhite\/#primaryimage","url":"http:\/\/careista.ch\/wp-content\/uploads\/2025\/08\/ew_Imagebild_CareForte_Zahnpaste-1024x1024.jpg","contentUrl":"http:\/\/careista.ch\/wp-content\/uploads\/2025\/08\/ew_Imagebild_CareForte_Zahnpaste-1024x1024.jpg"},{"@type":"BreadcrumbList","@id":"https:\/\/careista.ch\/fr\/marques\/edelwhite\/#breadcrumb","itemListElement":[{"@type":"ListItem","position":1,"name":"Home","item":"https:\/\/careista.ch\/fr\/"},{"@type":"ListItem","position":2,"name":"Marques","item":"https:\/\/careista.ch\/fr\/marken\/"},{"@type":"ListItem","position":3,"name":"edel+white"}]},{"@type":"WebSite","@id":"https:\/\/careista.ch\/fr\/#website","url":"https:\/\/careista.ch\/fr\/","name":"CAREISTA","description":"Dein pers\u00f6nlicher Pflege-Barista","publisher":{"@id":"https:\/\/careista.ch\/fr\/#organization"},"potentialAction":[{"@type":"SearchAction","target":{"@type":"EntryPoint","urlTemplate":"https:\/\/careista.ch\/fr\/?s={search_term_string}"},"query-input":{"@type":"PropertyValueSpecification","valueRequired":true,"valueName":"search_term_string"}}],"inLanguage":"fr-FR"},{"@type":"Organization","@id":"https:\/\/careista.ch\/fr\/#organization","name":"CAREISTA","url":"https:\/\/careista.ch\/fr\/","logo":{"@type":"ImageObject","inLanguage":"fr-FR","@id":"https:\/\/careista.ch\/fr\/#\/schema\/logo\/image\/","url":"https:\/\/careista.ch\/wp-content\/uploads\/2025\/02\/Careista-Logo-S_rgb.svg.svg","contentUrl":"https:\/\/careista.ch\/wp-content\/uploads\/2025\/02\/Careista-Logo-S_rgb.svg.svg","caption":"CAREISTA"},"image":{"@id":"https:\/\/careista.ch\/fr\/#\/schema\/logo\/image\/"}}]}},"jetpack_sharing_enabled":true,"_links":{"self":[{"href":"https:\/\/careista.ch\/fr\/wp-json\/wp\/v2\/pages\/12141","targetHints":{"allow":["GET"]}}],"collection":[{"href":"https:\/\/careista.ch\/fr\/wp-json\/wp\/v2\/pages"}],"about":[{"href":"https:\/\/careista.ch\/fr\/wp-json\/wp\/v2\/types\/page"}],"author":[{"embeddable":true,"href":"https:\/\/careista.ch\/fr\/wp-json\/wp\/v2\/users\/346"}],"replies":[{"embeddable":true,"href":"https:\/\/careista.ch\/fr\/wp-json\/wp\/v2\/comments?post=12141"}],"version-history":[{"count":0,"href":"https:\/\/careista.ch\/fr\/wp-json\/wp\/v2\/pages\/12141\/revisions"}],"up":[{"embeddable":true,"href":"https:\/\/careista.ch\/fr\/wp-json\/wp\/v2\/pages\/3610"}],"wp:attachment":[{"href":"https:\/\/careista.ch\/fr\/wp-json\/wp\/v2\/media?parent=12141"}],"curies":[{"name":"wp","href":"https:\/\/api.w.org\/{rel}","templated":true}]}}