{"id":12151,"date":"2025-07-08T15:16:58","date_gmt":"2025-07-08T13:16:58","guid":{"rendered":"https:\/\/careista.ch\/marques\/gengigel\/"},"modified":"2025-11-17T16:29:44","modified_gmt":"2025-11-17T14:29:44","slug":"gengigel","status":"publish","type":"page","link":"https:\/\/careista.ch\/fr\/marques\/gengigel\/","title":{"rendered":"GENGIGEL"},"content":{"rendered":"\t\t<div data-elementor-type=\"wp-page\" data-elementor-id=\"12151\" class=\"elementor elementor-12151 elementor-5952\" data-elementor-post-type=\"page\">\n\t\t\t\t<div class=\"elementor-element elementor-element-76867bfa e-con-full e-flex e-con e-parent\" data-id=\"76867bfa\" data-element_type=\"container\" data-e-type=\"container\">\n\t\t<div data-dce-background-color=\"#F0F0F0\" class=\"elementor-element elementor-element-410a00e5 e-con-full e-grid e-con e-child\" data-id=\"410a00e5\" data-element_type=\"container\" data-e-type=\"container\" data-settings=\"{&quot;background_background&quot;:&quot;classic&quot;}\">\n\t\t\t\t<div class=\"elementor-element elementor-element-c9f825d elementor-widget elementor-widget-image\" data-id=\"c9f825d\" data-element_type=\"widget\" data-e-type=\"widget\" data-widget_type=\"image.default\">\n\t\t\t\t\t\t\t\t\t\t\t\t\t\t\t<img fetchpriority=\"high\" decoding=\"async\" width=\"800\" height=\"674\" src=\"https:\/\/careista.ch\/wp-content\/uploads\/2025\/08\/gengigel_image_header_careista-1.jpg\" class=\"attachment-large size-large wp-image-10869\" alt=\"GENGIGEL\" srcset=\"https:\/\/careista.ch\/wp-content\/uploads\/2025\/08\/gengigel_image_header_careista-1.jpg 1000w, https:\/\/careista.ch\/wp-content\/uploads\/2025\/08\/gengigel_image_header_careista-1-600x505.jpg 600w, https:\/\/careista.ch\/wp-content\/uploads\/2025\/08\/gengigel_image_header_careista-1-300x253.jpg 300w, https:\/\/careista.ch\/wp-content\/uploads\/2025\/08\/gengigel_image_header_careista-1-768x647.jpg 768w\" sizes=\"(max-width: 800px) 100vw, 800px\" \/>\t\t\t\t\t\t\t\t\t\t\t\t\t\t\t<\/div>\n\t\t<div class=\"elementor-element elementor-element-2a9f667e e-con-full e-flex e-con e-child\" data-id=\"2a9f667e\" data-element_type=\"container\" data-e-type=\"container\">\n\t\t\t\t<div class=\"elementor-element elementor-element-5db4d564 elementor-widget elementor-widget-image\" data-id=\"5db4d564\" data-element_type=\"widget\" data-e-type=\"widget\" data-widget_type=\"image.default\">\n\t\t\t\t\t\t\t\t\t\t\t\t\t\t\t<img decoding=\"async\" width=\"2000\" height=\"428\" src=\"https:\/\/careista.ch\/wp-content\/uploads\/2025\/08\/Gengigel_Logo.png\" class=\"attachment-full size-full wp-image-9906\" alt=\"GENGIGEL\" srcset=\"https:\/\/careista.ch\/wp-content\/uploads\/2025\/08\/Gengigel_Logo.png 2000w, https:\/\/careista.ch\/wp-content\/uploads\/2025\/08\/Gengigel_Logo-600x128.png 600w, https:\/\/careista.ch\/wp-content\/uploads\/2025\/08\/Gengigel_Logo-300x64.png 300w, https:\/\/careista.ch\/wp-content\/uploads\/2025\/08\/Gengigel_Logo-1024x219.png 1024w, https:\/\/careista.ch\/wp-content\/uploads\/2025\/08\/Gengigel_Logo-768x164.png 768w, https:\/\/careista.ch\/wp-content\/uploads\/2025\/08\/Gengigel_Logo-1536x329.png 1536w\" sizes=\"(max-width: 2000px) 100vw, 2000px\" \/>\t\t\t\t\t\t\t\t\t\t\t\t\t\t\t<\/div>\n\t\t\t\t<div class=\"elementor-element elementor-element-75bf6d77 elementor-widget elementor-widget-heading\" data-id=\"75bf6d77\" data-element_type=\"widget\" data-e-type=\"widget\" data-widget_type=\"heading.default\">\n\t\t\t\t\t<h1 class=\"elementor-heading-title elementor-size-default\">GENGIGEL - La combinaison efficace pour des gencives saines<\/h1>\t\t\t\t<\/div>\n\t\t\t\t<div class=\"elementor-element elementor-element-5673b23 elementor-widget elementor-widget-text-editor\" data-id=\"5673b23\" data-element_type=\"widget\" data-e-type=\"widget\" data-widget_type=\"text-editor.default\">\n\t\t\t\t\t\t\t\t\t<p style=\"text-align: center\">\u2714 Favorise la gu\u00e9rison et la r\u00e9g\u00e9n\u00e9ration des gencives<br>\u2714 Soulage la douleur et r\u00e9duit sensiblement l&rsquo;inflammation<br>\u2714 Efficacit\u00e9 cliniquement prouv\u00e9e en cas de parodontite, d&rsquo;aphtes et apr\u00e8s une intervention chirurgicale<\/p>\t\t\t\t\t\t\t\t<\/div>\n\t\t\t\t<div class=\"elementor-element elementor-element-160b412 elementor-widget elementor-widget-heading\" data-id=\"160b412\" data-element_type=\"widget\" data-e-type=\"widget\" data-widget_type=\"heading.default\">\n\t\t\t\t\t<h2 class=\"elementor-heading-title elementor-size-default\">CAREISTA.ch - La maison officielle de GENGIGEL<\/h2>\t\t\t\t<\/div>\n\t\t\t\t<div data-dce-background-color=\"#000000\" class=\"elementor-element elementor-element-12e45ec9 elementor-align-center elementor-widget elementor-widget-button\" data-id=\"12e45ec9\" data-element_type=\"widget\" data-e-type=\"widget\" data-widget_type=\"button.default\">\n\t\t\t\t\t\t\t\t\t\t<a class=\"elementor-button elementor-button-link elementor-size-sm\" href=\"#gengigel_products\">\n\t\t\t\t\t\t<span class=\"elementor-button-content-wrapper\">\n\t\t\t\t\t\t\t\t\t<span class=\"elementor-button-text\">D\u00e9couvrir les produits<\/span>\n\t\t\t\t\t<\/span>\n\t\t\t\t\t<\/a>\n\t\t\t\t\t\t\t\t<\/div>\n\t\t\t\t<\/div>\n\t\t\t\t<\/div>\n\t\t\t\t<\/div>\n\t\t<div class=\"elementor-element elementor-element-f32e9bb e-flex e-con-boxed e-con e-parent\" data-id=\"f32e9bb\" data-element_type=\"container\" data-e-type=\"container\">\n\t\t\t\t\t<div class=\"e-con-inner\">\n\t\t\t\t<div class=\"elementor-element elementor-element-0ea9de5 elementor-widget elementor-widget-menu-anchor\" data-id=\"0ea9de5\" data-element_type=\"widget\" data-e-type=\"widget\" data-widget_type=\"menu-anchor.default\">\n\t\t\t\t\t\t\t<div class=\"elementor-menu-anchor\" id=\"gengigel_products\"><\/div>\n\t\t\t\t\t\t<\/div>\n\t\t\t\t<div class=\"elementor-element elementor-element-e0d52d7 elementor-widget elementor-widget-heading\" data-id=\"e0d52d7\" data-element_type=\"widget\" data-e-type=\"widget\" data-widget_type=\"heading.default\">\n\t\t\t\t\t<h2 class=\"elementor-heading-title elementor-size-default\">D\u00e9couvrez nos produits GENGIGEL<\/h2>\t\t\t\t<\/div>\n\t\t<div class=\"elementor-element elementor-element-11f06860 e-con-full e-flex e-con e-child\" data-id=\"11f06860\" data-element_type=\"container\" data-e-type=\"container\" data-settings=\"{&quot;background_background&quot;:&quot;classic&quot;}\">\n\t\t\t\t<div class=\"elementor-element elementor-element-95222dd e-n-tabs-none elementor-widget elementor-widget-n-tabs\" data-id=\"95222dd\" data-element_type=\"widget\" data-e-type=\"widget\" data-settings=\"{&quot;tabs_justify_horizontal_mobile&quot;:&quot;stretch&quot;,&quot;horizontal_scroll&quot;:&quot;disable&quot;}\" data-widget_type=\"nested-tabs.default\">\n\t\t\t\t\t\t\t<div class=\"e-n-tabs\" data-widget-number=\"156377821\" aria-label=\"Onglets. Ouvrez des \u00e9l\u00e9ments avec Entrer ou Espace, fermez-les avec Echape et naviguez \u00e0 l&#039;aide des touches fl\u00e9ch\u00e9es.\">\n\t\t\t<div class=\"e-n-tabs-heading\" role=\"tablist\">\n\t\t\t\t\t<button id=\"e-n-tab-title-1563778211\" data-tab-title-id=\"e-n-tab-title-1563778211\" class=\"e-n-tab-title\" aria-selected=\"true\" data-tab-index=\"1\" role=\"tab\" tabindex=\"0\" aria-controls=\"e-n-tab-content-1563778211\" style=\"--n-tabs-title-order: 1;\">\n\t\t\t\t\t\t<span class=\"e-n-tab-title-text\">\n\t\t\t\tTous les produits\t\t\t<\/span>\n\t\t<\/button>\n\t\t\t\t<button id=\"e-n-tab-title-1563778212\" data-tab-title-id=\"e-n-tab-title-1563778212\" class=\"e-n-tab-title\" aria-selected=\"false\" data-tab-index=\"2\" role=\"tab\" tabindex=\"-1\" aria-controls=\"e-n-tab-content-1563778212\" style=\"--n-tabs-title-order: 2;\">\n\t\t\t\t\t\t<span class=\"e-n-tab-title-text\">\n\t\t\t\tTopseller\t\t\t<\/span>\n\t\t<\/button>\n\t\t\t\t<button id=\"e-n-tab-title-1563778213\" data-tab-title-id=\"e-n-tab-title-1563778213\" class=\"e-n-tab-title\" aria-selected=\"false\" data-tab-index=\"3\" role=\"tab\" tabindex=\"-1\" aria-controls=\"e-n-tab-content-1563778213\" style=\"--n-tabs-title-order: 3;\">\n\t\t\t\t\t\t<span class=\"e-n-tab-title-text\">\n\t\t\t\tNouveaut\u00e9s\t\t\t<\/span>\n\t\t<\/button>\n\t\t\t\t<button id=\"e-n-tab-title-1563778214\" data-tab-title-id=\"e-n-tab-title-1563778214\" class=\"e-n-tab-title\" aria-selected=\"false\" data-tab-index=\"4\" role=\"tab\" tabindex=\"-1\" aria-controls=\"e-n-tab-content-1563778214\" style=\"--n-tabs-title-order: 4;\">\n\t\t\t\t\t\t<span class=\"e-n-tab-title-text\">\n\t\t\t\tSale\t\t\t<\/span>\n\t\t<\/button>\n\t\t\t\t\t<\/div>\n\t\t\t<div class=\"e-n-tabs-content\">\n\t\t\t\t<div id=\"e-n-tab-content-1563778211\" role=\"tabpanel\" aria-labelledby=\"e-n-tab-title-1563778211\" data-tab-index=\"1\" style=\"--n-tabs-title-order: 1;\" class=\"e-active elementor-element elementor-element-354daba e-flex e-con-boxed e-con e-child\" data-id=\"354daba\" data-element_type=\"container\" data-e-type=\"container\">\n\t\t\t\t\t<div class=\"e-con-inner\">\n\t\t\t\t<div class=\"woocommerce elementor-element elementor-element-7efda1f elementor-pagination-type-bullets elementor-arrows-position-inside elementor-pagination-position-outside elementor-widget elementor-widget-loop-carousel\" data-id=\"7efda1f\" data-element_type=\"widget\" data-e-type=\"widget\" data-settings=\"{&quot;_skin&quot;:&quot;product&quot;,&quot;template_id&quot;:13471,&quot;slides_to_show&quot;:&quot;5&quot;,&quot;slides_to_scroll&quot;:&quot;5&quot;,&quot;slides_to_show_tablet&quot;:&quot;2&quot;,&quot;slides_to_show_mobile&quot;:&quot;1&quot;,&quot;edit_handle_selector&quot;:&quot;.elementor-loop-container&quot;,&quot;speed&quot;:500,&quot;arrows&quot;:&quot;yes&quot;,&quot;pagination&quot;:&quot;bullets&quot;,&quot;image_spacing_custom&quot;:{&quot;unit&quot;:&quot;px&quot;,&quot;size&quot;:10,&quot;sizes&quot;:[]},&quot;image_spacing_custom_tablet&quot;:{&quot;unit&quot;:&quot;px&quot;,&quot;size&quot;:&quot;&quot;,&quot;sizes&quot;:[]},&quot;image_spacing_custom_mobile&quot;:{&quot;unit&quot;:&quot;px&quot;,&quot;size&quot;:&quot;&quot;,&quot;sizes&quot;:[]}}\" data-widget_type=\"loop-carousel.product\">\n\t\t\t\t\t\t\t<div class=\"swiper elementor-loop-container elementor-grid\" role=\"list\" dir=\"ltr\">\n\t\t\t\t<div class=\"swiper-wrapper\" aria-live=\"polite\">\n\t\t<style id=\"loop-13471\">.elementor-13471 .elementor-element.elementor-element-681a451{--display:flex;--flex-direction:column;--container-widget-width:100%;--container-widget-height:initial;--container-widget-flex-grow:0;--container-widget-align-self:initial;--flex-wrap-mobile:wrap;--justify-content:space-between;border-style:solid;--border-style:solid;border-width:1px 1px 1px 1px;--border-top-width:1px;--border-right-width:1px;--border-bottom-width:1px;--border-left-width:1px;border-color:#F1F1F1;--border-color:#F1F1F1;--margin-top:0px;--margin-bottom:0px;--margin-left:0px;--margin-right:0px;--padding-top:0px;--padding-bottom:0px;--padding-left:0px;--padding-right:0px;}.elementor-widget-heading .elementor-heading-title{font-family:var( --e-global-typography-primary-font-family ), Sans-serif;font-weight:var( --e-global-typography-primary-font-weight );}.elementor-13471 .elementor-element.elementor-element-98850be{text-align:center;margin:0px 0px calc(var(--kit-widget-spacing, 0px) + 0px) 0px;padding:5px 10px 5px 10px;top:10px;background-color:var( --e-global-color-d5983e8 );border-radius:4px 4px 4px 4px;}.elementor-13471 .elementor-element.elementor-element-98850be .elementor-heading-title{font-size:16px;word-spacing:0px;color:var( --e-global-color-44f4d63 );}body:not(.rtl) .elementor-13471 .elementor-element.elementor-element-98850be{right:10px;}body.rtl .elementor-13471 .elementor-element.elementor-element-98850be{left:10px;}.elementor-13471 .elementor-element.elementor-element-2d9b67c{--display:flex;--padding-top:0px;--padding-bottom:0px;--padding-left:0px;--padding-right:0px;}.elementor-13471 .elementor-element.elementor-element-cd0e8f9{padding:0px 0px 0px 0px;}.elementor-13471 .elementor-element.elementor-element-7ab553b{--display:flex;--align-items:center;--container-widget-width:calc( ( 1 - var( --container-widget-flex-grow ) ) * 100% );--padding-top:10px;--padding-bottom:10px;--padding-left:10px;--padding-right:10px;}.elementor-13471 .elementor-element.elementor-element-f588356{text-align:center;}.elementor-13471 .elementor-element.elementor-element-f588356 .elementor-heading-title{font-size:16px;}.elementor-13471 .elementor-element.elementor-element-16fd2ac{text-align:center;}.elementor-13471 .elementor-element.elementor-element-16fd2ac .elementor-heading-title{font-size:14px;font-weight:700;}.elementor-widget-woocommerce-product-add-to-cart .added_to_cart{font-family:var( --e-global-typography-accent-font-family ), Sans-serif;font-weight:var( --e-global-typography-accent-font-weight );}.elementor-13471 .elementor-element.elementor-element-0c8ffcd .cart button, .elementor-13471 .elementor-element.elementor-element-0c8ffcd .cart .button{font-family:var( --e-global-typography-7af7e9f-font-family ), Sans-serif;font-size:var( --e-global-typography-7af7e9f-font-size );font-weight:var( --e-global-typography-7af7e9f-font-weight );line-height:var( --e-global-typography-7af7e9f-line-height );letter-spacing:var( --e-global-typography-7af7e9f-letter-spacing );word-spacing:var( --e-global-typography-7af7e9f-word-spacing );border-style:none;border-radius:5px 5px 5px 5px;padding:8px 10px 8px 10px;color:var( --e-global-color-44f4d63 );background-color:var( --e-global-color-primary );}.elementor-13471 .elementor-element.elementor-element-0c8ffcd .cart button:hover, .elementor-13471 .elementor-element.elementor-element-0c8ffcd .cart .button:hover{color:var( --e-global-color-44f4d63 );background-color:var( --e-global-color-f262d88 );}.elementor-13471 .elementor-element.elementor-element-0c8ffcd .added_to_cart{color:#448ED2;}.elementor-13471 .elementor-element.elementor-element-0c8ffcd.elementor-element{--align-self:center;}@media(max-width:1024px){.elementor-13471 .elementor-element.elementor-element-0c8ffcd .cart button, .elementor-13471 .elementor-element.elementor-element-0c8ffcd .cart .button{font-size:var( --e-global-typography-7af7e9f-font-size );line-height:var( --e-global-typography-7af7e9f-line-height );letter-spacing:var( --e-global-typography-7af7e9f-letter-spacing );word-spacing:var( --e-global-typography-7af7e9f-word-spacing );}}@media(max-width:767px){.elementor-13471 .elementor-element.elementor-element-0c8ffcd .cart button, .elementor-13471 .elementor-element.elementor-element-0c8ffcd .cart .button{font-size:var( --e-global-typography-7af7e9f-font-size );line-height:var( --e-global-typography-7af7e9f-line-height );letter-spacing:var( --e-global-typography-7af7e9f-letter-spacing );word-spacing:var( --e-global-typography-7af7e9f-word-spacing );}}\/* Start custom CSS for container, class: .elementor-element-2d9b67c *\/.elementor-13471 .elementor-element.elementor-element-2d9b67c{\n    aspect-ratio: 1;\n}\/* End custom CSS *\/\n\/* Start custom CSS for container, class: .elementor-element-7ab553b *\/.elementor-13471 .elementor-element.elementor-element-7ab553b{\n    justify-content: space-between;\n    height: fit-content;\n}\/* End custom CSS *\/\n\/* Start custom CSS for container, class: .elementor-element-681a451 *\/\/* Container for product images *\/\n.product-item .woocommerce-LoopProduct-link.woocommerce-loop-product__link {\n    display: block;\n    position: relative;\n}\n\n\/* First image (main) *\/\n.product-item .woocommerce-LoopProduct-link img:not(.second-image) {\n    width: 100%;\n    height: auto;\n    object-fit: cover;\n}\n\n\/* Second image (on hover) *\/\n.product-item .woocommerce-LoopProduct-link img.second-image {\n    position: absolute;\n    top: 0;\n    left: 0;\n    width: 100%;\n    height: 100%;\n    object-fit: cover;\n    opacity: 0;\n    transition: opacity 0.25s ease;\n}\n\n\/* On hover, show the second image *\/\n.product-item .woocommerce-LoopProduct-link:hover img.second-image {\n    opacity: 1;\n}\n\n.product-item .woocommerce-LoopProduct-link:hover img:not(.second-image) {\n    opacity: 0;\n}\n\n\/* For smaller screens, stack images vertically *\/\n@media only screen and (max-width: 768px) {\n    .product-item .woocommerce-LoopProduct-link {\n        display: block;\n    }\n\n    \/* On mobile, both images will display one after the other *\/\n    .product-item .woocommerce-LoopProduct-link img.second-image {\n        position: relative;\n        opacity: 1;  \/* Ensure second image is visible on small screens *\/\n    }\n}\/* End custom CSS *\/<\/style>\t\t<div data-elementor-type=\"loop-item\" data-elementor-id=\"13471\" class=\"elementor elementor-13471 elementor-13249 elementor-13249 swiper-slide e-loop-item e-loop-item-9372 post-9372 product type-product status-publish has-post-thumbnail anwendung-des-gencives-saines anwendung-reparation product_brand-gengigel-fr product_cat-soins-buccaux-fr product_cat-divers-soins-buccaux-fr pa_ch-rep-decomplixag-freiburgstrasse3-3010bern pa_importer-beverfood-ag-chaltenbodenstrasse-6c-ch-8834-schindellegi first instock featured taxable shipping-taxable purchasable product-type-simple\" data-elementor-post-type=\"elementor_library\" role=\"group\" aria-roledescription=\"slide\" data-custom-edit-handle=\"1\">\n\t\t\t<div class=\"elementor-element elementor-element-681a451 product-item e-flex e-con-boxed e-con e-parent\" data-id=\"681a451\" data-element_type=\"container\" data-e-type=\"container\">\n\t\t\t\t\t<div class=\"e-con-inner\">\n\t\t<div class=\"elementor-element elementor-element-2d9b67c e-con-full e-flex e-con e-child\" data-id=\"2d9b67c\" data-element_type=\"container\" data-e-type=\"container\">\n\t\t\t\t<div class=\"elementor-element elementor-element-cd0e8f9 elementor-widget elementor-widget-shortcode\" data-id=\"cd0e8f9\" data-element_type=\"widget\" data-e-type=\"widget\" data-widget_type=\"shortcode.default\">\n\t\t\t\t\t\t\t<div class=\"elementor-shortcode\"><\/div>\n\t\t\t\t\t\t<\/div>\n\t\t\t\t<\/div>\n\t\t<div class=\"elementor-element elementor-element-7ab553b e-con-full e-flex e-con e-child\" data-id=\"7ab553b\" data-element_type=\"container\" data-e-type=\"container\">\n\t\t\t\t<div class=\"elementor-element elementor-element-f588356 elementor-widget elementor-widget-heading\" data-id=\"f588356\" data-element_type=\"widget\" data-e-type=\"widget\" data-widget_type=\"heading.default\">\n\t\t\t\t\t<h3 class=\"elementor-heading-title elementor-size-default\"><a href=\"https:\/\/careista.ch\/fr\/produkte\/soins-buccaux-fr\/divers-soins-buccaux-fr\/gengigel-spray-20ml\/\">Gengigel Spray 20ml<\/a><\/h3>\t\t\t\t<\/div>\n\t\t\t\t<div class=\"elementor-element elementor-element-a85cfb5 elementor-widget elementor-widget-shortcode\" data-id=\"a85cfb5\" data-element_type=\"widget\" data-e-type=\"widget\" data-widget_type=\"shortcode.default\">\n\t\t\t\t\t\t\t<div class=\"elementor-shortcode\"><\/div>\n\t\t\t\t\t\t<\/div>\n\t\t\t\t<div class=\"elementor-element elementor-element-16fd2ac elementor-widget elementor-widget-heading\" data-id=\"16fd2ac\" data-element_type=\"widget\" data-e-type=\"widget\" data-widget_type=\"heading.default\">\n\t\t\t\t\t<h3 class=\"elementor-heading-title elementor-size-default\"><a href=\"https:\/\/careista.ch\/fr\/produkte\/soins-buccaux-fr\/divers-soins-buccaux-fr\/gengigel-spray-20ml\/\"><span class=\"woocommerce-Price-amount amount\"><span class=\"woocommerce-Price-currencySymbol\">&#067;&#072;&#070;<\/span>&nbsp;15.90<\/span> <small class=\"woocommerce-price-suffix\"> <small class=\"woocommerce-price-suffix\">TVA incl.<\/small><\/small><\/a><\/h3>\t\t\t\t<\/div>\n\t\t\t\t<div class=\"elementor-element elementor-element-0c8ffcd elementor-add-to-cart--align-center elementor-widget elementor-widget-woocommerce-product-add-to-cart\" data-id=\"0c8ffcd\" data-element_type=\"widget\" data-e-type=\"widget\" data-widget_type=\"woocommerce-product-add-to-cart.default\">\n\t\t\t\t\t\n\t\t<div class=\"elementor-add-to-cart elementor-product-simple\">\n\t\t\t\t\t<div class=\"e-loop-add-to-cart-form-container\">\n\t\t\t<form class=\"cart e-loop-add-to-cart-form\">\n\t\t\t\t<a href=\"\/fr\/wp-json\/wp\/v2\/pages\/12151?add-to-cart=9372\" aria-describedby=\"woocommerce_loop_add_to_cart_link_describedby_9372\" data-quantity=\"1\" class=\"button product_type_simple add_to_cart_button ajax_add_to_cart\" data-product_id=\"9372\" data-product_sku=\"2029IN\" aria-label=\"Ajouter au panier\u00a0: &ldquo;Gengigel Spray 20ml&rdquo;\" rel=\"nofollow\" data-success_message=\"\u00ab\u00a0Gengigel Spray 20ml\u00a0\u00bb a \u00e9t\u00e9 ajout\u00e9 \u00e0 votre panier\" role=\"button\">Ajouter au panier<\/a>\t<span id=\"woocommerce_loop_add_to_cart_link_describedby_9372\" class=\"screen-reader-text\">\n\t\t\t<\/span>\n\t\t\t<\/form>\n\t\t<\/div>\n\t\t\t\t<\/div>\n\n\t\t\t\t\t\t<\/div>\n\t\t\t\t<\/div>\n\t\t\t\t\t<\/div>\n\t\t\t\t<\/div>\n\t\t\t\t<\/div>\n\t\t\t\t<div data-elementor-type=\"loop-item\" data-elementor-id=\"13471\" class=\"elementor elementor-13471 elementor-13249 elementor-13249 swiper-slide e-loop-item e-loop-item-9378 post-9378 product type-product status-publish has-post-thumbnail anwendung-des-gencives-saines anwendung-reparation product_brand-gengigel-fr product_cat-soins-buccaux-fr product_cat-divers-soins-buccaux-fr pa_ch-rep-decomplixag-freiburgstrasse3-3010bern pa_importer-beverfood-ag-chaltenbodenstrasse-6c-ch-8834-schindellegi  onbackorder featured taxable shipping-taxable purchasable product-type-simple\" data-elementor-post-type=\"elementor_library\" role=\"group\" aria-roledescription=\"slide\" data-custom-edit-handle=\"1\">\n\t\t\t<div class=\"elementor-element elementor-element-681a451 product-item e-flex e-con-boxed e-con e-parent\" data-id=\"681a451\" data-element_type=\"container\" data-e-type=\"container\">\n\t\t\t\t\t<div class=\"e-con-inner\">\n\t\t<div class=\"elementor-element elementor-element-2d9b67c e-con-full e-flex e-con e-child\" data-id=\"2d9b67c\" data-element_type=\"container\" data-e-type=\"container\">\n\t\t\t\t<div class=\"elementor-element elementor-element-cd0e8f9 elementor-widget elementor-widget-shortcode\" data-id=\"cd0e8f9\" data-element_type=\"widget\" data-e-type=\"widget\" data-widget_type=\"shortcode.default\">\n\t\t\t\t\t\t\t<div class=\"elementor-shortcode\"><\/div>\n\t\t\t\t\t\t<\/div>\n\t\t\t\t<\/div>\n\t\t<div class=\"elementor-element elementor-element-7ab553b e-con-full e-flex e-con e-child\" data-id=\"7ab553b\" data-element_type=\"container\" data-e-type=\"container\">\n\t\t\t\t<div class=\"elementor-element elementor-element-f588356 elementor-widget elementor-widget-heading\" data-id=\"f588356\" data-element_type=\"widget\" data-e-type=\"widget\" data-widget_type=\"heading.default\">\n\t\t\t\t\t<h3 class=\"elementor-heading-title elementor-size-default\"><a href=\"https:\/\/careista.ch\/fr\/produkte\/soins-buccaux-fr\/divers-soins-buccaux-fr\/bain-de-bouche-gengigel-150ml\/\">Bain de bouche Gengigel 150ml<\/a><\/h3>\t\t\t\t<\/div>\n\t\t\t\t<div class=\"elementor-element elementor-element-a85cfb5 elementor-widget elementor-widget-shortcode\" data-id=\"a85cfb5\" data-element_type=\"widget\" data-e-type=\"widget\" data-widget_type=\"shortcode.default\">\n\t\t\t\t\t\t\t<div class=\"elementor-shortcode\"><span class=\"tew-stars\" role=\"img\" aria-label=\"Rated 5 out of 5\"><span class=\"tew-star tew-full\">\u2605<\/span><span class=\"tew-star tew-full\">\u2605<\/span><span class=\"tew-star tew-full\">\u2605<\/span><span class=\"tew-star tew-full\">\u2605<\/span><span class=\"tew-star tew-full\">\u2605<\/span><\/span><\/div>\n\t\t\t\t\t\t<\/div>\n\t\t\t\t<div class=\"elementor-element elementor-element-16fd2ac elementor-widget elementor-widget-heading\" data-id=\"16fd2ac\" data-element_type=\"widget\" data-e-type=\"widget\" data-widget_type=\"heading.default\">\n\t\t\t\t\t<h3 class=\"elementor-heading-title elementor-size-default\"><a href=\"https:\/\/careista.ch\/fr\/produkte\/soins-buccaux-fr\/divers-soins-buccaux-fr\/bain-de-bouche-gengigel-150ml\/\"><span class=\"woocommerce-Price-amount amount\"><span class=\"woocommerce-Price-currencySymbol\">&#067;&#072;&#070;<\/span>&nbsp;13.90<\/span> <small class=\"woocommerce-price-suffix\"> <small class=\"woocommerce-price-suffix\">TVA incl.<\/small><\/small><\/a><\/h3>\t\t\t\t<\/div>\n\t\t\t\t<div class=\"elementor-element elementor-element-0c8ffcd elementor-add-to-cart--align-center elementor-widget elementor-widget-woocommerce-product-add-to-cart\" data-id=\"0c8ffcd\" data-element_type=\"widget\" data-e-type=\"widget\" data-widget_type=\"woocommerce-product-add-to-cart.default\">\n\t\t\t\t\t\n\t\t<div class=\"elementor-add-to-cart elementor-product-simple\">\n\t\t\t\t\t<div class=\"e-loop-add-to-cart-form-container\">\n\t\t\t<form class=\"cart e-loop-add-to-cart-form\">\n\t\t\t\t<a href=\"\/fr\/wp-json\/wp\/v2\/pages\/12151?add-to-cart=9378\" aria-describedby=\"woocommerce_loop_add_to_cart_link_describedby_9378\" data-quantity=\"1\" class=\"button product_type_simple add_to_cart_button ajax_add_to_cart\" data-product_id=\"9378\" data-product_sku=\"2007IN\" aria-label=\"Ajouter au panier\u00a0: &ldquo;Bain de bouche Gengigel 150ml&rdquo;\" rel=\"nofollow\" data-success_message=\"\u00ab\u00a0Bain de bouche Gengigel 150ml\u00a0\u00bb a \u00e9t\u00e9 ajout\u00e9 \u00e0 votre panier\" role=\"button\">Ajouter au panier<\/a>\t<span id=\"woocommerce_loop_add_to_cart_link_describedby_9378\" class=\"screen-reader-text\">\n\t\t\t<\/span>\n\t\t\t<\/form>\n\t\t<\/div>\n\t\t\t\t<\/div>\n\n\t\t\t\t\t\t<\/div>\n\t\t\t\t<\/div>\n\t\t\t\t\t<\/div>\n\t\t\t\t<\/div>\n\t\t\t\t<\/div>\n\t\t\t\t<div data-elementor-type=\"loop-item\" data-elementor-id=\"13471\" class=\"elementor elementor-13471 elementor-13249 elementor-13249 swiper-slide e-loop-item e-loop-item-9383 post-9383 product type-product status-publish has-post-thumbnail anwendung-des-gencives-saines anwendung-reparation product_brand-gengigel-fr product_cat-soins-buccaux-fr product_cat-divers-soins-buccaux-fr pa_ch-rep-decomplixag-freiburgstrasse3-3010bern pa_importer-beverfood-ag-chaltenbodenstrasse-6c-ch-8834-schindellegi last instock featured taxable shipping-taxable purchasable product-type-simple\" data-elementor-post-type=\"elementor_library\" role=\"group\" aria-roledescription=\"slide\" data-custom-edit-handle=\"1\">\n\t\t\t<div class=\"elementor-element elementor-element-681a451 product-item e-flex e-con-boxed e-con e-parent\" data-id=\"681a451\" data-element_type=\"container\" data-e-type=\"container\">\n\t\t\t\t\t<div class=\"e-con-inner\">\n\t\t<div class=\"elementor-element elementor-element-2d9b67c e-con-full e-flex e-con e-child\" data-id=\"2d9b67c\" data-element_type=\"container\" data-e-type=\"container\">\n\t\t\t\t<div class=\"elementor-element elementor-element-cd0e8f9 elementor-widget elementor-widget-shortcode\" data-id=\"cd0e8f9\" data-element_type=\"widget\" data-e-type=\"widget\" data-widget_type=\"shortcode.default\">\n\t\t\t\t\t\t\t<div class=\"elementor-shortcode\"><\/div>\n\t\t\t\t\t\t<\/div>\n\t\t\t\t<\/div>\n\t\t<div class=\"elementor-element elementor-element-7ab553b e-con-full e-flex e-con e-child\" data-id=\"7ab553b\" data-element_type=\"container\" data-e-type=\"container\">\n\t\t\t\t<div class=\"elementor-element elementor-element-f588356 elementor-widget elementor-widget-heading\" data-id=\"f588356\" data-element_type=\"widget\" data-e-type=\"widget\" data-widget_type=\"heading.default\">\n\t\t\t\t\t<h3 class=\"elementor-heading-title elementor-size-default\"><a href=\"https:\/\/careista.ch\/fr\/produkte\/soins-buccaux-fr\/divers-soins-buccaux-fr\/gel-gengigel-20ml\/\">Gel Gengigel 20ml<\/a><\/h3>\t\t\t\t<\/div>\n\t\t\t\t<div class=\"elementor-element elementor-element-a85cfb5 elementor-widget elementor-widget-shortcode\" data-id=\"a85cfb5\" data-element_type=\"widget\" data-e-type=\"widget\" data-widget_type=\"shortcode.default\">\n\t\t\t\t\t\t\t<div class=\"elementor-shortcode\"><\/div>\n\t\t\t\t\t\t<\/div>\n\t\t\t\t<div class=\"elementor-element elementor-element-16fd2ac elementor-widget elementor-widget-heading\" data-id=\"16fd2ac\" data-element_type=\"widget\" data-e-type=\"widget\" data-widget_type=\"heading.default\">\n\t\t\t\t\t<h3 class=\"elementor-heading-title elementor-size-default\"><a href=\"https:\/\/careista.ch\/fr\/produkte\/soins-buccaux-fr\/divers-soins-buccaux-fr\/gel-gengigel-20ml\/\"><span class=\"woocommerce-Price-amount amount\"><span class=\"woocommerce-Price-currencySymbol\">&#067;&#072;&#070;<\/span>&nbsp;15.90<\/span> <small class=\"woocommerce-price-suffix\"> <small class=\"woocommerce-price-suffix\">TVA incl.<\/small><\/small><\/a><\/h3>\t\t\t\t<\/div>\n\t\t\t\t<div class=\"elementor-element elementor-element-0c8ffcd elementor-add-to-cart--align-center elementor-widget elementor-widget-woocommerce-product-add-to-cart\" data-id=\"0c8ffcd\" data-element_type=\"widget\" data-e-type=\"widget\" data-widget_type=\"woocommerce-product-add-to-cart.default\">\n\t\t\t\t\t\n\t\t<div class=\"elementor-add-to-cart elementor-product-simple\">\n\t\t\t\t\t<div class=\"e-loop-add-to-cart-form-container\">\n\t\t\t<form class=\"cart e-loop-add-to-cart-form\">\n\t\t\t\t<a href=\"\/fr\/wp-json\/wp\/v2\/pages\/12151?add-to-cart=9383\" aria-describedby=\"woocommerce_loop_add_to_cart_link_describedby_9383\" data-quantity=\"1\" class=\"button product_type_simple add_to_cart_button ajax_add_to_cart\" data-product_id=\"9383\" data-product_sku=\"2001IN\" aria-label=\"Ajouter au panier\u00a0: &ldquo;Gel Gengigel 20ml&rdquo;\" rel=\"nofollow\" data-success_message=\"\u00ab\u00a0Gel Gengigel 20ml\u00a0\u00bb a \u00e9t\u00e9 ajout\u00e9 \u00e0 votre panier\" role=\"button\">Ajouter au panier<\/a>\t<span id=\"woocommerce_loop_add_to_cart_link_describedby_9383\" class=\"screen-reader-text\">\n\t\t\t<\/span>\n\t\t\t<\/form>\n\t\t<\/div>\n\t\t\t\t<\/div>\n\n\t\t\t\t\t\t<\/div>\n\t\t\t\t<\/div>\n\t\t\t\t\t<\/div>\n\t\t\t\t<\/div>\n\t\t\t\t<\/div>\n\t\t\t\t<div data-elementor-type=\"loop-item\" data-elementor-id=\"13471\" class=\"elementor elementor-13471 elementor-13249 elementor-13249 swiper-slide e-loop-item e-loop-item-9391 post-9391 product type-product status-publish has-post-thumbnail anwendung-des-gencives-saines anwendung-reparation anwendung-enfants product_brand-gengigel-fr product_cat-soins-buccaux-fr product_cat-divers-soins-buccaux-fr pa_ch-rep-decomplixag-freiburgstrasse3-3010bern pa_importer-beverfood-ag-chaltenbodenstrasse-6c-ch-8834-schindellegi first instock featured taxable shipping-taxable purchasable product-type-simple\" data-elementor-post-type=\"elementor_library\" role=\"group\" aria-roledescription=\"slide\" data-custom-edit-handle=\"1\">\n\t\t\t<div class=\"elementor-element elementor-element-681a451 product-item e-flex e-con-boxed e-con e-parent\" data-id=\"681a451\" data-element_type=\"container\" data-e-type=\"container\">\n\t\t\t\t\t<div class=\"e-con-inner\">\n\t\t<div class=\"elementor-element elementor-element-2d9b67c e-con-full e-flex e-con e-child\" data-id=\"2d9b67c\" data-element_type=\"container\" data-e-type=\"container\">\n\t\t\t\t<div class=\"elementor-element elementor-element-cd0e8f9 elementor-widget elementor-widget-shortcode\" data-id=\"cd0e8f9\" data-element_type=\"widget\" data-e-type=\"widget\" data-widget_type=\"shortcode.default\">\n\t\t\t\t\t\t\t<div class=\"elementor-shortcode\"><\/div>\n\t\t\t\t\t\t<\/div>\n\t\t\t\t<\/div>\n\t\t<div class=\"elementor-element elementor-element-7ab553b e-con-full e-flex e-con e-child\" data-id=\"7ab553b\" data-element_type=\"container\" data-e-type=\"container\">\n\t\t\t\t<div class=\"elementor-element elementor-element-f588356 elementor-widget elementor-widget-heading\" data-id=\"f588356\" data-element_type=\"widget\" data-e-type=\"widget\" data-widget_type=\"heading.default\">\n\t\t\t\t\t<h3 class=\"elementor-heading-title elementor-size-default\"><a href=\"https:\/\/careista.ch\/fr\/produkte\/soins-buccaux-fr\/divers-soins-buccaux-fr\/gel-pour-bebe-gengigel-20ml\/\">Gel pour b\u00e9b\u00e9 Gengigel 20ml<\/a><\/h3>\t\t\t\t<\/div>\n\t\t\t\t<div class=\"elementor-element elementor-element-a85cfb5 elementor-widget elementor-widget-shortcode\" data-id=\"a85cfb5\" data-element_type=\"widget\" data-e-type=\"widget\" data-widget_type=\"shortcode.default\">\n\t\t\t\t\t\t\t<div class=\"elementor-shortcode\"><\/div>\n\t\t\t\t\t\t<\/div>\n\t\t\t\t<div class=\"elementor-element elementor-element-16fd2ac elementor-widget elementor-widget-heading\" data-id=\"16fd2ac\" data-element_type=\"widget\" data-e-type=\"widget\" data-widget_type=\"heading.default\">\n\t\t\t\t\t<h3 class=\"elementor-heading-title elementor-size-default\"><a href=\"https:\/\/careista.ch\/fr\/produkte\/soins-buccaux-fr\/divers-soins-buccaux-fr\/gel-pour-bebe-gengigel-20ml\/\"><span class=\"woocommerce-Price-amount amount\"><span class=\"woocommerce-Price-currencySymbol\">&#067;&#072;&#070;<\/span>&nbsp;17.90<\/span> <small class=\"woocommerce-price-suffix\"> <small class=\"woocommerce-price-suffix\">TVA incl.<\/small><\/small><\/a><\/h3>\t\t\t\t<\/div>\n\t\t\t\t<div class=\"elementor-element elementor-element-0c8ffcd elementor-add-to-cart--align-center elementor-widget elementor-widget-woocommerce-product-add-to-cart\" data-id=\"0c8ffcd\" data-element_type=\"widget\" data-e-type=\"widget\" data-widget_type=\"woocommerce-product-add-to-cart.default\">\n\t\t\t\t\t\n\t\t<div class=\"elementor-add-to-cart elementor-product-simple\">\n\t\t\t\t\t<div class=\"e-loop-add-to-cart-form-container\">\n\t\t\t<form class=\"cart e-loop-add-to-cart-form\">\n\t\t\t\t<a href=\"\/fr\/wp-json\/wp\/v2\/pages\/12151?add-to-cart=9391\" aria-describedby=\"woocommerce_loop_add_to_cart_link_describedby_9391\" data-quantity=\"1\" class=\"button product_type_simple add_to_cart_button ajax_add_to_cart\" data-product_id=\"9391\" data-product_sku=\"2043IN\" aria-label=\"Ajouter au panier\u00a0: &ldquo;Gel pour b\u00e9b\u00e9 Gengigel 20ml&rdquo;\" rel=\"nofollow\" data-success_message=\"\u00ab\u00a0Gel pour b\u00e9b\u00e9 Gengigel 20ml\u00a0\u00bb a \u00e9t\u00e9 ajout\u00e9 \u00e0 votre panier\" role=\"button\">Ajouter au panier<\/a>\t<span id=\"woocommerce_loop_add_to_cart_link_describedby_9391\" class=\"screen-reader-text\">\n\t\t\t<\/span>\n\t\t\t<\/form>\n\t\t<\/div>\n\t\t\t\t<\/div>\n\n\t\t\t\t\t\t<\/div>\n\t\t\t\t<\/div>\n\t\t\t\t\t<\/div>\n\t\t\t\t<\/div>\n\t\t\t\t<\/div>\n\t\t\t\t<div data-elementor-type=\"loop-item\" data-elementor-id=\"13471\" class=\"elementor elementor-13471 elementor-13249 elementor-13249 swiper-slide e-loop-item e-loop-item-9368 post-9368 product type-product status-publish has-post-thumbnail anwendung-des-gencives-saines anwendung-reparation product_brand-gengigel-fr product_cat-soins-buccaux-fr product_cat-dentifrice-fr pa_ch-rep-decomplixag-freiburgstrasse3-3010bern pa_importer-beverfood-ag-chaltenbodenstrasse-6c-ch-8834-schindellegi  instock taxable shipping-taxable purchasable product-type-simple\" data-elementor-post-type=\"elementor_library\" role=\"group\" aria-roledescription=\"slide\" data-custom-edit-handle=\"1\">\n\t\t\t<div class=\"elementor-element elementor-element-681a451 product-item e-flex e-con-boxed e-con e-parent\" data-id=\"681a451\" data-element_type=\"container\" data-e-type=\"container\">\n\t\t\t\t\t<div class=\"e-con-inner\">\n\t\t<div class=\"elementor-element elementor-element-2d9b67c e-con-full e-flex e-con e-child\" data-id=\"2d9b67c\" data-element_type=\"container\" data-e-type=\"container\">\n\t\t\t\t<div class=\"elementor-element elementor-element-cd0e8f9 elementor-widget elementor-widget-shortcode\" data-id=\"cd0e8f9\" data-element_type=\"widget\" data-e-type=\"widget\" data-widget_type=\"shortcode.default\">\n\t\t\t\t\t\t\t<div class=\"elementor-shortcode\"><\/div>\n\t\t\t\t\t\t<\/div>\n\t\t\t\t<\/div>\n\t\t<div class=\"elementor-element elementor-element-7ab553b e-con-full e-flex e-con e-child\" data-id=\"7ab553b\" data-element_type=\"container\" data-e-type=\"container\">\n\t\t\t\t<div class=\"elementor-element elementor-element-f588356 elementor-widget elementor-widget-heading\" data-id=\"f588356\" data-element_type=\"widget\" data-e-type=\"widget\" data-widget_type=\"heading.default\">\n\t\t\t\t\t<h3 class=\"elementor-heading-title elementor-size-default\"><a href=\"https:\/\/careista.ch\/fr\/produkte\/soins-buccaux-fr\/dentifrice-fr\/gengigel-dentifrice-protecteur-des-gencives-75ml\/\">Gengigel Dentifrice protecteur des gencives 75ml<\/a><\/h3>\t\t\t\t<\/div>\n\t\t\t\t<div class=\"elementor-element elementor-element-a85cfb5 elementor-widget elementor-widget-shortcode\" data-id=\"a85cfb5\" data-element_type=\"widget\" data-e-type=\"widget\" data-widget_type=\"shortcode.default\">\n\t\t\t\t\t\t\t<div class=\"elementor-shortcode\"><\/div>\n\t\t\t\t\t\t<\/div>\n\t\t\t\t<div class=\"elementor-element elementor-element-16fd2ac elementor-widget elementor-widget-heading\" data-id=\"16fd2ac\" data-element_type=\"widget\" data-e-type=\"widget\" data-widget_type=\"heading.default\">\n\t\t\t\t\t<h3 class=\"elementor-heading-title elementor-size-default\"><a href=\"https:\/\/careista.ch\/fr\/produkte\/soins-buccaux-fr\/dentifrice-fr\/gengigel-dentifrice-protecteur-des-gencives-75ml\/\"><span class=\"woocommerce-Price-amount amount\"><span class=\"woocommerce-Price-currencySymbol\">&#067;&#072;&#070;<\/span>&nbsp;8.50<\/span> <small class=\"woocommerce-price-suffix\"> <small class=\"woocommerce-price-suffix\">TVA incl.<\/small><\/small><\/a><\/h3>\t\t\t\t<\/div>\n\t\t\t\t<div class=\"elementor-element elementor-element-0c8ffcd elementor-add-to-cart--align-center elementor-widget elementor-widget-woocommerce-product-add-to-cart\" data-id=\"0c8ffcd\" data-element_type=\"widget\" data-e-type=\"widget\" data-widget_type=\"woocommerce-product-add-to-cart.default\">\n\t\t\t\t\t\n\t\t<div class=\"elementor-add-to-cart elementor-product-simple\">\n\t\t\t\t\t<div class=\"e-loop-add-to-cart-form-container\">\n\t\t\t<form class=\"cart e-loop-add-to-cart-form\">\n\t\t\t\t<a href=\"\/fr\/wp-json\/wp\/v2\/pages\/12151?add-to-cart=9368\" aria-describedby=\"woocommerce_loop_add_to_cart_link_describedby_9368\" data-quantity=\"1\" class=\"button product_type_simple add_to_cart_button ajax_add_to_cart\" data-product_id=\"9368\" data-product_sku=\"DG3101-075-00\" aria-label=\"Ajouter au panier\u00a0: &ldquo;Gengigel Dentifrice protecteur des gencives 75ml&rdquo;\" rel=\"nofollow\" data-success_message=\"\u00ab\u00a0Gengigel Dentifrice protecteur des gencives 75ml\u00a0\u00bb a \u00e9t\u00e9 ajout\u00e9 \u00e0 votre panier\" role=\"button\">Ajouter au panier<\/a>\t<span id=\"woocommerce_loop_add_to_cart_link_describedby_9368\" class=\"screen-reader-text\">\n\t\t\t<\/span>\n\t\t\t<\/form>\n\t\t<\/div>\n\t\t\t\t<\/div>\n\n\t\t\t\t\t\t<\/div>\n\t\t\t\t<\/div>\n\t\t\t\t\t<\/div>\n\t\t\t\t<\/div>\n\t\t\t\t<\/div>\n\t\t\t\t<\/div>\n\t\t<\/div>\n\t\t\t\t\t<div class=\"elementor-swiper-button elementor-swiper-button-prev\" role=\"button\" tabindex=\"0\" aria-label=\"Pr\u00e9c\u00e9dent\">\n\t\t\t\t<svg aria-hidden=\"true\" class=\"e-font-icon-svg e-eicon-chevron-left\" viewBox=\"0 0 1000 1000\" xmlns=\"http:\/\/www.w3.org\/2000\/svg\"><path d=\"M646 125C629 125 613 133 604 142L308 442C296 454 292 471 292 487 292 504 296 521 308 533L604 854C617 867 629 875 646 875 663 875 679 871 692 858 704 846 713 829 713 812 713 796 708 779 692 767L438 487 692 225C700 217 708 204 708 187 708 171 704 154 692 142 675 129 663 125 646 125Z\"><\/path><\/svg>\t\t\t<\/div>\n\t\t\t<div class=\"elementor-swiper-button elementor-swiper-button-next\" role=\"button\" tabindex=\"0\" aria-label=\"Suivant\">\n\t\t\t\t<svg aria-hidden=\"true\" class=\"e-font-icon-svg e-eicon-chevron-right\" viewBox=\"0 0 1000 1000\" xmlns=\"http:\/\/www.w3.org\/2000\/svg\"><path d=\"M696 533C708 521 713 504 713 487 713 471 708 454 696 446L400 146C388 133 375 125 354 125 338 125 325 129 313 142 300 154 292 171 292 187 292 204 296 221 308 233L563 492 304 771C292 783 288 800 288 817 288 833 296 850 308 863 321 871 338 875 354 875 371 875 388 867 400 854L696 533Z\"><\/path><\/svg>\t\t\t<\/div>\n\t\t\t\t\t<div class=\"swiper-pagination\"><\/div>\n\t\t\t\t\t\t<\/div>\n\t\t\t\t\t<\/div>\n\t\t\t\t<\/div>\n\t\t<div id=\"e-n-tab-content-1563778212\" role=\"tabpanel\" aria-labelledby=\"e-n-tab-title-1563778212\" data-tab-index=\"2\" style=\"--n-tabs-title-order: 2;\" class=\" elementor-element elementor-element-dd78c95 e-con-full e-flex e-con e-child\" data-id=\"dd78c95\" data-element_type=\"container\" data-e-type=\"container\">\n\t\t\t\t<div class=\"woocommerce elementor-element elementor-element-0d24768 elementor-pagination-type-bullets elementor-arrows-position-inside elementor-pagination-position-outside elementor-widget elementor-widget-loop-carousel\" data-id=\"0d24768\" data-element_type=\"widget\" data-e-type=\"widget\" data-settings=\"{&quot;_skin&quot;:&quot;product&quot;,&quot;template_id&quot;:13471,&quot;slides_to_show&quot;:&quot;5&quot;,&quot;slides_to_show_tablet&quot;:&quot;2&quot;,&quot;slides_to_show_mobile&quot;:&quot;1&quot;,&quot;slides_to_scroll&quot;:&quot;1&quot;,&quot;edit_handle_selector&quot;:&quot;.elementor-loop-container&quot;,&quot;speed&quot;:500,&quot;arrows&quot;:&quot;yes&quot;,&quot;pagination&quot;:&quot;bullets&quot;,&quot;image_spacing_custom&quot;:{&quot;unit&quot;:&quot;px&quot;,&quot;size&quot;:10,&quot;sizes&quot;:[]},&quot;image_spacing_custom_tablet&quot;:{&quot;unit&quot;:&quot;px&quot;,&quot;size&quot;:&quot;&quot;,&quot;sizes&quot;:[]},&quot;image_spacing_custom_mobile&quot;:{&quot;unit&quot;:&quot;px&quot;,&quot;size&quot;:&quot;&quot;,&quot;sizes&quot;:[]}}\" data-widget_type=\"loop-carousel.product\">\n\t\t\t\t\t\t\t<div class=\"swiper elementor-loop-container elementor-grid\" role=\"list\" dir=\"ltr\">\n\t\t\t\t<div class=\"swiper-wrapper\" aria-live=\"polite\">\n\t\t\t\t<div data-elementor-type=\"loop-item\" data-elementor-id=\"13471\" class=\"elementor elementor-13471 elementor-13249 elementor-13249 swiper-slide e-loop-item e-loop-item-9372 post-9372 product type-product status-publish has-post-thumbnail anwendung-des-gencives-saines anwendung-reparation product_brand-gengigel-fr product_cat-soins-buccaux-fr product_cat-divers-soins-buccaux-fr pa_ch-rep-decomplixag-freiburgstrasse3-3010bern pa_importer-beverfood-ag-chaltenbodenstrasse-6c-ch-8834-schindellegi last instock featured taxable shipping-taxable purchasable product-type-simple\" data-elementor-post-type=\"elementor_library\" role=\"group\" aria-roledescription=\"slide\" data-custom-edit-handle=\"1\">\n\t\t\t<div class=\"elementor-element elementor-element-681a451 product-item e-flex e-con-boxed e-con e-parent\" data-id=\"681a451\" data-element_type=\"container\" data-e-type=\"container\">\n\t\t\t\t\t<div class=\"e-con-inner\">\n\t\t<div class=\"elementor-element elementor-element-2d9b67c e-con-full e-flex e-con e-child\" data-id=\"2d9b67c\" data-element_type=\"container\" data-e-type=\"container\">\n\t\t\t\t<div class=\"elementor-element elementor-element-cd0e8f9 elementor-widget elementor-widget-shortcode\" data-id=\"cd0e8f9\" data-element_type=\"widget\" data-e-type=\"widget\" data-widget_type=\"shortcode.default\">\n\t\t\t\t\t\t\t<div class=\"elementor-shortcode\"><\/div>\n\t\t\t\t\t\t<\/div>\n\t\t\t\t<\/div>\n\t\t<div class=\"elementor-element elementor-element-7ab553b e-con-full e-flex e-con e-child\" data-id=\"7ab553b\" data-element_type=\"container\" data-e-type=\"container\">\n\t\t\t\t<div class=\"elementor-element elementor-element-f588356 elementor-widget elementor-widget-heading\" data-id=\"f588356\" data-element_type=\"widget\" data-e-type=\"widget\" data-widget_type=\"heading.default\">\n\t\t\t\t\t<h3 class=\"elementor-heading-title elementor-size-default\"><a href=\"https:\/\/careista.ch\/fr\/produkte\/soins-buccaux-fr\/divers-soins-buccaux-fr\/gengigel-spray-20ml\/\">Gengigel Spray 20ml<\/a><\/h3>\t\t\t\t<\/div>\n\t\t\t\t<div class=\"elementor-element elementor-element-a85cfb5 elementor-widget elementor-widget-shortcode\" data-id=\"a85cfb5\" data-element_type=\"widget\" data-e-type=\"widget\" data-widget_type=\"shortcode.default\">\n\t\t\t\t\t\t\t<div class=\"elementor-shortcode\"><\/div>\n\t\t\t\t\t\t<\/div>\n\t\t\t\t<div class=\"elementor-element elementor-element-16fd2ac elementor-widget elementor-widget-heading\" data-id=\"16fd2ac\" data-element_type=\"widget\" data-e-type=\"widget\" data-widget_type=\"heading.default\">\n\t\t\t\t\t<h3 class=\"elementor-heading-title elementor-size-default\"><a href=\"https:\/\/careista.ch\/fr\/produkte\/soins-buccaux-fr\/divers-soins-buccaux-fr\/gengigel-spray-20ml\/\"><span class=\"woocommerce-Price-amount amount\"><span class=\"woocommerce-Price-currencySymbol\">&#067;&#072;&#070;<\/span>&nbsp;15.90<\/span> <small class=\"woocommerce-price-suffix\"> <small class=\"woocommerce-price-suffix\">TVA incl.<\/small><\/small><\/a><\/h3>\t\t\t\t<\/div>\n\t\t\t\t<div class=\"elementor-element elementor-element-0c8ffcd elementor-add-to-cart--align-center elementor-widget elementor-widget-woocommerce-product-add-to-cart\" data-id=\"0c8ffcd\" data-element_type=\"widget\" data-e-type=\"widget\" data-widget_type=\"woocommerce-product-add-to-cart.default\">\n\t\t\t\t\t\n\t\t<div class=\"elementor-add-to-cart elementor-product-simple\">\n\t\t\t\t\t<div class=\"e-loop-add-to-cart-form-container\">\n\t\t\t<form class=\"cart e-loop-add-to-cart-form\">\n\t\t\t\t<a href=\"\/fr\/wp-json\/wp\/v2\/pages\/12151?add-to-cart=9372\" aria-describedby=\"woocommerce_loop_add_to_cart_link_describedby_9372\" data-quantity=\"1\" class=\"button product_type_simple add_to_cart_button ajax_add_to_cart\" data-product_id=\"9372\" data-product_sku=\"2029IN\" aria-label=\"Ajouter au panier\u00a0: &ldquo;Gengigel Spray 20ml&rdquo;\" rel=\"nofollow\" data-success_message=\"\u00ab\u00a0Gengigel Spray 20ml\u00a0\u00bb a \u00e9t\u00e9 ajout\u00e9 \u00e0 votre panier\" role=\"button\">Ajouter au panier<\/a>\t<span id=\"woocommerce_loop_add_to_cart_link_describedby_9372\" class=\"screen-reader-text\">\n\t\t\t<\/span>\n\t\t\t<\/form>\n\t\t<\/div>\n\t\t\t\t<\/div>\n\n\t\t\t\t\t\t<\/div>\n\t\t\t\t<\/div>\n\t\t\t\t\t<\/div>\n\t\t\t\t<\/div>\n\t\t\t\t<\/div>\n\t\t\t\t<div data-elementor-type=\"loop-item\" data-elementor-id=\"13471\" class=\"elementor elementor-13471 elementor-13249 elementor-13249 swiper-slide e-loop-item e-loop-item-9378 post-9378 product type-product status-publish has-post-thumbnail anwendung-des-gencives-saines anwendung-reparation product_brand-gengigel-fr product_cat-soins-buccaux-fr product_cat-divers-soins-buccaux-fr pa_ch-rep-decomplixag-freiburgstrasse3-3010bern pa_importer-beverfood-ag-chaltenbodenstrasse-6c-ch-8834-schindellegi first onbackorder featured taxable shipping-taxable purchasable product-type-simple\" data-elementor-post-type=\"elementor_library\" role=\"group\" aria-roledescription=\"slide\" data-custom-edit-handle=\"1\">\n\t\t\t<div class=\"elementor-element elementor-element-681a451 product-item e-flex e-con-boxed e-con e-parent\" data-id=\"681a451\" data-element_type=\"container\" data-e-type=\"container\">\n\t\t\t\t\t<div class=\"e-con-inner\">\n\t\t<div class=\"elementor-element elementor-element-2d9b67c e-con-full e-flex e-con e-child\" data-id=\"2d9b67c\" data-element_type=\"container\" data-e-type=\"container\">\n\t\t\t\t<div class=\"elementor-element elementor-element-cd0e8f9 elementor-widget elementor-widget-shortcode\" data-id=\"cd0e8f9\" data-element_type=\"widget\" data-e-type=\"widget\" data-widget_type=\"shortcode.default\">\n\t\t\t\t\t\t\t<div class=\"elementor-shortcode\"><\/div>\n\t\t\t\t\t\t<\/div>\n\t\t\t\t<\/div>\n\t\t<div class=\"elementor-element elementor-element-7ab553b e-con-full e-flex e-con e-child\" data-id=\"7ab553b\" data-element_type=\"container\" data-e-type=\"container\">\n\t\t\t\t<div class=\"elementor-element elementor-element-f588356 elementor-widget elementor-widget-heading\" data-id=\"f588356\" data-element_type=\"widget\" data-e-type=\"widget\" data-widget_type=\"heading.default\">\n\t\t\t\t\t<h3 class=\"elementor-heading-title elementor-size-default\"><a href=\"https:\/\/careista.ch\/fr\/produkte\/soins-buccaux-fr\/divers-soins-buccaux-fr\/bain-de-bouche-gengigel-150ml\/\">Bain de bouche Gengigel 150ml<\/a><\/h3>\t\t\t\t<\/div>\n\t\t\t\t<div class=\"elementor-element elementor-element-a85cfb5 elementor-widget elementor-widget-shortcode\" data-id=\"a85cfb5\" data-element_type=\"widget\" data-e-type=\"widget\" data-widget_type=\"shortcode.default\">\n\t\t\t\t\t\t\t<div class=\"elementor-shortcode\"><span class=\"tew-stars\" role=\"img\" aria-label=\"Rated 5 out of 5\"><span class=\"tew-star tew-full\">\u2605<\/span><span class=\"tew-star tew-full\">\u2605<\/span><span class=\"tew-star tew-full\">\u2605<\/span><span class=\"tew-star tew-full\">\u2605<\/span><span class=\"tew-star tew-full\">\u2605<\/span><\/span><\/div>\n\t\t\t\t\t\t<\/div>\n\t\t\t\t<div class=\"elementor-element elementor-element-16fd2ac elementor-widget elementor-widget-heading\" data-id=\"16fd2ac\" data-element_type=\"widget\" data-e-type=\"widget\" data-widget_type=\"heading.default\">\n\t\t\t\t\t<h3 class=\"elementor-heading-title elementor-size-default\"><a href=\"https:\/\/careista.ch\/fr\/produkte\/soins-buccaux-fr\/divers-soins-buccaux-fr\/bain-de-bouche-gengigel-150ml\/\"><span class=\"woocommerce-Price-amount amount\"><span class=\"woocommerce-Price-currencySymbol\">&#067;&#072;&#070;<\/span>&nbsp;13.90<\/span> <small class=\"woocommerce-price-suffix\"> <small class=\"woocommerce-price-suffix\">TVA incl.<\/small><\/small><\/a><\/h3>\t\t\t\t<\/div>\n\t\t\t\t<div class=\"elementor-element elementor-element-0c8ffcd elementor-add-to-cart--align-center elementor-widget elementor-widget-woocommerce-product-add-to-cart\" data-id=\"0c8ffcd\" data-element_type=\"widget\" data-e-type=\"widget\" data-widget_type=\"woocommerce-product-add-to-cart.default\">\n\t\t\t\t\t\n\t\t<div class=\"elementor-add-to-cart elementor-product-simple\">\n\t\t\t\t\t<div class=\"e-loop-add-to-cart-form-container\">\n\t\t\t<form class=\"cart e-loop-add-to-cart-form\">\n\t\t\t\t<a href=\"\/fr\/wp-json\/wp\/v2\/pages\/12151?add-to-cart=9378\" aria-describedby=\"woocommerce_loop_add_to_cart_link_describedby_9378\" data-quantity=\"1\" class=\"button product_type_simple add_to_cart_button ajax_add_to_cart\" data-product_id=\"9378\" data-product_sku=\"2007IN\" aria-label=\"Ajouter au panier\u00a0: &ldquo;Bain de bouche Gengigel 150ml&rdquo;\" rel=\"nofollow\" data-success_message=\"\u00ab\u00a0Bain de bouche Gengigel 150ml\u00a0\u00bb a \u00e9t\u00e9 ajout\u00e9 \u00e0 votre panier\" role=\"button\">Ajouter au panier<\/a>\t<span id=\"woocommerce_loop_add_to_cart_link_describedby_9378\" class=\"screen-reader-text\">\n\t\t\t<\/span>\n\t\t\t<\/form>\n\t\t<\/div>\n\t\t\t\t<\/div>\n\n\t\t\t\t\t\t<\/div>\n\t\t\t\t<\/div>\n\t\t\t\t\t<\/div>\n\t\t\t\t<\/div>\n\t\t\t\t<\/div>\n\t\t\t\t<div data-elementor-type=\"loop-item\" data-elementor-id=\"13471\" class=\"elementor elementor-13471 elementor-13249 elementor-13249 swiper-slide e-loop-item e-loop-item-9383 post-9383 product type-product status-publish has-post-thumbnail anwendung-des-gencives-saines anwendung-reparation product_brand-gengigel-fr product_cat-soins-buccaux-fr product_cat-divers-soins-buccaux-fr pa_ch-rep-decomplixag-freiburgstrasse3-3010bern pa_importer-beverfood-ag-chaltenbodenstrasse-6c-ch-8834-schindellegi  instock featured taxable shipping-taxable purchasable product-type-simple\" data-elementor-post-type=\"elementor_library\" role=\"group\" aria-roledescription=\"slide\" data-custom-edit-handle=\"1\">\n\t\t\t<div class=\"elementor-element elementor-element-681a451 product-item e-flex e-con-boxed e-con e-parent\" data-id=\"681a451\" data-element_type=\"container\" data-e-type=\"container\">\n\t\t\t\t\t<div class=\"e-con-inner\">\n\t\t<div class=\"elementor-element elementor-element-2d9b67c e-con-full e-flex e-con e-child\" data-id=\"2d9b67c\" data-element_type=\"container\" data-e-type=\"container\">\n\t\t\t\t<div class=\"elementor-element elementor-element-cd0e8f9 elementor-widget elementor-widget-shortcode\" data-id=\"cd0e8f9\" data-element_type=\"widget\" data-e-type=\"widget\" data-widget_type=\"shortcode.default\">\n\t\t\t\t\t\t\t<div class=\"elementor-shortcode\"><\/div>\n\t\t\t\t\t\t<\/div>\n\t\t\t\t<\/div>\n\t\t<div class=\"elementor-element elementor-element-7ab553b e-con-full e-flex e-con e-child\" data-id=\"7ab553b\" data-element_type=\"container\" data-e-type=\"container\">\n\t\t\t\t<div class=\"elementor-element elementor-element-f588356 elementor-widget elementor-widget-heading\" data-id=\"f588356\" data-element_type=\"widget\" data-e-type=\"widget\" data-widget_type=\"heading.default\">\n\t\t\t\t\t<h3 class=\"elementor-heading-title elementor-size-default\"><a href=\"https:\/\/careista.ch\/fr\/produkte\/soins-buccaux-fr\/divers-soins-buccaux-fr\/gel-gengigel-20ml\/\">Gel Gengigel 20ml<\/a><\/h3>\t\t\t\t<\/div>\n\t\t\t\t<div class=\"elementor-element elementor-element-a85cfb5 elementor-widget elementor-widget-shortcode\" data-id=\"a85cfb5\" data-element_type=\"widget\" data-e-type=\"widget\" data-widget_type=\"shortcode.default\">\n\t\t\t\t\t\t\t<div class=\"elementor-shortcode\"><\/div>\n\t\t\t\t\t\t<\/div>\n\t\t\t\t<div class=\"elementor-element elementor-element-16fd2ac elementor-widget elementor-widget-heading\" data-id=\"16fd2ac\" data-element_type=\"widget\" data-e-type=\"widget\" data-widget_type=\"heading.default\">\n\t\t\t\t\t<h3 class=\"elementor-heading-title elementor-size-default\"><a href=\"https:\/\/careista.ch\/fr\/produkte\/soins-buccaux-fr\/divers-soins-buccaux-fr\/gel-gengigel-20ml\/\"><span class=\"woocommerce-Price-amount amount\"><span class=\"woocommerce-Price-currencySymbol\">&#067;&#072;&#070;<\/span>&nbsp;15.90<\/span> <small class=\"woocommerce-price-suffix\"> <small class=\"woocommerce-price-suffix\">TVA incl.<\/small><\/small><\/a><\/h3>\t\t\t\t<\/div>\n\t\t\t\t<div class=\"elementor-element elementor-element-0c8ffcd elementor-add-to-cart--align-center elementor-widget elementor-widget-woocommerce-product-add-to-cart\" data-id=\"0c8ffcd\" data-element_type=\"widget\" data-e-type=\"widget\" data-widget_type=\"woocommerce-product-add-to-cart.default\">\n\t\t\t\t\t\n\t\t<div class=\"elementor-add-to-cart elementor-product-simple\">\n\t\t\t\t\t<div class=\"e-loop-add-to-cart-form-container\">\n\t\t\t<form class=\"cart e-loop-add-to-cart-form\">\n\t\t\t\t<a href=\"\/fr\/wp-json\/wp\/v2\/pages\/12151?add-to-cart=9383\" aria-describedby=\"woocommerce_loop_add_to_cart_link_describedby_9383\" data-quantity=\"1\" class=\"button product_type_simple add_to_cart_button ajax_add_to_cart\" data-product_id=\"9383\" data-product_sku=\"2001IN\" aria-label=\"Ajouter au panier\u00a0: &ldquo;Gel Gengigel 20ml&rdquo;\" rel=\"nofollow\" data-success_message=\"\u00ab\u00a0Gel Gengigel 20ml\u00a0\u00bb a \u00e9t\u00e9 ajout\u00e9 \u00e0 votre panier\" role=\"button\">Ajouter au panier<\/a>\t<span id=\"woocommerce_loop_add_to_cart_link_describedby_9383\" class=\"screen-reader-text\">\n\t\t\t<\/span>\n\t\t\t<\/form>\n\t\t<\/div>\n\t\t\t\t<\/div>\n\n\t\t\t\t\t\t<\/div>\n\t\t\t\t<\/div>\n\t\t\t\t\t<\/div>\n\t\t\t\t<\/div>\n\t\t\t\t<\/div>\n\t\t\t\t<div data-elementor-type=\"loop-item\" data-elementor-id=\"13471\" class=\"elementor elementor-13471 elementor-13249 elementor-13249 swiper-slide e-loop-item e-loop-item-9391 post-9391 product type-product status-publish has-post-thumbnail anwendung-des-gencives-saines anwendung-reparation anwendung-enfants product_brand-gengigel-fr product_cat-soins-buccaux-fr product_cat-divers-soins-buccaux-fr pa_ch-rep-decomplixag-freiburgstrasse3-3010bern pa_importer-beverfood-ag-chaltenbodenstrasse-6c-ch-8834-schindellegi last instock featured taxable shipping-taxable purchasable product-type-simple\" data-elementor-post-type=\"elementor_library\" role=\"group\" aria-roledescription=\"slide\" data-custom-edit-handle=\"1\">\n\t\t\t<div class=\"elementor-element elementor-element-681a451 product-item e-flex e-con-boxed e-con e-parent\" data-id=\"681a451\" data-element_type=\"container\" data-e-type=\"container\">\n\t\t\t\t\t<div class=\"e-con-inner\">\n\t\t<div class=\"elementor-element elementor-element-2d9b67c e-con-full e-flex e-con e-child\" data-id=\"2d9b67c\" data-element_type=\"container\" data-e-type=\"container\">\n\t\t\t\t<div class=\"elementor-element elementor-element-cd0e8f9 elementor-widget elementor-widget-shortcode\" data-id=\"cd0e8f9\" data-element_type=\"widget\" data-e-type=\"widget\" data-widget_type=\"shortcode.default\">\n\t\t\t\t\t\t\t<div class=\"elementor-shortcode\"><\/div>\n\t\t\t\t\t\t<\/div>\n\t\t\t\t<\/div>\n\t\t<div class=\"elementor-element elementor-element-7ab553b e-con-full e-flex e-con e-child\" data-id=\"7ab553b\" data-element_type=\"container\" data-e-type=\"container\">\n\t\t\t\t<div class=\"elementor-element elementor-element-f588356 elementor-widget elementor-widget-heading\" data-id=\"f588356\" data-element_type=\"widget\" data-e-type=\"widget\" data-widget_type=\"heading.default\">\n\t\t\t\t\t<h3 class=\"elementor-heading-title elementor-size-default\"><a href=\"https:\/\/careista.ch\/fr\/produkte\/soins-buccaux-fr\/divers-soins-buccaux-fr\/gel-pour-bebe-gengigel-20ml\/\">Gel pour b\u00e9b\u00e9 Gengigel 20ml<\/a><\/h3>\t\t\t\t<\/div>\n\t\t\t\t<div class=\"elementor-element elementor-element-a85cfb5 elementor-widget elementor-widget-shortcode\" data-id=\"a85cfb5\" data-element_type=\"widget\" data-e-type=\"widget\" data-widget_type=\"shortcode.default\">\n\t\t\t\t\t\t\t<div class=\"elementor-shortcode\"><\/div>\n\t\t\t\t\t\t<\/div>\n\t\t\t\t<div class=\"elementor-element elementor-element-16fd2ac elementor-widget elementor-widget-heading\" data-id=\"16fd2ac\" data-element_type=\"widget\" data-e-type=\"widget\" data-widget_type=\"heading.default\">\n\t\t\t\t\t<h3 class=\"elementor-heading-title elementor-size-default\"><a href=\"https:\/\/careista.ch\/fr\/produkte\/soins-buccaux-fr\/divers-soins-buccaux-fr\/gel-pour-bebe-gengigel-20ml\/\"><span class=\"woocommerce-Price-amount amount\"><span class=\"woocommerce-Price-currencySymbol\">&#067;&#072;&#070;<\/span>&nbsp;17.90<\/span> <small class=\"woocommerce-price-suffix\"> <small class=\"woocommerce-price-suffix\">TVA incl.<\/small><\/small><\/a><\/h3>\t\t\t\t<\/div>\n\t\t\t\t<div class=\"elementor-element elementor-element-0c8ffcd elementor-add-to-cart--align-center elementor-widget elementor-widget-woocommerce-product-add-to-cart\" data-id=\"0c8ffcd\" data-element_type=\"widget\" data-e-type=\"widget\" data-widget_type=\"woocommerce-product-add-to-cart.default\">\n\t\t\t\t\t\n\t\t<div class=\"elementor-add-to-cart elementor-product-simple\">\n\t\t\t\t\t<div class=\"e-loop-add-to-cart-form-container\">\n\t\t\t<form class=\"cart e-loop-add-to-cart-form\">\n\t\t\t\t<a href=\"\/fr\/wp-json\/wp\/v2\/pages\/12151?add-to-cart=9391\" aria-describedby=\"woocommerce_loop_add_to_cart_link_describedby_9391\" data-quantity=\"1\" class=\"button product_type_simple add_to_cart_button ajax_add_to_cart\" data-product_id=\"9391\" data-product_sku=\"2043IN\" aria-label=\"Ajouter au panier\u00a0: &ldquo;Gel pour b\u00e9b\u00e9 Gengigel 20ml&rdquo;\" rel=\"nofollow\" data-success_message=\"\u00ab\u00a0Gel pour b\u00e9b\u00e9 Gengigel 20ml\u00a0\u00bb a \u00e9t\u00e9 ajout\u00e9 \u00e0 votre panier\" role=\"button\">Ajouter au panier<\/a>\t<span id=\"woocommerce_loop_add_to_cart_link_describedby_9391\" class=\"screen-reader-text\">\n\t\t\t<\/span>\n\t\t\t<\/form>\n\t\t<\/div>\n\t\t\t\t<\/div>\n\n\t\t\t\t\t\t<\/div>\n\t\t\t\t<\/div>\n\t\t\t\t\t<\/div>\n\t\t\t\t<\/div>\n\t\t\t\t<\/div>\n\t\t\t\t<\/div>\n\t\t<\/div>\n\t\t\t\t\t<div class=\"elementor-swiper-button elementor-swiper-button-prev\" role=\"button\" tabindex=\"0\" aria-label=\"Pr\u00e9c\u00e9dent\">\n\t\t\t\t<svg aria-hidden=\"true\" class=\"e-font-icon-svg e-eicon-chevron-left\" viewBox=\"0 0 1000 1000\" xmlns=\"http:\/\/www.w3.org\/2000\/svg\"><path d=\"M646 125C629 125 613 133 604 142L308 442C296 454 292 471 292 487 292 504 296 521 308 533L604 854C617 867 629 875 646 875 663 875 679 871 692 858 704 846 713 829 713 812 713 796 708 779 692 767L438 487 692 225C700 217 708 204 708 187 708 171 704 154 692 142 675 129 663 125 646 125Z\"><\/path><\/svg>\t\t\t<\/div>\n\t\t\t<div class=\"elementor-swiper-button elementor-swiper-button-next\" role=\"button\" tabindex=\"0\" aria-label=\"Suivant\">\n\t\t\t\t<svg aria-hidden=\"true\" class=\"e-font-icon-svg e-eicon-chevron-right\" viewBox=\"0 0 1000 1000\" xmlns=\"http:\/\/www.w3.org\/2000\/svg\"><path d=\"M696 533C708 521 713 504 713 487 713 471 708 454 696 446L400 146C388 133 375 125 354 125 338 125 325 129 313 142 300 154 292 171 292 187 292 204 296 221 308 233L563 492 304 771C292 783 288 800 288 817 288 833 296 850 308 863 321 871 338 875 354 875 371 875 388 867 400 854L696 533Z\"><\/path><\/svg>\t\t\t<\/div>\n\t\t\t\t\t<div class=\"swiper-pagination\"><\/div>\n\t\t\t\t\t\t<\/div>\n\t\t\t\t<\/div>\n\t\t<div id=\"e-n-tab-content-1563778213\" role=\"tabpanel\" aria-labelledby=\"e-n-tab-title-1563778213\" data-tab-index=\"3\" style=\"--n-tabs-title-order: 3;\" class=\" elementor-element elementor-element-9bc7b49 e-con-full e-flex e-con e-child\" data-id=\"9bc7b49\" data-element_type=\"container\" data-e-type=\"container\">\n\t\t\t\t<div class=\"woocommerce elementor-element elementor-element-9fba781 elementor-pagination-type-bullets elementor-pagination-position-outside elementor-widget elementor-widget-loop-carousel\" data-id=\"9fba781\" data-element_type=\"widget\" data-e-type=\"widget\" data-settings=\"{&quot;_skin&quot;:&quot;product&quot;,&quot;template_id&quot;:13471,&quot;slides_to_show&quot;:&quot;5&quot;,&quot;slides_to_show_tablet&quot;:&quot;2&quot;,&quot;slides_to_show_mobile&quot;:&quot;1&quot;,&quot;slides_to_scroll&quot;:&quot;1&quot;,&quot;edit_handle_selector&quot;:&quot;.elementor-loop-container&quot;,&quot;speed&quot;:500,&quot;pagination&quot;:&quot;bullets&quot;,&quot;image_spacing_custom&quot;:{&quot;unit&quot;:&quot;px&quot;,&quot;size&quot;:10,&quot;sizes&quot;:[]},&quot;image_spacing_custom_tablet&quot;:{&quot;unit&quot;:&quot;px&quot;,&quot;size&quot;:&quot;&quot;,&quot;sizes&quot;:[]},&quot;image_spacing_custom_mobile&quot;:{&quot;unit&quot;:&quot;px&quot;,&quot;size&quot;:&quot;&quot;,&quot;sizes&quot;:[]}}\" data-widget_type=\"loop-carousel.product\">\n\t\t\t\t\t\t\t<div class=\"swiper elementor-loop-container elementor-grid\" role=\"list\" dir=\"ltr\">\n\t\t\t\t<div class=\"swiper-wrapper\" aria-live=\"polite\">\n\t\t\t\t<div data-elementor-type=\"loop-item\" data-elementor-id=\"13471\" class=\"elementor elementor-13471 elementor-13249 elementor-13249 swiper-slide e-loop-item e-loop-item-9372 post-9372 product type-product status-publish has-post-thumbnail anwendung-des-gencives-saines anwendung-reparation product_brand-gengigel-fr product_cat-soins-buccaux-fr product_cat-divers-soins-buccaux-fr pa_ch-rep-decomplixag-freiburgstrasse3-3010bern pa_importer-beverfood-ag-chaltenbodenstrasse-6c-ch-8834-schindellegi first instock featured taxable shipping-taxable purchasable product-type-simple\" data-elementor-post-type=\"elementor_library\" role=\"group\" aria-roledescription=\"slide\" data-custom-edit-handle=\"1\">\n\t\t\t<div class=\"elementor-element elementor-element-681a451 product-item e-flex e-con-boxed e-con e-parent\" data-id=\"681a451\" data-element_type=\"container\" data-e-type=\"container\">\n\t\t\t\t\t<div class=\"e-con-inner\">\n\t\t<div class=\"elementor-element elementor-element-2d9b67c e-con-full e-flex e-con e-child\" data-id=\"2d9b67c\" data-element_type=\"container\" data-e-type=\"container\">\n\t\t\t\t<div class=\"elementor-element elementor-element-cd0e8f9 elementor-widget elementor-widget-shortcode\" data-id=\"cd0e8f9\" data-element_type=\"widget\" data-e-type=\"widget\" data-widget_type=\"shortcode.default\">\n\t\t\t\t\t\t\t<div class=\"elementor-shortcode\"><\/div>\n\t\t\t\t\t\t<\/div>\n\t\t\t\t<\/div>\n\t\t<div class=\"elementor-element elementor-element-7ab553b e-con-full e-flex e-con e-child\" data-id=\"7ab553b\" data-element_type=\"container\" data-e-type=\"container\">\n\t\t\t\t<div class=\"elementor-element elementor-element-f588356 elementor-widget elementor-widget-heading\" data-id=\"f588356\" data-element_type=\"widget\" data-e-type=\"widget\" data-widget_type=\"heading.default\">\n\t\t\t\t\t<h3 class=\"elementor-heading-title elementor-size-default\"><a href=\"https:\/\/careista.ch\/fr\/produkte\/soins-buccaux-fr\/divers-soins-buccaux-fr\/gengigel-spray-20ml\/\">Gengigel Spray 20ml<\/a><\/h3>\t\t\t\t<\/div>\n\t\t\t\t<div class=\"elementor-element elementor-element-a85cfb5 elementor-widget elementor-widget-shortcode\" data-id=\"a85cfb5\" data-element_type=\"widget\" data-e-type=\"widget\" data-widget_type=\"shortcode.default\">\n\t\t\t\t\t\t\t<div class=\"elementor-shortcode\"><\/div>\n\t\t\t\t\t\t<\/div>\n\t\t\t\t<div class=\"elementor-element elementor-element-16fd2ac elementor-widget elementor-widget-heading\" data-id=\"16fd2ac\" data-element_type=\"widget\" data-e-type=\"widget\" data-widget_type=\"heading.default\">\n\t\t\t\t\t<h3 class=\"elementor-heading-title elementor-size-default\"><a href=\"https:\/\/careista.ch\/fr\/produkte\/soins-buccaux-fr\/divers-soins-buccaux-fr\/gengigel-spray-20ml\/\"><span class=\"woocommerce-Price-amount amount\"><span class=\"woocommerce-Price-currencySymbol\">&#067;&#072;&#070;<\/span>&nbsp;15.90<\/span> <small class=\"woocommerce-price-suffix\"> <small class=\"woocommerce-price-suffix\">TVA incl.<\/small><\/small><\/a><\/h3>\t\t\t\t<\/div>\n\t\t\t\t<div class=\"elementor-element elementor-element-0c8ffcd elementor-add-to-cart--align-center elementor-widget elementor-widget-woocommerce-product-add-to-cart\" data-id=\"0c8ffcd\" data-element_type=\"widget\" data-e-type=\"widget\" data-widget_type=\"woocommerce-product-add-to-cart.default\">\n\t\t\t\t\t\n\t\t<div class=\"elementor-add-to-cart elementor-product-simple\">\n\t\t\t\t\t<div class=\"e-loop-add-to-cart-form-container\">\n\t\t\t<form class=\"cart e-loop-add-to-cart-form\">\n\t\t\t\t<a href=\"\/fr\/wp-json\/wp\/v2\/pages\/12151?add-to-cart=9372\" aria-describedby=\"woocommerce_loop_add_to_cart_link_describedby_9372\" data-quantity=\"1\" class=\"button product_type_simple add_to_cart_button ajax_add_to_cart\" data-product_id=\"9372\" data-product_sku=\"2029IN\" aria-label=\"Ajouter au panier\u00a0: &ldquo;Gengigel Spray 20ml&rdquo;\" rel=\"nofollow\" data-success_message=\"\u00ab\u00a0Gengigel Spray 20ml\u00a0\u00bb a \u00e9t\u00e9 ajout\u00e9 \u00e0 votre panier\" role=\"button\">Ajouter au panier<\/a>\t<span id=\"woocommerce_loop_add_to_cart_link_describedby_9372\" class=\"screen-reader-text\">\n\t\t\t<\/span>\n\t\t\t<\/form>\n\t\t<\/div>\n\t\t\t\t<\/div>\n\n\t\t\t\t\t\t<\/div>\n\t\t\t\t<\/div>\n\t\t\t\t\t<\/div>\n\t\t\t\t<\/div>\n\t\t\t\t<\/div>\n\t\t\t\t<div data-elementor-type=\"loop-item\" data-elementor-id=\"13471\" class=\"elementor elementor-13471 elementor-13249 elementor-13249 swiper-slide e-loop-item e-loop-item-9378 post-9378 product type-product status-publish has-post-thumbnail anwendung-des-gencives-saines anwendung-reparation product_brand-gengigel-fr product_cat-soins-buccaux-fr product_cat-divers-soins-buccaux-fr pa_ch-rep-decomplixag-freiburgstrasse3-3010bern pa_importer-beverfood-ag-chaltenbodenstrasse-6c-ch-8834-schindellegi  onbackorder featured taxable shipping-taxable purchasable product-type-simple\" data-elementor-post-type=\"elementor_library\" role=\"group\" aria-roledescription=\"slide\" data-custom-edit-handle=\"1\">\n\t\t\t<div class=\"elementor-element elementor-element-681a451 product-item e-flex e-con-boxed e-con e-parent\" data-id=\"681a451\" data-element_type=\"container\" data-e-type=\"container\">\n\t\t\t\t\t<div class=\"e-con-inner\">\n\t\t<div class=\"elementor-element elementor-element-2d9b67c e-con-full e-flex e-con e-child\" data-id=\"2d9b67c\" data-element_type=\"container\" data-e-type=\"container\">\n\t\t\t\t<div class=\"elementor-element elementor-element-cd0e8f9 elementor-widget elementor-widget-shortcode\" data-id=\"cd0e8f9\" data-element_type=\"widget\" data-e-type=\"widget\" data-widget_type=\"shortcode.default\">\n\t\t\t\t\t\t\t<div class=\"elementor-shortcode\"><\/div>\n\t\t\t\t\t\t<\/div>\n\t\t\t\t<\/div>\n\t\t<div class=\"elementor-element elementor-element-7ab553b e-con-full e-flex e-con e-child\" data-id=\"7ab553b\" data-element_type=\"container\" data-e-type=\"container\">\n\t\t\t\t<div class=\"elementor-element elementor-element-f588356 elementor-widget elementor-widget-heading\" data-id=\"f588356\" data-element_type=\"widget\" data-e-type=\"widget\" data-widget_type=\"heading.default\">\n\t\t\t\t\t<h3 class=\"elementor-heading-title elementor-size-default\"><a href=\"https:\/\/careista.ch\/fr\/produkte\/soins-buccaux-fr\/divers-soins-buccaux-fr\/bain-de-bouche-gengigel-150ml\/\">Bain de bouche Gengigel 150ml<\/a><\/h3>\t\t\t\t<\/div>\n\t\t\t\t<div class=\"elementor-element elementor-element-a85cfb5 elementor-widget elementor-widget-shortcode\" data-id=\"a85cfb5\" data-element_type=\"widget\" data-e-type=\"widget\" data-widget_type=\"shortcode.default\">\n\t\t\t\t\t\t\t<div class=\"elementor-shortcode\"><span class=\"tew-stars\" role=\"img\" aria-label=\"Rated 5 out of 5\"><span class=\"tew-star tew-full\">\u2605<\/span><span class=\"tew-star tew-full\">\u2605<\/span><span class=\"tew-star tew-full\">\u2605<\/span><span class=\"tew-star tew-full\">\u2605<\/span><span class=\"tew-star tew-full\">\u2605<\/span><\/span><\/div>\n\t\t\t\t\t\t<\/div>\n\t\t\t\t<div class=\"elementor-element elementor-element-16fd2ac elementor-widget elementor-widget-heading\" data-id=\"16fd2ac\" data-element_type=\"widget\" data-e-type=\"widget\" data-widget_type=\"heading.default\">\n\t\t\t\t\t<h3 class=\"elementor-heading-title elementor-size-default\"><a href=\"https:\/\/careista.ch\/fr\/produkte\/soins-buccaux-fr\/divers-soins-buccaux-fr\/bain-de-bouche-gengigel-150ml\/\"><span class=\"woocommerce-Price-amount amount\"><span class=\"woocommerce-Price-currencySymbol\">&#067;&#072;&#070;<\/span>&nbsp;13.90<\/span> <small class=\"woocommerce-price-suffix\"> <small class=\"woocommerce-price-suffix\">TVA incl.<\/small><\/small><\/a><\/h3>\t\t\t\t<\/div>\n\t\t\t\t<div class=\"elementor-element elementor-element-0c8ffcd elementor-add-to-cart--align-center elementor-widget elementor-widget-woocommerce-product-add-to-cart\" data-id=\"0c8ffcd\" data-element_type=\"widget\" data-e-type=\"widget\" data-widget_type=\"woocommerce-product-add-to-cart.default\">\n\t\t\t\t\t\n\t\t<div class=\"elementor-add-to-cart elementor-product-simple\">\n\t\t\t\t\t<div class=\"e-loop-add-to-cart-form-container\">\n\t\t\t<form class=\"cart e-loop-add-to-cart-form\">\n\t\t\t\t<a href=\"\/fr\/wp-json\/wp\/v2\/pages\/12151?add-to-cart=9378\" aria-describedby=\"woocommerce_loop_add_to_cart_link_describedby_9378\" data-quantity=\"1\" class=\"button product_type_simple add_to_cart_button ajax_add_to_cart\" data-product_id=\"9378\" data-product_sku=\"2007IN\" aria-label=\"Ajouter au panier\u00a0: &ldquo;Bain de bouche Gengigel 150ml&rdquo;\" rel=\"nofollow\" data-success_message=\"\u00ab\u00a0Bain de bouche Gengigel 150ml\u00a0\u00bb a \u00e9t\u00e9 ajout\u00e9 \u00e0 votre panier\" role=\"button\">Ajouter au panier<\/a>\t<span id=\"woocommerce_loop_add_to_cart_link_describedby_9378\" class=\"screen-reader-text\">\n\t\t\t<\/span>\n\t\t\t<\/form>\n\t\t<\/div>\n\t\t\t\t<\/div>\n\n\t\t\t\t\t\t<\/div>\n\t\t\t\t<\/div>\n\t\t\t\t\t<\/div>\n\t\t\t\t<\/div>\n\t\t\t\t<\/div>\n\t\t\t\t<div data-elementor-type=\"loop-item\" data-elementor-id=\"13471\" class=\"elementor elementor-13471 elementor-13249 elementor-13249 swiper-slide e-loop-item e-loop-item-9383 post-9383 product type-product status-publish has-post-thumbnail anwendung-des-gencives-saines anwendung-reparation product_brand-gengigel-fr product_cat-soins-buccaux-fr product_cat-divers-soins-buccaux-fr pa_ch-rep-decomplixag-freiburgstrasse3-3010bern pa_importer-beverfood-ag-chaltenbodenstrasse-6c-ch-8834-schindellegi last instock featured taxable shipping-taxable purchasable product-type-simple\" data-elementor-post-type=\"elementor_library\" role=\"group\" aria-roledescription=\"slide\" data-custom-edit-handle=\"1\">\n\t\t\t<div class=\"elementor-element elementor-element-681a451 product-item e-flex e-con-boxed e-con e-parent\" data-id=\"681a451\" data-element_type=\"container\" data-e-type=\"container\">\n\t\t\t\t\t<div class=\"e-con-inner\">\n\t\t<div class=\"elementor-element elementor-element-2d9b67c e-con-full e-flex e-con e-child\" data-id=\"2d9b67c\" data-element_type=\"container\" data-e-type=\"container\">\n\t\t\t\t<div class=\"elementor-element elementor-element-cd0e8f9 elementor-widget elementor-widget-shortcode\" data-id=\"cd0e8f9\" data-element_type=\"widget\" data-e-type=\"widget\" data-widget_type=\"shortcode.default\">\n\t\t\t\t\t\t\t<div class=\"elementor-shortcode\"><\/div>\n\t\t\t\t\t\t<\/div>\n\t\t\t\t<\/div>\n\t\t<div class=\"elementor-element elementor-element-7ab553b e-con-full e-flex e-con e-child\" data-id=\"7ab553b\" data-element_type=\"container\" data-e-type=\"container\">\n\t\t\t\t<div class=\"elementor-element elementor-element-f588356 elementor-widget elementor-widget-heading\" data-id=\"f588356\" data-element_type=\"widget\" data-e-type=\"widget\" data-widget_type=\"heading.default\">\n\t\t\t\t\t<h3 class=\"elementor-heading-title elementor-size-default\"><a href=\"https:\/\/careista.ch\/fr\/produkte\/soins-buccaux-fr\/divers-soins-buccaux-fr\/gel-gengigel-20ml\/\">Gel Gengigel 20ml<\/a><\/h3>\t\t\t\t<\/div>\n\t\t\t\t<div class=\"elementor-element elementor-element-a85cfb5 elementor-widget elementor-widget-shortcode\" data-id=\"a85cfb5\" data-element_type=\"widget\" data-e-type=\"widget\" data-widget_type=\"shortcode.default\">\n\t\t\t\t\t\t\t<div class=\"elementor-shortcode\"><\/div>\n\t\t\t\t\t\t<\/div>\n\t\t\t\t<div class=\"elementor-element elementor-element-16fd2ac elementor-widget elementor-widget-heading\" data-id=\"16fd2ac\" data-element_type=\"widget\" data-e-type=\"widget\" data-widget_type=\"heading.default\">\n\t\t\t\t\t<h3 class=\"elementor-heading-title elementor-size-default\"><a href=\"https:\/\/careista.ch\/fr\/produkte\/soins-buccaux-fr\/divers-soins-buccaux-fr\/gel-gengigel-20ml\/\"><span class=\"woocommerce-Price-amount amount\"><span class=\"woocommerce-Price-currencySymbol\">&#067;&#072;&#070;<\/span>&nbsp;15.90<\/span> <small class=\"woocommerce-price-suffix\"> <small class=\"woocommerce-price-suffix\">TVA incl.<\/small><\/small><\/a><\/h3>\t\t\t\t<\/div>\n\t\t\t\t<div class=\"elementor-element elementor-element-0c8ffcd elementor-add-to-cart--align-center elementor-widget elementor-widget-woocommerce-product-add-to-cart\" data-id=\"0c8ffcd\" data-element_type=\"widget\" data-e-type=\"widget\" data-widget_type=\"woocommerce-product-add-to-cart.default\">\n\t\t\t\t\t\n\t\t<div class=\"elementor-add-to-cart elementor-product-simple\">\n\t\t\t\t\t<div class=\"e-loop-add-to-cart-form-container\">\n\t\t\t<form class=\"cart e-loop-add-to-cart-form\">\n\t\t\t\t<a href=\"\/fr\/wp-json\/wp\/v2\/pages\/12151?add-to-cart=9383\" aria-describedby=\"woocommerce_loop_add_to_cart_link_describedby_9383\" data-quantity=\"1\" class=\"button product_type_simple add_to_cart_button ajax_add_to_cart\" data-product_id=\"9383\" data-product_sku=\"2001IN\" aria-label=\"Ajouter au panier\u00a0: &ldquo;Gel Gengigel 20ml&rdquo;\" rel=\"nofollow\" data-success_message=\"\u00ab\u00a0Gel Gengigel 20ml\u00a0\u00bb a \u00e9t\u00e9 ajout\u00e9 \u00e0 votre panier\" role=\"button\">Ajouter au panier<\/a>\t<span id=\"woocommerce_loop_add_to_cart_link_describedby_9383\" class=\"screen-reader-text\">\n\t\t\t<\/span>\n\t\t\t<\/form>\n\t\t<\/div>\n\t\t\t\t<\/div>\n\n\t\t\t\t\t\t<\/div>\n\t\t\t\t<\/div>\n\t\t\t\t\t<\/div>\n\t\t\t\t<\/div>\n\t\t\t\t<\/div>\n\t\t\t\t<div data-elementor-type=\"loop-item\" data-elementor-id=\"13471\" class=\"elementor elementor-13471 elementor-13249 elementor-13249 swiper-slide e-loop-item e-loop-item-9391 post-9391 product type-product status-publish has-post-thumbnail anwendung-des-gencives-saines anwendung-reparation anwendung-enfants product_brand-gengigel-fr product_cat-soins-buccaux-fr product_cat-divers-soins-buccaux-fr pa_ch-rep-decomplixag-freiburgstrasse3-3010bern pa_importer-beverfood-ag-chaltenbodenstrasse-6c-ch-8834-schindellegi first instock featured taxable shipping-taxable purchasable product-type-simple\" data-elementor-post-type=\"elementor_library\" role=\"group\" aria-roledescription=\"slide\" data-custom-edit-handle=\"1\">\n\t\t\t<div class=\"elementor-element elementor-element-681a451 product-item e-flex e-con-boxed e-con e-parent\" data-id=\"681a451\" data-element_type=\"container\" data-e-type=\"container\">\n\t\t\t\t\t<div class=\"e-con-inner\">\n\t\t<div class=\"elementor-element elementor-element-2d9b67c e-con-full e-flex e-con e-child\" data-id=\"2d9b67c\" data-element_type=\"container\" data-e-type=\"container\">\n\t\t\t\t<div class=\"elementor-element elementor-element-cd0e8f9 elementor-widget elementor-widget-shortcode\" data-id=\"cd0e8f9\" data-element_type=\"widget\" data-e-type=\"widget\" data-widget_type=\"shortcode.default\">\n\t\t\t\t\t\t\t<div class=\"elementor-shortcode\"><\/div>\n\t\t\t\t\t\t<\/div>\n\t\t\t\t<\/div>\n\t\t<div class=\"elementor-element elementor-element-7ab553b e-con-full e-flex e-con e-child\" data-id=\"7ab553b\" data-element_type=\"container\" data-e-type=\"container\">\n\t\t\t\t<div class=\"elementor-element elementor-element-f588356 elementor-widget elementor-widget-heading\" data-id=\"f588356\" data-element_type=\"widget\" data-e-type=\"widget\" data-widget_type=\"heading.default\">\n\t\t\t\t\t<h3 class=\"elementor-heading-title elementor-size-default\"><a href=\"https:\/\/careista.ch\/fr\/produkte\/soins-buccaux-fr\/divers-soins-buccaux-fr\/gel-pour-bebe-gengigel-20ml\/\">Gel pour b\u00e9b\u00e9 Gengigel 20ml<\/a><\/h3>\t\t\t\t<\/div>\n\t\t\t\t<div class=\"elementor-element elementor-element-a85cfb5 elementor-widget elementor-widget-shortcode\" data-id=\"a85cfb5\" data-element_type=\"widget\" data-e-type=\"widget\" data-widget_type=\"shortcode.default\">\n\t\t\t\t\t\t\t<div class=\"elementor-shortcode\"><\/div>\n\t\t\t\t\t\t<\/div>\n\t\t\t\t<div class=\"elementor-element elementor-element-16fd2ac elementor-widget elementor-widget-heading\" data-id=\"16fd2ac\" data-element_type=\"widget\" data-e-type=\"widget\" data-widget_type=\"heading.default\">\n\t\t\t\t\t<h3 class=\"elementor-heading-title elementor-size-default\"><a href=\"https:\/\/careista.ch\/fr\/produkte\/soins-buccaux-fr\/divers-soins-buccaux-fr\/gel-pour-bebe-gengigel-20ml\/\"><span class=\"woocommerce-Price-amount amount\"><span class=\"woocommerce-Price-currencySymbol\">&#067;&#072;&#070;<\/span>&nbsp;17.90<\/span> <small class=\"woocommerce-price-suffix\"> <small class=\"woocommerce-price-suffix\">TVA incl.<\/small><\/small><\/a><\/h3>\t\t\t\t<\/div>\n\t\t\t\t<div class=\"elementor-element elementor-element-0c8ffcd elementor-add-to-cart--align-center elementor-widget elementor-widget-woocommerce-product-add-to-cart\" data-id=\"0c8ffcd\" data-element_type=\"widget\" data-e-type=\"widget\" data-widget_type=\"woocommerce-product-add-to-cart.default\">\n\t\t\t\t\t\n\t\t<div class=\"elementor-add-to-cart elementor-product-simple\">\n\t\t\t\t\t<div class=\"e-loop-add-to-cart-form-container\">\n\t\t\t<form class=\"cart e-loop-add-to-cart-form\">\n\t\t\t\t<a href=\"\/fr\/wp-json\/wp\/v2\/pages\/12151?add-to-cart=9391\" aria-describedby=\"woocommerce_loop_add_to_cart_link_describedby_9391\" data-quantity=\"1\" class=\"button product_type_simple add_to_cart_button ajax_add_to_cart\" data-product_id=\"9391\" data-product_sku=\"2043IN\" aria-label=\"Ajouter au panier\u00a0: &ldquo;Gel pour b\u00e9b\u00e9 Gengigel 20ml&rdquo;\" rel=\"nofollow\" data-success_message=\"\u00ab\u00a0Gel pour b\u00e9b\u00e9 Gengigel 20ml\u00a0\u00bb a \u00e9t\u00e9 ajout\u00e9 \u00e0 votre panier\" role=\"button\">Ajouter au panier<\/a>\t<span id=\"woocommerce_loop_add_to_cart_link_describedby_9391\" class=\"screen-reader-text\">\n\t\t\t<\/span>\n\t\t\t<\/form>\n\t\t<\/div>\n\t\t\t\t<\/div>\n\n\t\t\t\t\t\t<\/div>\n\t\t\t\t<\/div>\n\t\t\t\t\t<\/div>\n\t\t\t\t<\/div>\n\t\t\t\t<\/div>\n\t\t\t\t<div data-elementor-type=\"loop-item\" data-elementor-id=\"13471\" class=\"elementor elementor-13471 elementor-13249 elementor-13249 swiper-slide e-loop-item e-loop-item-9368 post-9368 product type-product status-publish has-post-thumbnail anwendung-des-gencives-saines anwendung-reparation product_brand-gengigel-fr product_cat-soins-buccaux-fr product_cat-dentifrice-fr pa_ch-rep-decomplixag-freiburgstrasse3-3010bern pa_importer-beverfood-ag-chaltenbodenstrasse-6c-ch-8834-schindellegi  instock taxable shipping-taxable purchasable product-type-simple\" data-elementor-post-type=\"elementor_library\" role=\"group\" aria-roledescription=\"slide\" data-custom-edit-handle=\"1\">\n\t\t\t<div class=\"elementor-element elementor-element-681a451 product-item e-flex e-con-boxed e-con e-parent\" data-id=\"681a451\" data-element_type=\"container\" data-e-type=\"container\">\n\t\t\t\t\t<div class=\"e-con-inner\">\n\t\t<div class=\"elementor-element elementor-element-2d9b67c e-con-full e-flex e-con e-child\" data-id=\"2d9b67c\" data-element_type=\"container\" data-e-type=\"container\">\n\t\t\t\t<div class=\"elementor-element elementor-element-cd0e8f9 elementor-widget elementor-widget-shortcode\" data-id=\"cd0e8f9\" data-element_type=\"widget\" data-e-type=\"widget\" data-widget_type=\"shortcode.default\">\n\t\t\t\t\t\t\t<div class=\"elementor-shortcode\"><\/div>\n\t\t\t\t\t\t<\/div>\n\t\t\t\t<\/div>\n\t\t<div class=\"elementor-element elementor-element-7ab553b e-con-full e-flex e-con e-child\" data-id=\"7ab553b\" data-element_type=\"container\" data-e-type=\"container\">\n\t\t\t\t<div class=\"elementor-element elementor-element-f588356 elementor-widget elementor-widget-heading\" data-id=\"f588356\" data-element_type=\"widget\" data-e-type=\"widget\" data-widget_type=\"heading.default\">\n\t\t\t\t\t<h3 class=\"elementor-heading-title elementor-size-default\"><a href=\"https:\/\/careista.ch\/fr\/produkte\/soins-buccaux-fr\/dentifrice-fr\/gengigel-dentifrice-protecteur-des-gencives-75ml\/\">Gengigel Dentifrice protecteur des gencives 75ml<\/a><\/h3>\t\t\t\t<\/div>\n\t\t\t\t<div class=\"elementor-element elementor-element-a85cfb5 elementor-widget elementor-widget-shortcode\" data-id=\"a85cfb5\" data-element_type=\"widget\" data-e-type=\"widget\" data-widget_type=\"shortcode.default\">\n\t\t\t\t\t\t\t<div class=\"elementor-shortcode\"><\/div>\n\t\t\t\t\t\t<\/div>\n\t\t\t\t<div class=\"elementor-element elementor-element-16fd2ac elementor-widget elementor-widget-heading\" data-id=\"16fd2ac\" data-element_type=\"widget\" data-e-type=\"widget\" data-widget_type=\"heading.default\">\n\t\t\t\t\t<h3 class=\"elementor-heading-title elementor-size-default\"><a href=\"https:\/\/careista.ch\/fr\/produkte\/soins-buccaux-fr\/dentifrice-fr\/gengigel-dentifrice-protecteur-des-gencives-75ml\/\"><span class=\"woocommerce-Price-amount amount\"><span class=\"woocommerce-Price-currencySymbol\">&#067;&#072;&#070;<\/span>&nbsp;8.50<\/span> <small class=\"woocommerce-price-suffix\"> <small class=\"woocommerce-price-suffix\">TVA incl.<\/small><\/small><\/a><\/h3>\t\t\t\t<\/div>\n\t\t\t\t<div class=\"elementor-element elementor-element-0c8ffcd elementor-add-to-cart--align-center elementor-widget elementor-widget-woocommerce-product-add-to-cart\" data-id=\"0c8ffcd\" data-element_type=\"widget\" data-e-type=\"widget\" data-widget_type=\"woocommerce-product-add-to-cart.default\">\n\t\t\t\t\t\n\t\t<div class=\"elementor-add-to-cart elementor-product-simple\">\n\t\t\t\t\t<div class=\"e-loop-add-to-cart-form-container\">\n\t\t\t<form class=\"cart e-loop-add-to-cart-form\">\n\t\t\t\t<a href=\"\/fr\/wp-json\/wp\/v2\/pages\/12151?add-to-cart=9368\" aria-describedby=\"woocommerce_loop_add_to_cart_link_describedby_9368\" data-quantity=\"1\" class=\"button product_type_simple add_to_cart_button ajax_add_to_cart\" data-product_id=\"9368\" data-product_sku=\"DG3101-075-00\" aria-label=\"Ajouter au panier\u00a0: &ldquo;Gengigel Dentifrice protecteur des gencives 75ml&rdquo;\" rel=\"nofollow\" data-success_message=\"\u00ab\u00a0Gengigel Dentifrice protecteur des gencives 75ml\u00a0\u00bb a \u00e9t\u00e9 ajout\u00e9 \u00e0 votre panier\" role=\"button\">Ajouter au panier<\/a>\t<span id=\"woocommerce_loop_add_to_cart_link_describedby_9368\" class=\"screen-reader-text\">\n\t\t\t<\/span>\n\t\t\t<\/form>\n\t\t<\/div>\n\t\t\t\t<\/div>\n\n\t\t\t\t\t\t<\/div>\n\t\t\t\t<\/div>\n\t\t\t\t\t<\/div>\n\t\t\t\t<\/div>\n\t\t\t\t<\/div>\n\t\t\t\t<\/div>\n\t\t<\/div>\n\t\t\t\t\t<div class=\"swiper-pagination\"><\/div>\n\t\t\t\t\t\t<\/div>\n\t\t\t\t<\/div>\n\t\t<div id=\"e-n-tab-content-1563778214\" role=\"tabpanel\" aria-labelledby=\"e-n-tab-title-1563778214\" data-tab-index=\"4\" style=\"--n-tabs-title-order: 4;\" class=\" elementor-element elementor-element-4069f48 e-con-full e-flex e-con e-child\" data-id=\"4069f48\" data-element_type=\"container\" data-e-type=\"container\">\n\t\t\t\t<div class=\"woocommerce elementor-element elementor-element-ee96ce6 elementor-grid-5 elementor-grid-tablet-2 elementor-grid-mobile-1 elementor-widget elementor-widget-loop-grid\" data-id=\"ee96ce6\" data-element_type=\"widget\" data-e-type=\"widget\" data-settings=\"{&quot;_skin&quot;:&quot;product&quot;,&quot;template_id&quot;:13471,&quot;columns&quot;:&quot;5&quot;,&quot;columns_tablet&quot;:&quot;2&quot;,&quot;columns_mobile&quot;:&quot;1&quot;,&quot;edit_handle_selector&quot;:&quot;[data-elementor-type=\\&quot;loop-item\\&quot;]&quot;,&quot;row_gap&quot;:{&quot;unit&quot;:&quot;px&quot;,&quot;size&quot;:&quot;&quot;,&quot;sizes&quot;:[]},&quot;row_gap_tablet&quot;:{&quot;unit&quot;:&quot;px&quot;,&quot;size&quot;:&quot;&quot;,&quot;sizes&quot;:[]},&quot;row_gap_mobile&quot;:{&quot;unit&quot;:&quot;px&quot;,&quot;size&quot;:&quot;&quot;,&quot;sizes&quot;:[]}}\" data-widget_type=\"loop-grid.product\">\n\t\t\t\t<div class=\"elementor-widget-container\">\n\t\t\t\t\t\t\t<div class=\"e-loop-nothing-found-message\">\n\t\t<\/div>\n\t\t\t\t\t\t<\/div>\n\t\t\t\t<\/div>\n\t\t\t\t<\/div>\n\t\t\t\t\t<\/div>\n\t\t<\/div>\n\t\t\t\t\t\t<\/div>\n\t\t\t\t<\/div>\n\t\t\t\t\t<\/div>\n\t\t\t\t<\/div>\n\t\t<div data-dce-background-color=\"#F0F6FF\" class=\"elementor-element elementor-element-51a47e19 e-con-full e-flex e-con e-child\" data-id=\"51a47e19\" data-element_type=\"container\" data-e-type=\"container\" data-settings=\"{&quot;background_background&quot;:&quot;classic&quot;}\">\n\t\t<div class=\"elementor-element elementor-element-3d29b08e e-flex e-con-boxed e-con e-child\" data-id=\"3d29b08e\" data-element_type=\"container\" data-e-type=\"container\">\n\t\t\t\t\t<div class=\"e-con-inner\">\n\t\t\t\t<div class=\"elementor-element elementor-element-3484063 elementor-widget elementor-widget-heading\" data-id=\"3484063\" data-element_type=\"widget\" data-e-type=\"widget\" data-widget_type=\"heading.default\">\n\t\t\t\t\t<h2 class=\"elementor-heading-title elementor-size-default\"><b>GENGIGEL- Hyaluron pour des gencives saines<\/b><\/h2>\t\t\t\t<\/div>\n\t\t\t\t<div class=\"elementor-element elementor-element-ed43fa1 elementor-widget elementor-widget-text-editor\" data-id=\"ed43fa1\" data-element_type=\"widget\" data-e-type=\"widget\" data-widget_type=\"text-editor.default\">\n\t\t\t\t\t\t\t\t\t<p style=\"text-align: center\">GENGIGEL \u00e0 l&rsquo;acide hyaluronique favorise la gu\u00e9rison et la r\u00e9g\u00e9n\u00e9ration des gencives de mani\u00e8re naturelle. Sa formule cliniquement prouv\u00e9e soulage la douleur, r\u00e9duit l&rsquo;inflammation et aide de mani\u00e8re fiable \u00e0 pr\u00e9venir et \u00e0 traiter les maladies parodontales. Id\u00e9al pour les gencives irrit\u00e9es, bless\u00e9es ou enflamm\u00e9es.  <\/p>\t\t\t\t\t\t\t\t<\/div>\n\t\t\t\t\t<\/div>\n\t\t\t\t<\/div>\n\t\t\t\t<\/div>\n\t\t<div class=\"elementor-element elementor-element-4664ef7 e-flex e-con-boxed e-con e-parent\" data-id=\"4664ef7\" data-element_type=\"container\" data-e-type=\"container\">\n\t\t\t\t\t<div class=\"e-con-inner\">\n\t\t\t\t<div class=\"elementor-element elementor-element-79fa4bb5 elementor--v-position-bottom elementor-hidden-desktop elementor-pagination-position-outside elementor-hidden-tablet elementor--h-position-center elementor-arrows-position-inside elementor-widget elementor-widget-slides\" data-id=\"79fa4bb5\" data-element_type=\"widget\" data-e-type=\"widget\" data-settings=\"{&quot;navigation&quot;:&quot;both&quot;,&quot;autoplay&quot;:&quot;yes&quot;,&quot;pause_on_hover&quot;:&quot;yes&quot;,&quot;pause_on_interaction&quot;:&quot;yes&quot;,&quot;autoplay_speed&quot;:5000,&quot;infinite&quot;:&quot;yes&quot;,&quot;transition&quot;:&quot;slide&quot;,&quot;transition_speed&quot;:500}\" data-widget_type=\"slides.default\">\n\t\t\t\t\t\t\t\t\t\t<div class=\"elementor-slides-wrapper elementor-main-swiper swiper\" role=\"region\" aria-roledescription=\"carousel\" aria-label=\"Slider\" dir=\"ltr\" data-animation=\"fadeInUp\">\n\t\t\t\t<div class=\"swiper-wrapper elementor-slides\">\n\t\t\t\t\t\t\t\t\t\t<div class=\"elementor-repeater-item-916a7c8 swiper-slide\" role=\"group\" aria-roledescription=\"slide\"><div class=\"swiper-slide-bg\" role=\"img\" aria-label=\"Gengigel_USP_Icon_careista_mobile\"><\/div><div class=\"swiper-slide-inner\" ><div class=\"swiper-slide-contents\"><div class=\"elementor-slide-heading\">Att\u00e9nue les gencives qui saignent<\/div><div class=\"elementor-slide-description\"><p>Soulage en douceur les inflammations, gu\u00e9rit et r\u00e9g\u00e9n\u00e8re les gencives.<\/p>\n<\/div><\/div><\/div><\/div><div class=\"elementor-repeater-item-4eb6f52 swiper-slide\" role=\"group\" aria-roledescription=\"slide\"><div class=\"swiper-slide-bg\" role=\"img\" aria-label=\"Gengigel_USP_Icon_careista_mobile2\"><\/div><div class=\"swiper-slide-inner\" ><div class=\"swiper-slide-contents\"><div class=\"elementor-slide-heading\">R\u00e9duit la douleur<\/div><div class=\"elementor-slide-description\"><p>Favorise la gu\u00e9rison naturelle, soulage l'inconfort et prot\u00e8ge la muqueuse.<\/p>\n<\/div><\/div><\/div><\/div><div class=\"elementor-repeater-item-340639a swiper-slide\" role=\"group\" aria-roledescription=\"slide\"><div class=\"swiper-slide-bg\" role=\"img\" aria-label=\"Gengigel_USP_Icon_careista_mobile3\"><\/div><div class=\"swiper-slide-inner\" ><div class=\"swiper-slide-contents\"><div class=\"elementor-slide-heading\">\u00c9limine les aphtes<\/div><div class=\"elementor-slide-description\"><p>Favorise la cicatrisation, prot\u00e8ge les zones sensibles et soulage la douleur.<\/p>\n<\/div><\/div><\/div><\/div>\t\t\t\t<\/div>\n\t\t\t\t\t\t\t\t\t\t\t\t\t\t\t<div class=\"elementor-swiper-button elementor-swiper-button-prev\" role=\"button\" tabindex=\"0\" aria-label=\"Diapositive pr\u00e9c\u00e9dente\">\n\t\t\t\t\t\t\t<svg aria-hidden=\"true\" class=\"e-font-icon-svg e-eicon-chevron-left\" viewBox=\"0 0 1000 1000\" xmlns=\"http:\/\/www.w3.org\/2000\/svg\"><path d=\"M646 125C629 125 613 133 604 142L308 442C296 454 292 471 292 487 292 504 296 521 308 533L604 854C617 867 629 875 646 875 663 875 679 871 692 858 704 846 713 829 713 812 713 796 708 779 692 767L438 487 692 225C700 217 708 204 708 187 708 171 704 154 692 142 675 129 663 125 646 125Z\"><\/path><\/svg>\t\t\t\t\t\t<\/div>\n\t\t\t\t\t\t<div class=\"elementor-swiper-button elementor-swiper-button-next\" role=\"button\" tabindex=\"0\" aria-label=\"Diapositive suivante\">\n\t\t\t\t\t\t\t<svg aria-hidden=\"true\" class=\"e-font-icon-svg e-eicon-chevron-right\" viewBox=\"0 0 1000 1000\" xmlns=\"http:\/\/www.w3.org\/2000\/svg\"><path d=\"M696 533C708 521 713 504 713 487 713 471 708 454 696 446L400 146C388 133 375 125 354 125 338 125 325 129 313 142 300 154 292 171 292 187 292 204 296 221 308 233L563 492 304 771C292 783 288 800 288 817 288 833 296 850 308 863 321 871 338 875 354 875 371 875 388 867 400 854L696 533Z\"><\/path><\/svg>\t\t\t\t\t\t<\/div>\n\t\t\t\t\t\t\t\t\t\t\t\t\t\t\t\t<div class=\"swiper-pagination\"><\/div>\n\t\t\t\t\t\t\t\t\t\t\t\t<\/div>\n\t\t\t\t\t\t\t\t<\/div>\n\t\t\t\t\t<\/div>\n\t\t\t\t<\/div>\n\t\t<div class=\"elementor-element elementor-element-5a1b7f5 e-grid elementor-hidden-mobile e-con-boxed e-con e-child\" data-id=\"5a1b7f5\" data-element_type=\"container\" data-e-type=\"container\">\n\t\t\t\t\t<div class=\"e-con-inner\">\n\t\t<div class=\"elementor-element elementor-element-7b7ae30 e-con-full e-flex e-con e-child\" data-id=\"7b7ae30\" data-element_type=\"container\" data-e-type=\"container\">\n\t\t\t\t<div class=\"elementor-element elementor-element-133bb06 elementor-widget elementor-widget-image\" data-id=\"133bb06\" data-element_type=\"widget\" data-e-type=\"widget\" data-widget_type=\"image.default\">\n\t\t\t\t\t\t\t\t\t\t\t\t\t\t\t<img decoding=\"async\" width=\"800\" height=\"800\" src=\"https:\/\/careista.ch\/wp-content\/uploads\/2025\/08\/Gengigel_USP_Icon_careista_web-1024x1024.jpg\" class=\"attachment-large size-large wp-image-10184\" alt=\"Gengigel Dentifrice protecteur des gencives 75ml\" srcset=\"https:\/\/careista.ch\/wp-content\/uploads\/2025\/08\/Gengigel_USP_Icon_careista_web-1024x1024.jpg 1024w, https:\/\/careista.ch\/wp-content\/uploads\/2025\/08\/Gengigel_USP_Icon_careista_web-600x600.jpg 600w, https:\/\/careista.ch\/wp-content\/uploads\/2025\/08\/Gengigel_USP_Icon_careista_web-100x100.jpg 100w, https:\/\/careista.ch\/wp-content\/uploads\/2025\/08\/Gengigel_USP_Icon_careista_web-300x300.jpg 300w, https:\/\/careista.ch\/wp-content\/uploads\/2025\/08\/Gengigel_USP_Icon_careista_web-150x150.jpg 150w, https:\/\/careista.ch\/wp-content\/uploads\/2025\/08\/Gengigel_USP_Icon_careista_web-768x768.jpg 768w, https:\/\/careista.ch\/wp-content\/uploads\/2025\/08\/Gengigel_USP_Icon_careista_web-500x500.jpg 500w, https:\/\/careista.ch\/wp-content\/uploads\/2025\/08\/Gengigel_USP_Icon_careista_web.jpg 1250w\" sizes=\"(max-width: 800px) 100vw, 800px\" \/>\t\t\t\t\t\t\t\t\t\t\t\t\t\t\t<\/div>\n\t\t\t\t<div class=\"elementor-element elementor-element-918523f elementor-widget elementor-widget-heading\" data-id=\"918523f\" data-element_type=\"widget\" data-e-type=\"widget\" data-widget_type=\"heading.default\">\n\t\t\t\t\t<h3 class=\"elementor-heading-title elementor-size-default\">Att\u00e9nue les gencives qui saignent\n<\/h3>\t\t\t\t<\/div>\n\t\t\t\t<div class=\"elementor-element elementor-element-5ae375b elementor-widget elementor-widget-text-editor\" data-id=\"5ae375b\" data-element_type=\"widget\" data-e-type=\"widget\" data-widget_type=\"text-editor.default\">\n\t\t\t\t\t\t\t\t\t<p>Soulage en douceur les inflammations, gu\u00e9rit et r\u00e9g\u00e9n\u00e8re les gencives.<\/p>\t\t\t\t\t\t\t\t<\/div>\n\t\t\t\t<\/div>\n\t\t<div class=\"elementor-element elementor-element-433a071 e-con-full e-flex e-con e-child\" data-id=\"433a071\" data-element_type=\"container\" data-e-type=\"container\">\n\t\t\t\t<div class=\"elementor-element elementor-element-1de83a0 elementor-widget elementor-widget-image\" data-id=\"1de83a0\" data-element_type=\"widget\" data-e-type=\"widget\" data-widget_type=\"image.default\">\n\t\t\t\t\t\t\t\t\t\t\t\t\t\t\t<img loading=\"lazy\" decoding=\"async\" width=\"800\" height=\"800\" src=\"https:\/\/careista.ch\/wp-content\/uploads\/2025\/08\/Gengigel_USP_Icon_careista_web2-1024x1024.jpg\" class=\"attachment-large size-large wp-image-10187\" alt=\"Gengigel Dentifrice protecteur des gencives 75ml\" srcset=\"https:\/\/careista.ch\/wp-content\/uploads\/2025\/08\/Gengigel_USP_Icon_careista_web2-1024x1024.jpg 1024w, https:\/\/careista.ch\/wp-content\/uploads\/2025\/08\/Gengigel_USP_Icon_careista_web2-600x600.jpg 600w, https:\/\/careista.ch\/wp-content\/uploads\/2025\/08\/Gengigel_USP_Icon_careista_web2-100x100.jpg 100w, https:\/\/careista.ch\/wp-content\/uploads\/2025\/08\/Gengigel_USP_Icon_careista_web2-300x300.jpg 300w, https:\/\/careista.ch\/wp-content\/uploads\/2025\/08\/Gengigel_USP_Icon_careista_web2-150x150.jpg 150w, https:\/\/careista.ch\/wp-content\/uploads\/2025\/08\/Gengigel_USP_Icon_careista_web2-768x768.jpg 768w, https:\/\/careista.ch\/wp-content\/uploads\/2025\/08\/Gengigel_USP_Icon_careista_web2-500x500.jpg 500w, https:\/\/careista.ch\/wp-content\/uploads\/2025\/08\/Gengigel_USP_Icon_careista_web2.jpg 1250w\" sizes=\"(max-width: 800px) 100vw, 800px\" \/>\t\t\t\t\t\t\t\t\t\t\t\t\t\t\t<\/div>\n\t\t\t\t<div class=\"elementor-element elementor-element-4127383 elementor-widget elementor-widget-heading\" data-id=\"4127383\" data-element_type=\"widget\" data-e-type=\"widget\" data-widget_type=\"heading.default\">\n\t\t\t\t\t<h3 class=\"elementor-heading-title elementor-size-default\">R\u00e9duit la douleur\n<\/h3>\t\t\t\t<\/div>\n\t\t\t\t<div class=\"elementor-element elementor-element-fb55b54 elementor-widget elementor-widget-text-editor\" data-id=\"fb55b54\" data-element_type=\"widget\" data-e-type=\"widget\" data-widget_type=\"text-editor.default\">\n\t\t\t\t\t\t\t\t\t<p>Favorise la gu\u00e9rison naturelle, soulage l&rsquo;inconfort et prot\u00e8ge la muqueuse.<\/p>\t\t\t\t\t\t\t\t<\/div>\n\t\t\t\t<\/div>\n\t\t<div class=\"elementor-element elementor-element-9a66484 e-con-full e-flex e-con e-child\" data-id=\"9a66484\" data-element_type=\"container\" data-e-type=\"container\">\n\t\t\t\t<div class=\"elementor-element elementor-element-ad7d699 elementor-widget elementor-widget-image\" data-id=\"ad7d699\" data-element_type=\"widget\" data-e-type=\"widget\" data-widget_type=\"image.default\">\n\t\t\t\t\t\t\t\t\t\t\t\t\t\t\t<img loading=\"lazy\" decoding=\"async\" width=\"800\" height=\"800\" src=\"https:\/\/careista.ch\/wp-content\/uploads\/2025\/08\/Gengigel_USP_Icon_careista_web3-1024x1024.jpg\" class=\"attachment-large size-large wp-image-10190\" alt=\"Gengigel Dentifrice protecteur des gencives 75ml\" srcset=\"https:\/\/careista.ch\/wp-content\/uploads\/2025\/08\/Gengigel_USP_Icon_careista_web3-1024x1024.jpg 1024w, https:\/\/careista.ch\/wp-content\/uploads\/2025\/08\/Gengigel_USP_Icon_careista_web3-600x600.jpg 600w, https:\/\/careista.ch\/wp-content\/uploads\/2025\/08\/Gengigel_USP_Icon_careista_web3-100x100.jpg 100w, https:\/\/careista.ch\/wp-content\/uploads\/2025\/08\/Gengigel_USP_Icon_careista_web3-300x300.jpg 300w, https:\/\/careista.ch\/wp-content\/uploads\/2025\/08\/Gengigel_USP_Icon_careista_web3-150x150.jpg 150w, https:\/\/careista.ch\/wp-content\/uploads\/2025\/08\/Gengigel_USP_Icon_careista_web3-768x768.jpg 768w, https:\/\/careista.ch\/wp-content\/uploads\/2025\/08\/Gengigel_USP_Icon_careista_web3-500x500.jpg 500w, https:\/\/careista.ch\/wp-content\/uploads\/2025\/08\/Gengigel_USP_Icon_careista_web3.jpg 1250w\" sizes=\"(max-width: 800px) 100vw, 800px\" \/>\t\t\t\t\t\t\t\t\t\t\t\t\t\t\t<\/div>\n\t\t\t\t<div class=\"elementor-element elementor-element-50b0f4c elementor-widget elementor-widget-heading\" data-id=\"50b0f4c\" data-element_type=\"widget\" data-e-type=\"widget\" data-widget_type=\"heading.default\">\n\t\t\t\t\t<h3 class=\"elementor-heading-title elementor-size-default\">\u00c9limine les aphtes<\/h3>\t\t\t\t<\/div>\n\t\t\t\t<div class=\"elementor-element elementor-element-8dbbbee elementor-widget elementor-widget-text-editor\" data-id=\"8dbbbee\" data-element_type=\"widget\" data-e-type=\"widget\" data-widget_type=\"text-editor.default\">\n\t\t\t\t\t\t\t\t\t<p>Favorise la cicatrisation, prot\u00e8ge les zones sensibles et soulage la douleur.<\/p>\t\t\t\t\t\t\t\t<\/div>\n\t\t\t\t<\/div>\n\t\t\t\t\t<\/div>\n\t\t\t\t<\/div>\n\t\t<div data-dce-background-color=\"#3E6FAE\" class=\"elementor-element elementor-element-972cf50 e-flex e-con-boxed e-con e-parent\" data-id=\"972cf50\" data-element_type=\"container\" data-e-type=\"container\" data-settings=\"{&quot;background_background&quot;:&quot;classic&quot;}\">\n\t\t\t\t\t<div class=\"e-con-inner\">\n\t\t<div class=\"elementor-element elementor-element-5e7bafc e-grid e-con-full e-con e-child\" data-id=\"5e7bafc\" data-element_type=\"container\" data-e-type=\"container\">\n\t\t<div class=\"elementor-element elementor-element-1f3d286 e-con-full e-flex e-con e-child\" data-id=\"1f3d286\" data-element_type=\"container\" data-e-type=\"container\">\n\t\t\t\t<div class=\"elementor-element elementor-element-9e9208c elementor-widget elementor-widget-heading\" data-id=\"9e9208c\" data-element_type=\"widget\" data-e-type=\"widget\" data-widget_type=\"heading.default\">\n\t\t\t\t\t<h2 class=\"elementor-heading-title elementor-size-default\">Effet de l'hyaluron<\/h2>\t\t\t\t<\/div>\n\t\t\t\t<div data-dce-text-color=\"#FFFFFF\" class=\"elementor-element elementor-element-ac7de05 elementor-widget elementor-widget-text-editor\" data-id=\"ac7de05\" data-element_type=\"widget\" data-e-type=\"widget\" data-widget_type=\"text-editor.default\">\n\t\t\t\t\t\t\t\t\t<ul><li>L&rsquo;acide hyaluronique est une substance produite par l&rsquo;organisme qui retient l&rsquo;humidit\u00e9 et favorise la cicatrisation des tissus.<\/li><li>GENGIGEL contient de l&rsquo;acide hyaluronique tr\u00e8s pur, qui est appliqu\u00e9 directement sur les gencives ou les tissus affect\u00e9s.<\/li><li data-start=\"511\" data-end=\"624\">Favorise la gu\u00e9rison en cas d&rsquo;inflammation et de blessure.<\/li><li data-start=\"684\" data-end=\"721\">R\u00e9duit l&rsquo;inflammation et la douleur.<\/li><li data-start=\"724\" data-end=\"771\">Prot\u00e8ge les tissus avec un film bioadh\u00e9sif.<\/li><li data-start=\"774\" data-end=\"838\">Hydrate et favorise la r\u00e9g\u00e9n\u00e9ration de la muqueuse buccale.<\/li><li data-start=\"841\" data-end=\"908\">Id\u00e9al en cas de gingivite, de parodontite, apr\u00e8s une op\u00e9ration ou en cas de points de pression.<\/li><\/ul>\t\t\t\t\t\t\t\t<\/div>\n\t\t\t\t<\/div>\n\t\t\t\t<div class=\"elementor-element elementor-element-6bfe6bb elementor-widget elementor-widget-video\" data-id=\"6bfe6bb\" data-element_type=\"widget\" data-e-type=\"widget\" data-settings=\"{&quot;youtube_url&quot;:&quot;https:\\\/\\\/www.youtube.com\\\/watch?v=FSgNkfQEv-A&quot;,&quot;video_type&quot;:&quot;youtube&quot;,&quot;controls&quot;:&quot;yes&quot;}\" data-widget_type=\"video.default\">\n\t\t\t\t\t\t\t<div class=\"elementor-wrapper elementor-open-inline\">\n\t\t\t<div class=\"elementor-video\"> <div class=\"brlbs-cmpnt-container brlbs-cmpnt-content-blocker brlbs-cmpnt-with-individual-styles\" data-borlabs-cookie-content-blocker-id=\"youtube-content-blocker\" data-borlabs-cookie-content=\"PHNjcmlwdD4KKGZ1bmN0aW9uKCkgewogICAgbGV0IGQgPSBudWxsOwoKICAgIC8vIGlmIHdlIGFyZSBpbiBhIGxvb3AsIHdlIG5lZWQgdG8gc2VsZWN0IHRoZSBjb3JyZWN0IHZpZGVvIGVsZW1lbnQsIHNpbmNlIFdpZGdldCBJRCBvY2N1cnMgbXVsdGlwbGUgdGltZXMgb24gcGFnZQogICAgY29uc3QgZWxlbXNJbkxvb3AgPSBkb2N1bWVudC5xdWVyeVNlbGVjdG9yQWxsKCc6aXMoZGl2W2RhdGEtZWxlbWVudG9yLXR5cGU9Imxvb3AtaXRlbSJdLGRpdltkYXRhLWVsZW1lbnRvci10eXBlPSJqZXQtbGlzdGluZy1pdGVtcyJdLGRpdltkYXRhLXdpZGdldF90eXBlXj0icHJlbWl1bS1hZGRvbi10YWJzLiJdKSBkaXYuZWxlbWVudG9yLWVsZW1lbnQtNmJmZTZiYicpOwogICAgaWYgKGVsZW1zSW5Mb29wLmxlbmd0aCA9PT0gMSkgewogICAgICAgIGQgPSBlbGVtc0luTG9vcFswXTsKICAgIH0gZWxzZSBpZiAoZWxlbXNJbkxvb3AubGVuZ3RoID4gMSkgewogICAgICAgIGlmICh0eXBlb2YgZG9jdW1lbnQuY3VycmVudFNjcmlwdCA9PT0gJ3VuZGVmaW5lZCcgfHwgZG9jdW1lbnQuY3VycmVudFNjcmlwdCA9PSBudWxsKSB7CiAgICAgICAgICAgIHJldHVybjsKICAgICAgICB9CiAgICAgICAgY29uc3QgdG1wVmlkZW9XaWRnZXQgPSBkb2N1bWVudC5jdXJyZW50U2NyaXB0LmNsb3Nlc3QoJ1tkYXRhLXdpZGdldF90eXBlPSJicmxic192aWRlby5kZWZhdWx0Il0nKTsKICAgICAgICBpZiAodG1wVmlkZW9XaWRnZXQpIHsKICAgICAgICAgICAgZCA9IHRtcFZpZGVvV2lkZ2V0OwogICAgICAgIH0KICAgIH0KCiAgICBpZiAoZCA9PSBudWxsKSB7CiAgICAgICAgZCA9IGRvY3VtZW50LnF1ZXJ5U2VsZWN0b3IoJ2Rpdi5lbGVtZW50b3ItZWxlbWVudC02YmZlNmJiJyk7CiAgICB9CgogICAgaWYgKGQgPT0gbnVsbCkgewogICAgICAgIHJldHVybjsKICAgIH0KICAgIGQuZGF0YXNldC53aWRnZXRfdHlwZSA9IGQuZGF0YXNldC53aWRnZXRfdHlwZS5yZXBsYWNlKCdicmxic18nLCAnJyk7CiAgICBkLmRhdGFzZXQuYnJsYnNVbmJsb2NrZWQgPSAndHJ1ZSc7CgogICAgY29uc3QgaW50ZXJ2YWwgPSBzZXRJbnRlcnZhbCgoKSA9PiB7CiAgICAgICAgaWYgKHR5cGVvZiBlbGVtZW50b3JGcm9udGVuZCAhPT0gJ3VuZGVmaW5lZCcgJiYgdHlwZW9mIGVsZW1lbnRvckZyb250ZW5kLmhvb2tzICE9PSAndW5kZWZpbmVkJykgewogICAgICAgICAgICBjbGVhckludGVydmFsKGludGVydmFsKTsKICAgICAgICAgICAgZWxlbWVudG9yRnJvbnRlbmQuaG9va3MuZG9BY3Rpb24oJ2Zyb250ZW5kL2VsZW1lbnRfcmVhZHkvdmlkZW8uZGVmYXVsdCcsIGpRdWVyeShkKSwgalF1ZXJ5KQogICAgICAgIH0KICAgIH0sIDMwKQp9KSgpOwo8L3NjcmlwdD4=\"><div class=\"brlbs-cmpnt-cb-preset-c brlbs-cmpnt-cb-youtube\"> <div class=\"brlbs-cmpnt-cb-thumbnail\" style=\"background-image: url('https:\/\/careista.ch\/wp-content\/uploads\/borlabs-cookie\/1\/yt_FSgNkfQEv-A_hqdefault.jpg')\"><\/div> <div class=\"brlbs-cmpnt-cb-main\"> <div class=\"brlbs-cmpnt-cb-play-button\"><\/div> <div class=\"brlbs-cmpnt-cb-content\"> <p class=\"brlbs-cmpnt-cb-description\">Vous \u00eates actuellement en train de consulter le contenu d'un espace r\u00e9serv\u00e9 de <strong>YouTube<\/strong>. Pour acc\u00e9der au contenu r\u00e9el, cliquez sur le bouton ci-dessous. Veuillez noter que ce faisant, des donn\u00e9es seront partag\u00e9es avec des providers tiers.<\/p> <a class=\"brlbs-cmpnt-cb-provider-toggle\" href=\"#\" data-borlabs-cookie-show-provider-information role=\"button\">Plus d'informations<\/a> <\/div> <div class=\"brlbs-cmpnt-cb-buttons\"> <a class=\"brlbs-cmpnt-cb-btn\" href=\"#\" data-borlabs-cookie-unblock role=\"button\">D\u00e9bloquer le contenu<\/a> <a class=\"brlbs-cmpnt-cb-btn\" href=\"#\" data-borlabs-cookie-accept-service role=\"button\" style=\"display: inherit\">Accepter le service requis et d\u00e9bloquer les contenus<\/a> <\/div> <\/div> <\/div><\/div><\/div>\t\t<\/div>\n\t\t\t\t\t\t<\/div>\n\t\t\t\t<\/div>\n\t\t\t\t\t<\/div>\n\t\t\t\t<\/div>\n\t\t<div data-dce-background-color=\"#F0F6FF\" class=\"elementor-element elementor-element-aaa6b10 e-flex e-con-boxed e-con e-parent\" data-id=\"aaa6b10\" data-element_type=\"container\" data-e-type=\"container\" data-settings=\"{&quot;background_background&quot;:&quot;classic&quot;}\">\n\t\t\t\t\t<div class=\"e-con-inner\">\n\t\t<div class=\"elementor-element elementor-element-541e8d9 e-con-full e-flex e-con e-child\" data-id=\"541e8d9\" data-element_type=\"container\" data-e-type=\"container\">\n\t\t\t\t<div class=\"elementor-element elementor-element-433561e elementor-widget elementor-widget-image\" data-id=\"433561e\" data-element_type=\"widget\" data-e-type=\"widget\" data-widget_type=\"image.default\">\n\t\t\t\t\t\t\t\t\t\t\t\t\t\t\t<img loading=\"lazy\" decoding=\"async\" width=\"800\" height=\"534\" src=\"https:\/\/careista.ch\/wp-content\/uploads\/2025\/08\/Gengigel_Image_schmerz2_careista_web-1024x683.jpg\" class=\"attachment-large size-large wp-image-10195\" alt=\"Gengigel Dentifrice protecteur des gencives 75ml\" srcset=\"https:\/\/careista.ch\/wp-content\/uploads\/2025\/08\/Gengigel_Image_schmerz2_careista_web-1024x683.jpg 1024w, https:\/\/careista.ch\/wp-content\/uploads\/2025\/08\/Gengigel_Image_schmerz2_careista_web-600x400.jpg 600w, https:\/\/careista.ch\/wp-content\/uploads\/2025\/08\/Gengigel_Image_schmerz2_careista_web-300x200.jpg 300w, https:\/\/careista.ch\/wp-content\/uploads\/2025\/08\/Gengigel_Image_schmerz2_careista_web-768x512.jpg 768w, https:\/\/careista.ch\/wp-content\/uploads\/2025\/08\/Gengigel_Image_schmerz2_careista_web.jpg 1500w\" sizes=\"(max-width: 800px) 100vw, 800px\" \/>\t\t\t\t\t\t\t\t\t\t\t\t\t\t\t<\/div>\n\t\t\t\t<\/div>\n\t\t<div class=\"elementor-element elementor-element-d867702 e-con-full e-flex e-con e-child\" data-id=\"d867702\" data-element_type=\"container\" data-e-type=\"container\">\n\t\t\t\t<div class=\"elementor-element elementor-element-50f60e0 elementor-widget elementor-widget-heading\" data-id=\"50f60e0\" data-element_type=\"widget\" data-e-type=\"widget\" data-widget_type=\"heading.default\">\n\t\t\t\t\t<h2 class=\"elementor-heading-title elementor-size-default\">Aide imm\u00e9diate en cas de gingivite<\/h2>\t\t\t\t<\/div>\n\t\t\t\t<div class=\"elementor-element elementor-element-1ccb472 elementor-widget elementor-widget-text-editor\" data-id=\"1ccb472\" data-element_type=\"widget\" data-e-type=\"widget\" data-widget_type=\"text-editor.default\">\n\t\t\t\t\t\t\t\t\t<p><span style=\"font-weight: 400\">Des gencives qui saignent lors du brossage des dents sont un signal d&rsquo;alarme clair pour une gingivite. Elle s&rsquo;accompagne souvent d&rsquo;un gonflement, de rougeurs, d&rsquo;une mauvaise haleine et de douleurs. Les gencives saines sont roses, fermes et ne saignent pas.  <\/span><\/p><p><span style=\"font-weight: 400\">GENGIGEL aide \u00e0 soulager en douceur les inflammations et \u00e0 r\u00e9g\u00e9n\u00e9rer les gencives &#8211; pour un sourire sain.<\/span><\/p>\t\t\t\t\t\t\t\t<\/div>\n\t\t\t\t<\/div>\n\t\t\t\t\t<\/div>\n\t\t\t\t<\/div>\n\t\t<div data-dce-background-color=\"#F0F6FF\" class=\"elementor-element elementor-element-bf7d488 e-flex e-con-boxed e-con e-parent\" data-id=\"bf7d488\" data-element_type=\"container\" data-e-type=\"container\" data-settings=\"{&quot;background_background&quot;:&quot;classic&quot;}\">\n\t\t\t\t\t<div class=\"e-con-inner\">\n\t\t<div class=\"elementor-element elementor-element-3e60268 e-con-full e-flex e-con e-child\" data-id=\"3e60268\" data-element_type=\"container\" data-e-type=\"container\">\n\t\t\t\t<div class=\"elementor-element elementor-element-ab9dd79 elementor-widget elementor-widget-image\" data-id=\"ab9dd79\" data-element_type=\"widget\" data-e-type=\"widget\" data-widget_type=\"image.default\">\n\t\t\t\t\t\t\t\t\t\t\t\t\t\t\t<img loading=\"lazy\" decoding=\"async\" width=\"800\" height=\"531\" src=\"https:\/\/careista.ch\/wp-content\/uploads\/2025\/08\/Gengigel_Image_aphten_careista_web-1024x680.jpg\" class=\"attachment-large size-large wp-image-10131\" alt=\"Gengigel Dentifrice protecteur des gencives 75ml\" srcset=\"https:\/\/careista.ch\/wp-content\/uploads\/2025\/08\/Gengigel_Image_aphten_careista_web-1024x680.jpg 1024w, https:\/\/careista.ch\/wp-content\/uploads\/2025\/08\/Gengigel_Image_aphten_careista_web-600x399.jpg 600w, https:\/\/careista.ch\/wp-content\/uploads\/2025\/08\/Gengigel_Image_aphten_careista_web-300x199.jpg 300w, https:\/\/careista.ch\/wp-content\/uploads\/2025\/08\/Gengigel_Image_aphten_careista_web-768x510.jpg 768w, https:\/\/careista.ch\/wp-content\/uploads\/2025\/08\/Gengigel_Image_aphten_careista_web-1536x1020.jpg 1536w, https:\/\/careista.ch\/wp-content\/uploads\/2025\/08\/Gengigel_Image_aphten_careista_web.jpg 1626w\" sizes=\"(max-width: 800px) 100vw, 800px\" \/>\t\t\t\t\t\t\t\t\t\t\t\t\t\t\t<\/div>\n\t\t\t\t<\/div>\n\t\t<div class=\"elementor-element elementor-element-f87e772 e-con-full e-flex e-con e-child\" data-id=\"f87e772\" data-element_type=\"container\" data-e-type=\"container\">\n\t\t\t\t<div class=\"elementor-element elementor-element-2ce269d elementor-widget elementor-widget-heading\" data-id=\"2ce269d\" data-element_type=\"widget\" data-e-type=\"widget\" data-widget_type=\"heading.default\">\n\t\t\t\t\t<h2 class=\"elementor-heading-title elementor-size-default\">Des aphtes douloureux dans la bouche ?<\/h2>\t\t\t\t<\/div>\n\t\t\t\t<div class=\"elementor-element elementor-element-660d343 elementor-widget elementor-widget-text-editor\" data-id=\"660d343\" data-element_type=\"widget\" data-e-type=\"widget\" data-widget_type=\"text-editor.default\">\n\t\t\t\t\t\t\t\t\t<p><span style=\"font-weight: 400\">Les aphtes sont de petits ulc\u00e8res enflamm\u00e9s de la muqueuse buccale &#8211; souvent sur la joue, la l\u00e8vre, la langue ou le palais. Ils sont ronds ou ovales, tr\u00e8s douloureux et g\u00eanants pour manger et parler. <\/span><\/p><p><span style=\"font-weight: 400\">GENGIGEL soulage la douleur, favorise la cicatrisation et prot\u00e8ge les zones sensibles, sans aucun produit chimique susceptible de provoquer des br\u00fblures des muqueuses.<\/span><span style=\"font-weight: 400\">.<\/span><\/p>\t\t\t\t\t\t\t\t<\/div>\n\t\t\t\t<\/div>\n\t\t\t\t\t<\/div>\n\t\t\t\t<\/div>\n\t\t<div data-dce-background-color=\"#F0F6FF\" class=\"elementor-element elementor-element-03bc0cc e-flex e-con-boxed e-con e-parent\" data-id=\"03bc0cc\" data-element_type=\"container\" data-e-type=\"container\" data-settings=\"{&quot;background_background&quot;:&quot;classic&quot;}\">\n\t\t\t\t\t<div class=\"e-con-inner\">\n\t\t<div class=\"elementor-element elementor-element-3c39b70 e-con-full e-flex e-con e-child\" data-id=\"3c39b70\" data-element_type=\"container\" data-e-type=\"container\">\n\t\t\t\t<div class=\"elementor-element elementor-element-a12208c elementor-widget elementor-widget-image\" data-id=\"a12208c\" data-element_type=\"widget\" data-e-type=\"widget\" data-widget_type=\"image.default\">\n\t\t\t\t\t\t\t\t\t\t\t\t\t\t\t<img loading=\"lazy\" decoding=\"async\" width=\"800\" height=\"534\" src=\"https:\/\/careista.ch\/wp-content\/uploads\/2025\/08\/Gengigel_Image_relief_careista_web-1024x683.jpg\" class=\"attachment-large size-large wp-image-10199\" alt=\"Gengigel Dentifrice protecteur des gencives 75ml\" srcset=\"https:\/\/careista.ch\/wp-content\/uploads\/2025\/08\/Gengigel_Image_relief_careista_web-1024x683.jpg 1024w, https:\/\/careista.ch\/wp-content\/uploads\/2025\/08\/Gengigel_Image_relief_careista_web-600x400.jpg 600w, https:\/\/careista.ch\/wp-content\/uploads\/2025\/08\/Gengigel_Image_relief_careista_web-300x200.jpg 300w, https:\/\/careista.ch\/wp-content\/uploads\/2025\/08\/Gengigel_Image_relief_careista_web-768x512.jpg 768w, https:\/\/careista.ch\/wp-content\/uploads\/2025\/08\/Gengigel_Image_relief_careista_web.jpg 1500w\" sizes=\"(max-width: 800px) 100vw, 800px\" \/>\t\t\t\t\t\t\t\t\t\t\t\t\t\t\t<\/div>\n\t\t\t\t<\/div>\n\t\t<div class=\"elementor-element elementor-element-60d862b e-con-full e-flex e-con e-child\" data-id=\"60d862b\" data-element_type=\"container\" data-e-type=\"container\">\n\t\t\t\t<div class=\"elementor-element elementor-element-acbe8d0 elementor-widget elementor-widget-heading\" data-id=\"acbe8d0\" data-element_type=\"widget\" data-e-type=\"widget\" data-widget_type=\"heading.default\">\n\t\t\t\t\t<h2 class=\"elementor-heading-title elementor-size-default\">Soigner en douceur les gencives bless\u00e9es<\/h2>\t\t\t\t<\/div>\n\t\t\t\t<div class=\"elementor-element elementor-element-de127cf elementor-widget elementor-widget-text-editor\" data-id=\"de127cf\" data-element_type=\"widget\" data-e-type=\"widget\" data-widget_type=\"text-editor.default\">\n\t\t\t\t\t\t\t\t\t<p><span style=\"font-weight: 400\">Les appareils dentaires, les proth\u00e8ses ou les interventions dentaires telles que l&rsquo;extraction de dents ou le traitement de racines peuvent irriter et blesser les gencives. Il en r\u00e9sulte des plaies et des inflammations douloureuses. <\/span><\/p><p><span style=\"font-weight: 400\">GENGIGEL favorise la cicatrisation naturelle, soulage les douleurs et prot\u00e8ge la muqueuse &#8211; id\u00e9al pour la r\u00e9g\u00e9n\u00e9ration apr\u00e8s un stress dentaire.<\/span><\/p>\t\t\t\t\t\t\t\t<\/div>\n\t\t\t\t<\/div>\n\t\t\t\t\t<\/div>\n\t\t\t\t<\/div>\n\t\t<div data-dce-background-color=\"#F0F6FF\" class=\"elementor-element elementor-element-dc241e7 e-flex e-con-boxed e-con e-parent\" data-id=\"dc241e7\" data-element_type=\"container\" data-e-type=\"container\" data-settings=\"{&quot;background_background&quot;:&quot;classic&quot;}\">\n\t\t\t\t\t<div class=\"e-con-inner\">\n\t\t<div class=\"elementor-element elementor-element-118a7c6 e-con-full e-flex e-con e-child\" data-id=\"118a7c6\" data-element_type=\"container\" data-e-type=\"container\">\n\t\t\t\t<div class=\"elementor-element elementor-element-46df60f elementor-widget elementor-widget-heading\" data-id=\"46df60f\" data-element_type=\"widget\" data-e-type=\"widget\" data-widget_type=\"heading.default\">\n\t\t\t\t\t<h2 class=\"elementor-heading-title elementor-size-default\">La pouss\u00e9e dentaire ? GENGIGEL Baby aide en douceur \n<\/h2>\t\t\t\t<\/div>\n\t\t\t\t<div class=\"elementor-element elementor-element-11a14dc elementor-widget elementor-widget-text-editor\" data-id=\"11a14dc\" data-element_type=\"widget\" data-e-type=\"widget\" data-widget_type=\"text-editor.default\">\n\t\t\t\t\t\t\t\t\t<p><span style=\"font-weight: 400\">Lors de la perc\u00e9e des dents, les b\u00e9b\u00e9s pr\u00e9sentent souvent une agitation, une augmentation de la bave, un comportement de mordillement et des gencives rouges et gonfl\u00e9es. Parfois, ils pr\u00e9sentent \u00e9galement des irritations cutan\u00e9es ou une l\u00e9g\u00e8re fi\u00e8vre.   <\/span><\/p><p><span style=\"font-weight: 400\">GENGIGEL Baby soulage les douleurs de la pouss\u00e9e dentaire, apaise les gencives irrit\u00e9es de b\u00e9b\u00e9 et prot\u00e8ge la plaie ouverte des bact\u00e9ries. Au go\u00fbt agr\u00e9able et sans ar\u00f4mes artificiels. <\/span><\/p>\t\t\t\t\t\t\t\t<\/div>\n\t\t\t\t<\/div>\n\t\t<div class=\"elementor-element elementor-element-7fdd165 e-con-full e-flex e-con e-child\" data-id=\"7fdd165\" data-element_type=\"container\" data-e-type=\"container\">\n\t\t\t\t<div class=\"elementor-element elementor-element-d9d59b3 elementor-widget elementor-widget-image\" data-id=\"d9d59b3\" data-element_type=\"widget\" data-e-type=\"widget\" data-widget_type=\"image.default\">\n\t\t\t\t\t\t\t\t\t\t\t\t\t\t\t<img loading=\"lazy\" decoding=\"async\" width=\"800\" height=\"534\" src=\"https:\/\/careista.ch\/wp-content\/uploads\/2025\/08\/Gengigel_Image_baby2_careista_web-1024x683.jpg\" class=\"attachment-large size-large wp-image-10135\" alt=\"Gengigel Dentifrice protecteur des gencives 75ml\" srcset=\"https:\/\/careista.ch\/wp-content\/uploads\/2025\/08\/Gengigel_Image_baby2_careista_web-1024x683.jpg 1024w, https:\/\/careista.ch\/wp-content\/uploads\/2025\/08\/Gengigel_Image_baby2_careista_web-600x400.jpg 600w, https:\/\/careista.ch\/wp-content\/uploads\/2025\/08\/Gengigel_Image_baby2_careista_web-300x200.jpg 300w, https:\/\/careista.ch\/wp-content\/uploads\/2025\/08\/Gengigel_Image_baby2_careista_web-768x512.jpg 768w, https:\/\/careista.ch\/wp-content\/uploads\/2025\/08\/Gengigel_Image_baby2_careista_web.jpg 1134w\" sizes=\"(max-width: 800px) 100vw, 800px\" \/>\t\t\t\t\t\t\t\t\t\t\t\t\t\t\t<\/div>\n\t\t\t\t<\/div>\n\t\t\t\t\t<\/div>\n\t\t\t\t<\/div>\n\t\t<div data-dce-background-color=\"#F0F0F0\" class=\"elementor-element elementor-element-261917f7 e-con-full e-grid e-con e-child\" data-id=\"261917f7\" data-element_type=\"container\" data-e-type=\"container\" data-settings=\"{&quot;background_background&quot;:&quot;classic&quot;}\">\n\t\t\t\t<div class=\"elementor-element elementor-element-5fd16712 elementor-widget elementor-widget-image\" data-id=\"5fd16712\" data-element_type=\"widget\" data-e-type=\"widget\" data-widget_type=\"image.default\">\n\t\t\t\t\t\t\t\t\t\t\t\t\t\t\t<img loading=\"lazy\" decoding=\"async\" width=\"800\" height=\"663\" src=\"https:\/\/careista.ch\/wp-content\/uploads\/2025\/08\/Gengigel_Image_x_careista_web-1024x848.jpg\" class=\"attachment-large size-large wp-image-11550\" alt=\"Gengigel Dentifrice protecteur des gencives 75ml\" srcset=\"https:\/\/careista.ch\/wp-content\/uploads\/2025\/08\/Gengigel_Image_x_careista_web-1024x848.jpg 1024w, https:\/\/careista.ch\/wp-content\/uploads\/2025\/08\/Gengigel_Image_x_careista_web-300x249.jpg 300w, https:\/\/careista.ch\/wp-content\/uploads\/2025\/08\/Gengigel_Image_x_careista_web-768x636.jpg 768w\" sizes=\"(max-width: 800px) 100vw, 800px\" \/>\t\t\t\t\t\t\t\t\t\t\t\t\t\t\t<\/div>\n\t\t<div class=\"elementor-element elementor-element-246baba e-flex e-con-boxed e-con e-child\" data-id=\"246baba\" data-element_type=\"container\" data-e-type=\"container\">\n\t\t\t\t\t<div class=\"e-con-inner\">\n\t\t\t\t<div class=\"elementor-element elementor-element-71176b3f elementor-widget elementor-widget-image\" data-id=\"71176b3f\" data-element_type=\"widget\" data-e-type=\"widget\" data-widget_type=\"image.default\">\n\t\t\t\t\t\t\t\t\t\t\t\t\t\t\t<img loading=\"lazy\" decoding=\"async\" width=\"800\" height=\"118\" src=\"https:\/\/careista.ch\/wp-content\/uploads\/2025\/08\/Gengigel_x_Careista_Logo-1024x151.png\" class=\"attachment-large size-large wp-image-9901\" alt=\"Gengigel Dentifrice protecteur des gencives 75ml\" srcset=\"https:\/\/careista.ch\/wp-content\/uploads\/2025\/08\/Gengigel_x_Careista_Logo-1024x151.png 1024w, https:\/\/careista.ch\/wp-content\/uploads\/2025\/08\/Gengigel_x_Careista_Logo-600x88.png 600w, https:\/\/careista.ch\/wp-content\/uploads\/2025\/08\/Gengigel_x_Careista_Logo-300x44.png 300w, https:\/\/careista.ch\/wp-content\/uploads\/2025\/08\/Gengigel_x_Careista_Logo-768x113.png 768w, https:\/\/careista.ch\/wp-content\/uploads\/2025\/08\/Gengigel_x_Careista_Logo-1536x226.png 1536w, https:\/\/careista.ch\/wp-content\/uploads\/2025\/08\/Gengigel_x_Careista_Logo-2048x302.png 2048w\" sizes=\"(max-width: 800px) 100vw, 800px\" \/>\t\t\t\t\t\t\t\t\t\t\t\t\t\t\t<\/div>\n\t\t\t\t<div class=\"elementor-element elementor-element-76110f5f elementor-widget__width-initial elementor-widget elementor-widget-text-editor\" data-id=\"76110f5f\" data-element_type=\"widget\" data-e-type=\"widget\" data-widget_type=\"text-editor.default\">\n\t\t\t\t\t\t\t\t\t<p>Bienvenue sur CAREISTA.ch, la maison suisse officielle de GENGIGEL.<\/p><p>GENGIGEL \u00e0 l&rsquo;acide hyaluronique favorise la gu\u00e9rison et la r\u00e9g\u00e9n\u00e9ration naturelles des gencives, soulage la douleur et r\u00e9duit l&rsquo;inflammation &#8211; id\u00e9al pour la pr\u00e9vention et le traitement des maladies parodontales.<\/p><p>Pour des dents et des gencives saines &#8211; pour toute la famille.<\/p>\t\t\t\t\t\t\t\t<\/div>\n\t\t\t\t<div data-dce-background-color=\"#000000\" class=\"elementor-element elementor-element-7deeb1d8 elementor-align-left elementor-widget elementor-widget-button\" data-id=\"7deeb1d8\" data-element_type=\"widget\" data-e-type=\"widget\" data-widget_type=\"button.default\">\n\t\t\t\t\t\t\t\t\t\t<a class=\"elementor-button elementor-button-link elementor-size-sm\" href=\"https:\/\/careista.ch\/fr\/shop\/\">\n\t\t\t\t\t\t<span class=\"elementor-button-content-wrapper\">\n\t\t\t\t\t\t\t\t\t<span class=\"elementor-button-text\">D\u00e9couvrir toutes les marques de CAREISTA<\/span>\n\t\t\t\t\t<\/span>\n\t\t\t\t\t<\/a>\n\t\t\t\t\t\t\t\t<\/div>\n\t\t\t\t\t<\/div>\n\t\t\t\t<\/div>\n\t\t\t\t<\/div>\n\t\t<div class=\"elementor-element elementor-element-da9e720 e-flex e-con-boxed e-con e-parent\" data-id=\"da9e720\" data-element_type=\"container\" data-e-type=\"container\">\n\t\t\t\t\t<div class=\"e-con-inner\">\n\t\t<div class=\"elementor-element elementor-element-7f95d9f e-con-full e-flex e-con e-child\" data-id=\"7f95d9f\" data-element_type=\"container\" data-e-type=\"container\">\n\t\t\t\t<div class=\"elementor-element elementor-element-a5a5b85 elementor-widget elementor-widget-heading\" data-id=\"a5a5b85\" data-element_type=\"widget\" data-e-type=\"widget\" data-widget_type=\"heading.default\">\n\t\t\t\t\t<h2 class=\"elementor-heading-title elementor-size-default\">GENGIGEL \u2013 Une aide douce en cas de probl\u00e8mes gingivaux<\/h2>\t\t\t\t<\/div>\n\t\t\t\t<div class=\"elementor-element elementor-element-9e7d059 elementor-widget elementor-widget-text-editor\" data-id=\"9e7d059\" data-element_type=\"widget\" data-e-type=\"widget\" data-widget_type=\"text-editor.default\">\n\t\t\t\t\t\t\t\t\t<p><b>GENGIGEL<\/b><span style=\"font-weight: 400\">  est la solution \u00e9prouv\u00e9e pour favoriser la gu\u00e9rison naturelle en cas de gingivite, de parodontite, de saignement des gencives, apr\u00e8s une intervention dentaire et lors de la pouss\u00e9e dentaire des b\u00e9b\u00e9s. Les produits de soins bucco-dentaires m\u00e9dicaux sont \u00e0 base d&rsquo;ingr\u00e9dients de haute puret\u00e9.   <\/span><b>Acide hyaluronique<\/b><span style=\"font-weight: 400\">Le produit contient de l&rsquo;acide hyaluronique, une substance active naturelle qui poss\u00e8de des propri\u00e9t\u00e9s r\u00e9g\u00e9n\u00e9ratrices, anti-inflammatoires et hydratantes.<\/span><\/p><p><b>Le pouvoir de l&rsquo;acide hyaluronique &#8211; naturellement efficace<\/b><\/p><p><span style=\"font-weight: 400\">Que ce soit en cas de gencives sensibles, apr\u00e8s une op\u00e9ration dentaire ou en cas d&rsquo;inflammation chronique : GENGIGEL prot\u00e8ge, apaise et soutient le processus naturel de gu\u00e9rison &#8211; et ce, de mani\u00e8re scientifiquement prouv\u00e9e. La technologie brevet\u00e9e   <\/span><b>Complexe hyaluronan<\/b><span style=\"font-weight: 400\"> assure une adh\u00e9rence optimale dans la bouche et une efficacit\u00e9 maximale directement sur les tissus concern\u00e9s.<\/span><\/p><p><span style=\"font-weight: 400\"><b>Des gencives saines &#8211; naturellement soign\u00e9es<\/b><\/span><\/p><p><span style=\"font-weight: 400\">Des gencives saines sont la base d&rsquo;un beau sourire et de dents stables. Avec GENGIGEL, vous obtenez une solution innovante pour   <\/span><b>soins gingivaux naturels<\/b><span style=\"font-weight: 400\">Le syst\u00e8me de brossage des dents est un syst\u00e8me qui fait la diff\u00e9rence &#8211; il est doux et efficace.<\/span><\/p>\t\t\t\t\t\t\t\t<\/div>\n\t\t\t\t<\/div>\n\t\t<div class=\"elementor-element elementor-element-f3b09e3 e-con-full e-flex e-con e-child\" data-id=\"f3b09e3\" data-element_type=\"container\" data-e-type=\"container\">\n\t\t\t\t<div class=\"elementor-element elementor-element-813a366 elementor-widget elementor-widget-text-editor\" data-id=\"813a366\" data-element_type=\"widget\" data-e-type=\"widget\" data-widget_type=\"text-editor.default\">\n\t\t\t\t\t\t\t\t\t<p><b>Vos avantages avec GENGIGEL :<\/b><\/p><ul><li><span style=\"font-weight: 400\">Effet cliniquement prouv\u00e9 sur les probl\u00e8mes de gencives<\/span><\/li><li><span style=\"font-weight: 400\">Avec de l&rsquo;acide hyaluronique &#8211; retient l&rsquo;humidit\u00e9 et favorise la cicatrisation des tissus<\/span><\/li><li><span style=\"font-weight: 400\">Convient aux diab\u00e9tiques<\/span><\/li><li><span style=\"font-weight: 400\">Sans danger m\u00eame pendant la grossesse et l&rsquo;allaitement<\/span><\/li><li><span style=\"font-weight: 400\">Adapt\u00e9 \u00e0 un usage quotidien<\/span><\/li><li>Aucune interaction avec d&rsquo;autres m\u00e9dicaments ou effets secondaires connus<\/li><li>Ne laisse pas de taches\/d\u00e9colorations<\/li><li>Les produits pour enfants sont sans alcool<\/li><li>Pas de colorants artificiels<\/li><li>Aucun produit chimique susceptible de provoquer des br\u00fblures des muqueuses<\/li><li>Go\u00fbt agr\u00e9able et facile \u00e0 utiliser<\/li><li>Vegan<\/li><li>Kosher<\/li><\/ul><p><b>GENGIGEL &#8211; pour des gencives solides et une sensation de bien-\u00eatre.<\/b><\/p>\t\t\t\t\t\t\t\t<\/div>\n\t\t\t\t<\/div>\n\t\t\t\t\t<\/div>\n\t\t\t\t<\/div>\n\t\t<div data-dce-background-color=\"#F0F6FF\" class=\"elementor-element elementor-element-749b98e e-flex e-con-boxed e-con e-parent\" data-id=\"749b98e\" data-element_type=\"container\" data-e-type=\"container\" data-settings=\"{&quot;background_background&quot;:&quot;classic&quot;}\">\n\t\t\t\t\t<div class=\"e-con-inner\">\n\t\t<div class=\"elementor-element elementor-element-73d8a5c e-grid e-con-full e-con e-child\" data-id=\"73d8a5c\" data-element_type=\"container\" data-e-type=\"container\">\n\t\t<div class=\"elementor-element elementor-element-9199cd2 e-con-full e-flex e-con e-child\" data-id=\"9199cd2\" data-element_type=\"container\" data-e-type=\"container\">\n\t\t\t\t<div data-dce-title-color=\"#000000\" class=\"elementor-element elementor-element-66db170 elementor-widget elementor-widget-heading\" data-id=\"66db170\" data-element_type=\"widget\" data-e-type=\"widget\" data-widget_type=\"heading.default\">\n\t\t\t\t\t<h2 class=\"elementor-heading-title elementor-size-default\">Informations l\u00e9gales<\/h2>\t\t\t\t<\/div>\n\t\t\t\t<div data-dce-text-color=\"#000000\" class=\"elementor-element elementor-element-6c94d93 elementor-widget elementor-widget-text-editor\" data-id=\"6c94d93\" data-element_type=\"widget\" data-e-type=\"widget\" data-widget_type=\"text-editor.default\">\n\t\t\t\t\t\t\t\t\t<p>Les produits GENGIGEL sont des dispositifs m\u00e9dicaux class\u00e9s Ila et Ilb par Swissmedic. <br>Les informations l\u00e9gales relatives \u00e0 CH-REP et \u00e0 l&rsquo;importateur ainsi que nos coordonn\u00e9es sont les suivantes :<\/p><p><strong>CH-REP :<\/strong> Decomplix AG, Freiburgstrasse 3, CH-3010 Bern<br><strong>Importateur :<\/strong> BeverFood AG, Chaltenbodenstrasse 6C, CH-8834 Schindellegi<\/p><p>Coordonn\u00e9es de contact :<\/p><ul><li><a href=\"https:\/\/careista.ch\/fr\/contact\/\">Formulaire de contact<\/a><\/li><li>Courrier \u00e9lectronique : hello@careista.ch<\/li><li>Message Whatsapp : +41 79 615 35 53<\/li><\/ul>\t\t\t\t\t\t\t\t<\/div>\n\t\t\t\t<\/div>\n\t\t\t\t<\/div>\n\t\t\t\t\t<\/div>\n\t\t\t\t<\/div>\n\t\t\t\t<\/div>\n\t\t","protected":false},"excerpt":{"rendered":"<p>GENGIGEL &#8211; La combinaison efficace pour des gencives saines \u2714 Favorise la gu\u00e9rison et la r\u00e9g\u00e9n\u00e9ration des gencives\u2714 Soulage la douleur et r\u00e9duit sensiblement l&rsquo;inflammation\u2714 Efficacit\u00e9 cliniquement prouv\u00e9e en cas de parodontite, d&rsquo;aphtes et apr\u00e8s une intervention chirurgicale CAREISTA.ch &#8211; La maison officielle de GENGIGEL D\u00e9couvrir les produits D\u00e9couvrez nos produits GENGIGEL Tous les produits [&hellip;]<\/p>\n","protected":false},"author":346,"featured_media":0,"parent":3610,"menu_order":0,"comment_status":"closed","ping_status":"closed","template":"","meta":{"_acf_changed":false,"footnotes":""},"class_list":["post-12151","page","type-page","status-publish","hentry"],"acf":[],"yoast_head":"<!-- This site is optimized with the Yoast SEO plugin v27.2 - https:\/\/yoast.com\/product\/yoast-seo-wordpress\/ -->\n<title>GENGIGEL avec l&#039;acide hyaluronique pour CAREISTA<\/title>\n<meta name=\"description\" content=\"La combinaison efficace pour des gencives saines. Favorise la gu\u00e9rison et la r\u00e9g\u00e9n\u00e9ration, soulage la douleur et r\u00e9duit l&#039;inflammation.\" \/>\n<meta name=\"robots\" content=\"index, follow, max-snippet:-1, max-image-preview:large, max-video-preview:-1\" \/>\n<link rel=\"canonical\" href=\"https:\/\/careista.ch\/fr\/marques\/gengigel\/\" \/>\n<meta property=\"og:locale\" content=\"fr_FR\" \/>\n<meta property=\"og:type\" content=\"article\" \/>\n<meta property=\"og:title\" content=\"GENGIGEL avec l&#039;acide hyaluronique pour CAREISTA\" \/>\n<meta property=\"og:description\" content=\"La combinaison efficace pour des gencives saines. Favorise la gu\u00e9rison et la r\u00e9g\u00e9n\u00e9ration, soulage la douleur et r\u00e9duit l&#039;inflammation.\" \/>\n<meta property=\"og:url\" content=\"https:\/\/careista.ch\/fr\/marques\/gengigel\/\" \/>\n<meta property=\"og:site_name\" content=\"CAREISTA\" \/>\n<meta property=\"article:modified_time\" content=\"2025-11-17T14:29:44+00:00\" \/>\n<meta property=\"og:image\" content=\"https:\/\/careista.ch\/wp-content\/uploads\/2025\/08\/gengigel_image_header_careista-1.jpg\" \/>\n\t<meta property=\"og:image:width\" content=\"1000\" \/>\n\t<meta property=\"og:image:height\" content=\"842\" \/>\n\t<meta property=\"og:image:type\" content=\"image\/jpeg\" \/>\n<meta name=\"twitter:card\" content=\"summary_large_image\" \/>\n<meta name=\"twitter:label1\" content=\"Dur\u00e9e de lecture estim\u00e9e\" \/>\n\t<meta name=\"twitter:data1\" content=\"5 Minuten\" \/>\n<script type=\"application\/ld+json\" class=\"yoast-schema-graph\">{\"@context\":\"https:\/\/schema.org\",\"@graph\":[{\"@type\":\"WebPage\",\"@id\":\"https:\/\/careista.ch\/fr\/marques\/gengigel\/\",\"url\":\"https:\/\/careista.ch\/fr\/marques\/gengigel\/\",\"name\":\"GENGIGEL avec l'acide hyaluronique pour CAREISTA\",\"isPartOf\":{\"@id\":\"https:\/\/careista.ch\/fr\/#website\"},\"primaryImageOfPage\":{\"@id\":\"https:\/\/careista.ch\/fr\/marques\/gengigel\/#primaryimage\"},\"image\":{\"@id\":\"https:\/\/careista.ch\/fr\/marques\/gengigel\/#primaryimage\"},\"thumbnailUrl\":\"https:\/\/careista.ch\/wp-content\/uploads\/2025\/08\/gengigel_image_header_careista-1.jpg\",\"datePublished\":\"2025-07-08T13:16:58+00:00\",\"dateModified\":\"2025-11-17T14:29:44+00:00\",\"description\":\"La combinaison efficace pour des gencives saines. Favorise la gu\u00e9rison et la r\u00e9g\u00e9n\u00e9ration, soulage la douleur et r\u00e9duit l'inflammation.\",\"breadcrumb\":{\"@id\":\"https:\/\/careista.ch\/fr\/marques\/gengigel\/#breadcrumb\"},\"inLanguage\":\"fr-FR\",\"potentialAction\":[{\"@type\":\"ReadAction\",\"target\":[\"https:\/\/careista.ch\/fr\/marques\/gengigel\/\"]}]},{\"@type\":\"ImageObject\",\"inLanguage\":\"fr-FR\",\"@id\":\"https:\/\/careista.ch\/fr\/marques\/gengigel\/#primaryimage\",\"url\":\"https:\/\/careista.ch\/wp-content\/uploads\/2025\/08\/gengigel_image_header_careista-1.jpg\",\"contentUrl\":\"https:\/\/careista.ch\/wp-content\/uploads\/2025\/08\/gengigel_image_header_careista-1.jpg\"},{\"@type\":\"BreadcrumbList\",\"@id\":\"https:\/\/careista.ch\/fr\/marques\/gengigel\/#breadcrumb\",\"itemListElement\":[{\"@type\":\"ListItem\",\"position\":1,\"name\":\"Home\",\"item\":\"https:\/\/careista.ch\/fr\/\"},{\"@type\":\"ListItem\",\"position\":2,\"name\":\"Marques\",\"item\":\"https:\/\/careista.ch\/fr\/marken\/\"},{\"@type\":\"ListItem\",\"position\":3,\"name\":\"GENGIGEL\"}]},{\"@type\":\"WebSite\",\"@id\":\"https:\/\/careista.ch\/fr\/#website\",\"url\":\"https:\/\/careista.ch\/fr\/\",\"name\":\"CAREISTA\",\"description\":\"Dein pers\u00f6nlicher Pflege-Barista\",\"publisher\":{\"@id\":\"https:\/\/careista.ch\/fr\/#organization\"},\"potentialAction\":[{\"@type\":\"SearchAction\",\"target\":{\"@type\":\"EntryPoint\",\"urlTemplate\":\"https:\/\/careista.ch\/fr\/?s={search_term_string}\"},\"query-input\":{\"@type\":\"PropertyValueSpecification\",\"valueRequired\":true,\"valueName\":\"search_term_string\"}}],\"inLanguage\":\"fr-FR\"},{\"@type\":\"Organization\",\"@id\":\"https:\/\/careista.ch\/fr\/#organization\",\"name\":\"CAREISTA\",\"url\":\"https:\/\/careista.ch\/fr\/\",\"logo\":{\"@type\":\"ImageObject\",\"inLanguage\":\"fr-FR\",\"@id\":\"https:\/\/careista.ch\/fr\/#\/schema\/logo\/image\/\",\"url\":\"https:\/\/careista.ch\/wp-content\/uploads\/2025\/02\/Careista-Logo-S_rgb.svg.svg\",\"contentUrl\":\"https:\/\/careista.ch\/wp-content\/uploads\/2025\/02\/Careista-Logo-S_rgb.svg.svg\",\"caption\":\"CAREISTA\"},\"image\":{\"@id\":\"https:\/\/careista.ch\/fr\/#\/schema\/logo\/image\/\"}}]}<\/script>\n<!-- \/ Yoast SEO plugin. -->","yoast_head_json":{"title":"GENGIGEL avec l'acide hyaluronique pour CAREISTA","description":"La combinaison efficace pour des gencives saines. Favorise la gu\u00e9rison et la r\u00e9g\u00e9n\u00e9ration, soulage la douleur et r\u00e9duit l'inflammation.","robots":{"index":"index","follow":"follow","max-snippet":"max-snippet:-1","max-image-preview":"max-image-preview:large","max-video-preview":"max-video-preview:-1"},"canonical":"https:\/\/careista.ch\/fr\/marques\/gengigel\/","og_locale":"fr_FR","og_type":"article","og_title":"GENGIGEL avec l'acide hyaluronique pour CAREISTA","og_description":"La combinaison efficace pour des gencives saines. Favorise la gu\u00e9rison et la r\u00e9g\u00e9n\u00e9ration, soulage la douleur et r\u00e9duit l'inflammation.","og_url":"https:\/\/careista.ch\/fr\/marques\/gengigel\/","og_site_name":"CAREISTA","article_modified_time":"2025-11-17T14:29:44+00:00","og_image":[{"width":1000,"height":842,"url":"https:\/\/careista.ch\/wp-content\/uploads\/2025\/08\/gengigel_image_header_careista-1.jpg","type":"image\/jpeg"}],"twitter_card":"summary_large_image","twitter_misc":{"Dur\u00e9e de lecture estim\u00e9e":"5 Minuten"},"schema":{"@context":"https:\/\/schema.org","@graph":[{"@type":"WebPage","@id":"https:\/\/careista.ch\/fr\/marques\/gengigel\/","url":"https:\/\/careista.ch\/fr\/marques\/gengigel\/","name":"GENGIGEL avec l'acide hyaluronique pour CAREISTA","isPartOf":{"@id":"https:\/\/careista.ch\/fr\/#website"},"primaryImageOfPage":{"@id":"https:\/\/careista.ch\/fr\/marques\/gengigel\/#primaryimage"},"image":{"@id":"https:\/\/careista.ch\/fr\/marques\/gengigel\/#primaryimage"},"thumbnailUrl":"https:\/\/careista.ch\/wp-content\/uploads\/2025\/08\/gengigel_image_header_careista-1.jpg","datePublished":"2025-07-08T13:16:58+00:00","dateModified":"2025-11-17T14:29:44+00:00","description":"La combinaison efficace pour des gencives saines. Favorise la gu\u00e9rison et la r\u00e9g\u00e9n\u00e9ration, soulage la douleur et r\u00e9duit l'inflammation.","breadcrumb":{"@id":"https:\/\/careista.ch\/fr\/marques\/gengigel\/#breadcrumb"},"inLanguage":"fr-FR","potentialAction":[{"@type":"ReadAction","target":["https:\/\/careista.ch\/fr\/marques\/gengigel\/"]}]},{"@type":"ImageObject","inLanguage":"fr-FR","@id":"https:\/\/careista.ch\/fr\/marques\/gengigel\/#primaryimage","url":"https:\/\/careista.ch\/wp-content\/uploads\/2025\/08\/gengigel_image_header_careista-1.jpg","contentUrl":"https:\/\/careista.ch\/wp-content\/uploads\/2025\/08\/gengigel_image_header_careista-1.jpg"},{"@type":"BreadcrumbList","@id":"https:\/\/careista.ch\/fr\/marques\/gengigel\/#breadcrumb","itemListElement":[{"@type":"ListItem","position":1,"name":"Home","item":"https:\/\/careista.ch\/fr\/"},{"@type":"ListItem","position":2,"name":"Marques","item":"https:\/\/careista.ch\/fr\/marken\/"},{"@type":"ListItem","position":3,"name":"GENGIGEL"}]},{"@type":"WebSite","@id":"https:\/\/careista.ch\/fr\/#website","url":"https:\/\/careista.ch\/fr\/","name":"CAREISTA","description":"Dein pers\u00f6nlicher Pflege-Barista","publisher":{"@id":"https:\/\/careista.ch\/fr\/#organization"},"potentialAction":[{"@type":"SearchAction","target":{"@type":"EntryPoint","urlTemplate":"https:\/\/careista.ch\/fr\/?s={search_term_string}"},"query-input":{"@type":"PropertyValueSpecification","valueRequired":true,"valueName":"search_term_string"}}],"inLanguage":"fr-FR"},{"@type":"Organization","@id":"https:\/\/careista.ch\/fr\/#organization","name":"CAREISTA","url":"https:\/\/careista.ch\/fr\/","logo":{"@type":"ImageObject","inLanguage":"fr-FR","@id":"https:\/\/careista.ch\/fr\/#\/schema\/logo\/image\/","url":"https:\/\/careista.ch\/wp-content\/uploads\/2025\/02\/Careista-Logo-S_rgb.svg.svg","contentUrl":"https:\/\/careista.ch\/wp-content\/uploads\/2025\/02\/Careista-Logo-S_rgb.svg.svg","caption":"CAREISTA"},"image":{"@id":"https:\/\/careista.ch\/fr\/#\/schema\/logo\/image\/"}}]}},"jetpack_sharing_enabled":true,"_links":{"self":[{"href":"https:\/\/careista.ch\/fr\/wp-json\/wp\/v2\/pages\/12151","targetHints":{"allow":["GET"]}}],"collection":[{"href":"https:\/\/careista.ch\/fr\/wp-json\/wp\/v2\/pages"}],"about":[{"href":"https:\/\/careista.ch\/fr\/wp-json\/wp\/v2\/types\/page"}],"author":[{"embeddable":true,"href":"https:\/\/careista.ch\/fr\/wp-json\/wp\/v2\/users\/346"}],"replies":[{"embeddable":true,"href":"https:\/\/careista.ch\/fr\/wp-json\/wp\/v2\/comments?post=12151"}],"version-history":[{"count":0,"href":"https:\/\/careista.ch\/fr\/wp-json\/wp\/v2\/pages\/12151\/revisions"}],"up":[{"embeddable":true,"href":"https:\/\/careista.ch\/fr\/wp-json\/wp\/v2\/pages\/3610"}],"wp:attachment":[{"href":"https:\/\/careista.ch\/fr\/wp-json\/wp\/v2\/media?parent=12151"}],"curies":[{"name":"wp","href":"https:\/\/api.w.org\/{rel}","templated":true}]}}