{"id":3347,"date":"2024-12-20T16:15:43","date_gmt":"2024-12-20T15:15:43","guid":{"rendered":"https:\/\/kyfyqony.cyon.site\/conditions-generales-de-vente\/"},"modified":"2026-04-24T10:53:39","modified_gmt":"2026-04-24T08:53:39","slug":"conditions-generales-de-vente","status":"publish","type":"page","link":"https:\/\/careista.ch\/fr\/conditions-generales-de-vente\/","title":{"rendered":"Conditions g\u00e9n\u00e9rales de vente"},"content":{"rendered":"\t\t<div data-elementor-type=\"wp-page\" data-elementor-id=\"3347\" class=\"elementor elementor-3347 elementor-2101\" data-elementor-post-type=\"page\">\n\t\t\t\t<div class=\"elementor-element elementor-element-3fff9b8 e-flex e-con-boxed e-con e-parent\" data-id=\"3fff9b8\" data-element_type=\"container\" data-e-type=\"container\">\n\t\t\t\t\t<div class=\"e-con-inner\">\n\t\t\t\t<div class=\"elementor-element elementor-element-9e2cc5d elementor-widget elementor-widget-heading\" data-id=\"9e2cc5d\" data-element_type=\"widget\" data-e-type=\"widget\" data-widget_type=\"heading.default\">\n\t\t\t\t\t<h1 class=\"elementor-heading-title elementor-size-default\">Conditions g\u00e9n\u00e9rales de vente<\/h1>\t\t\t\t<\/div>\n\t\t\t\t<div class=\"elementor-element elementor-element-f4a154a elementor-widget elementor-widget-text-editor\" data-id=\"f4a154a\" data-element_type=\"widget\" data-e-type=\"widget\" data-widget_type=\"text-editor.default\">\n\t\t\t\t\t\t\t\t\t<p><strong>CAREISTA &#8211; Conditions g\u00e9n\u00e9rales de vente (CGV)<\/strong><\/p>\n<p>de<\/p>\n<p><strong>CAREISTA | BeverCare Suisse SA<\/strong><br>Brown Boveri Platz 3<br>5400 Baden<br>Suisse<br>E-Mail: hello@careista.ch<br>Telefon: +41 44 520 5275<\/p>\n<p>Date: 24.04.2026<br>Version: 1.03<\/p>\n<h2>1. G\u00c9N\u00c9RALIT\u00c9S<\/h2>\n<p>Les pr\u00e9sentes conditions g\u00e9n\u00e9rales de vente (CGV) de CAREISTA | BeverCare Suisse SA, Brown Boveri Platz 3, 5400 Baden, Suisse (\u00ab BeverCare \u00bb) s&rsquo;appliquent \u00e0 toutes les transactions conclues via la plateforme en ligne, le site web ou la boutique en ligne www.careista.ch ou ses sous-pages correspondantes (boutique CAREISTA). L&rsquo;exploitant de la boutique CAREISTA et le vendeur des produits est BeverCare. Les acheteurs sont les clientes et clients qui ach\u00e8tent des produits via la boutique CAREISTA (la client\u00e8le).    <\/p>\n<p>BeverCare se r\u00e9serve le droit de modifier les pr\u00e9sentes conditions g\u00e9n\u00e9rales \u00e0 tout moment. La version des pr\u00e9sentes conditions g\u00e9n\u00e9rales en vigueur au moment de la commande fait foi. <\/p>\n<p>Les conditions de la client\u00e8le contraires ou divergentes des pr\u00e9sentes CGV ne sont pas applicables et n&rsquo;ont aucun effet juridique entre les parties.<\/p>\n<p>BeverCare peut, \u00e0 sa seule discr\u00e9tion, exclure temporairement ou d\u00e9finitivement de l&rsquo;utilisation de la boutique CAREISTA les clients qui enfreignent les conditions g\u00e9n\u00e9rales ou qui ne paient pas leurs factures.<\/p>\n<h2>2. PRODUIT, PRIX, FRAIS D&rsquo;EXP\u00c9DITION, DISPONIBILIT\u00c9 ET D\u00c9LAI DE LIVRAISON<\/h2>\n<h3>2.1 Produit et prix<\/h3>\n<p>Tous les prix de vente publi\u00e9s dans la boutique CAREISTA sont indiqu\u00e9s en francs suisses (CHF) et repr\u00e9sentent (sauf indication contraire expresse) des prix bruts qui comprennent tous les imp\u00f4ts (en particulier la TVA) et toutes les autres taxes, droits ou frais \u00e9ventuels. Seuls les frais d&rsquo;exp\u00e9dition et les suppl\u00e9ments pour petites quantit\u00e9s que BeverCare peut facturer en sus sont exclus (voir ci-dessous). BeverCare se r\u00e9serve le droit de modifier \u00e0 tout moment les prix des produits propos\u00e9s. Le prix figurant dans la boutique CAREISTA au moment de la commande est d\u00e9terminant pour la conclusion du contrat de vente.   <\/p>\n<h3>2.2 Frais d&rsquo;exp\u00e9dition<\/h3>\n<p>Les \u00e9ventuels frais d&rsquo;exp\u00e9dition sont indiqu\u00e9s lors du passage en caisse dans la boutique CAREISTA.<\/p>\n<p>Sauf indication contraire dans la boutique CAREISTA mentionn\u00e9e ci-dessus, BeverCare offre la livraison gratuite en Suisse pour toute commande d&rsquo;un montant minimum de CHF 49.00. Pour les commandes d&rsquo;un montant inf\u00e9rieur \u00e0 CHF 49.00, BeverCare facture des frais de port suppl\u00e9mentaires de CHF 7.00 pour le courrier B ou de CHF 9.00 pour le courrier A, TVA comprise, par commande. Sous r\u00e9serve d&rsquo;indications contraires dans la boutique CAREISTA.   <\/p>\n<h3>2.3 Disponibilit\u00e9 et d\u00e9lai de livraison<\/h3>\n<p>BeverCare attache une grande importance \u00e0 l&rsquo;indication pr\u00e9cise et actuelle des disponibilit\u00e9s et des d\u00e9lais de livraison dans la boutique CAREISTA. Toutefois, des retards de livraison peuvent survenir, notamment en raison de probl\u00e8mes de production ou de livraison. Toutes les informations sur la disponibilit\u00e9 et les d\u00e9lais de livraison sont donc fournies sans garantie et peuvent \u00eatre modifi\u00e9es \u00e0 tout moment.  <\/p>\n<h3>2.4 Informations sur les produits<\/h3>\n<p>BeverCare n&rsquo;assume aucune responsabilit\u00e9 quant \u00e0 l&rsquo;exactitude et \u00e0 l&rsquo;exhaustivit\u00e9 des descriptions et marquages respectifs des produits dans la boutique CAREISTA. Les images des produits dans la boutique CAREISTA sont fournies \u00e0 titre d&rsquo;illustration et ne sont pas contractuelles. <\/p>\n<h2>3. CONCLUSION DU CONTRAT<\/h2>\n<p>La boutique CAREISTA s&rsquo;adresse exclusivement \u00e0 une client\u00e8le r\u00e9sidant ou ayant son si\u00e8ge social en Suisse et dans la Principaut\u00e9 du Liechtenstein. Les livraisons sont effectu\u00e9es uniquement \u00e0 des adresses situ\u00e9es en Suisse et dans la Principaut\u00e9 du Liechtenstein, et \u00e0 des personnes \u00e2g\u00e9es de plus de 18 ans. En validant sa commande, le client confirme qu&rsquo;il est \u00e2g\u00e9 d&rsquo;au moins 18 ans.  <\/p>\n<p>La pr\u00e9sentation des produits dans la boutique CAREISTA ne constitue pas une offre juridiquement contraignante, mais une invitation adress\u00e9e \u00e0 la client\u00e8le \u00e0 passer une commande qui l&rsquo;engage (offre de conclusion de contrat).<\/p>\n<p>En cliquant sur le bouton \u00ab\u00a0Terminer la commande\u00a0\u00bb (ou similaire), le client passe une commande ferme des marchandises \u00e9num\u00e9r\u00e9es sur la page de commande.<\/p>\n<p>D\u00e8s r\u00e9ception de la commande, BeverCare en confirme la r\u00e9ception par e-mail. Le contrat de vente n&rsquo;est toutefois conclu qu&rsquo;au moment de l&rsquo;exp\u00e9dition de la marchandise. Jusqu&rsquo;\u00e0 l&rsquo;envoi des produits au client, BeverCare se r\u00e9serve le droit de refuser tout ou partie des commandes, avec ou sans justification, ou de ne pas les livrer. Dans ce cas, le client en est imm\u00e9diatement inform\u00e9 et, le cas \u00e9ch\u00e9ant, les paiements d\u00e9j\u00e0 effectu\u00e9s sont rembours\u00e9s.   <\/p>\n<h2>4. DATE DE LIVRAISON<\/h2>\n<p>Lors de la commande, un d\u00e9lai de livraison est indiqu\u00e9 au client. Celui-ci peut \u00e9galement le consulter dans l&rsquo;aper\u00e7u de sa commande, dans son compte utilisateur sur la boutique CAREISTA. Une fois la commande exp\u00e9di\u00e9e, le client re\u00e7oit une confirmation d&rsquo;exp\u00e9dition par e-mail. Celle-ci peut contenir un lien de suivi fourni par le prestataire de services d&rsquo;exp\u00e9dition, qui permet de suivre la livraison.   <\/p>\n<p>En cas de retard de livraison, le client est en droit de r\u00e9silier sa commande \u00e0 compter du 30e jour calendaire suivant la date de livraison initialement annonc\u00e9e. Dans ce cas, BeverCare rembourse au client les montants d\u00e9j\u00e0 vers\u00e9s. Toute autre pr\u00e9tention \u00e0 l&rsquo;encontre de BeverCare est exclue.  <\/p>\n<h2>5. LIVRAISON<\/h2>\n<p>Les produits command\u00e9s sont livr\u00e9s \u00e0 la client\u00e8le par voie d&rsquo;exp\u00e9dition \u00e0 l&rsquo;adresse de livraison indiqu\u00e9e par la client\u00e8le dans le cadre de la commande.<\/p>\n<p>L&rsquo;adresse de livraison de la client\u00e8le doit \u00eatre situ\u00e9e en Suisse ou dans la Principaut\u00e9 du Liechtenstein et \u00eatre facilement accessible par les services de livraison habituels. Si ce n&rsquo;est pas le cas, la client\u00e8le supporte d&rsquo;\u00e9ventuels frais suppl\u00e9mentaires. <\/p>\n<p>Si le client ne r\u00e9ceptionne pas les produits command\u00e9s \u00e0 la date de livraison convenue ou indiqu\u00e9e, BeverCare peut r\u00e9silier (annuler) le contrat et facturer au client les frais de livraison engag\u00e9s ainsi que les \u00e9ventuelles pertes de valeur.<\/p>\n<h2>6. PERSONNES D&rsquo;AIDE<\/h2>\n<p>BeverCare peut faire appel \u00e0 des entreprises tierces pour la gestion logistique, le transport ou la livraison, ainsi que pour servir d&rsquo;interlocuteur en cas de retours et pour l&rsquo;assistance. <\/p>\n<h2>7. GARANTIE<\/h2>\n<h3>7.1 Obligation de v\u00e9rification de la client\u00e8le<\/h3>\n<p>Le client doit imm\u00e9diatement v\u00e9rifier l&rsquo;exactitude, l&rsquo;int\u00e9gralit\u00e9 et les dommages de livraison des produits livr\u00e9s.<\/p>\n<p>Les dommages li\u00e9s \u00e0 la livraison, les livraisons erron\u00e9es ou incompl\u00e8tes doivent \u00eatre signal\u00e9s \u00e0 BeverCare dans un d\u00e9lai de 5 jours calendaires \u00e0 compter de la date de livraison pour les d\u00e9fauts visibles, et imm\u00e9diatement apr\u00e8s leur d\u00e9couverte pour les d\u00e9fauts non visibles imm\u00e9diatement. La notification correspondante \u00e0 BeverCare doit \u00eatre effectu\u00e9e via le formulaire de contact de la boutique CAREISTA, par e-mail ou par courrier. Le client ne doit pas mettre en service ni continuer \u00e0 utiliser le produit concern\u00e9. La livraison est r\u00e9put\u00e9e accept\u00e9e si le client ne respecte pas ces obligations de v\u00e9rification et de r\u00e9clamation dans le d\u00e9lai imparti.   <\/p>\n<h3>7.2 Correction des d\u00e9fauts<\/h3>\n<p>BeverCare peut rem\u00e9dier aux d\u00e9fauts soit en \u00e9liminant un d\u00e9faut (r\u00e9paration), soit en livrant une chose sans d\u00e9faut (remplacement). Les frais de retour occasionn\u00e9s sont \u00e0 la charge du client. <\/p>\n<h3>7.3 Extinction des droits de garantie<\/h3>\n<p>Apr\u00e8s 24 mois \u00e0 compter de la livraison des produits, toute r\u00e9clamation de garantie de la client\u00e8le expire, m\u00eame si elle n&rsquo;a pas \u00e9t\u00e9 d\u00e9tect\u00e9e \u00e0 ce moment-l\u00e0.<\/p>\n<h2>8. RESPONSABILIT\u00c9 ET EXCLUSION DE RESPONSABILIT\u00c9<\/h2>\n<p>Dans la mesure o\u00f9 la loi le permet, toute responsabilit\u00e9 de BeverCare est exclue. BeverCare n&rsquo;est en aucun cas responsable (i) de la n\u00e9gligence l\u00e9g\u00e8re, (ii) des dommages indirects, cons\u00e9cutifs et des pertes de b\u00e9n\u00e9fices, (iii) des \u00e9conomies non r\u00e9alis\u00e9es, (iv) des dommages r\u00e9sultant d&rsquo;un retard de livraison, ainsi que (v) de tout acte ou omission des auxiliaires de BeverCare, que ce soit de mani\u00e8re contractuelle ou extracontractuelle.      <\/p>\n<p>Par ailleurs, BeverCare d\u00e9cline toute responsabilit\u00e9 dans les cas suivants :<\/p>\n<p>&#8211; stockage, r\u00e9glage ou utilisation des produits inappropri\u00e9s, contraires au contrat ou ill\u00e9gaux ;<br>&#8211; utilisation de pi\u00e8ces de rechange ou d&rsquo;accessoires incompatibles (p. ex. alimentation \u00e9lectrique) ; et\/ou<br>&#8211; d\u00e9faut d&rsquo;entretien et\/ou modification ou r\u00e9paration inappropri\u00e9e des produits par le client ou un tiers.<\/p>\n<h2>9. PAIEMENT<\/h2>\n<p>Le client est tenu de r\u00e9gler le prix d&rsquo;achat. Tous les paiements doivent \u00eatre effectu\u00e9s en francs suisses (CHF). Un paiement en euros (EUR) n&rsquo;est possible qu&rsquo;avec l&rsquo;accord \u00e9crit pr\u00e9alable et explicite de BeverCare.  <\/p>\n<p>Les clients disposent \u00e0 cet effet des modes de paiement propos\u00e9s dans la boutique CAREISTA sous la rubrique \u00ab Options de paiement \u00bb. BeverCare peut les modifier \u00e0 tout moment de mani\u00e8re unilat\u00e9rale. Si BeverCare propose \u00e0 la client\u00e8le l&rsquo;option \u00abPaiement sur facture\u00bb (\u00e9galement appel\u00e9e \u00abTWINT Payer plus tard\u00bb), le montant de la facture doit \u00eatre r\u00e9gl\u00e9 dans les 30 jours calendaires suivant la r\u00e9ception de la livraison, sans aucune d\u00e9duction (d&rsquo;escompte).  <\/p>\n<p>En cas de paiement par carte de cr\u00e9dit, TWINT ou autres moyens de paiement imm\u00e9diat, le d\u00e9bit a lieu apr\u00e8s l&rsquo;exp\u00e9dition du produit command\u00e9.<\/p>\n<p>Les produits command\u00e9s restent la propri\u00e9t\u00e9 de BeverCare jusqu&rsquo;\u00e0 leur paiement int\u00e9gral. Celle-ci est en droit de proc\u00e9der \u00e0 une inscription correspondante dans le registre des pactes de r\u00e9serve de propri\u00e9t\u00e9. <\/p>\n<p>Les remboursements \u00e0 la client\u00e8le se font exclusivement sur le moyen de paiement ou le compte bancaire utilis\u00e9 initialement lors de la commande.<\/p>\n<h2>10. AUTRES DISPOSITIONS<\/h2>\n<h3>10.1 Protection des donn\u00e9es<\/h3>\n<p>Le traitement des donn\u00e9es personnelles par BeverCare est r\u00e9gi par la <a href=\"https:\/\/careista.ch\/fr\/declaration-de-confidentialite\/\">d\u00e9claration de protection des donn\u00e9es<\/a>, qui fait partie int\u00e9grante des pr\u00e9sentes CGV.<\/p>\n<h3>10.2 Clause de sauvegarde<\/h3>\n<p>Si une disposition des pr\u00e9sentes conditions g\u00e9n\u00e9rales est ou devient nulle ou invalide, les autres parties des pr\u00e9sentes conditions g\u00e9n\u00e9rales n&rsquo;en seront pas affect\u00e9es. Les dispositions nulles ou invalides doivent \u00eatre remplac\u00e9es par des dispositions valides qui se rapprochent le plus de leur objectif \u00e9conomique. Il doit \u00eatre proc\u00e9d\u00e9 de la m\u00eame mani\u00e8re en cas de lacune dans le contrat ou si une disposition s&rsquo;av\u00e8re inex\u00e9cutable.  <\/p>\n<h3>10.3 Droit applicable et juridiction comp\u00e9tente<\/h3>\n<p>Toutes les relations juridiques entre BeverCare et le Client sont exclusivement soumises au droit mat\u00e9riel suisse. L&rsquo;application d&rsquo;\u00e9ventuels trait\u00e9s internationaux tels que la Convention de Vienne sur la vente internationale de marchandises ainsi que la Loi f\u00e9d\u00e9rale sur le droit international priv\u00e9 (\u00ab\u00a0LDIP\u00a0\u00bb) est exclue. <\/p>\n<p>Tout litige entre BeverCare et ses clients rel\u00e8ve de la comp\u00e9tence exclusive des tribunaux ordinaires de la ville de Zurich, en Suisse (Zurich 1).<\/p>\n<p>****<\/p>\t\t\t\t\t\t\t\t<\/div>\n\t\t\t\t\t<\/div>\n\t\t\t\t<\/div>\n\t\t\t\t<\/div>\n\t\t","protected":false},"excerpt":{"rendered":"<p>Conditions g\u00e9n\u00e9rales de vente CAREISTA &#8211; Conditions g\u00e9n\u00e9rales de vente (CGV) de CAREISTA | BeverCare Suisse SABrown Boveri Platz 35400 BadenSuisseE-Mail: hello@careista.chTelefon: +41 44 520 5275 Date: 24.04.2026Version: 1.03 1. G\u00c9N\u00c9RALIT\u00c9S Les pr\u00e9sentes conditions g\u00e9n\u00e9rales de vente (CGV) de CAREISTA | BeverCare Suisse SA, Brown Boveri Platz 3, 5400 Baden, Suisse (\u00ab BeverCare \u00bb) s&rsquo;appliquent [&hellip;]<\/p>\n","protected":false},"author":346,"featured_media":0,"parent":0,"menu_order":0,"comment_status":"closed","ping_status":"closed","template":"","meta":{"_acf_changed":false,"footnotes":""},"class_list":["post-3347","page","type-page","status-publish","hentry"],"acf":[],"yoast_head":"<!-- This site is optimized with the Yoast SEO plugin v27.2 - https:\/\/yoast.com\/product\/yoast-seo-wordpress\/ -->\n<title>CAREISTA -Conditions g\u00e9n\u00e9rales de vente<\/title>\n<meta name=\"description\" content=\"Nos conditions g\u00e9n\u00e9rales de vente (CGV) pour la boutique CAREISTA. N&#039;h\u00e9sitez pas \u00e0 nous contacter si vous avez des questions.\" \/>\n<meta name=\"robots\" content=\"index, follow, max-snippet:-1, max-image-preview:large, max-video-preview:-1\" \/>\n<link rel=\"canonical\" href=\"https:\/\/careista.ch\/fr\/conditions-generales-de-vente\/\" \/>\n<meta property=\"og:locale\" content=\"fr_FR\" \/>\n<meta property=\"og:type\" content=\"article\" \/>\n<meta property=\"og:title\" content=\"CAREISTA -Conditions g\u00e9n\u00e9rales de vente\" \/>\n<meta property=\"og:description\" content=\"Nos conditions g\u00e9n\u00e9rales de vente (CGV) pour la boutique CAREISTA. N&#039;h\u00e9sitez pas \u00e0 nous contacter si vous avez des questions.\" \/>\n<meta property=\"og:url\" content=\"https:\/\/careista.ch\/fr\/conditions-generales-de-vente\/\" \/>\n<meta property=\"og:site_name\" content=\"CAREISTA\" \/>\n<meta property=\"article:modified_time\" content=\"2026-04-24T08:53:39+00:00\" \/>\n<meta name=\"twitter:card\" content=\"summary_large_image\" \/>\n<meta name=\"twitter:label1\" content=\"Dur\u00e9e de lecture estim\u00e9e\" \/>\n\t<meta name=\"twitter:data1\" content=\"9 Minuten\" \/>\n<script type=\"application\/ld+json\" class=\"yoast-schema-graph\">{\"@context\":\"https:\/\/schema.org\",\"@graph\":[{\"@type\":\"WebPage\",\"@id\":\"https:\/\/careista.ch\/fr\/conditions-generales-de-vente\/\",\"url\":\"https:\/\/careista.ch\/fr\/conditions-generales-de-vente\/\",\"name\":\"CAREISTA -Conditions g\u00e9n\u00e9rales de vente\",\"isPartOf\":{\"@id\":\"https:\/\/careista.ch\/fr\/#website\"},\"datePublished\":\"2024-12-20T15:15:43+00:00\",\"dateModified\":\"2026-04-24T08:53:39+00:00\",\"description\":\"Nos conditions g\u00e9n\u00e9rales de vente (CGV) pour la boutique CAREISTA. N'h\u00e9sitez pas \u00e0 nous contacter si vous avez des questions.\",\"breadcrumb\":{\"@id\":\"https:\/\/careista.ch\/fr\/conditions-generales-de-vente\/#breadcrumb\"},\"inLanguage\":\"fr-FR\",\"potentialAction\":[{\"@type\":\"ReadAction\",\"target\":[\"https:\/\/careista.ch\/fr\/conditions-generales-de-vente\/\"]}]},{\"@type\":\"BreadcrumbList\",\"@id\":\"https:\/\/careista.ch\/fr\/conditions-generales-de-vente\/#breadcrumb\",\"itemListElement\":[{\"@type\":\"ListItem\",\"position\":1,\"name\":\"Home\",\"item\":\"https:\/\/careista.ch\/fr\/\"},{\"@type\":\"ListItem\",\"position\":2,\"name\":\"Conditions g\u00e9n\u00e9rales de vente\"}]},{\"@type\":\"WebSite\",\"@id\":\"https:\/\/careista.ch\/fr\/#website\",\"url\":\"https:\/\/careista.ch\/fr\/\",\"name\":\"CAREISTA\",\"description\":\"Dein pers\u00f6nlicher Pflege-Barista\",\"publisher\":{\"@id\":\"https:\/\/careista.ch\/fr\/#organization\"},\"potentialAction\":[{\"@type\":\"SearchAction\",\"target\":{\"@type\":\"EntryPoint\",\"urlTemplate\":\"https:\/\/careista.ch\/fr\/?s={search_term_string}\"},\"query-input\":{\"@type\":\"PropertyValueSpecification\",\"valueRequired\":true,\"valueName\":\"search_term_string\"}}],\"inLanguage\":\"fr-FR\"},{\"@type\":\"Organization\",\"@id\":\"https:\/\/careista.ch\/fr\/#organization\",\"name\":\"CAREISTA\",\"url\":\"https:\/\/careista.ch\/fr\/\",\"logo\":{\"@type\":\"ImageObject\",\"inLanguage\":\"fr-FR\",\"@id\":\"https:\/\/careista.ch\/fr\/#\/schema\/logo\/image\/\",\"url\":\"https:\/\/careista.ch\/wp-content\/uploads\/2025\/02\/Careista-Logo-S_rgb.svg.svg\",\"contentUrl\":\"https:\/\/careista.ch\/wp-content\/uploads\/2025\/02\/Careista-Logo-S_rgb.svg.svg\",\"caption\":\"CAREISTA\"},\"image\":{\"@id\":\"https:\/\/careista.ch\/fr\/#\/schema\/logo\/image\/\"}}]}<\/script>\n<!-- \/ Yoast SEO plugin. -->","yoast_head_json":{"title":"CAREISTA -Conditions g\u00e9n\u00e9rales de vente","description":"Nos conditions g\u00e9n\u00e9rales de vente (CGV) pour la boutique CAREISTA. N'h\u00e9sitez pas \u00e0 nous contacter si vous avez des questions.","robots":{"index":"index","follow":"follow","max-snippet":"max-snippet:-1","max-image-preview":"max-image-preview:large","max-video-preview":"max-video-preview:-1"},"canonical":"https:\/\/careista.ch\/fr\/conditions-generales-de-vente\/","og_locale":"fr_FR","og_type":"article","og_title":"CAREISTA -Conditions g\u00e9n\u00e9rales de vente","og_description":"Nos conditions g\u00e9n\u00e9rales de vente (CGV) pour la boutique CAREISTA. N'h\u00e9sitez pas \u00e0 nous contacter si vous avez des questions.","og_url":"https:\/\/careista.ch\/fr\/conditions-generales-de-vente\/","og_site_name":"CAREISTA","article_modified_time":"2026-04-24T08:53:39+00:00","twitter_card":"summary_large_image","twitter_misc":{"Dur\u00e9e de lecture estim\u00e9e":"9 Minuten"},"schema":{"@context":"https:\/\/schema.org","@graph":[{"@type":"WebPage","@id":"https:\/\/careista.ch\/fr\/conditions-generales-de-vente\/","url":"https:\/\/careista.ch\/fr\/conditions-generales-de-vente\/","name":"CAREISTA -Conditions g\u00e9n\u00e9rales de vente","isPartOf":{"@id":"https:\/\/careista.ch\/fr\/#website"},"datePublished":"2024-12-20T15:15:43+00:00","dateModified":"2026-04-24T08:53:39+00:00","description":"Nos conditions g\u00e9n\u00e9rales de vente (CGV) pour la boutique CAREISTA. N'h\u00e9sitez pas \u00e0 nous contacter si vous avez des questions.","breadcrumb":{"@id":"https:\/\/careista.ch\/fr\/conditions-generales-de-vente\/#breadcrumb"},"inLanguage":"fr-FR","potentialAction":[{"@type":"ReadAction","target":["https:\/\/careista.ch\/fr\/conditions-generales-de-vente\/"]}]},{"@type":"BreadcrumbList","@id":"https:\/\/careista.ch\/fr\/conditions-generales-de-vente\/#breadcrumb","itemListElement":[{"@type":"ListItem","position":1,"name":"Home","item":"https:\/\/careista.ch\/fr\/"},{"@type":"ListItem","position":2,"name":"Conditions g\u00e9n\u00e9rales de vente"}]},{"@type":"WebSite","@id":"https:\/\/careista.ch\/fr\/#website","url":"https:\/\/careista.ch\/fr\/","name":"CAREISTA","description":"Dein pers\u00f6nlicher Pflege-Barista","publisher":{"@id":"https:\/\/careista.ch\/fr\/#organization"},"potentialAction":[{"@type":"SearchAction","target":{"@type":"EntryPoint","urlTemplate":"https:\/\/careista.ch\/fr\/?s={search_term_string}"},"query-input":{"@type":"PropertyValueSpecification","valueRequired":true,"valueName":"search_term_string"}}],"inLanguage":"fr-FR"},{"@type":"Organization","@id":"https:\/\/careista.ch\/fr\/#organization","name":"CAREISTA","url":"https:\/\/careista.ch\/fr\/","logo":{"@type":"ImageObject","inLanguage":"fr-FR","@id":"https:\/\/careista.ch\/fr\/#\/schema\/logo\/image\/","url":"https:\/\/careista.ch\/wp-content\/uploads\/2025\/02\/Careista-Logo-S_rgb.svg.svg","contentUrl":"https:\/\/careista.ch\/wp-content\/uploads\/2025\/02\/Careista-Logo-S_rgb.svg.svg","caption":"CAREISTA"},"image":{"@id":"https:\/\/careista.ch\/fr\/#\/schema\/logo\/image\/"}}]}},"jetpack_sharing_enabled":true,"_links":{"self":[{"href":"https:\/\/careista.ch\/fr\/wp-json\/wp\/v2\/pages\/3347","targetHints":{"allow":["GET"]}}],"collection":[{"href":"https:\/\/careista.ch\/fr\/wp-json\/wp\/v2\/pages"}],"about":[{"href":"https:\/\/careista.ch\/fr\/wp-json\/wp\/v2\/types\/page"}],"author":[{"embeddable":true,"href":"https:\/\/careista.ch\/fr\/wp-json\/wp\/v2\/users\/346"}],"replies":[{"embeddable":true,"href":"https:\/\/careista.ch\/fr\/wp-json\/wp\/v2\/comments?post=3347"}],"version-history":[{"count":2,"href":"https:\/\/careista.ch\/fr\/wp-json\/wp\/v2\/pages\/3347\/revisions"}],"predecessor-version":[{"id":20024,"href":"https:\/\/careista.ch\/fr\/wp-json\/wp\/v2\/pages\/3347\/revisions\/20024"}],"wp:attachment":[{"href":"https:\/\/careista.ch\/fr\/wp-json\/wp\/v2\/media?parent=3347"}],"curies":[{"name":"wp","href":"https:\/\/api.w.org\/{rel}","templated":true}]}}